{"id":31456,"date":"2024-11-11T10:03:21","date_gmt":"2024-11-11T09:03:21","guid":{"rendered":"https:\/\/www.visitfermo.it\/eventi\/sirius-accordion-trio-copy"},"modified":"2025-02-20T11:54:45","modified_gmt":"2025-02-20T10:54:45","slug":"sirius-accordion-trio-2","status":"publish","type":"tribe_events","link":"https:\/\/www.visitfermo.it\/it\/eventi\/sirius-accordion-trio-2","title":{"rendered":"Sirius Accordion Trio"},"content":{"rendered":"<p>Il concerto di un <strong>trio di fisarmoniche<\/strong> \u00e8 un evento pi\u00f9 unico che raro, soprattutto se usciamo dal campo del folklore per addentrarci non tanto nel \u201cclassico\u201d quanto nel \u201cnuovo musicale\u201d. \u201cNuovo\u201d che singolarmente sembra combaciare con l\u2019offerta timbrico sonora dello strumento, paragonabile solo a quella dell\u2019organo o a quella delle pi\u00f9 sofisticate apparecchiature elettroniche. Il trio di fisarmoniche (bayan) si presenta come un organico estremamente nuovo, dinamico e completo. La formazione cameristica de <strong>Sirius Accordion Trio<\/strong> nasce nel dicembre del 2019 e si esibisce per la prima volta a ottobre del 2020 presso gli studi di Rai1 a \u201cUno mattina in Famiglia\u201d nella rubrica \u201c\u00c8 l\u2019Italia bellezza\u201d. \u00c8 una formazione molto giovane che vanta gi\u00e0 diversi successi nel panorama nazionale \u00a0\u00a0ed internazionale: vincitori assoluti al \u201c10\u00b0 Concurso Internacional De M\u00fasica De C\u00e1mara Ant\u00f3n Garc\u00eda Abril\u201d tenuto a Baza in Spagna (\u00e8 uno dei pi\u00f9 alti riconoscimenti nell\u2019ambiente cameristico, ventuno le formazioni provenienti da tutto il mondo, con sessantasei musicisti che hanno partecipato per aggiudicarsi il premio), vincitori assoluti del XXIV Concorso Internazionale di Musica \u201cPietro Argento\u201d tenutosi a Gioia del Colle (BA), vincitori assoluti del prestigioso concorso nazionale \u201cAlberto Burri, Festival delle Nazioni\u201d tenutosi a Citt\u00e0 di Castello (PG) nel 2022 (anche in questa occasione una giuria di \u00a0chiara fama composta da critici musicali ha espresso all\u2019unanimit\u00e0 la vittoria del Trio). Il Sirius Accordion Trio vanta anche di diversi premi nel panorama fisarmonicistico mondiale: 1\u00b0 Premio al \u201c4\u00e8me Concours International Accord\u00e8ons-Nous 2021\u201d, competizione che si \u00e8 tenuta a Mons in Belgio (con ben quindici maestri provenienti da tutto il mondo che hanno espresso all\u2019unanimit\u00e0 la vittoria del Sirius Accordion Trio), 2\u00b0 Premio al prestigioso concorso internazionale \u201c46\u00b0 Premio Internazionale di Fisarmonica Citt\u00e0 di Castelfidardo\u201d, 1\u00b0 Premio alla \u201c74th Coupe Mondiale International Accordion Competition\u201d tenutasi a Monaco di Baviera nel 2021 (\u00e8 la prima formazione cameristica italiana a vincere per la prima volta il concorso organizzato dalla \u201cCIA \u2013 International Music \u00a0\u00a0\u00a0\u00a0\u00a0\u00a0\u00a0\u00a0\u00a0\u00a0\u00a0\u00a0\u00a0\u00a0\u00a0Council\u201d fondato nel 1935 a Parigi). Il Trio annovera la sua partecipazione in diversi festival: Festival Cameristico Internazionale \u00a0del Capo di Leuca (LE), Ascoli Piceno Festival (Marche), Ur-Fest di Popoli (Abruzzo), 6\u00b0 Festival \u201cClassiche Forme\u201d (LE). Il Sirius Accordion Trio si pone come obiettivo la divulgazione della fisarmonica classica all\u2019interno delle pi\u00f9 importanti realt\u00e0 concertistiche di musica colta, esprimendo le potenzialit\u00e0 di uno strumento troppo spesso relegato prevalentemente nell\u2019ambiente popolare e sar\u00e0 impegnato in una tourn\u00e9e di concerti nel 2023 in Spagna, Belgio e Italia.<\/p>\n<p>PETRI MAKKONEN\u00a0 (1967) <em>Longing for Primitivity <\/em>(1998)<\/p>\n<p>KRZYSZTOF OLCZAK (1956) <em>Maestoso Mesto<\/em> (1980)<\/p>\n<p>ALFRED SCHNITTKE (1934 &#8211; 1998) <em>Hommage \u00e0 Igor Stravinsky, Sergei Prokofiev and Dmitri<\/em><\/p>\n<p><em>\u00a0 \u00a0 \u00a0 \u00a0 \u00a0 \u00a0 \u00a0 \u00a0 \u00a0 \u00a0 \u00a0 \u00a0 \u00a0 \u00a0 \u00a0 \u00a0 \u00a0 \u00a0 \u00a0 \u00a0 \u00a0 \u00a0 \u00a0 \u00a0 \u00a0 \u00a0 \u00a0 \u00a0 \u00a0 Shostakovich<\/em> (trascrizione di Vladimir Zubitsky e Germano Scurti) (2002)<\/p>\n<p>KIMMO HAKOLA\u00a0 (1958) <em>Arar\u00e0<\/em> (1996)<\/p>\n<p>GYULA B\u00c1NK\u00d6VI\u00a0 (1966) <em>Dissoluzioni<\/em> (2003)<\/p>\n<p>ALFRED SCHNITTKE (1934-1998) da \u201cA. Revis Fairy Tale\u201d <em>Overture, <\/em><em>The Clerks, <\/em><em>The Ball, <\/em><em>The Greatcoat Polka<\/em><\/p>\n<p>VYACHESLAV SEMENOV (1946)\u00a0 \u00a0<em>Toccata Barbara<\/em> (2014)<\/p>\n<p>\u201cIl Bayan \u00e8 uno strumento nuovo, un tipo particolare di fisarmonica che \u00e8 nato appena un secolo fa, e non ha ancora acquisito, nel dominio della musica d\u2019arte, una compiuta e riconoscibile identit\u00e0. Non \u00e8 necessariamente un male, anzi: uno dei vantaggi \u00e8 che non si \u00e8 ancora cristallizzato, intorno allo strumento, quell\u2019insieme di gesti, pratiche, atteggiamenti che in altri casi, a volte, condizionano sia la scrittura che l\u2019interpretazione. Uno strumento che tuttavia ha avuto uno sviluppo straordinario nell\u2019ultimi tre-quattro decenni, dal punto di vista organologico, in termini di qualit\u00e0 e quantit\u00e0 di opere scritte, una intensificazione della letteratura specifica, non pi\u00f9 trascritta da altri strumenti, \u00e8 una crescita nei valori esecutivi tecnico-strumentali formidabile. Ma proprio per la brevit\u00e0 dello sviluppo non si sono ancora sedimentate, come gli altri strumenti, particolari, autorevoli, significative, tradizioni interpretative. \u00c8 uno strumento che appunto desta sorpresa nello stesso tempo familiarit\u00e0. La sua origine, fortemente radicata nella tradizione popolare e suoi sviluppi negli ultimi decenni nella musica colta contemporanea vanno proprio a definire questo suo carattere duplice: essere uno strumento predisposto all\u2019inedito e al tradizionale allo stesso tempo, una marcatura che lo rende inconfondibile. La sua forza evocativa in sostanza sembra in grado di produrre negli ascoltatori stimoli percettivi e immaginative immediati e intelligibili, anche a fronte della musica pi\u00f9 ostica dal punto di vista dell\u2019ascolto\u201d.\u00a0 <em>Germano Scurti &#8211; dal booklet del CD \u201cAm Horizont\u201d stradivarius<\/em><\/p>\n<p><em>\u00a0<\/em><\/p>\n<p><em>Un concerto di fisarmonica \u201cBayan\u201d \u00e8 un evento pi\u00f9 unico che raro, soprattutto se usciamo dal campo del folklore per addentrarci non tanto nel \u201cclassico\u201d quanto nel \u201cnuovo musicale\u201d. \u201cNuovo\u201d che singolarmente sembra combaciare con l\u2019offerta timbrico sonora dello strumento, paragonabile solo a quella dell\u2019organo o a quella delle pi\u00f9 sofisticate apparecchiature elettriche. Alberto Nardelli il \u201cnuovo\u201d lo va cercando anche al di fuori della culla dell\u2019Occidente, in Finlandia, in Ucraina e in Russia. \u00c8 tramontato il monopolio delle avanguardie storiche e anche in confini di genere tra classicit\u00e0 e sperimentalismo, neofolklore e consumo si vanno cancellando, non da ultimo ad opera di uno strumento emergente come la fisarmonica &#8211; nel caso specifico di Alberto Nardelli, del Bayan &#8211; transculturale per vocazione.<\/em><\/p>\n<p>&nbsp;<\/p>\n<p>&nbsp;<\/p>\n<p>&nbsp;<\/p>\n<p>&nbsp;<\/p>\n<p>&nbsp;<\/p>\n<p>&nbsp;<\/p>\n<p>&nbsp;<\/p>\n","protected":false},"excerpt":{"rendered":"<p><strong>Michele Bianco<\/strong>, <strong>Alberto Nardelli<\/strong>, <strong>Pietro Secundo<\/strong><\/p>\n","protected":false},"author":11,"featured_media":31428,"template":"","meta":{"_acf_changed":false,"_tribe_events_status":"","_tribe_events_status_reason":"","_tribe_events_is_hybrid":"","_tribe_events_is_virtual":"","_tribe_events_virtual_video_source":"","_tribe_events_virtual_embed_video":"","_tribe_events_virtual_linked_button_text":"","_tribe_events_virtual_linked_button":"","_tribe_events_virtual_show_embed_at":"","_tribe_events_virtual_show_embed_to":[],"_tribe_events_virtual_show_on_event":"","_tribe_events_virtual_show_on_views":"","_tribe_events_virtual_url":"","footnotes":""},"tags":[],"tribe_events_cat":[81],"class_list":["post-31456","tribe_events","type-tribe_events","status-publish","has-post-thumbnail","hentry","rassegna_eventi-primavera","rassegna_eventi-teatro-aquila","stagione_eventi-stagione-teatrale-2024-2025","tribe_events_cat-concertistica","cat_concertistica"],"acf":{"sottotitolo":"Trio di fisarmoniche","info_evento":"380.5921393 - biglietto intero \u20ac 10 - biglietto ridotto \u20ac 5 (riduzione per iscritti a tutte le scuole, Conservatorio, Unipop, Utefe e Italia Nostra","info_costo":"","link_ticket":"","info_luogo":"","luogo_poi":{"ID":2396,"post_author":"2","post_date":"2021-05-25 14:39:37","post_date_gmt":"2021-05-25 14:39:37","post_content":"","post_title":"Teatro dell'Aquila","post_excerpt":"","post_status":"publish","comment_status":"closed","ping_status":"closed","post_password":"","post_name":"teatro-dellaquila","to_ping":"","pinged":"","post_modified":"2021-07-09 14:57:21","post_modified_gmt":"2021-07-09 14:57:21","post_content_filtered":"","post_parent":0,"guid":"https:\/\/visitfermo.it\/?post_type=luoghi&#038;p=2396","menu_order":0,"post_type":"luoghi","post_mime_type":"","comment_count":"0","filter":"raw"},"organizzatore_evento":{"nome_org":"Giovent\u00f9 Musicale d'Italia sezione di Fermo","telefono_org":"","email_org":"","sito_org":""}},"yoast_head":"<!-- This site is optimized with the Yoast SEO plugin v26.5 - https:\/\/yoast.com\/wordpress\/plugins\/seo\/ -->\n<title>Sirius Accordion Trio - Visit Fermo<\/title>\n<meta name=\"robots\" content=\"index, follow, max-snippet:-1, max-image-preview:large, max-video-preview:-1\" \/>\n<link rel=\"canonical\" href=\"https:\/\/www.visitfermo.it\/it\/eventi\/sirius-accordion-trio-2\" \/>\n<meta property=\"og:locale\" content=\"it_IT\" \/>\n<meta property=\"og:type\" content=\"article\" \/>\n<meta property=\"og:title\" content=\"Sirius Accordion Trio - Visit Fermo\" \/>\n<meta property=\"og:description\" content=\"Michele Bianco, Alberto Nardelli, Pietro Secundo\" \/>\n<meta property=\"og:url\" content=\"https:\/\/www.visitfermo.it\/it\/eventi\/sirius-accordion-trio-2\" \/>\n<meta property=\"og:site_name\" content=\"Visit Fermo\" \/>\n<meta property=\"article:publisher\" content=\"https:\/\/www.facebook.com\/VstFermo\/\" \/>\n<meta property=\"article:modified_time\" content=\"2025-02-20T10:54:45+00:00\" \/>\n<meta property=\"og:image\" content=\"https:\/\/www.visitfermo.it\/wp-content\/uploads\/2024\/11\/Foto-SIRIUS-ACCORDION-TRIO-683x1024.jpg\" \/>\n\t<meta property=\"og:image:width\" content=\"683\" \/>\n\t<meta property=\"og:image:height\" content=\"1024\" \/>\n\t<meta property=\"og:image:type\" content=\"image\/jpeg\" \/>\n<meta name=\"twitter:card\" content=\"summary_large_image\" \/>\n<meta name=\"twitter:site\" content=\"@FermoTurismo\" \/>\n<meta name=\"twitter:label1\" content=\"Est. reading time\" \/>\n\t<meta name=\"twitter:data1\" content=\"5 minutes\" \/>\n<script type=\"application\/ld+json\" class=\"yoast-schema-graph\">{\"@context\":\"https:\/\/schema.org\",\"@graph\":[{\"@type\":\"WebPage\",\"@id\":\"https:\/\/www.visitfermo.it\/it\/eventi\/sirius-accordion-trio-2\",\"url\":\"https:\/\/www.visitfermo.it\/it\/eventi\/sirius-accordion-trio-2\",\"name\":\"Sirius Accordion Trio - Visit Fermo\",\"isPartOf\":{\"@id\":\"https:\/\/www.visitfermo.it\/it\/#website\"},\"primaryImageOfPage\":{\"@id\":\"https:\/\/www.visitfermo.it\/it\/eventi\/sirius-accordion-trio-2#primaryimage\"},\"image\":{\"@id\":\"https:\/\/www.visitfermo.it\/it\/eventi\/sirius-accordion-trio-2#primaryimage\"},\"thumbnailUrl\":\"https:\/\/www.visitfermo.it\/wp-content\/uploads\/2024\/11\/Foto-SIRIUS-ACCORDION-TRIO.jpg\",\"datePublished\":\"2024-11-11T09:03:21+00:00\",\"dateModified\":\"2025-02-20T10:54:45+00:00\",\"breadcrumb\":{\"@id\":\"https:\/\/www.visitfermo.it\/it\/eventi\/sirius-accordion-trio-2#breadcrumb\"},\"inLanguage\":\"it\",\"potentialAction\":[{\"@type\":\"ReadAction\",\"target\":[\"https:\/\/www.visitfermo.it\/it\/eventi\/sirius-accordion-trio-2\"]}]},{\"@type\":\"ImageObject\",\"inLanguage\":\"it\",\"@id\":\"https:\/\/www.visitfermo.it\/it\/eventi\/sirius-accordion-trio-2#primaryimage\",\"url\":\"https:\/\/www.visitfermo.it\/wp-content\/uploads\/2024\/11\/Foto-SIRIUS-ACCORDION-TRIO.jpg\",\"contentUrl\":\"https:\/\/www.visitfermo.it\/wp-content\/uploads\/2024\/11\/Foto-SIRIUS-ACCORDION-TRIO.jpg\",\"width\":4391,\"height\":6586},{\"@type\":\"BreadcrumbList\",\"@id\":\"https:\/\/www.visitfermo.it\/it\/eventi\/sirius-accordion-trio-2#breadcrumb\",\"itemListElement\":[{\"@type\":\"ListItem\",\"position\":1,\"name\":\"Home\",\"item\":\"https:\/\/www.visitfermo.it\/it\"},{\"@type\":\"ListItem\",\"position\":2,\"name\":\"Eventi\",\"item\":\"https:\/\/www.visitfermo.it\/it\/eventi\/\"},{\"@type\":\"ListItem\",\"position\":3,\"name\":\"Sirius Accordion Trio\"}]},{\"@type\":\"WebSite\",\"@id\":\"https:\/\/www.visitfermo.it\/it\/#website\",\"url\":\"https:\/\/www.visitfermo.it\/it\/\",\"name\":\"Visit Fermo\",\"description\":\"Fermo a place for me\",\"publisher\":{\"@id\":\"https:\/\/www.visitfermo.it\/it\/#organization\"},\"potentialAction\":[{\"@type\":\"SearchAction\",\"target\":{\"@type\":\"EntryPoint\",\"urlTemplate\":\"https:\/\/www.visitfermo.it\/it\/?s={search_term_string}\"},\"query-input\":{\"@type\":\"PropertyValueSpecification\",\"valueRequired\":true,\"valueName\":\"search_term_string\"}}],\"inLanguage\":\"it\"},{\"@type\":\"Organization\",\"@id\":\"https:\/\/www.visitfermo.it\/it\/#organization\",\"name\":\"Visit Fermo\",\"url\":\"https:\/\/www.visitfermo.it\/it\/\",\"logo\":{\"@type\":\"ImageObject\",\"inLanguage\":\"it\",\"@id\":\"https:\/\/www.visitfermo.it\/it\/#\/schema\/logo\/image\/\",\"url\":\"https:\/\/www.visitfermo.it\/wp-content\/uploads\/2018\/02\/logo-fermo-a-place-for-me-giallo.png\",\"contentUrl\":\"https:\/\/www.visitfermo.it\/wp-content\/uploads\/2018\/02\/logo-fermo-a-place-for-me-giallo.png\",\"width\":453,\"height\":230,\"caption\":\"Visit Fermo\"},\"image\":{\"@id\":\"https:\/\/www.visitfermo.it\/it\/#\/schema\/logo\/image\/\"},\"sameAs\":[\"https:\/\/www.facebook.com\/VstFermo\/\",\"https:\/\/x.com\/FermoTurismo\",\"https:\/\/www.instagram.com\/visitfermo\/\",\"https:\/\/www.youtube.com\/c\/VisitFermo\"]}]}<\/script>\n<!-- \/ Yoast SEO plugin. -->","yoast_head_json":{"title":"Sirius Accordion Trio - Visit Fermo","robots":{"index":"index","follow":"follow","max-snippet":"max-snippet:-1","max-image-preview":"max-image-preview:large","max-video-preview":"max-video-preview:-1"},"canonical":"https:\/\/www.visitfermo.it\/it\/eventi\/sirius-accordion-trio-2","og_locale":"it_IT","og_type":"article","og_title":"Sirius Accordion Trio - Visit Fermo","og_description":"Michele Bianco, Alberto Nardelli, Pietro Secundo","og_url":"https:\/\/www.visitfermo.it\/it\/eventi\/sirius-accordion-trio-2","og_site_name":"Visit Fermo","article_publisher":"https:\/\/www.facebook.com\/VstFermo\/","article_modified_time":"2025-02-20T10:54:45+00:00","og_image":[{"width":683,"height":1024,"url":"https:\/\/www.visitfermo.it\/wp-content\/uploads\/2024\/11\/Foto-SIRIUS-ACCORDION-TRIO-683x1024.jpg","type":"image\/jpeg"}],"twitter_card":"summary_large_image","twitter_site":"@FermoTurismo","twitter_misc":{"Est. reading time":"5 minutes"},"schema":{"@context":"https:\/\/schema.org","@graph":[{"@type":"WebPage","@id":"https:\/\/www.visitfermo.it\/it\/eventi\/sirius-accordion-trio-2","url":"https:\/\/www.visitfermo.it\/it\/eventi\/sirius-accordion-trio-2","name":"Sirius Accordion Trio - Visit Fermo","isPartOf":{"@id":"https:\/\/www.visitfermo.it\/it\/#website"},"primaryImageOfPage":{"@id":"https:\/\/www.visitfermo.it\/it\/eventi\/sirius-accordion-trio-2#primaryimage"},"image":{"@id":"https:\/\/www.visitfermo.it\/it\/eventi\/sirius-accordion-trio-2#primaryimage"},"thumbnailUrl":"https:\/\/www.visitfermo.it\/wp-content\/uploads\/2024\/11\/Foto-SIRIUS-ACCORDION-TRIO.jpg","datePublished":"2024-11-11T09:03:21+00:00","dateModified":"2025-02-20T10:54:45+00:00","breadcrumb":{"@id":"https:\/\/www.visitfermo.it\/it\/eventi\/sirius-accordion-trio-2#breadcrumb"},"inLanguage":"it","potentialAction":[{"@type":"ReadAction","target":["https:\/\/www.visitfermo.it\/it\/eventi\/sirius-accordion-trio-2"]}]},{"@type":"ImageObject","inLanguage":"it","@id":"https:\/\/www.visitfermo.it\/it\/eventi\/sirius-accordion-trio-2#primaryimage","url":"https:\/\/www.visitfermo.it\/wp-content\/uploads\/2024\/11\/Foto-SIRIUS-ACCORDION-TRIO.jpg","contentUrl":"https:\/\/www.visitfermo.it\/wp-content\/uploads\/2024\/11\/Foto-SIRIUS-ACCORDION-TRIO.jpg","width":4391,"height":6586},{"@type":"BreadcrumbList","@id":"https:\/\/www.visitfermo.it\/it\/eventi\/sirius-accordion-trio-2#breadcrumb","itemListElement":[{"@type":"ListItem","position":1,"name":"Home","item":"https:\/\/www.visitfermo.it\/it"},{"@type":"ListItem","position":2,"name":"Eventi","item":"https:\/\/www.visitfermo.it\/it\/eventi\/"},{"@type":"ListItem","position":3,"name":"Sirius Accordion Trio"}]},{"@type":"WebSite","@id":"https:\/\/www.visitfermo.it\/it\/#website","url":"https:\/\/www.visitfermo.it\/it\/","name":"Visit Fermo","description":"Fermo a place for me","publisher":{"@id":"https:\/\/www.visitfermo.it\/it\/#organization"},"potentialAction":[{"@type":"SearchAction","target":{"@type":"EntryPoint","urlTemplate":"https:\/\/www.visitfermo.it\/it\/?s={search_term_string}"},"query-input":{"@type":"PropertyValueSpecification","valueRequired":true,"valueName":"search_term_string"}}],"inLanguage":"it"},{"@type":"Organization","@id":"https:\/\/www.visitfermo.it\/it\/#organization","name":"Visit Fermo","url":"https:\/\/www.visitfermo.it\/it\/","logo":{"@type":"ImageObject","inLanguage":"it","@id":"https:\/\/www.visitfermo.it\/it\/#\/schema\/logo\/image\/","url":"https:\/\/www.visitfermo.it\/wp-content\/uploads\/2018\/02\/logo-fermo-a-place-for-me-giallo.png","contentUrl":"https:\/\/www.visitfermo.it\/wp-content\/uploads\/2018\/02\/logo-fermo-a-place-for-me-giallo.png","width":453,"height":230,"caption":"Visit Fermo"},"image":{"@id":"https:\/\/www.visitfermo.it\/it\/#\/schema\/logo\/image\/"},"sameAs":["https:\/\/www.facebook.com\/VstFermo\/","https:\/\/x.com\/FermoTurismo","https:\/\/www.instagram.com\/visitfermo\/","https:\/\/www.youtube.com\/c\/VisitFermo"]}]}},"_links":{"self":[{"href":"https:\/\/www.visitfermo.it\/it\/wp-json\/wp\/v2\/tribe_events\/31456","targetHints":{"allow":["GET"]}}],"collection":[{"href":"https:\/\/www.visitfermo.it\/it\/wp-json\/wp\/v2\/tribe_events"}],"about":[{"href":"https:\/\/www.visitfermo.it\/it\/wp-json\/wp\/v2\/types\/tribe_events"}],"author":[{"embeddable":true,"href":"https:\/\/www.visitfermo.it\/it\/wp-json\/wp\/v2\/users\/11"}],"version-history":[{"count":6,"href":"https:\/\/www.visitfermo.it\/it\/wp-json\/wp\/v2\/tribe_events\/31456\/revisions"}],"predecessor-version":[{"id":33175,"href":"https:\/\/www.visitfermo.it\/it\/wp-json\/wp\/v2\/tribe_events\/31456\/revisions\/33175"}],"wp:featuredmedia":[{"embeddable":true,"href":"https:\/\/www.visitfermo.it\/it\/wp-json\/wp\/v2\/media\/31428"}],"wp:attachment":[{"href":"https:\/\/www.visitfermo.it\/it\/wp-json\/wp\/v2\/media?parent=31456"}],"wp:term":[{"taxonomy":"post_tag","embeddable":true,"href":"https:\/\/www.visitfermo.it\/it\/wp-json\/wp\/v2\/tags?post=31456"},{"taxonomy":"tribe_events_cat","embeddable":true,"href":"https:\/\/www.visitfermo.it\/it\/wp-json\/wp\/v2\/tribe_events_cat?post=31456"}],"curies":[{"name":"wp","href":"https:\/\/api.w.org\/{rel}","templated":true}]}}