{"id":30346,"date":"2024-07-29T12:41:08","date_gmt":"2024-07-29T11:41:08","guid":{"rendered":"https:\/\/www.visitfermo.it\/eventi\/giovanni-allevi-copy"},"modified":"2024-08-19T13:09:57","modified_gmt":"2024-08-19T12:09:57","slug":"la-locandiera","status":"publish","type":"tribe_events","link":"https:\/\/www.visitfermo.it\/it\/eventi\/la-locandiera","title":{"rendered":"La Locandiera"},"content":{"rendered":"<p><em>drammaturgia<\/em> <strong>Linda Dalisi<\/strong><br \/>\n<em>scene<\/em> <strong>Annelisa Zaccheria<\/strong><br \/>\n<em>costumi<\/em> <strong>Graziella Pepe<\/strong><br \/>\n<em>musiche e suono<\/em> <strong>Franco Visioli<\/strong><br \/>\n<em>luci<\/em> <strong>Simone De Angelis<\/strong><br \/>\n<em>assistente alla regia<\/em> <strong>Marco Corsucci<\/strong><br \/>\n<em>assistente alla regia volontario<\/em> <strong>Giammarco Pignatiello<\/strong><br \/>\n<em>produzione<\/em> <strong>Teatro Stabile dell\u2019Umbria<\/strong><\/p>\n<p>Penso a <em>Caf\u00e9 M\u00fcller<\/em> di Pina Bausch. Penso ad una donna nata e cresciuta nella Locanda. Un luogo-mondo che accoglie infiniti mondi.<br \/>\nNel testo goldoniano il tema dell\u2019eredit\u00e0 \u00e8 il punto cardine di tutto.<br \/>\nMirandolina seduta sul letto di morte del padre riceve in eredit\u00e0 la Locanda, ma anche l\u2019ordine di sposarsi con Fabrizio, il primo servitore della Locanda. In questo credo che ci sia una inconsapevole identificazione del padre con il servo, come erede virtuale in quanto maschio. Pi\u00f9 che un uomo per la figlia, il padre sceglie un uomo per la Locanda, un uomo pronto a tutto pur di proteggere la Locanda.<br \/>\nCredo che Goldoni con questo testo abbia fatto un gesto artistico potente ed estremo, un gesto di sconvolgente contemporaneit\u00e0: innanzitutto siamo davanti al primo testo italiano con protagonista una donna, ma Goldoni va oltre, scardina ogni tipo di meccanismo, eleva una donna formalmente a servizio dei suoi clienti a donna capace di sconfiggere tutto l\u2019universo maschile, soprattutto una donna che annienta con la sua abilit\u00e0 tutta l\u2019aristocrazia. Di fatto Mirandolina riesce in un solo colpo a sbarazzarsi di un cavaliere, di un conte e di un marchese. Scegliendo alla fine il suo servitore come marito fa una scelta politica, mette a capo di tutto la servit\u00f9, nobilita i commercianti e gli artisti, facendo diventare la Locanda il luogo da dove tutta la storia teatrale del nostro paese si riscriver\u00e0, la storia che in qualche modo ci riguarda tutti. Goldoni fa anche un lavoro sulla lingua, accentuando un italiano toscano. Per essere Mirandolina bisogna essere capaci di mettersi al servizio dell\u2019opera, ma anche non fare del proprio essere femminile una figura scontata e terribilmente civettuola, cosa che spesso abbiamo visto sui nostri palcoscenici. Spesso noi registi abbiamo sminuito il lavoro artistico culturale che il grande Goldoni ha fatto con questa opera, la abbiamo ridimensionata, cadendo nell\u2019ovvio e riportando il femminile a ci\u00f2 che gli uomini vogliono vedere: il gioco della seduzione. Goldoni, invece, ha fatto con questo suo testamento, una grande operazione civile e culturale. Siamo davanti a un manifesto teatrale che d\u00e0 inizio al teatro contemporaneo, mentre per una assurda cecit\u00e0 noi teatranti lo abbiamo banalizzato e reso innocente. La nostra mediocrit\u00e0 non \u00e8 mai stata all\u2019altezza dell\u2019opera di Goldoni e, molto probabilmente, non lo sar\u00f2 nemmeno io. Spero, per\u00f2, di rendere omaggio a un maestro che proprio con Goldoni ha saputo riscrivere parte della storia teatrale italiana: parlo di Massimo Castri. <strong>Antonio Latella<\/strong><\/p>\n","protected":false},"excerpt":{"rendered":"<p><em>di\u00a0<\/em><strong>Carlo Goldoni<\/strong><br \/>\n<em>con <\/em><strong>Sonia Bergamasco, Marta Cortellazzo, Wiel, Ludovico Fededegni, Giovanni Franzoni, Francesco Manetti, Annibale Pavone, Gabriele Pestilli, Marta Pizzigallo<br \/>\n<\/strong><em>regia <\/em><strong><strong>Antonio Latella<br \/>\n<\/strong><\/strong><\/p>\n","protected":false},"author":11,"featured_media":30348,"template":"","meta":{"_acf_changed":false,"_tribe_events_status":"","_tribe_events_status_reason":"","_tribe_events_is_hybrid":"","_tribe_events_is_virtual":"","_tribe_events_virtual_video_source":"","_tribe_events_virtual_embed_video":"","_tribe_events_virtual_linked_button_text":"","_tribe_events_virtual_linked_button":"","_tribe_events_virtual_show_embed_at":"","_tribe_events_virtual_show_embed_to":[],"_tribe_events_virtual_show_on_event":"","_tribe_events_virtual_show_on_views":"","_tribe_events_virtual_url":"","footnotes":""},"tags":[],"tribe_events_cat":[80],"class_list":["post-30346","tribe_events","type-tribe_events","status-publish","has-post-thumbnail","hentry","rassegna_eventi-autunno","rassegna_eventi-teatro-aquila","stagione_eventi-autunno-2024","stagione_eventi-stagione-teatrale-2024-2025","tribe_events_cat-prosa","cat_prosa"],"acf":{"sottotitolo":"","info_evento":"Biglietteria del Teatro dell'Aquila 0734.284295 - biglietteriateatro@comune.fermo.it - AMAT 071.2075880 - www.amatmarche.net","info_costo":"Settore A \u20ac 30 - Settore B \u20ac 24 (ridotto \u20ac 12) - Settore C \u20ac 12 (riduzione valida under 25 over 65)","link_ticket":"https:\/\/vivaticket.com","info_luogo":"","luogo_poi":{"ID":2396,"post_author":"2","post_date":"2021-05-25 14:39:37","post_date_gmt":"2021-05-25 14:39:37","post_content":"","post_title":"Teatro dell'Aquila","post_excerpt":"","post_status":"publish","comment_status":"closed","ping_status":"closed","post_password":"","post_name":"teatro-dellaquila","to_ping":"","pinged":"","post_modified":"2021-07-09 14:57:21","post_modified_gmt":"2021-07-09 14:57:21","post_content_filtered":"","post_parent":0,"guid":"https:\/\/visitfermo.it\/?post_type=luoghi&#038;p=2396","menu_order":0,"post_type":"luoghi","post_mime_type":"","comment_count":"0","filter":"raw"},"organizzatore_evento":{"nome_org":"Org. AMAT Marche","telefono_org":"","email_org":"","sito_org":"https:\/\/www.amatmarche.net"}},"yoast_head":"<!-- This site is optimized with the Yoast SEO plugin v26.5 - https:\/\/yoast.com\/wordpress\/plugins\/seo\/ -->\n<title>La Locandiera - Visit Fermo<\/title>\n<meta name=\"robots\" content=\"index, follow, max-snippet:-1, max-image-preview:large, max-video-preview:-1\" \/>\n<link rel=\"canonical\" href=\"https:\/\/www.visitfermo.it\/it\/eventi\/la-locandiera\" \/>\n<meta property=\"og:locale\" content=\"it_IT\" \/>\n<meta property=\"og:type\" content=\"article\" \/>\n<meta property=\"og:title\" content=\"La Locandiera - Visit Fermo\" \/>\n<meta property=\"og:description\" content=\"di\u00a0Carlo Goldoni con Sonia Bergamasco, Marta Cortellazzo, Wiel, Ludovico Fededegni, Giovanni Franzoni, Francesco Manetti, Annibale Pavone, Gabriele Pestilli, Marta Pizzigallo regia Antonio Latella\" \/>\n<meta property=\"og:url\" content=\"https:\/\/www.visitfermo.it\/it\/eventi\/la-locandiera\" \/>\n<meta property=\"og:site_name\" content=\"Visit Fermo\" \/>\n<meta property=\"article:publisher\" content=\"https:\/\/www.facebook.com\/VstFermo\/\" \/>\n<meta property=\"article:modified_time\" content=\"2024-08-19T12:09:57+00:00\" \/>\n<meta property=\"og:image\" content=\"https:\/\/www.visitfermo.it\/wp-content\/uploads\/2024\/07\/La-locandiera_Marta-Cortellazzo-Wiel-Sonia-Bergamasco-Giovanni-Franzoni_ph-Gianluca-Pantaleo_15.jpg\" \/>\n\t<meta property=\"og:image:width\" content=\"2126\" \/>\n\t<meta property=\"og:image:height\" content=\"1417\" \/>\n\t<meta property=\"og:image:type\" content=\"image\/jpeg\" \/>\n<meta name=\"twitter:card\" content=\"summary_large_image\" \/>\n<meta name=\"twitter:site\" content=\"@FermoTurismo\" \/>\n<meta name=\"twitter:label1\" content=\"Est. reading time\" \/>\n\t<meta name=\"twitter:data1\" content=\"3 minutes\" \/>\n<script type=\"application\/ld+json\" class=\"yoast-schema-graph\">{\"@context\":\"https:\/\/schema.org\",\"@graph\":[{\"@type\":\"WebPage\",\"@id\":\"https:\/\/www.visitfermo.it\/it\/eventi\/la-locandiera\",\"url\":\"https:\/\/www.visitfermo.it\/it\/eventi\/la-locandiera\",\"name\":\"La Locandiera - Visit Fermo\",\"isPartOf\":{\"@id\":\"https:\/\/www.visitfermo.it\/it\/#website\"},\"primaryImageOfPage\":{\"@id\":\"https:\/\/www.visitfermo.it\/it\/eventi\/la-locandiera#primaryimage\"},\"image\":{\"@id\":\"https:\/\/www.visitfermo.it\/it\/eventi\/la-locandiera#primaryimage\"},\"thumbnailUrl\":\"https:\/\/www.visitfermo.it\/wp-content\/uploads\/2024\/07\/La-locandiera_Marta-Cortellazzo-Wiel-Sonia-Bergamasco-Giovanni-Franzoni_ph-Gianluca-Pantaleo_15.jpg\",\"datePublished\":\"2024-07-29T11:41:08+00:00\",\"dateModified\":\"2024-08-19T12:09:57+00:00\",\"breadcrumb\":{\"@id\":\"https:\/\/www.visitfermo.it\/it\/eventi\/la-locandiera#breadcrumb\"},\"inLanguage\":\"it\",\"potentialAction\":[{\"@type\":\"ReadAction\",\"target\":[\"https:\/\/www.visitfermo.it\/it\/eventi\/la-locandiera\"]}]},{\"@type\":\"ImageObject\",\"inLanguage\":\"it\",\"@id\":\"https:\/\/www.visitfermo.it\/it\/eventi\/la-locandiera#primaryimage\",\"url\":\"https:\/\/www.visitfermo.it\/wp-content\/uploads\/2024\/07\/La-locandiera_Marta-Cortellazzo-Wiel-Sonia-Bergamasco-Giovanni-Franzoni_ph-Gianluca-Pantaleo_15.jpg\",\"contentUrl\":\"https:\/\/www.visitfermo.it\/wp-content\/uploads\/2024\/07\/La-locandiera_Marta-Cortellazzo-Wiel-Sonia-Bergamasco-Giovanni-Franzoni_ph-Gianluca-Pantaleo_15.jpg\",\"width\":2126,\"height\":1417},{\"@type\":\"BreadcrumbList\",\"@id\":\"https:\/\/www.visitfermo.it\/it\/eventi\/la-locandiera#breadcrumb\",\"itemListElement\":[{\"@type\":\"ListItem\",\"position\":1,\"name\":\"Home\",\"item\":\"https:\/\/www.visitfermo.it\/it\"},{\"@type\":\"ListItem\",\"position\":2,\"name\":\"Eventi\",\"item\":\"https:\/\/www.visitfermo.it\/it\/eventi\/\"},{\"@type\":\"ListItem\",\"position\":3,\"name\":\"La Locandiera\"}]},{\"@type\":\"WebSite\",\"@id\":\"https:\/\/www.visitfermo.it\/it\/#website\",\"url\":\"https:\/\/www.visitfermo.it\/it\/\",\"name\":\"Visit Fermo\",\"description\":\"Fermo a place for me\",\"publisher\":{\"@id\":\"https:\/\/www.visitfermo.it\/it\/#organization\"},\"potentialAction\":[{\"@type\":\"SearchAction\",\"target\":{\"@type\":\"EntryPoint\",\"urlTemplate\":\"https:\/\/www.visitfermo.it\/it\/?s={search_term_string}\"},\"query-input\":{\"@type\":\"PropertyValueSpecification\",\"valueRequired\":true,\"valueName\":\"search_term_string\"}}],\"inLanguage\":\"it\"},{\"@type\":\"Organization\",\"@id\":\"https:\/\/www.visitfermo.it\/it\/#organization\",\"name\":\"Visit Fermo\",\"url\":\"https:\/\/www.visitfermo.it\/it\/\",\"logo\":{\"@type\":\"ImageObject\",\"inLanguage\":\"it\",\"@id\":\"https:\/\/www.visitfermo.it\/it\/#\/schema\/logo\/image\/\",\"url\":\"https:\/\/www.visitfermo.it\/wp-content\/uploads\/2018\/02\/logo-fermo-a-place-for-me-giallo.png\",\"contentUrl\":\"https:\/\/www.visitfermo.it\/wp-content\/uploads\/2018\/02\/logo-fermo-a-place-for-me-giallo.png\",\"width\":453,\"height\":230,\"caption\":\"Visit Fermo\"},\"image\":{\"@id\":\"https:\/\/www.visitfermo.it\/it\/#\/schema\/logo\/image\/\"},\"sameAs\":[\"https:\/\/www.facebook.com\/VstFermo\/\",\"https:\/\/x.com\/FermoTurismo\",\"https:\/\/www.instagram.com\/visitfermo\/\",\"https:\/\/www.youtube.com\/c\/VisitFermo\"]}]}<\/script>\n<!-- \/ Yoast SEO plugin. -->","yoast_head_json":{"title":"La Locandiera - Visit Fermo","robots":{"index":"index","follow":"follow","max-snippet":"max-snippet:-1","max-image-preview":"max-image-preview:large","max-video-preview":"max-video-preview:-1"},"canonical":"https:\/\/www.visitfermo.it\/it\/eventi\/la-locandiera","og_locale":"it_IT","og_type":"article","og_title":"La Locandiera - Visit Fermo","og_description":"di\u00a0Carlo Goldoni con Sonia Bergamasco, Marta Cortellazzo, Wiel, Ludovico Fededegni, Giovanni Franzoni, Francesco Manetti, Annibale Pavone, Gabriele Pestilli, Marta Pizzigallo regia Antonio Latella","og_url":"https:\/\/www.visitfermo.it\/it\/eventi\/la-locandiera","og_site_name":"Visit Fermo","article_publisher":"https:\/\/www.facebook.com\/VstFermo\/","article_modified_time":"2024-08-19T12:09:57+00:00","og_image":[{"width":2126,"height":1417,"url":"https:\/\/www.visitfermo.it\/wp-content\/uploads\/2024\/07\/La-locandiera_Marta-Cortellazzo-Wiel-Sonia-Bergamasco-Giovanni-Franzoni_ph-Gianluca-Pantaleo_15.jpg","type":"image\/jpeg"}],"twitter_card":"summary_large_image","twitter_site":"@FermoTurismo","twitter_misc":{"Est. reading time":"3 minutes"},"schema":{"@context":"https:\/\/schema.org","@graph":[{"@type":"WebPage","@id":"https:\/\/www.visitfermo.it\/it\/eventi\/la-locandiera","url":"https:\/\/www.visitfermo.it\/it\/eventi\/la-locandiera","name":"La Locandiera - Visit Fermo","isPartOf":{"@id":"https:\/\/www.visitfermo.it\/it\/#website"},"primaryImageOfPage":{"@id":"https:\/\/www.visitfermo.it\/it\/eventi\/la-locandiera#primaryimage"},"image":{"@id":"https:\/\/www.visitfermo.it\/it\/eventi\/la-locandiera#primaryimage"},"thumbnailUrl":"https:\/\/www.visitfermo.it\/wp-content\/uploads\/2024\/07\/La-locandiera_Marta-Cortellazzo-Wiel-Sonia-Bergamasco-Giovanni-Franzoni_ph-Gianluca-Pantaleo_15.jpg","datePublished":"2024-07-29T11:41:08+00:00","dateModified":"2024-08-19T12:09:57+00:00","breadcrumb":{"@id":"https:\/\/www.visitfermo.it\/it\/eventi\/la-locandiera#breadcrumb"},"inLanguage":"it","potentialAction":[{"@type":"ReadAction","target":["https:\/\/www.visitfermo.it\/it\/eventi\/la-locandiera"]}]},{"@type":"ImageObject","inLanguage":"it","@id":"https:\/\/www.visitfermo.it\/it\/eventi\/la-locandiera#primaryimage","url":"https:\/\/www.visitfermo.it\/wp-content\/uploads\/2024\/07\/La-locandiera_Marta-Cortellazzo-Wiel-Sonia-Bergamasco-Giovanni-Franzoni_ph-Gianluca-Pantaleo_15.jpg","contentUrl":"https:\/\/www.visitfermo.it\/wp-content\/uploads\/2024\/07\/La-locandiera_Marta-Cortellazzo-Wiel-Sonia-Bergamasco-Giovanni-Franzoni_ph-Gianluca-Pantaleo_15.jpg","width":2126,"height":1417},{"@type":"BreadcrumbList","@id":"https:\/\/www.visitfermo.it\/it\/eventi\/la-locandiera#breadcrumb","itemListElement":[{"@type":"ListItem","position":1,"name":"Home","item":"https:\/\/www.visitfermo.it\/it"},{"@type":"ListItem","position":2,"name":"Eventi","item":"https:\/\/www.visitfermo.it\/it\/eventi\/"},{"@type":"ListItem","position":3,"name":"La Locandiera"}]},{"@type":"WebSite","@id":"https:\/\/www.visitfermo.it\/it\/#website","url":"https:\/\/www.visitfermo.it\/it\/","name":"Visit Fermo","description":"Fermo a place for me","publisher":{"@id":"https:\/\/www.visitfermo.it\/it\/#organization"},"potentialAction":[{"@type":"SearchAction","target":{"@type":"EntryPoint","urlTemplate":"https:\/\/www.visitfermo.it\/it\/?s={search_term_string}"},"query-input":{"@type":"PropertyValueSpecification","valueRequired":true,"valueName":"search_term_string"}}],"inLanguage":"it"},{"@type":"Organization","@id":"https:\/\/www.visitfermo.it\/it\/#organization","name":"Visit Fermo","url":"https:\/\/www.visitfermo.it\/it\/","logo":{"@type":"ImageObject","inLanguage":"it","@id":"https:\/\/www.visitfermo.it\/it\/#\/schema\/logo\/image\/","url":"https:\/\/www.visitfermo.it\/wp-content\/uploads\/2018\/02\/logo-fermo-a-place-for-me-giallo.png","contentUrl":"https:\/\/www.visitfermo.it\/wp-content\/uploads\/2018\/02\/logo-fermo-a-place-for-me-giallo.png","width":453,"height":230,"caption":"Visit Fermo"},"image":{"@id":"https:\/\/www.visitfermo.it\/it\/#\/schema\/logo\/image\/"},"sameAs":["https:\/\/www.facebook.com\/VstFermo\/","https:\/\/x.com\/FermoTurismo","https:\/\/www.instagram.com\/visitfermo\/","https:\/\/www.youtube.com\/c\/VisitFermo"]}]}},"_links":{"self":[{"href":"https:\/\/www.visitfermo.it\/it\/wp-json\/wp\/v2\/tribe_events\/30346","targetHints":{"allow":["GET"]}}],"collection":[{"href":"https:\/\/www.visitfermo.it\/it\/wp-json\/wp\/v2\/tribe_events"}],"about":[{"href":"https:\/\/www.visitfermo.it\/it\/wp-json\/wp\/v2\/types\/tribe_events"}],"author":[{"embeddable":true,"href":"https:\/\/www.visitfermo.it\/it\/wp-json\/wp\/v2\/users\/11"}],"version-history":[{"count":19,"href":"https:\/\/www.visitfermo.it\/it\/wp-json\/wp\/v2\/tribe_events\/30346\/revisions"}],"predecessor-version":[{"id":30695,"href":"https:\/\/www.visitfermo.it\/it\/wp-json\/wp\/v2\/tribe_events\/30346\/revisions\/30695"}],"wp:featuredmedia":[{"embeddable":true,"href":"https:\/\/www.visitfermo.it\/it\/wp-json\/wp\/v2\/media\/30348"}],"wp:attachment":[{"href":"https:\/\/www.visitfermo.it\/it\/wp-json\/wp\/v2\/media?parent=30346"}],"wp:term":[{"taxonomy":"post_tag","embeddable":true,"href":"https:\/\/www.visitfermo.it\/it\/wp-json\/wp\/v2\/tags?post=30346"},{"taxonomy":"tribe_events_cat","embeddable":true,"href":"https:\/\/www.visitfermo.it\/it\/wp-json\/wp\/v2\/tribe_events_cat?post=30346"}],"curies":[{"name":"wp","href":"https:\/\/api.w.org\/{rel}","templated":true}]}}