{"id":26489,"date":"2023-10-20T11:53:24","date_gmt":"2023-10-20T10:53:24","guid":{"rendered":"https:\/\/www.visitfermo.it\/?post_type=tribe_events&#038;p=26489"},"modified":"2023-11-28T15:17:50","modified_gmt":"2023-11-28T14:17:50","slug":"solisti-aquilani","status":"publish","type":"tribe_events","link":"https:\/\/www.visitfermo.it\/it\/eventi\/solisti-aquilani","title":{"rendered":"Ramin Bahrami e Adamo Angeletti"},"content":{"rendered":"<p><strong>Ramin Bahrami<\/strong> \u00e8 considerato uno dei pi\u00f9 interessanti interpreti di Bach al pianoforte. Dopo l\u2019esecuzione dei Concerti di Johann Sebastian Bach a Lipsia nel 2009 con la Gewandhausorchester diretta da Riccardo Chailly, la critica tedesca lo considerer\u00e0: \u201cun mago del suono, un poeta della tastiera\u2026 artista straordinario che ha il coraggio di affrontare Bach su una via veramente personale\u201d. (Leipziger volkszeitung).<br \/>\nLa ricerca interpretativa del pianista iraniano \u00e8 rivolta alla monumentale produzione tastieristica di Johann Sebastian Bach, che Bahrami affronta con il rispetto e la sensibilit\u00e0 cosmopolita della quale \u00e8 intrisa la sua cultura e la sua formazione. Le influenze tedesche, russe, turche e naturalmente persiane che hanno caratterizzato la sua infanzia, gli permettono di accostarsi alla musica di Bach esaltandone il senso di universalit\u00e0 che la caratterizza.<br \/>\nBahrami si \u00e8 esibito in importanti festival pianistici tra cui \u201cLa Roque d\u2019Anth\u00e9ron\u201d, Festival di Uz\u00e9s, il Festival \u201cPiano aux Jacobins\u201d di Toulose, il Tallin Baroque Music Festival in Estonia e il Beijing Piano Festival in Cina, Festival di Brescia e Bergamo, Ravello Festival ed in prestigiose sedi italiane come il Teatro alla Scala di Milano, la Fenice di Venezia, l\u2019Accademia di Santa Cecilia a Roma, etc..<br \/>\nNato a Teheran si diploma con Piero Rattalino al Conservatorio \u201cG. Verdi\u201d di Milano, e si perfeziona con Alexis Weissenberg, Charles Rosen, Andr\u00e1s Schiff, Robert Levin e Rosalyn Tureck.<br \/>\nRamin Bahrami incide in esclusiva per Decca-Universal. I suoi CD sono dei best seller e riscuotono sempre molto successo di pubblico e di critica tanto da indurre il <em>Corriere della Sera<\/em> a dedicargli una collana apposita per 13 settimane consecutive. \u00c8 entrato cinque volte nella classifica top 100 dei dischi pi\u00f9 venduti pop di Gfk.<br \/>\nBen 5 suoi\u00a0 CD sono stati inseriti nel monumentale progetto <strong>\u201cBach 333 \u2013 The New Complete Edition\u201d<\/strong> realizzato da <strong>Decca e Deutsche Grammophon<\/strong>, accanto ad alcune leggende pianistiche come Alfred Brendel, Martha Argerich, Sviatoslav Richter, Rosalyn Tureck, Glenn Gould.<br \/>\n\u00c8 stato insignito del premio \u201cMozart Box\u201d per l&#8217;appassionata e coinvolgente opera di divulgazione della musica, gli \u00e8 stato conferito il Premio \u201cCitt\u00e0 di Piacenza\u2013Giuseppe Verdi\u201d dedicato ai grandi protagonisti della scena musicale, riconoscimento assegnato prima di lui a Riccardo Muti, Jos\u00e9 Cura, Leo Nucci e Pier Luigi Pizzi.<br \/>\nIl 9 agosto 2023 \u00e8 stato il protagonista indiscusso del grande concerto che ha dato il via ai festeggiamenti per l\u2019850. o anniversario della Torre di Pisa.<\/p>\n<p><strong>Adamo Angeletti<\/strong> si \u00e8 diplomato a pieni voti presso il conservatorio Pergolesi di Fermo nella classe di Silvia Santarelli. Successivamente al diploma ha studiato composizione ed ha conseguito le lauree in Didattica della musica e Biennio formazione docenti. Per il pianoforte ha partecipato a diverse master class con diversi docenti, tra cui Lucia Passaglia, Bruno Bizzarri, Clara Nemesh ed altri.<br \/>\nInizia sin da subito una regolare attivit\u00e0 concertistica come solista, camerista, pianista accompagnatore esibendosi per molti teatri ed associazioni concertistiche in Italia, Polonia Austria, Cina, Germania tra cui: Macerata Opera Festival, Conservatorio Pergolesi, Appassionata, Festival dell\u2019Opera da camera delle Marche, Comune di Cava de\u2019 Tirreni, Imf, Taicang Festival, Associazione Spazio cultura, Incontri musicali, Castello di Sirnits, Conservatorio di Lublin, Tuttoingioco Festival, Castello di Montauto, L\u2019Altra Stagione, Sirolo in musica, Galleria d\u2019arte Idill\u2019io, Magni festival Pistoia, Accademia Malibran, Unimc, etc.<br \/>\nHa eseguito pi\u00f9 volte il concerto K467 di Mozart per pianoforte e orchestra e il concerto in re minore Bwv 1052 di Bach per pianoforte e archi.<br \/>\nHa eseguito diverse volte i Carmina Burana di Carl Orff per 2 pianoforti coro, soli e percussioni.<br \/>\nHa partecipato a diverse prime assolute come pianista e Korrepetitor (Il gabbiano e il mare, Il principe della differenziata, Mal di terra.<br \/>\nHa partecipato come membro di giuria ad alcuni concorsi musicali ed ha tenuto masterclass in Italia, Cina, Polonia.<br \/>\nSi esibisce spesso in duo con il violinista Alessandro Cervo, primo violino dell\u2019orchestra Form.<br \/>\nHa diretto pi\u00f9 volte il Gloria di Antonio Vivaldi per coro, soli e orchestra.<br \/>\nCollabora da molti anni con Il Macerata Opera Festival come maestro collaboratore.<br \/>\n\u00c8 presidente della Scuola Civica di Musica Stefano Scodanibbio di Macerata.<br \/>\nNel 2022 si \u00e8 esibito pi\u00f9 volte nel doppio concerto per violino, pianoforte e archi con il violinista Aldo Campagnari.<br \/>\nNel 2021 ha pubblicato per l\u2019etichetta discografica Da Vinci Classic un cd monografico su B\u00e9la Bart\u00f3k contenente le Danze in ritmo bulgaro, la Sonata e le Bagatelle: B\u00e9la Bart\u00f3k Piano works 1908 \u2013 1936.<\/p>\n","protected":false},"excerpt":{"rendered":"<p><strong>Ramin Bahrami <\/strong>&#8211; <em>pianoforte<\/em><br \/>\n<strong>Adamo Angeletti<\/strong> &#8211; <em>pianoforte<\/em><br \/>\n<strong>UniMc Orchestra <\/strong><\/p>\n","protected":false},"author":11,"featured_media":26490,"template":"","meta":{"_acf_changed":false,"_tribe_events_status":"","_tribe_events_status_reason":"","_tribe_events_is_hybrid":"","_tribe_events_is_virtual":"","_tribe_events_virtual_video_source":"","_tribe_events_virtual_embed_video":"","_tribe_events_virtual_linked_button_text":"","_tribe_events_virtual_linked_button":"","_tribe_events_virtual_show_embed_at":"","_tribe_events_virtual_show_embed_to":[],"_tribe_events_virtual_show_on_event":"","_tribe_events_virtual_show_on_views":"","_tribe_events_virtual_url":"","footnotes":""},"tags":[],"tribe_events_cat":[81],"class_list":["post-26489","tribe_events","type-tribe_events","status-publish","has-post-thumbnail","hentry","rassegna_eventi-natale","rassegna_eventi-teatro-aquila","stagione_eventi-natale-2023","stagione_eventi-stagione-teatrale-2023-2024","tribe_events_cat-concertistica","cat_concertistica"],"acf":{"sottotitolo":"pianoforte e pianoforte","info_evento":"380.5921393","info_costo":"Intero \u20ac 10 - ridotto \u20ac 5 (riduzione valida per gli iscritti a tutte le scuole, Conservatorio, UNIPOP, Utefe e Italia Nostra","link_ticket":"","info_luogo":"","luogo_poi":{"ID":2396,"post_author":"2","post_date":"2021-05-25 14:39:37","post_date_gmt":"2021-05-25 14:39:37","post_content":"","post_title":"Teatro dell'Aquila","post_excerpt":"","post_status":"publish","comment_status":"closed","ping_status":"closed","post_password":"","post_name":"teatro-dellaquila","to_ping":"","pinged":"","post_modified":"2021-07-09 14:57:21","post_modified_gmt":"2021-07-09 14:57:21","post_content_filtered":"","post_parent":0,"guid":"https:\/\/visitfermo.it\/?post_type=luoghi&#038;p=2396","menu_order":0,"post_type":"luoghi","post_mime_type":"","comment_count":"0","filter":"raw"},"organizzatore_evento":{"nome_org":"Giovent\u00f9 Musicale d'Italia sezione di Fermo","telefono_org":"","email_org":"","sito_org":""}},"yoast_head":"<!-- This site is optimized with the Yoast SEO plugin v26.5 - https:\/\/yoast.com\/wordpress\/plugins\/seo\/ -->\n<title>Ramin Bahrami e Adamo Angeletti - Visit Fermo<\/title>\n<meta name=\"robots\" content=\"index, follow, max-snippet:-1, max-image-preview:large, max-video-preview:-1\" \/>\n<link rel=\"canonical\" href=\"https:\/\/www.visitfermo.it\/it\/eventi\/solisti-aquilani\" \/>\n<meta property=\"og:locale\" content=\"it_IT\" \/>\n<meta property=\"og:type\" content=\"article\" \/>\n<meta property=\"og:title\" content=\"Ramin Bahrami e Adamo Angeletti - Visit Fermo\" \/>\n<meta property=\"og:description\" content=\"Ramin Bahrami - pianoforte Adamo Angeletti - pianoforte UniMc Orchestra\" \/>\n<meta property=\"og:url\" content=\"https:\/\/www.visitfermo.it\/it\/eventi\/solisti-aquilani\" \/>\n<meta property=\"og:site_name\" content=\"Visit Fermo\" \/>\n<meta property=\"article:publisher\" content=\"https:\/\/www.facebook.com\/VstFermo\/\" \/>\n<meta property=\"article:modified_time\" content=\"2023-11-28T14:17:50+00:00\" \/>\n<meta property=\"og:image\" content=\"https:\/\/www.visitfermo.it\/wp-content\/uploads\/2023\/10\/Foto-Ramin-Bahrami-14-dicembre.jpeg\" \/>\n\t<meta property=\"og:image:width\" content=\"320\" \/>\n\t<meta property=\"og:image:height\" content=\"214\" \/>\n\t<meta property=\"og:image:type\" content=\"image\/jpeg\" \/>\n<meta name=\"twitter:card\" content=\"summary_large_image\" \/>\n<meta name=\"twitter:site\" content=\"@FermoTurismo\" \/>\n<meta name=\"twitter:label1\" content=\"Est. reading time\" \/>\n\t<meta name=\"twitter:data1\" content=\"4 minutes\" \/>\n<script type=\"application\/ld+json\" class=\"yoast-schema-graph\">{\"@context\":\"https:\/\/schema.org\",\"@graph\":[{\"@type\":\"WebPage\",\"@id\":\"https:\/\/www.visitfermo.it\/it\/eventi\/solisti-aquilani\",\"url\":\"https:\/\/www.visitfermo.it\/it\/eventi\/solisti-aquilani\",\"name\":\"Ramin Bahrami e Adamo Angeletti - Visit Fermo\",\"isPartOf\":{\"@id\":\"https:\/\/www.visitfermo.it\/it\/#website\"},\"primaryImageOfPage\":{\"@id\":\"https:\/\/www.visitfermo.it\/it\/eventi\/solisti-aquilani#primaryimage\"},\"image\":{\"@id\":\"https:\/\/www.visitfermo.it\/it\/eventi\/solisti-aquilani#primaryimage\"},\"thumbnailUrl\":\"https:\/\/www.visitfermo.it\/wp-content\/uploads\/2023\/10\/Foto-Ramin-Bahrami-14-dicembre.jpeg\",\"datePublished\":\"2023-10-20T10:53:24+00:00\",\"dateModified\":\"2023-11-28T14:17:50+00:00\",\"breadcrumb\":{\"@id\":\"https:\/\/www.visitfermo.it\/it\/eventi\/solisti-aquilani#breadcrumb\"},\"inLanguage\":\"it\",\"potentialAction\":[{\"@type\":\"ReadAction\",\"target\":[\"https:\/\/www.visitfermo.it\/it\/eventi\/solisti-aquilani\"]}]},{\"@type\":\"ImageObject\",\"inLanguage\":\"it\",\"@id\":\"https:\/\/www.visitfermo.it\/it\/eventi\/solisti-aquilani#primaryimage\",\"url\":\"https:\/\/www.visitfermo.it\/wp-content\/uploads\/2023\/10\/Foto-Ramin-Bahrami-14-dicembre.jpeg\",\"contentUrl\":\"https:\/\/www.visitfermo.it\/wp-content\/uploads\/2023\/10\/Foto-Ramin-Bahrami-14-dicembre.jpeg\",\"width\":320,\"height\":214},{\"@type\":\"BreadcrumbList\",\"@id\":\"https:\/\/www.visitfermo.it\/it\/eventi\/solisti-aquilani#breadcrumb\",\"itemListElement\":[{\"@type\":\"ListItem\",\"position\":1,\"name\":\"Home\",\"item\":\"https:\/\/www.visitfermo.it\/it\"},{\"@type\":\"ListItem\",\"position\":2,\"name\":\"Eventi\",\"item\":\"https:\/\/www.visitfermo.it\/it\/eventi\/\"},{\"@type\":\"ListItem\",\"position\":3,\"name\":\"Ramin Bahrami e Adamo Angeletti\"}]},{\"@type\":\"WebSite\",\"@id\":\"https:\/\/www.visitfermo.it\/it\/#website\",\"url\":\"https:\/\/www.visitfermo.it\/it\/\",\"name\":\"Visit Fermo\",\"description\":\"Fermo a place for me\",\"publisher\":{\"@id\":\"https:\/\/www.visitfermo.it\/it\/#organization\"},\"potentialAction\":[{\"@type\":\"SearchAction\",\"target\":{\"@type\":\"EntryPoint\",\"urlTemplate\":\"https:\/\/www.visitfermo.it\/it\/?s={search_term_string}\"},\"query-input\":{\"@type\":\"PropertyValueSpecification\",\"valueRequired\":true,\"valueName\":\"search_term_string\"}}],\"inLanguage\":\"it\"},{\"@type\":\"Organization\",\"@id\":\"https:\/\/www.visitfermo.it\/it\/#organization\",\"name\":\"Visit Fermo\",\"url\":\"https:\/\/www.visitfermo.it\/it\/\",\"logo\":{\"@type\":\"ImageObject\",\"inLanguage\":\"it\",\"@id\":\"https:\/\/www.visitfermo.it\/it\/#\/schema\/logo\/image\/\",\"url\":\"https:\/\/www.visitfermo.it\/wp-content\/uploads\/2018\/02\/logo-fermo-a-place-for-me-giallo.png\",\"contentUrl\":\"https:\/\/www.visitfermo.it\/wp-content\/uploads\/2018\/02\/logo-fermo-a-place-for-me-giallo.png\",\"width\":453,\"height\":230,\"caption\":\"Visit Fermo\"},\"image\":{\"@id\":\"https:\/\/www.visitfermo.it\/it\/#\/schema\/logo\/image\/\"},\"sameAs\":[\"https:\/\/www.facebook.com\/VstFermo\/\",\"https:\/\/x.com\/FermoTurismo\",\"https:\/\/www.instagram.com\/visitfermo\/\",\"https:\/\/www.youtube.com\/c\/VisitFermo\"]}]}<\/script>\n<!-- \/ Yoast SEO plugin. -->","yoast_head_json":{"title":"Ramin Bahrami e Adamo Angeletti - Visit Fermo","robots":{"index":"index","follow":"follow","max-snippet":"max-snippet:-1","max-image-preview":"max-image-preview:large","max-video-preview":"max-video-preview:-1"},"canonical":"https:\/\/www.visitfermo.it\/it\/eventi\/solisti-aquilani","og_locale":"it_IT","og_type":"article","og_title":"Ramin Bahrami e Adamo Angeletti - Visit Fermo","og_description":"Ramin Bahrami - pianoforte Adamo Angeletti - pianoforte UniMc Orchestra","og_url":"https:\/\/www.visitfermo.it\/it\/eventi\/solisti-aquilani","og_site_name":"Visit Fermo","article_publisher":"https:\/\/www.facebook.com\/VstFermo\/","article_modified_time":"2023-11-28T14:17:50+00:00","og_image":[{"width":320,"height":214,"url":"https:\/\/www.visitfermo.it\/wp-content\/uploads\/2023\/10\/Foto-Ramin-Bahrami-14-dicembre.jpeg","type":"image\/jpeg"}],"twitter_card":"summary_large_image","twitter_site":"@FermoTurismo","twitter_misc":{"Est. reading time":"4 minutes"},"schema":{"@context":"https:\/\/schema.org","@graph":[{"@type":"WebPage","@id":"https:\/\/www.visitfermo.it\/it\/eventi\/solisti-aquilani","url":"https:\/\/www.visitfermo.it\/it\/eventi\/solisti-aquilani","name":"Ramin Bahrami e Adamo Angeletti - Visit Fermo","isPartOf":{"@id":"https:\/\/www.visitfermo.it\/it\/#website"},"primaryImageOfPage":{"@id":"https:\/\/www.visitfermo.it\/it\/eventi\/solisti-aquilani#primaryimage"},"image":{"@id":"https:\/\/www.visitfermo.it\/it\/eventi\/solisti-aquilani#primaryimage"},"thumbnailUrl":"https:\/\/www.visitfermo.it\/wp-content\/uploads\/2023\/10\/Foto-Ramin-Bahrami-14-dicembre.jpeg","datePublished":"2023-10-20T10:53:24+00:00","dateModified":"2023-11-28T14:17:50+00:00","breadcrumb":{"@id":"https:\/\/www.visitfermo.it\/it\/eventi\/solisti-aquilani#breadcrumb"},"inLanguage":"it","potentialAction":[{"@type":"ReadAction","target":["https:\/\/www.visitfermo.it\/it\/eventi\/solisti-aquilani"]}]},{"@type":"ImageObject","inLanguage":"it","@id":"https:\/\/www.visitfermo.it\/it\/eventi\/solisti-aquilani#primaryimage","url":"https:\/\/www.visitfermo.it\/wp-content\/uploads\/2023\/10\/Foto-Ramin-Bahrami-14-dicembre.jpeg","contentUrl":"https:\/\/www.visitfermo.it\/wp-content\/uploads\/2023\/10\/Foto-Ramin-Bahrami-14-dicembre.jpeg","width":320,"height":214},{"@type":"BreadcrumbList","@id":"https:\/\/www.visitfermo.it\/it\/eventi\/solisti-aquilani#breadcrumb","itemListElement":[{"@type":"ListItem","position":1,"name":"Home","item":"https:\/\/www.visitfermo.it\/it"},{"@type":"ListItem","position":2,"name":"Eventi","item":"https:\/\/www.visitfermo.it\/it\/eventi\/"},{"@type":"ListItem","position":3,"name":"Ramin Bahrami e Adamo Angeletti"}]},{"@type":"WebSite","@id":"https:\/\/www.visitfermo.it\/it\/#website","url":"https:\/\/www.visitfermo.it\/it\/","name":"Visit Fermo","description":"Fermo a place for me","publisher":{"@id":"https:\/\/www.visitfermo.it\/it\/#organization"},"potentialAction":[{"@type":"SearchAction","target":{"@type":"EntryPoint","urlTemplate":"https:\/\/www.visitfermo.it\/it\/?s={search_term_string}"},"query-input":{"@type":"PropertyValueSpecification","valueRequired":true,"valueName":"search_term_string"}}],"inLanguage":"it"},{"@type":"Organization","@id":"https:\/\/www.visitfermo.it\/it\/#organization","name":"Visit Fermo","url":"https:\/\/www.visitfermo.it\/it\/","logo":{"@type":"ImageObject","inLanguage":"it","@id":"https:\/\/www.visitfermo.it\/it\/#\/schema\/logo\/image\/","url":"https:\/\/www.visitfermo.it\/wp-content\/uploads\/2018\/02\/logo-fermo-a-place-for-me-giallo.png","contentUrl":"https:\/\/www.visitfermo.it\/wp-content\/uploads\/2018\/02\/logo-fermo-a-place-for-me-giallo.png","width":453,"height":230,"caption":"Visit Fermo"},"image":{"@id":"https:\/\/www.visitfermo.it\/it\/#\/schema\/logo\/image\/"},"sameAs":["https:\/\/www.facebook.com\/VstFermo\/","https:\/\/x.com\/FermoTurismo","https:\/\/www.instagram.com\/visitfermo\/","https:\/\/www.youtube.com\/c\/VisitFermo"]}]}},"_links":{"self":[{"href":"https:\/\/www.visitfermo.it\/it\/wp-json\/wp\/v2\/tribe_events\/26489","targetHints":{"allow":["GET"]}}],"collection":[{"href":"https:\/\/www.visitfermo.it\/it\/wp-json\/wp\/v2\/tribe_events"}],"about":[{"href":"https:\/\/www.visitfermo.it\/it\/wp-json\/wp\/v2\/types\/tribe_events"}],"author":[{"embeddable":true,"href":"https:\/\/www.visitfermo.it\/it\/wp-json\/wp\/v2\/users\/11"}],"version-history":[{"count":7,"href":"https:\/\/www.visitfermo.it\/it\/wp-json\/wp\/v2\/tribe_events\/26489\/revisions"}],"predecessor-version":[{"id":26494,"href":"https:\/\/www.visitfermo.it\/it\/wp-json\/wp\/v2\/tribe_events\/26489\/revisions\/26494"}],"wp:featuredmedia":[{"embeddable":true,"href":"https:\/\/www.visitfermo.it\/it\/wp-json\/wp\/v2\/media\/26490"}],"wp:attachment":[{"href":"https:\/\/www.visitfermo.it\/it\/wp-json\/wp\/v2\/media?parent=26489"}],"wp:term":[{"taxonomy":"post_tag","embeddable":true,"href":"https:\/\/www.visitfermo.it\/it\/wp-json\/wp\/v2\/tags?post=26489"},{"taxonomy":"tribe_events_cat","embeddable":true,"href":"https:\/\/www.visitfermo.it\/it\/wp-json\/wp\/v2\/tribe_events_cat?post=26489"}],"curies":[{"name":"wp","href":"https:\/\/api.w.org\/{rel}","templated":true}]}}