{"id":25442,"date":"2023-07-21T11:52:51","date_gmt":"2023-07-21T10:52:51","guid":{"rendered":"https:\/\/www.visitfermo.it\/?post_type=tribe_events&#038;p=25442"},"modified":"2023-10-04T08:07:10","modified_gmt":"2023-10-04T07:07:10","slug":"natale-in-casa-cupiello-copy-copy","status":"publish","type":"tribe_events","link":"https:\/\/www.visitfermo.it\/it\/eventi\/natale-in-casa-cupiello-copy-copy\/2024-02-27","title":{"rendered":"Un Curioso Accidente"},"content":{"rendered":"<p><em>e con<\/em> <strong>Simone Toni, Giorgia Salari, Andrea Nicolini<\/strong><br \/>\n<strong>Lorenzo Terenzi, Beatrice Ceccherini, Lorenzo Volpe, Leonardo Nicolini<\/strong><br \/>\n<em>scene<\/em> <strong>Alessandro Camera<\/strong><br \/>\n<em>costumi<\/em> <strong>Andrea Viotti<\/strong><br \/>\n<em>musiche<\/em> <strong>Andrea Nicolini<\/strong><br \/>\n<em>testi canzoni<\/em> <strong>Gabriele Lavia<\/strong><br \/>\n<em>luci<\/em> <strong>Giuseppe Filipponio\u00a0<\/strong><\/p>\n<p>Dopo il grande successo de \u201cIl Berretto a Sonagli\u201d, Gabriele Lavia e la sua Compagnia affrontano, assieme al Teatro di Roma e al Teatro della Toscana per la stagione 2023-24, una nuova produzione: una divertente commedia di Carlo Goldoni \u201cUn Curioso Accidente\u201d. Tra le commedie pi\u00f9 tradotte e rappresentate all\u2019estero, la commedia si svolge in Olanda e, come scrive l\u2019autore nella prefazione alla prima edizione: \u201c\u2026<em>non \u00e8 che un fatto vero, verissimo, accaduto, non ha molto tempo, in una citt\u00e0 di Olanda. Mi fu raccontato da persone degne di fede in Venezia al Caff\u00e8 della Sultana, nella Piazza di S. Marco, e le persone medesime mi hanno eccitato a formarne una Comica rappresentazione. Il puro fatto, nella maniera colla quale mi venne esposto, era di tal maniera circonstanziato, che quantunque vero, parea inverisimile, e tutta la mia maggiore fatica fu di renderlo pi\u00f9 credibile, e meno romanzesco. Tanto \u00e8 vero, che si danno delle stravaganze in natura, che non sono trattabili sulla Scena, perch\u00e9 contrarie troppo ai caratteri conosciuti, o eccedenti nell&#8217;ordine della condotta ordinaria degli uomini.!<\/em>\u201d<\/p>\n<p>Lo sfondo storico di questa singolare commedia di Goldoni \u00e8 la Guerra dei sette anni che si combatt\u00e9 tra il 1756 e il 1763 e che coinvolse le principali potenze europee di quel tempo. La guerra fu combattuta in Europa e nell\u2019 America Settentrionale. Da una parte c\u2019erano il Regno di Inghilterra, il Regno di Prussia, l\u2019Elettorato di Hannover, gli Stati minori della Germania nord-occidentale e il Portogallo. Dall\u2019altra parte c\u2019era una coalizione formata dal Regno di Francia, Monarchia Asburgica, Sacro Romano Impero, Impero Russo, Svezia e Spagna. E, addirittura, le popolazioni native dell\u2019India e dell\u2019America Settentrionale. La Guerra si concluse col trionfo della Gran Bretagna che ottenne i maggiori successi politici e territoriali. Gli sconfitti furono i Francesi (ed ecco perch\u00e9 i due soldati ospiti in casa di Monsieur Filiberto sono francesi) che perdettero il Canada, alcune colonie sulle rive del Mississippi, alcune colonie in India, nei Caraibi, in Senegal, ecc. Insomma, un vero disastro. E dunque i due soldati francesi hanno buone ragioni per essere un po\u2019 depressi. Sono soldati ridotti proprio male e non hanno pi\u00f9 un quattrino perch\u00e9 quella \u201cguerra\u201d segn\u00f2 il tramonto coloniale della Francia \u00e8 l\u2019inizio di un periodo difficilissimo. Se avesse vinto la Francia quella guerra, forse, in America si parlerebbe il Francese. L\u2019Olanda era rimasta a guardare e a fare i suoi \u201caffari\u201d con la guerra. Cos\u00ec, aveva vissuto un periodo tranquillo e prospero. Ed \u00e8 proprio in quel mondo tranquillo e prospero, nella casa prospera e tranquilla di Monsieur Filiberto, che ha una figlia da maritare, la quale figlia ha una cameriera in et\u00e0 da marito anch\u2019essa, che capitano \u201cI Due Soldati Francesi Sconfitti\u201d. C\u2019\u00e8 altro da dire? Goldoni scrive un autentico delicato capolavoro. E tutto questo, l\u2019autore ci avverte, \u00e8 \u201cun fatto vero, verissimo, accaduto in Olanda\u201d e che gli \u00e8 stato raccontato da suoi\u201c\u2026 Amici Olandesi al Caff\u00e8 della Sultana, nella Piazza San Marco, a Venezia\u201d. <em>Gabriele Lavia<\/em><\/p>\n","protected":false},"excerpt":{"rendered":"<p><em>di<\/em> <strong>Carlo Goldoni<\/strong><br \/>\n<em>con<\/em> <strong>Gabriele Lavia, Federica Di Martino\u00a0<\/strong><br \/>\n<em>regia<\/em><strong> Gabriele Lavia<\/strong><br \/>\n<em>produzione<\/em><strong> Effimera, Teatro di Roma, Teatro della Toscana<\/strong><\/p>\n","protected":false},"author":3,"featured_media":25443,"template":"","meta":{"_acf_changed":false,"_tribe_events_status":"","_tribe_events_status_reason":"","_tribe_events_is_hybrid":"","_tribe_events_is_virtual":"","_tribe_events_virtual_video_source":"","_tribe_events_virtual_embed_video":"","_tribe_events_virtual_linked_button_text":"","_tribe_events_virtual_linked_button":"","_tribe_events_virtual_show_embed_at":"","_tribe_events_virtual_show_embed_to":[],"_tribe_events_virtual_show_on_event":"","_tribe_events_virtual_show_on_views":"","_tribe_events_virtual_url":"","footnotes":""},"tags":[],"tribe_events_cat":[80],"class_list":["post-25442","tribe_events","type-tribe_events","status-publish","has-post-thumbnail","hentry","rassegna_eventi-teatro-aquila","stagione_eventi-stagione-teatrale-2023-2024","tribe_events_cat-prosa","cat_prosa","tribe-recurring-event","tribe-recurring-event-parent"],"acf":{"sottotitolo":"","info_evento":"Biglietteria del Teatro dell'Aquila 0734.284295 - biglietteriateatro@comune.fermo.it","info_costo":"Settore A \u20ac 30 - Settore B \u20ac 24 (ridotto \u20ac 12) - Settore C \u20ac 12 (riduzione valida under 25 over 65)","link_ticket":"https:\/\/www.vivaticket.com\/it\/Ticket\/un-curioso-accidente\/219538","info_luogo":"","luogo_poi":{"ID":2396,"post_author":"2","post_date":"2021-05-25 14:39:37","post_date_gmt":"2021-05-25 14:39:37","post_content":"","post_title":"Teatro dell'Aquila","post_excerpt":"","post_status":"publish","comment_status":"closed","ping_status":"closed","post_password":"","post_name":"teatro-dellaquila","to_ping":"","pinged":"","post_modified":"2021-07-09 14:57:21","post_modified_gmt":"2021-07-09 14:57:21","post_content_filtered":"","post_parent":0,"guid":"https:\/\/visitfermo.it\/?post_type=luoghi&#038;p=2396","menu_order":0,"post_type":"luoghi","post_mime_type":"","comment_count":"0","filter":"raw"},"organizzatore_evento":{"nome_org":"AMAT","telefono_org":"","email_org":"","sito_org":"https:\/\/www.amatmarche.net"}},"yoast_head":"<!-- This site is optimized with the Yoast SEO plugin v26.5 - https:\/\/yoast.com\/wordpress\/plugins\/seo\/ -->\n<title>Un Curioso Accidente - Visit Fermo<\/title>\n<meta name=\"robots\" content=\"index, follow, max-snippet:-1, max-image-preview:large, max-video-preview:-1\" \/>\n<link rel=\"canonical\" href=\"https:\/\/www.visitfermo.it\/it\/eventi\/natale-in-casa-cupiello-copy-copy\/2024-02-27\" \/>\n<meta property=\"og:locale\" content=\"it_IT\" \/>\n<meta property=\"og:type\" content=\"article\" \/>\n<meta property=\"og:title\" content=\"Un Curioso Accidente - Visit Fermo\" \/>\n<meta property=\"og:description\" content=\"di Carlo Goldoni con Gabriele Lavia, Federica Di Martino\u00a0 regia Gabriele Lavia produzione Effimera, Teatro di Roma, Teatro della Toscana\" \/>\n<meta property=\"og:url\" content=\"https:\/\/www.visitfermo.it\/it\/eventi\/natale-in-casa-cupiello-copy-copy\/2024-02-27\" \/>\n<meta property=\"og:site_name\" content=\"Visit Fermo\" \/>\n<meta property=\"article:publisher\" content=\"https:\/\/www.facebook.com\/VstFermo\/\" \/>\n<meta property=\"article:modified_time\" content=\"2023-10-04T07:07:10+00:00\" \/>\n<meta property=\"og:image\" content=\"https:\/\/www.visitfermo.it\/wp-content\/uploads\/2023\/07\/un-curioso-accidenti.jpg\" \/>\n\t<meta property=\"og:image:width\" content=\"1420\" \/>\n\t<meta property=\"og:image:height\" content=\"945\" \/>\n\t<meta property=\"og:image:type\" content=\"image\/jpeg\" \/>\n<meta name=\"twitter:card\" content=\"summary_large_image\" \/>\n<meta name=\"twitter:site\" content=\"@FermoTurismo\" \/>\n<meta name=\"twitter:label1\" content=\"Est. reading time\" \/>\n\t<meta name=\"twitter:data1\" content=\"3 minutes\" \/>\n<script type=\"application\/ld+json\" class=\"yoast-schema-graph\">{\"@context\":\"https:\/\/schema.org\",\"@graph\":[{\"@type\":\"WebPage\",\"@id\":\"https:\/\/www.visitfermo.it\/it\/eventi\/natale-in-casa-cupiello-copy-copy\/2024-02-27\",\"url\":\"https:\/\/www.visitfermo.it\/it\/eventi\/natale-in-casa-cupiello-copy-copy\/2024-02-27\",\"name\":\"Un Curioso Accidente - Visit Fermo\",\"isPartOf\":{\"@id\":\"https:\/\/www.visitfermo.it\/it\/#website\"},\"primaryImageOfPage\":{\"@id\":\"https:\/\/www.visitfermo.it\/it\/eventi\/natale-in-casa-cupiello-copy-copy\/2024-02-27#primaryimage\"},\"image\":{\"@id\":\"https:\/\/www.visitfermo.it\/it\/eventi\/natale-in-casa-cupiello-copy-copy\/2024-02-27#primaryimage\"},\"thumbnailUrl\":\"https:\/\/www.visitfermo.it\/wp-content\/uploads\/2023\/07\/un-curioso-accidenti.jpg\",\"datePublished\":\"2023-07-21T10:52:51+00:00\",\"dateModified\":\"2023-10-04T07:07:10+00:00\",\"breadcrumb\":{\"@id\":\"https:\/\/www.visitfermo.it\/it\/eventi\/natale-in-casa-cupiello-copy-copy\/2024-02-27#breadcrumb\"},\"inLanguage\":\"it\",\"potentialAction\":[{\"@type\":\"ReadAction\",\"target\":[\"https:\/\/www.visitfermo.it\/it\/eventi\/natale-in-casa-cupiello-copy-copy\/2024-02-27\"]}]},{\"@type\":\"ImageObject\",\"inLanguage\":\"it\",\"@id\":\"https:\/\/www.visitfermo.it\/it\/eventi\/natale-in-casa-cupiello-copy-copy\/2024-02-27#primaryimage\",\"url\":\"https:\/\/www.visitfermo.it\/wp-content\/uploads\/2023\/07\/un-curioso-accidenti.jpg\",\"contentUrl\":\"https:\/\/www.visitfermo.it\/wp-content\/uploads\/2023\/07\/un-curioso-accidenti.jpg\",\"width\":1420,\"height\":945},{\"@type\":\"BreadcrumbList\",\"@id\":\"https:\/\/www.visitfermo.it\/it\/eventi\/natale-in-casa-cupiello-copy-copy\/2024-02-27#breadcrumb\",\"itemListElement\":[{\"@type\":\"ListItem\",\"position\":1,\"name\":\"Home\",\"item\":\"https:\/\/www.visitfermo.it\/it\"},{\"@type\":\"ListItem\",\"position\":2,\"name\":\"Eventi\",\"item\":\"https:\/\/www.visitfermo.it\/it\/eventi\/\"},{\"@type\":\"ListItem\",\"position\":3,\"name\":\"Un Curioso Accidente\"}]},{\"@type\":\"WebSite\",\"@id\":\"https:\/\/www.visitfermo.it\/it\/#website\",\"url\":\"https:\/\/www.visitfermo.it\/it\/\",\"name\":\"Visit Fermo\",\"description\":\"Fermo a place for me\",\"publisher\":{\"@id\":\"https:\/\/www.visitfermo.it\/it\/#organization\"},\"potentialAction\":[{\"@type\":\"SearchAction\",\"target\":{\"@type\":\"EntryPoint\",\"urlTemplate\":\"https:\/\/www.visitfermo.it\/it\/?s={search_term_string}\"},\"query-input\":{\"@type\":\"PropertyValueSpecification\",\"valueRequired\":true,\"valueName\":\"search_term_string\"}}],\"inLanguage\":\"it\"},{\"@type\":\"Organization\",\"@id\":\"https:\/\/www.visitfermo.it\/it\/#organization\",\"name\":\"Visit Fermo\",\"url\":\"https:\/\/www.visitfermo.it\/it\/\",\"logo\":{\"@type\":\"ImageObject\",\"inLanguage\":\"it\",\"@id\":\"https:\/\/www.visitfermo.it\/it\/#\/schema\/logo\/image\/\",\"url\":\"https:\/\/www.visitfermo.it\/wp-content\/uploads\/2018\/02\/logo-fermo-a-place-for-me-giallo.png\",\"contentUrl\":\"https:\/\/www.visitfermo.it\/wp-content\/uploads\/2018\/02\/logo-fermo-a-place-for-me-giallo.png\",\"width\":453,\"height\":230,\"caption\":\"Visit Fermo\"},\"image\":{\"@id\":\"https:\/\/www.visitfermo.it\/it\/#\/schema\/logo\/image\/\"},\"sameAs\":[\"https:\/\/www.facebook.com\/VstFermo\/\",\"https:\/\/x.com\/FermoTurismo\",\"https:\/\/www.instagram.com\/visitfermo\/\",\"https:\/\/www.youtube.com\/c\/VisitFermo\"]}]}<\/script>\n<!-- \/ Yoast SEO plugin. -->","yoast_head_json":{"title":"Un Curioso Accidente - Visit Fermo","robots":{"index":"index","follow":"follow","max-snippet":"max-snippet:-1","max-image-preview":"max-image-preview:large","max-video-preview":"max-video-preview:-1"},"canonical":"https:\/\/www.visitfermo.it\/it\/eventi\/natale-in-casa-cupiello-copy-copy\/2024-02-27","og_locale":"it_IT","og_type":"article","og_title":"Un Curioso Accidente - Visit Fermo","og_description":"di Carlo Goldoni con Gabriele Lavia, Federica Di Martino\u00a0 regia Gabriele Lavia produzione Effimera, Teatro di Roma, Teatro della Toscana","og_url":"https:\/\/www.visitfermo.it\/it\/eventi\/natale-in-casa-cupiello-copy-copy\/2024-02-27","og_site_name":"Visit Fermo","article_publisher":"https:\/\/www.facebook.com\/VstFermo\/","article_modified_time":"2023-10-04T07:07:10+00:00","og_image":[{"width":1420,"height":945,"url":"https:\/\/www.visitfermo.it\/wp-content\/uploads\/2023\/07\/un-curioso-accidenti.jpg","type":"image\/jpeg"}],"twitter_card":"summary_large_image","twitter_site":"@FermoTurismo","twitter_misc":{"Est. reading time":"3 minutes"},"schema":{"@context":"https:\/\/schema.org","@graph":[{"@type":"WebPage","@id":"https:\/\/www.visitfermo.it\/it\/eventi\/natale-in-casa-cupiello-copy-copy\/2024-02-27","url":"https:\/\/www.visitfermo.it\/it\/eventi\/natale-in-casa-cupiello-copy-copy\/2024-02-27","name":"Un Curioso Accidente - Visit Fermo","isPartOf":{"@id":"https:\/\/www.visitfermo.it\/it\/#website"},"primaryImageOfPage":{"@id":"https:\/\/www.visitfermo.it\/it\/eventi\/natale-in-casa-cupiello-copy-copy\/2024-02-27#primaryimage"},"image":{"@id":"https:\/\/www.visitfermo.it\/it\/eventi\/natale-in-casa-cupiello-copy-copy\/2024-02-27#primaryimage"},"thumbnailUrl":"https:\/\/www.visitfermo.it\/wp-content\/uploads\/2023\/07\/un-curioso-accidenti.jpg","datePublished":"2023-07-21T10:52:51+00:00","dateModified":"2023-10-04T07:07:10+00:00","breadcrumb":{"@id":"https:\/\/www.visitfermo.it\/it\/eventi\/natale-in-casa-cupiello-copy-copy\/2024-02-27#breadcrumb"},"inLanguage":"it","potentialAction":[{"@type":"ReadAction","target":["https:\/\/www.visitfermo.it\/it\/eventi\/natale-in-casa-cupiello-copy-copy\/2024-02-27"]}]},{"@type":"ImageObject","inLanguage":"it","@id":"https:\/\/www.visitfermo.it\/it\/eventi\/natale-in-casa-cupiello-copy-copy\/2024-02-27#primaryimage","url":"https:\/\/www.visitfermo.it\/wp-content\/uploads\/2023\/07\/un-curioso-accidenti.jpg","contentUrl":"https:\/\/www.visitfermo.it\/wp-content\/uploads\/2023\/07\/un-curioso-accidenti.jpg","width":1420,"height":945},{"@type":"BreadcrumbList","@id":"https:\/\/www.visitfermo.it\/it\/eventi\/natale-in-casa-cupiello-copy-copy\/2024-02-27#breadcrumb","itemListElement":[{"@type":"ListItem","position":1,"name":"Home","item":"https:\/\/www.visitfermo.it\/it"},{"@type":"ListItem","position":2,"name":"Eventi","item":"https:\/\/www.visitfermo.it\/it\/eventi\/"},{"@type":"ListItem","position":3,"name":"Un Curioso Accidente"}]},{"@type":"WebSite","@id":"https:\/\/www.visitfermo.it\/it\/#website","url":"https:\/\/www.visitfermo.it\/it\/","name":"Visit Fermo","description":"Fermo a place for me","publisher":{"@id":"https:\/\/www.visitfermo.it\/it\/#organization"},"potentialAction":[{"@type":"SearchAction","target":{"@type":"EntryPoint","urlTemplate":"https:\/\/www.visitfermo.it\/it\/?s={search_term_string}"},"query-input":{"@type":"PropertyValueSpecification","valueRequired":true,"valueName":"search_term_string"}}],"inLanguage":"it"},{"@type":"Organization","@id":"https:\/\/www.visitfermo.it\/it\/#organization","name":"Visit Fermo","url":"https:\/\/www.visitfermo.it\/it\/","logo":{"@type":"ImageObject","inLanguage":"it","@id":"https:\/\/www.visitfermo.it\/it\/#\/schema\/logo\/image\/","url":"https:\/\/www.visitfermo.it\/wp-content\/uploads\/2018\/02\/logo-fermo-a-place-for-me-giallo.png","contentUrl":"https:\/\/www.visitfermo.it\/wp-content\/uploads\/2018\/02\/logo-fermo-a-place-for-me-giallo.png","width":453,"height":230,"caption":"Visit Fermo"},"image":{"@id":"https:\/\/www.visitfermo.it\/it\/#\/schema\/logo\/image\/"},"sameAs":["https:\/\/www.facebook.com\/VstFermo\/","https:\/\/x.com\/FermoTurismo","https:\/\/www.instagram.com\/visitfermo\/","https:\/\/www.youtube.com\/c\/VisitFermo"]}]}},"_links":{"self":[{"href":"https:\/\/www.visitfermo.it\/it\/wp-json\/wp\/v2\/tribe_events\/25442","targetHints":{"allow":["GET"]}}],"collection":[{"href":"https:\/\/www.visitfermo.it\/it\/wp-json\/wp\/v2\/tribe_events"}],"about":[{"href":"https:\/\/www.visitfermo.it\/it\/wp-json\/wp\/v2\/types\/tribe_events"}],"author":[{"embeddable":true,"href":"https:\/\/www.visitfermo.it\/it\/wp-json\/wp\/v2\/users\/3"}],"version-history":[{"count":6,"href":"https:\/\/www.visitfermo.it\/it\/wp-json\/wp\/v2\/tribe_events\/25442\/revisions"}],"predecessor-version":[{"id":26061,"href":"https:\/\/www.visitfermo.it\/it\/wp-json\/wp\/v2\/tribe_events\/25442\/revisions\/26061"}],"wp:featuredmedia":[{"embeddable":true,"href":"https:\/\/www.visitfermo.it\/it\/wp-json\/wp\/v2\/media\/25443"}],"wp:attachment":[{"href":"https:\/\/www.visitfermo.it\/it\/wp-json\/wp\/v2\/media?parent=25442"}],"wp:term":[{"taxonomy":"post_tag","embeddable":true,"href":"https:\/\/www.visitfermo.it\/it\/wp-json\/wp\/v2\/tags?post=25442"},{"taxonomy":"tribe_events_cat","embeddable":true,"href":"https:\/\/www.visitfermo.it\/it\/wp-json\/wp\/v2\/tribe_events_cat?post=25442"}],"curies":[{"name":"wp","href":"https:\/\/api.w.org\/{rel}","templated":true}]}}