{"id":2679,"date":"2021-07-08T15:52:40","date_gmt":"2021-07-08T15:52:40","guid":{"rendered":"https:\/\/visitfermo.it\/poi\/sala-del-mappamondo-copy"},"modified":"2025-11-27T16:30:02","modified_gmt":"2025-11-27T15:30:02","slug":"le-cisterne-romane-di-fermo","status":"publish","type":"poi","link":"https:\/\/www.visitfermo.it\/it\/poi\/le-cisterne-romane-di-fermo","title":{"rendered":"Le Cisterne romane di Fermo"},"content":{"rendered":"<div class=\"wpb-content-wrapper\"><p>[vc_row gap=&#8221;30&#8243;][vc_column width=&#8221;3\/4&#8243;]<div class=\"mkdf-tabs schede tre-schede mkdf-tabs-standard\">\n\t<ul class=\"mkdf-tabs-nav clearfix\">\n\t\t\t\t\t<li>\n\t\t\t\t\t\t\t\t\t<a href=\"#tab-informazioni\">Informazioni<\/a>\n\t\t\t\t\t\t\t<\/li>\n\t\t\t\t\t<li>\n\t\t\t\t\t\t\t\t\t<a href=\"#tab-mappa\">Mappa<\/a>\n\t\t\t\t\t\t\t<\/li>\n\t\t\t\t\t<li>\n\t\t\t\t\t\t\t\t\t<a href=\"#tab-virtual-tour\">Virtual tour<\/a>\n\t\t\t\t\t\t\t<\/li>\n\t\t\t<\/ul>\n\t<div class=\"mkdf-tab-container\" id=\"tab-informazioni-476\">\n<div class=\"titoloaudio\">\n    <span class=\"mkdf-btn-text\">Ascolta l'audiodescrizione<\/span>\n    <i class=\"mkdf-icon-ion-icon ion-headphone \"><\/i>\n<\/div>\n\n<div class=\"ready-player-1\">\n    <audio crossorigin preload=\"none\">\n        <source src=\"https:\/\/www.visitfermo.it\/wp-content\/uploads\/2021\/07\/Cisterne-romane.mp3\" type=\"audio\/mpeg\">\n    <\/audio>\n<\/div>\n\n<link rel=\"stylesheet\" type=\"text\/css\" href=\"https:\/\/www.visitfermo.it\/wp-content\/themes\/visitfermo-child\/css\/green-audio-player.css\">\n\n<script src=\"https:\/\/www.visitfermo.it\/wp-content\/themes\/visitfermo-child\/js\/green-audio-player.js\"><\/script>\n<script>\n    document.addEventListener('DOMContentLoaded', function() {\n        new GreenAudioPlayer('.ready-player-1', { showTooltips: true, showDownloadButton: false, enableKeystrokes: true });\n    });\n<\/script>\n[vc_empty_space height=&#8221;30px&#8221;][vc_column_text el_class=&#8221;testo-intro&#8221;]Tra le pi\u00f9 antiche e pi\u00f9 grandi al mondo, le cisterne romane di Fermo furono realizzate tra il I sec. a.C. e il I sec. d.C. Le 30 stanze che le compongono, di uguali dimensioni voltate a botte, si estendono su una superficie di 2.200 mq. Antiche cisterne per la raccolta di acque a servizio della citt\u00e0, furono abbandonate e dimenticate fino al loro parziale riutilizzo dalla fine dell\u2019800, e per circa un secolo, come acquedotto cittadino.[\/vc_column_text][vc_empty_space height=&#8221;50px&#8221;][vc_column_text]<\/p>\n<h2>La storia delle Cisterne romane<\/h2>\n<p>[\/vc_column_text][vc_column_text css=&#8221;.vc_custom_1720602822863{padding-top: 15px !important;}&#8221; el_class=&#8221;testo&#8221;]In un quartiere fermano di straordinaria bellezza si snoda via degli Aceti, dalla caratteristica pavimentazione in laterizio, in cui si susseguono palazzi dall&#8217;aspetto solenne.<\/p>\n<p>Passeggiando lungo questa via si incontra il vecchio ingresso tardo-medievale\u00a0(ora su Via Paccarone, 36) per le <strong>grandi cisterne romane.<\/strong><\/p>\n<p>Quasi certamente si decise di realizzare quelle che comunemente vengono chiamate <strong>piscine epuratorie<\/strong> o <strong>limarie<\/strong> per rispondere a un&#8217;esigenza idrica altrimenti non esaudibile. L&#8217;ampio complesso sotterraneo \u00e8 databile alla fine del I sec.a.C. ed \u00e8 <strong>unico in Italia per estensione <\/strong>(circa 2200 mq).<\/p>\n<p>Il <strong>sistema sotterraneo<\/strong> di ricezione e inalveazione dell&#8217;acqua piovana, simile all&#8217;apparato idrico di Chieti, permetteva di ridistribuirla in maniera efficiente alle diverse zone della citt\u00e0. Per l&#8217;immagazzinamento e la successiva erogazione furono edificati<strong> tre serbatoi<\/strong>, disposti sul Girfalco, nell&#8217;attuale largo Temistocle Calzecchi Onesti e in via degli Aceti che ovviamente erano a diverse altezze.[\/vc_column_text][vc_empty_space height=&#8221;50px&#8221;]<div class=\"mkdf-single-image-holder   \">\n    <div class=\"mkdf-si-inner\" >\n                                    <img loading=\"lazy\" decoding=\"async\" width=\"1280\" height=\"853\" src=\"https:\/\/www.visitfermo.it\/wp-content\/uploads\/2018\/02\/Cisterne-romane-4.jpg\" class=\"attachment-full size-full\" alt=\"\" srcset=\"https:\/\/www.visitfermo.it\/wp-content\/uploads\/2018\/02\/Cisterne-romane-4.jpg 1280w, https:\/\/www.visitfermo.it\/wp-content\/uploads\/2018\/02\/Cisterne-romane-4-300x200.jpg 300w, https:\/\/www.visitfermo.it\/wp-content\/uploads\/2018\/02\/Cisterne-romane-4-1024x682.jpg 1024w, https:\/\/www.visitfermo.it\/wp-content\/uploads\/2018\/02\/Cisterne-romane-4-768x512.jpg 768w\" sizes=\"auto, (max-width: 1280px) 100vw, 1280px\" \/>                        <\/div>\n<\/div>[vc_empty_space height=&#8221;50px&#8221;][vc_column_text]<\/p>\n<h2>I serbatoi delle Cisterne romane<\/h2>\n<p>[\/vc_column_text][vc_column_text css=&#8221;.vc_custom_1625762060328{padding-top: 15px !important;}&#8221; el_class=&#8221;testo&#8221;]Il <strong>primo serbatoio<\/strong> attualmente non \u00e8 visitabile, perch\u00e9 del tutto interrato. Tuttavia gli scavi del 1927 delinearono quattro ambienti non comunicanti in laterizio, voltati a botte e molto simili alle grandi cisterne.<\/p>\n<p><strong>Il secondo<\/strong> \u00e8 noto con il nome di <strong>Piccole cisterne<\/strong> in quanto la sua portata \u00e8 minore rispetto a quella del serbatoio ubicato in via degli Aceti, il quale per\u00f2 da un punto di vista propriamente strutturale non presenta difformit\u00e0 significative rispetto al pi\u00f9 piccolo.<\/p>\n<p>Le<strong> Grandi cisterne<\/strong> si estendono lungo un&#8217;area piuttosto vasta che racchiude via Paccarone, via di Vicolo Chiuso, via degli Aceti, largo Maranesi e ha una portata massima di circa 15.000 mc. L&#8217;interno \u00e8 costituito da trenta camere ripartite in tre file, ognuna delle quali ha una muratura rivestita con <strong><em>opus signinum <\/em><\/strong>o cocciopesto che, come scrive Vitruvio, veniva impiegato soprattutto nella fabbricazione di cisterne, acquedotti, piscine termali perch\u00e9 consono all&#8217;impermeabilizzazione della malta di calce.<\/p>\n<p>La visita alle <strong>Cisterne romane di Fermo<\/strong> \u00e8 incredibilmente emozionante, in quanto vertono in un perfetto stato di conservazione e riescono a rendere vividamente la magnificenza di un progetto tanto efficiente che alcune camere sono state utilizzate fino agli anni Ottanta del XX secolo.<\/p>\n<p>\u00c8 molto suggestivo imbattersi in scritte desuete come &#8220;Calma, uscita&#8221;, risalenti alla <strong>Seconda Guerra Mondiale<\/strong>, quando gli ambienti furono utilizzati come rifugio contro i bombardamenti.[\/vc_column_text][vc_empty_space height=&#8221;50px&#8221;][vc_column_text css=&#8221;.vc_custom_1626447119197{padding-top: 20px !important;padding-bottom: 20px !important;}&#8221; el_class=&#8221;titolo-giallo-corsivo&#8221;]<\/p>\n<h3>gallery<\/h3>\n<p>[\/vc_column_text]\n\n    <div class=\"mkdf-tour-item-single-holder fixmargintop\" style=\"margin-top: 0px;\">\n        <div class=\"mkdf-tour-masonry-gallery-holder\">\n            <div class=\"mkdf-tour-masonry-gallery clearfix mkdf-tours-gallery-images-fixed\">\n                <div class=\"mkdf-tour-grid-sizer\"><\/div>\n                <div class=\"mkdf-tour-grid-gutter\"><\/div>\n                \n                                         <div class=\"mkdf-tour-gallery-item mkdf-tgi-masonry-default\">\n                        <div class=\"mkdf-tour-gallery-item-inner\">\n                            <a href=\"https:\/\/www.visitfermo.it\/wp-content\/uploads\/2018\/02\/Cisterne-romane-14.jpg\"\n                               data-rel=\"prettyPhoto[gallery_pretty_photo]\" title=\"Cisterne romane 14\">\n                                <img loading=\"lazy\" decoding=\"async\" width=\"550\" height=\"550\" src=\"https:\/\/www.visitfermo.it\/wp-content\/uploads\/2018\/02\/Cisterne-romane-14-550x550.jpg\" class=\"attachment-wanderers_mkdf_square size-wanderers_mkdf_square\" alt=\"\" srcset=\"https:\/\/www.visitfermo.it\/wp-content\/uploads\/2018\/02\/Cisterne-romane-14-550x550.jpg 550w, https:\/\/www.visitfermo.it\/wp-content\/uploads\/2018\/02\/Cisterne-romane-14-150x150.jpg 150w\" sizes=\"auto, (max-width: 550px) 100vw, 550px\" \/>                            <\/a>\n                        <\/div>\n                    <\/div>\n                \n                                         <div class=\"mkdf-tour-gallery-item mkdf-tgi-masonry-large-width\">\n                        <div class=\"mkdf-tour-gallery-item-inner\">\n                            <a href=\"https:\/\/www.visitfermo.it\/wp-content\/uploads\/2018\/02\/Cisterne-romane-10.jpg\"\n                               data-rel=\"prettyPhoto[gallery_pretty_photo]\" title=\"Cisterne romane 10\">\n                                <img loading=\"lazy\" decoding=\"async\" width=\"1100\" height=\"550\" src=\"https:\/\/www.visitfermo.it\/wp-content\/uploads\/2018\/02\/Cisterne-romane-10-1100x550.jpg\" class=\"attachment-wanderers_mkdf_landscape size-wanderers_mkdf_landscape\" alt=\"\" \/>                            <\/a>\n                        <\/div>\n                    <\/div>\n                \n                                         <div class=\"mkdf-tour-gallery-item mkdf-tgi-masonry-large-width-height\">\n                        <div class=\"mkdf-tour-gallery-item-inner\">\n                            <a href=\"https:\/\/www.visitfermo.it\/wp-content\/uploads\/2018\/02\/Cisterne-romane-1.jpg\"\n                               data-rel=\"prettyPhoto[gallery_pretty_photo]\" title=\"Cisterne romane 1\">\n                                <img loading=\"lazy\" decoding=\"async\" width=\"1100\" height=\"1100\" src=\"https:\/\/www.visitfermo.it\/wp-content\/uploads\/2018\/02\/Cisterne-romane-1-1100x1100.jpg\" class=\"attachment-wanderers_mkdf_huge size-wanderers_mkdf_huge\" alt=\"\" srcset=\"https:\/\/www.visitfermo.it\/wp-content\/uploads\/2018\/02\/Cisterne-romane-1-1100x1100.jpg 1100w, https:\/\/www.visitfermo.it\/wp-content\/uploads\/2018\/02\/Cisterne-romane-1-150x150.jpg 150w, https:\/\/www.visitfermo.it\/wp-content\/uploads\/2018\/02\/Cisterne-romane-1-550x550.jpg 550w\" sizes=\"auto, (max-width: 1100px) 100vw, 1100px\" \/>                            <\/a>\n                        <\/div>\n                    <\/div>\n                \n                                         <div class=\"mkdf-tour-gallery-item mkdf-tgi-masonry-default\">\n                        <div class=\"mkdf-tour-gallery-item-inner\">\n                            <a href=\"https:\/\/www.visitfermo.it\/wp-content\/uploads\/2018\/02\/Cisterne-romane-5.jpg\"\n                               data-rel=\"prettyPhoto[gallery_pretty_photo]\" title=\"Cisterne romane 5\">\n                                <img loading=\"lazy\" decoding=\"async\" width=\"550\" height=\"550\" src=\"https:\/\/www.visitfermo.it\/wp-content\/uploads\/2018\/02\/Cisterne-romane-5-550x550.jpg\" class=\"attachment-wanderers_mkdf_square size-wanderers_mkdf_square\" alt=\"\" srcset=\"https:\/\/www.visitfermo.it\/wp-content\/uploads\/2018\/02\/Cisterne-romane-5-550x550.jpg 550w, https:\/\/www.visitfermo.it\/wp-content\/uploads\/2018\/02\/Cisterne-romane-5-150x150.jpg 150w\" sizes=\"auto, (max-width: 550px) 100vw, 550px\" \/>                            <\/a>\n                        <\/div>\n                    <\/div>\n                \n                                         <div class=\"mkdf-tour-gallery-item mkdf-tgi-masonry-default\">\n                        <div class=\"mkdf-tour-gallery-item-inner\">\n                            <a href=\"https:\/\/www.visitfermo.it\/wp-content\/uploads\/2018\/02\/Cisterne-romane-3.jpg\"\n                               data-rel=\"prettyPhoto[gallery_pretty_photo]\" title=\"Cisterne romane 3\">\n                                <img loading=\"lazy\" decoding=\"async\" width=\"550\" height=\"550\" src=\"https:\/\/www.visitfermo.it\/wp-content\/uploads\/2018\/02\/Cisterne-romane-3-550x550.jpg\" class=\"attachment-wanderers_mkdf_square size-wanderers_mkdf_square\" alt=\"\" srcset=\"https:\/\/www.visitfermo.it\/wp-content\/uploads\/2018\/02\/Cisterne-romane-3-550x550.jpg 550w, https:\/\/www.visitfermo.it\/wp-content\/uploads\/2018\/02\/Cisterne-romane-3-150x150.jpg 150w, https:\/\/www.visitfermo.it\/wp-content\/uploads\/2018\/02\/Cisterne-romane-3-1100x1100.jpg 1100w\" sizes=\"auto, (max-width: 550px) 100vw, 550px\" \/>                            <\/a>\n                        <\/div>\n                    <\/div>\n                \n                                         <div class=\"mkdf-tour-gallery-item mkdf-tgi-masonry-large-width\">\n                        <div class=\"mkdf-tour-gallery-item-inner\">\n                            <a href=\"https:\/\/www.visitfermo.it\/wp-content\/uploads\/2018\/02\/Piccole-Cisterne-romane-3.jpg\"\n                               data-rel=\"prettyPhoto[gallery_pretty_photo]\" title=\"Piccole Cisterne romane 3\">\n                                <img loading=\"lazy\" decoding=\"async\" width=\"1100\" height=\"550\" src=\"https:\/\/www.visitfermo.it\/wp-content\/uploads\/2018\/02\/Piccole-Cisterne-romane-3-1100x550.jpg\" class=\"attachment-wanderers_mkdf_landscape size-wanderers_mkdf_landscape\" alt=\"\" \/>                            <\/a>\n                        <\/div>\n                    <\/div>\n                \n                                         <div class=\"mkdf-tour-gallery-item mkdf-tgi-masonry-large-height\">\n                        <div class=\"mkdf-tour-gallery-item-inner\">\n                            <a href=\"https:\/\/www.visitfermo.it\/wp-content\/uploads\/2018\/02\/Piccole-Cisterne-romane-2.jpg\"\n                               data-rel=\"prettyPhoto[gallery_pretty_photo]\" title=\"Piccole Cisterne romane 2\">\n                                <img loading=\"lazy\" decoding=\"async\" width=\"550\" height=\"1100\" src=\"https:\/\/www.visitfermo.it\/wp-content\/uploads\/2018\/02\/Piccole-Cisterne-romane-2-550x1100.jpg\" class=\"attachment-wanderers_mkdf_portrait size-wanderers_mkdf_portrait\" alt=\"\" \/>                            <\/a>\n                        <\/div>\n                    <\/div>\n                \n                                         <div class=\"mkdf-tour-gallery-item mkdf-tgi-masonry-large-width\">\n                        <div class=\"mkdf-tour-gallery-item-inner\">\n                            <a href=\"https:\/\/www.visitfermo.it\/wp-content\/uploads\/2018\/02\/Piccole-Cisterne-romane-1.jpg\"\n                               data-rel=\"prettyPhoto[gallery_pretty_photo]\" title=\"Piccole Cisterne romane 1\">\n                                <img loading=\"lazy\" decoding=\"async\" width=\"1100\" height=\"550\" src=\"https:\/\/www.visitfermo.it\/wp-content\/uploads\/2018\/02\/Piccole-Cisterne-romane-1-1100x550.jpg\" class=\"attachment-wanderers_mkdf_landscape size-wanderers_mkdf_landscape\" alt=\"\" \/>                            <\/a>\n                        <\/div>\n                    <\/div>\n                            <\/div>\n        <\/div>\n    <\/div>\n<\/div><div class=\"mkdf-tab-container\" id=\"tab-mappa-662\"><div class=\"map-poi\" id=\"map-poi-2679\"><\/div><\/div><div class=\"mkdf-tab-container\" id=\"tab-virtual-tour-664\">[vc_raw_html]JTNDaWZyYW1lJTIwc3JjJTNEJTIyaHR0cHMlM0ElMkYlMkZrdXVsYS5jbyUyRnNoYXJlJTJGY29sbGVjdGlvbiUyRjdsOU1LJTNGZnMlM0QxJTI2dnIlM0QxJTI2em9vbSUzRDElMjZzZCUzRDElMjZhdXRvcm90YXRlJTNEMC4xOCUyNnRodW1icyUzRDElMjZjaHJvbWVsZXNzJTNEMSUyNmxvZ28lM0QxJTIyJTIwd2lkdGglM0QxMDAlMjUlMjBoZWlnaHQlM0Q1MDAlM0UlM0MlMkZpZnJhbWUlM0U=[\/vc_raw_html]<\/div><\/div>[\/vc_column][vc_column width=&#8221;1\/4&#8243; css=&#8221;.vc_custom_1624466614253{padding-top: 0px !important;padding-bottom: 50px !important;}&#8221;][vc_raw_html]JTNDZGl2JTIwY2xhc3MlM0QlMjJta2RmLXNpbmdsZS1pbWFnZS1ob2xkZXIlMjIlM0UlMEElMjAlMjAlMjAlMjAlM0NkaXYlMjBjbGFzcyUzRCUyMm1rZGYtc2ktaW5uZXIlMjIlM0UlMEElMjAlMjAlMjAlMjAlMjAlMjAlMjAlMjAlM0NpbWclMjBzcmMlM0QlMjJodHRwcyUzQSUyRiUyRnd3dy52aXNpdGZlcm1vLml0JTJGd3AtY29udGVudCUyRnVwbG9hZHMlMkYyMDE4JTJGMDIlMkZDaXN0ZXJuZS1yb21hbmUtMTUtNTAweDc1MC5qcGclMjIlMjBhbHQlM0QlMjIlMjIlMjB3aWR0aCUzRCUyMjUwMCUyMiUyMGhlaWdodCUzRCUyMjc1MCUyMiUzRSUyMCUyMCUyMCUyMCUyMCUyMCUyMCUyMCUyMCUyMCUyMCUyMCUyMCUyMCUyMCUyMCUyMCUyMCUyMCUyMCUyMCUyMCUyMCUyMCUwQSUzQyUyRmRpdiUzRSUwQSUyMCUyMCUyMCUyMCUzQ2RpdiUyMHN0eWxlJTNEJTIycG9zaXRpb24lM0ElMjBhYnNvbHV0ZSUzQiUyMHRvcCUzQSUyMDBweCUzQiUyMGxlZnQlM0EyMHB4JTNCJTIyJTNFJTNDcCUyMHN0eWxlJTNEJTIyZm9udC1mYW1pbHklM0ElMjAlMjdtaXN0aGlxdWVyZWd1bGFyJTI3JTNCJTIwZm9udC1zaXplJTNBJTIwODBweCUzQiUyMGNvbG9yJTNBJTIzZjliMjMzJTIyJTNFaW5mbyUzQyUyRnAlM0UlM0MlMkZkaXYlM0UlMEElM0MlMkZkaXYlM0U=[\/vc_raw_html][vc_widget_sidebar sidebar_id=&#8221;sidebar-poi-cisterne-romane&#8221;][\/vc_column][\/vc_row][vc_row][vc_column][vc_raw_js]JTNDc2NyaXB0JTNFJTBBalF1ZXJ5JTI4ZG9jdW1lbnQlMjkucmVhZHklMjhmdW5jdGlvbiUyMCUyOCUyNCUyOSUyMCU3QiUwQSUyMCUyMCUyMCUyMCUyNCUyOCUyMi5zY2hlZGUlMjBsaSUzQW50aC1jaGlsZCUyODElMjklMjBhJTIyJTI5LnByZXBlbmQlMjglMjIlM0NzcGFuJTIwY2xhc3MlM0QlMjdta2RmLXRvdXItbmF2LXNlY3Rpb24taWNvbiUyMGlvbi1pbmZvcm1hdGlvbi1jaXJjbGVkJTI3JTNFJTNDJTJGc3BhbiUzRSUyMiUyOSUzQiUwQSUyMCUyMCUyMCUyMCUyNCUyOCUyMi5zY2hlZGUlMjBsaSUzQW50aC1jaGlsZCUyODIlMjklMjBhJTIyJTI5LnByZXBlbmQlMjglMjIlM0NzcGFuJTIwY2xhc3MlM0QlMjdta2RmLXRvdXItbmF2LXNlY3Rpb24taWNvbiUyMGlvbi1pb3MtbG9jYXRpb24lMjclM0UlM0MlMkZzcGFuJTNFJTIyJTI5JTNCJTBBJTIwJTIwJTIwJTIwJTI0JTI4JTIyLnNjaGVkZSUyMGxpJTNBbnRoLWNoaWxkJTI4MyUyOSUyMGElMjIlMjkucHJlcGVuZCUyOCUyMiUzQ3NwYW4lMjBjbGFzcyUzRCUyN21rZGYtdG91ci1uYXYtc2VjdGlvbi1pY29uJTIwaW9uLWV5ZSUyNyUzRSUzQyUyRnNwYW4lM0UlMjIlMjklM0IlMEElN0QlMjklM0IlMEElMEElM0MlMkZzY3JpcHQlM0U=[\/vc_raw_js][\/vc_column][\/vc_row]<\/p>\n<\/div>","protected":false},"excerpt":{"rendered":"<p>Le Cisterne romane di Fermo sono un autentico patrimonio dell&#8217;arte idraulica di et\u00e0 augustea, ingegnosa idea di Vitruvio. L\u2019ingresso \u00e8 in via degli Aceti.<\/p>\n","protected":false},"featured_media":2919,"parent":0,"template":"","tags":[241],"class_list":["post-2679","poi","type-poi","status-publish","has-post-thumbnail","hentry","tag-caricare-dms","categoria_poi-beni-architettonici"],"acf":{"link_poi":"","url_multimedia":"","audiodescrizione":"https:\/\/www.visitfermo.it\/wp-content\/uploads\/2021\/07\/Cisterne-romane.mp3","luogo_poi":{"ID":2395,"post_author":"2","post_date":"2021-05-25 14:36:31","post_date_gmt":"2021-05-25 14:36:31","post_content":"","post_title":"Cisterne Romane","post_excerpt":"","post_status":"publish","comment_status":"closed","ping_status":"closed","post_password":"","post_name":"cisterne-romane","to_ping":"","pinged":"","post_modified":"2021-07-09 14:37:41","post_modified_gmt":"2021-07-09 14:37:41","post_content_filtered":"","post_parent":0,"guid":"https:\/\/visitfermo.it\/?post_type=luoghi&#038;p=2395","menu_order":0,"post_type":"luoghi","post_mime_type":"","comment_count":"0","filter":"raw"},"categoria_poiacf":[{"term_id":70,"name":"Beni architettonici","slug":"beni-architettonici","term_group":0,"term_taxonomy_id":70,"taxonomy":"categoria_poi","description":"","parent":0,"count":22,"filter":"raw"}]},"yoast_head":"<!-- This site is optimized with the Yoast SEO plugin v26.5 - https:\/\/yoast.com\/wordpress\/plugins\/seo\/ -->\n<title>Le Cisterne romane di Fermo - Visit Fermo<\/title>\n<meta name=\"description\" content=\"Le Cisterne romane di Fermo sono un autentico patrimonio dell\u2019arte idraulica di et\u00e0 augustea, ingegnosa idea di Vitruvio. L\u2019ingresso \u00e8 in via degli Aceti.\" \/>\n<meta name=\"robots\" content=\"index, follow, max-snippet:-1, max-image-preview:large, max-video-preview:-1\" \/>\n<link rel=\"canonical\" href=\"https:\/\/www.visitfermo.it\/it\/poi\/le-cisterne-romane-di-fermo\" \/>\n<meta property=\"og:locale\" content=\"it_IT\" \/>\n<meta property=\"og:type\" content=\"article\" \/>\n<meta property=\"og:title\" content=\"Le Cisterne romane di Fermo - Visit Fermo\" \/>\n<meta property=\"og:description\" content=\"Le Cisterne romane di Fermo sono un autentico patrimonio dell\u2019arte idraulica di et\u00e0 augustea, ingegnosa idea di Vitruvio. L\u2019ingresso \u00e8 in via degli Aceti.\" \/>\n<meta property=\"og:url\" content=\"https:\/\/www.visitfermo.it\/it\/poi\/le-cisterne-romane-di-fermo\" \/>\n<meta property=\"og:site_name\" content=\"Visit Fermo\" \/>\n<meta property=\"article:publisher\" content=\"https:\/\/www.facebook.com\/VstFermo\/\" \/>\n<meta property=\"article:modified_time\" content=\"2025-11-27T15:30:02+00:00\" \/>\n<meta property=\"og:image\" content=\"https:\/\/www.visitfermo.it\/wp-content\/uploads\/2018\/02\/Cisterne-romane-Testata.jpg\" \/>\n\t<meta property=\"og:image:width\" content=\"3840\" \/>\n\t<meta property=\"og:image:height\" content=\"1500\" \/>\n\t<meta property=\"og:image:type\" content=\"image\/jpeg\" \/>\n<meta name=\"twitter:card\" content=\"summary_large_image\" \/>\n<meta name=\"twitter:site\" content=\"@FermoTurismo\" \/>\n<meta name=\"twitter:label1\" content=\"Est. reading time\" \/>\n\t<meta name=\"twitter:data1\" content=\"3 minutes\" \/>\n<script type=\"application\/ld+json\" class=\"yoast-schema-graph\">{\"@context\":\"https:\/\/schema.org\",\"@graph\":[{\"@type\":\"WebPage\",\"@id\":\"https:\/\/www.visitfermo.it\/it\/poi\/le-cisterne-romane-di-fermo\",\"url\":\"https:\/\/www.visitfermo.it\/it\/poi\/le-cisterne-romane-di-fermo\",\"name\":\"Le Cisterne romane di Fermo - Visit Fermo\",\"isPartOf\":{\"@id\":\"https:\/\/www.visitfermo.it\/it\/#website\"},\"primaryImageOfPage\":{\"@id\":\"https:\/\/www.visitfermo.it\/it\/poi\/le-cisterne-romane-di-fermo#primaryimage\"},\"image\":{\"@id\":\"https:\/\/www.visitfermo.it\/it\/poi\/le-cisterne-romane-di-fermo#primaryimage\"},\"thumbnailUrl\":\"https:\/\/www.visitfermo.it\/wp-content\/uploads\/2018\/02\/Cisterne-romane-Testata.jpg\",\"datePublished\":\"2021-07-08T15:52:40+00:00\",\"dateModified\":\"2025-11-27T15:30:02+00:00\",\"description\":\"Le Cisterne romane di Fermo sono un autentico patrimonio dell\u2019arte idraulica di et\u00e0 augustea, ingegnosa idea di Vitruvio. L\u2019ingresso \u00e8 in via degli Aceti.\",\"breadcrumb\":{\"@id\":\"https:\/\/www.visitfermo.it\/it\/poi\/le-cisterne-romane-di-fermo#breadcrumb\"},\"inLanguage\":\"it\",\"potentialAction\":[{\"@type\":\"ReadAction\",\"target\":[\"https:\/\/www.visitfermo.it\/it\/poi\/le-cisterne-romane-di-fermo\"]}]},{\"@type\":\"ImageObject\",\"inLanguage\":\"it\",\"@id\":\"https:\/\/www.visitfermo.it\/it\/poi\/le-cisterne-romane-di-fermo#primaryimage\",\"url\":\"https:\/\/www.visitfermo.it\/wp-content\/uploads\/2018\/02\/Cisterne-romane-Testata.jpg\",\"contentUrl\":\"https:\/\/www.visitfermo.it\/wp-content\/uploads\/2018\/02\/Cisterne-romane-Testata.jpg\",\"width\":3840,\"height\":1500,\"caption\":\"4.1.1\"},{\"@type\":\"BreadcrumbList\",\"@id\":\"https:\/\/www.visitfermo.it\/it\/poi\/le-cisterne-romane-di-fermo#breadcrumb\",\"itemListElement\":[{\"@type\":\"ListItem\",\"position\":1,\"name\":\"Home\",\"item\":\"https:\/\/www.visitfermo.it\/it\"},{\"@type\":\"ListItem\",\"position\":2,\"name\":\"POI\",\"item\":\"https:\/\/www.visitfermo.it\/it\/poi\"},{\"@type\":\"ListItem\",\"position\":3,\"name\":\"Le Cisterne romane di Fermo\"}]},{\"@type\":\"WebSite\",\"@id\":\"https:\/\/www.visitfermo.it\/it\/#website\",\"url\":\"https:\/\/www.visitfermo.it\/it\/\",\"name\":\"Visit Fermo\",\"description\":\"Fermo a place for me\",\"publisher\":{\"@id\":\"https:\/\/www.visitfermo.it\/it\/#organization\"},\"potentialAction\":[{\"@type\":\"SearchAction\",\"target\":{\"@type\":\"EntryPoint\",\"urlTemplate\":\"https:\/\/www.visitfermo.it\/it\/?s={search_term_string}\"},\"query-input\":{\"@type\":\"PropertyValueSpecification\",\"valueRequired\":true,\"valueName\":\"search_term_string\"}}],\"inLanguage\":\"it\"},{\"@type\":\"Organization\",\"@id\":\"https:\/\/www.visitfermo.it\/it\/#organization\",\"name\":\"Visit Fermo\",\"url\":\"https:\/\/www.visitfermo.it\/it\/\",\"logo\":{\"@type\":\"ImageObject\",\"inLanguage\":\"it\",\"@id\":\"https:\/\/www.visitfermo.it\/it\/#\/schema\/logo\/image\/\",\"url\":\"https:\/\/www.visitfermo.it\/wp-content\/uploads\/2018\/02\/logo-fermo-a-place-for-me-giallo.png\",\"contentUrl\":\"https:\/\/www.visitfermo.it\/wp-content\/uploads\/2018\/02\/logo-fermo-a-place-for-me-giallo.png\",\"width\":453,\"height\":230,\"caption\":\"Visit Fermo\"},\"image\":{\"@id\":\"https:\/\/www.visitfermo.it\/it\/#\/schema\/logo\/image\/\"},\"sameAs\":[\"https:\/\/www.facebook.com\/VstFermo\/\",\"https:\/\/x.com\/FermoTurismo\",\"https:\/\/www.instagram.com\/visitfermo\/\",\"https:\/\/www.youtube.com\/c\/VisitFermo\"]}]}<\/script>\n<!-- \/ Yoast SEO plugin. -->","yoast_head_json":{"title":"Le Cisterne romane di Fermo - Visit Fermo","description":"Le Cisterne romane di Fermo sono un autentico patrimonio dell\u2019arte idraulica di et\u00e0 augustea, ingegnosa idea di Vitruvio. L\u2019ingresso \u00e8 in via degli Aceti.","robots":{"index":"index","follow":"follow","max-snippet":"max-snippet:-1","max-image-preview":"max-image-preview:large","max-video-preview":"max-video-preview:-1"},"canonical":"https:\/\/www.visitfermo.it\/it\/poi\/le-cisterne-romane-di-fermo","og_locale":"it_IT","og_type":"article","og_title":"Le Cisterne romane di Fermo - Visit Fermo","og_description":"Le Cisterne romane di Fermo sono un autentico patrimonio dell\u2019arte idraulica di et\u00e0 augustea, ingegnosa idea di Vitruvio. L\u2019ingresso \u00e8 in via degli Aceti.","og_url":"https:\/\/www.visitfermo.it\/it\/poi\/le-cisterne-romane-di-fermo","og_site_name":"Visit Fermo","article_publisher":"https:\/\/www.facebook.com\/VstFermo\/","article_modified_time":"2025-11-27T15:30:02+00:00","og_image":[{"width":3840,"height":1500,"url":"https:\/\/www.visitfermo.it\/wp-content\/uploads\/2018\/02\/Cisterne-romane-Testata.jpg","type":"image\/jpeg"}],"twitter_card":"summary_large_image","twitter_site":"@FermoTurismo","twitter_misc":{"Est. reading time":"3 minutes"},"schema":{"@context":"https:\/\/schema.org","@graph":[{"@type":"WebPage","@id":"https:\/\/www.visitfermo.it\/it\/poi\/le-cisterne-romane-di-fermo","url":"https:\/\/www.visitfermo.it\/it\/poi\/le-cisterne-romane-di-fermo","name":"Le Cisterne romane di Fermo - Visit Fermo","isPartOf":{"@id":"https:\/\/www.visitfermo.it\/it\/#website"},"primaryImageOfPage":{"@id":"https:\/\/www.visitfermo.it\/it\/poi\/le-cisterne-romane-di-fermo#primaryimage"},"image":{"@id":"https:\/\/www.visitfermo.it\/it\/poi\/le-cisterne-romane-di-fermo#primaryimage"},"thumbnailUrl":"https:\/\/www.visitfermo.it\/wp-content\/uploads\/2018\/02\/Cisterne-romane-Testata.jpg","datePublished":"2021-07-08T15:52:40+00:00","dateModified":"2025-11-27T15:30:02+00:00","description":"Le Cisterne romane di Fermo sono un autentico patrimonio dell\u2019arte idraulica di et\u00e0 augustea, ingegnosa idea di Vitruvio. L\u2019ingresso \u00e8 in via degli Aceti.","breadcrumb":{"@id":"https:\/\/www.visitfermo.it\/it\/poi\/le-cisterne-romane-di-fermo#breadcrumb"},"inLanguage":"it","potentialAction":[{"@type":"ReadAction","target":["https:\/\/www.visitfermo.it\/it\/poi\/le-cisterne-romane-di-fermo"]}]},{"@type":"ImageObject","inLanguage":"it","@id":"https:\/\/www.visitfermo.it\/it\/poi\/le-cisterne-romane-di-fermo#primaryimage","url":"https:\/\/www.visitfermo.it\/wp-content\/uploads\/2018\/02\/Cisterne-romane-Testata.jpg","contentUrl":"https:\/\/www.visitfermo.it\/wp-content\/uploads\/2018\/02\/Cisterne-romane-Testata.jpg","width":3840,"height":1500,"caption":"4.1.1"},{"@type":"BreadcrumbList","@id":"https:\/\/www.visitfermo.it\/it\/poi\/le-cisterne-romane-di-fermo#breadcrumb","itemListElement":[{"@type":"ListItem","position":1,"name":"Home","item":"https:\/\/www.visitfermo.it\/it"},{"@type":"ListItem","position":2,"name":"POI","item":"https:\/\/www.visitfermo.it\/it\/poi"},{"@type":"ListItem","position":3,"name":"Le Cisterne romane di Fermo"}]},{"@type":"WebSite","@id":"https:\/\/www.visitfermo.it\/it\/#website","url":"https:\/\/www.visitfermo.it\/it\/","name":"Visit Fermo","description":"Fermo a place for me","publisher":{"@id":"https:\/\/www.visitfermo.it\/it\/#organization"},"potentialAction":[{"@type":"SearchAction","target":{"@type":"EntryPoint","urlTemplate":"https:\/\/www.visitfermo.it\/it\/?s={search_term_string}"},"query-input":{"@type":"PropertyValueSpecification","valueRequired":true,"valueName":"search_term_string"}}],"inLanguage":"it"},{"@type":"Organization","@id":"https:\/\/www.visitfermo.it\/it\/#organization","name":"Visit Fermo","url":"https:\/\/www.visitfermo.it\/it\/","logo":{"@type":"ImageObject","inLanguage":"it","@id":"https:\/\/www.visitfermo.it\/it\/#\/schema\/logo\/image\/","url":"https:\/\/www.visitfermo.it\/wp-content\/uploads\/2018\/02\/logo-fermo-a-place-for-me-giallo.png","contentUrl":"https:\/\/www.visitfermo.it\/wp-content\/uploads\/2018\/02\/logo-fermo-a-place-for-me-giallo.png","width":453,"height":230,"caption":"Visit Fermo"},"image":{"@id":"https:\/\/www.visitfermo.it\/it\/#\/schema\/logo\/image\/"},"sameAs":["https:\/\/www.facebook.com\/VstFermo\/","https:\/\/x.com\/FermoTurismo","https:\/\/www.instagram.com\/visitfermo\/","https:\/\/www.youtube.com\/c\/VisitFermo"]}]}},"_links":{"self":[{"href":"https:\/\/www.visitfermo.it\/it\/wp-json\/wp\/v2\/poi\/2679","targetHints":{"allow":["GET"]}}],"collection":[{"href":"https:\/\/www.visitfermo.it\/it\/wp-json\/wp\/v2\/poi"}],"about":[{"href":"https:\/\/www.visitfermo.it\/it\/wp-json\/wp\/v2\/types\/poi"}],"wp:featuredmedia":[{"embeddable":true,"href":"https:\/\/www.visitfermo.it\/it\/wp-json\/wp\/v2\/media\/2919"}],"wp:attachment":[{"href":"https:\/\/www.visitfermo.it\/it\/wp-json\/wp\/v2\/media?parent=2679"}],"wp:term":[{"taxonomy":"post_tag","embeddable":true,"href":"https:\/\/www.visitfermo.it\/it\/wp-json\/wp\/v2\/tags?post=2679"}],"curies":[{"name":"wp","href":"https:\/\/api.w.org\/{rel}","templated":true}]}}