{"id":8819,"date":"2021-11-03T11:19:19","date_gmt":"2021-11-03T11:19:19","guid":{"rendered":"https:\/\/visitfermo.it\/mostre-copy"},"modified":"2023-01-30T09:52:21","modified_gmt":"2023-01-30T08:52:21","slug":"archivio-mostre","status":"publish","type":"page","link":"https:\/\/www.visitfermo.it\/it\/archivio-mostre","title":{"rendered":"Archivio mostre passate"},"content":{"rendered":"<div class=\"wpb-content-wrapper\"><p>[vc_row row_content_width=&#8221;grid&#8221; css=&#8221;.vc_custom_1635005856345{padding-top: 100px !important;}&#8221;][vc_column][vc_column_text el_class=&#8221;testo-intro&#8221;]Sono tantissimi i luoghi in citt\u00e0 adibiti ad accogliere mostre di ogni tipo: <strong>Palazzo dei Priori<\/strong> \u00e8 il &#8220;salotto buono&#8221; dedicato principalmente all&#8217;arte classica, la <strong>Chiesa di San Filippo Neri<\/strong> \u00e8 di per s\u00e9 un gioiello di arte barocca impreziosito dagli eventi che ospita mentre il <strong>Terminal<\/strong>, abbellito dalle opere del fermano Sandro Trotti, \u00e8 l&#8217;ultima arrivata tra le strutture museali ed \u00e8 un perfetto polo di arte contemporanea per exhibit e convegni. E non finisce qui, perch\u00e9 la street art di FUM Fermo Urban Museum fa anche dei muri di periferia un vero museo a cielo aperto. Insomma, qualunque forma espressiva a Fermo trova il proprio spazio.[\/vc_column_text][vc_empty_space height=&#8221;100px&#8221;]\n\t\t<div class=\"listeventi_shortcode_row vc_row\">\n\n\t\t<div class=\"wpb_column vc_column_container vc_col-sm-12 vc_col-lg-3 vc_col-md-3\">\n\t\t<!-- Event Image -->\n\t\t<div class=\"tribe-events-event-image\"><a href=\"https:\/\/www.visitfermo.it\/it\/eventi\/elegancetimelesstyle\/\" tabindex=\"-1\"><img loading=\"lazy\" decoding=\"async\" width=\"233\" height=\"300\" src=\"https:\/\/www.visitfermo.it\/wp-content\/uploads\/2021\/07\/MostraEleganceTimelesstyle-233x300.jpg\" class=\"attachment-medium size-medium wp-post-image\" alt=\"\" srcset=\"https:\/\/www.visitfermo.it\/wp-content\/uploads\/2021\/07\/MostraEleganceTimelesstyle-233x300.jpg 233w, https:\/\/www.visitfermo.it\/wp-content\/uploads\/2021\/07\/MostraEleganceTimelesstyle.jpg 593w\" sizes=\"auto, (max-width: 233px) 100vw, 233px\" \/><\/a><\/div>\t  <\/div>\n\n\t\t<div class=\"entry-summary wpb_column vc_column_container vc_col-sm-12 vc_col-lg-9 vc_col-md-9\">\n\n\t\t\t<!-- Mostro data evento -->\n\t\t\t<div class=\"datalist_ev\">\n\t\t\t\t<span aria-hidden=\"true\" class=\"mkdf-icon-font-elegant icon_calendar mkdf-icon-element\" style=\"font-size:14px\"><\/span>\n\t\t\t\tDal 01 Luglio 2021 al 26 Agosto 2021\t\t\t<\/div><!-- datalist_ev-->\n\n\t\t\t<!-- Event Title -->\n\t\t\t\t\t\t<h3 class=\"tribe-events-list-event-title\">\n\t\t\t\t<a class=\"tribe-event-url\" href=\"https:\/\/www.visitfermo.it\/it\/eventi\/elegancetimelesstyle\/\" title=\"#Elegance#Timelesstyle\" rel=\"bookmark\">\n\t\t\t\t\t#Elegance#Timelesstyle\t\t\t\t<\/a>\n\t\t\t<\/h3>\n\n\t\t\t<!-- mostro campo sottotitolo -->\n\t\t\t\n\n\n\n\t\t\t<h4>Pagine sulla moda in biblioteca<\/h4>\n\t\t\t<p><p>Mostra di libri antichi e riviste d&#8217;epoca sul tema della moda <\/p>\n<\/p>\n\n\t\t\t<!-- mostro luogo campo luogo_poi acf Eventi -->\n\t\t\t\t\t\t\t\n\t\t\t\t<div class=\"info_list_ev\">\n\t\t\t\t\t<span aria-hidden=\"true\" class=\"mkdf-icon-font-elegant icon_pin mkdf-icon-element\" style=\"font-size:14px\"><\/span>\n\t\t\t\t\t\n\t\t\t\t\t\t\t\t\t\tBiblioteca Civica Romolo Spezioli\n\t\t\t\t\t\n\t\t\t\t<\/div>\n\t\t\t\t\n\n\t\t\t<div class=\"info_list_ev\">\n\t\t\t\t<span aria-hidden=\"true\" class=\"mkdf-icon-font-elegant icon_clock mkdf-icon-element\" style=\"font-size:14px\"><\/span>\n\t\t\t\t21:00\t\t\t<\/div>\n\n\t\t\t<div class=\"info_list_ev\">\n\t\t\t\t<span aria-hidden=\"true\" class=\"mkdf-icon-font-elegant icon_star mkdf-icon-element\" style=\"font-size:14px\"><\/span>\n\t\t\t\tMostre\t\t\t<\/div>\n\t\t\t\n\t\t\t\n\t\t<\/div><!-- .tribe-events-list-event-description -->\n\n\t\t<\/div><!-- .listeventi_shortcode -->\n\n\n      \n\t\t<div class=\"listeventi_shortcode_row vc_row\">\n\n\t\t<div class=\"wpb_column vc_column_container vc_col-sm-12 vc_col-lg-3 vc_col-md-3\">\n\t\t<!-- Event Image -->\n\t\t<div class=\"tribe-events-event-image\"><a href=\"https:\/\/www.visitfermo.it\/it\/eventi\/racconti-invisibili\/\" tabindex=\"-1\"><img loading=\"lazy\" decoding=\"async\" width=\"207\" height=\"300\" src=\"https:\/\/www.visitfermo.it\/wp-content\/uploads\/2021\/10\/racconti-invisibili-207x300.jpg\" class=\"attachment-medium size-medium wp-post-image\" alt=\"\" srcset=\"https:\/\/www.visitfermo.it\/wp-content\/uploads\/2021\/10\/racconti-invisibili-207x300.jpg 207w, https:\/\/www.visitfermo.it\/wp-content\/uploads\/2021\/10\/racconti-invisibili-705x1024.jpg 705w, https:\/\/www.visitfermo.it\/wp-content\/uploads\/2021\/10\/racconti-invisibili-768x1115.jpg 768w, https:\/\/www.visitfermo.it\/wp-content\/uploads\/2021\/10\/racconti-invisibili-1058x1536.jpg 1058w, https:\/\/www.visitfermo.it\/wp-content\/uploads\/2021\/10\/racconti-invisibili.jpg 1179w\" sizes=\"auto, (max-width: 207px) 100vw, 207px\" \/><\/a><\/div>\t  <\/div>\n\n\t\t<div class=\"entry-summary wpb_column vc_column_container vc_col-sm-12 vc_col-lg-9 vc_col-md-9\">\n\n\t\t\t<!-- Mostro data evento -->\n\t\t\t<div class=\"datalist_ev\">\n\t\t\t\t<span aria-hidden=\"true\" class=\"mkdf-icon-font-elegant icon_calendar mkdf-icon-element\" style=\"font-size:14px\"><\/span>\n\t\t\t\tDal 16 Luglio 2021 al 14 Novembre 2021\t\t\t<\/div><!-- datalist_ev-->\n\n\t\t\t<!-- Event Title -->\n\t\t\t\t\t\t<h3 class=\"tribe-events-list-event-title\">\n\t\t\t\t<a class=\"tribe-event-url\" href=\"https:\/\/www.visitfermo.it\/it\/eventi\/racconti-invisibili\/\" title=\"Racconti (in)visibili\" rel=\"bookmark\">\n\t\t\t\t\tRacconti (in)visibili\t\t\t\t<\/a>\n\t\t\t<\/h3>\n\n\t\t\t<!-- mostro campo sottotitolo -->\n\t\t\t\n\n\n\n\t\t\t<h4>Patrimonio immateriale e arte contemporanea italiana<\/h4>\n\t\t\t<p><p>La mostra \u201cItalia. Racconti (in)visibili\u201d \u00e8 la naturale prosecuzione del progetto internazionale \u201cUnwritten structures. Racconti (in)visibili\u201d,avviato dal 2018 dall\u2019Istituto Centrale per il Patrimonio Immateriale, una esposizione itinerante, realizzata in collaborazione con gli Istituti Italiani di Cultura, la Rete delle Grandi Macchine a Spalla Italiane e la Societ\u00e0 Dante Alighieri, volta a diffondere il patrimonio culturale immateriale italiano nel mondo.<\/p>\n<\/p>\n\n\t\t\t<!-- mostro luogo campo luogo_poi acf Eventi -->\n\t\t\t\t\t\t\t\n\t\t\t\t<div class=\"info_list_ev\">\n\t\t\t\t\t<span aria-hidden=\"true\" class=\"mkdf-icon-font-elegant icon_pin mkdf-icon-element\" style=\"font-size:14px\"><\/span>\n\t\t\t\t\t\n\t\t\t\t\t\t\t\t\t\tTerminal Mario Dondero\n\t\t\t\t\t\n\t\t\t\t<\/div>\n\t\t\t\t\n\n\t\t\t<div class=\"info_list_ev\">\n\t\t\t\t<span aria-hidden=\"true\" class=\"mkdf-icon-font-elegant icon_clock mkdf-icon-element\" style=\"font-size:14px\"><\/span>\n\t\t\t\t15:00\t\t\t<\/div>\n\n\t\t\t<div class=\"info_list_ev\">\n\t\t\t\t<span aria-hidden=\"true\" class=\"mkdf-icon-font-elegant icon_star mkdf-icon-element\" style=\"font-size:14px\"><\/span>\n\t\t\t\tMostre\t\t\t<\/div>\n\t\t\t\n\t\t\t\n\t\t<\/div><!-- .tribe-events-list-event-description -->\n\n\t\t<\/div><!-- .listeventi_shortcode -->\n\n\n      \n\t\t<div class=\"listeventi_shortcode_row vc_row\">\n\n\t\t<div class=\"wpb_column vc_column_container vc_col-sm-12 vc_col-lg-3 vc_col-md-3\">\n\t\t<!-- Event Image -->\n\t\t<div class=\"tribe-events-event-image\"><a href=\"https:\/\/www.visitfermo.it\/it\/eventi\/eredita-dantesca-nella-biblioteca-civica-romolo-spezioli-di-fermo\/\" tabindex=\"-1\"><img loading=\"lazy\" decoding=\"async\" width=\"212\" height=\"300\" src=\"https:\/\/www.visitfermo.it\/wp-content\/uploads\/2021\/10\/Locandina-Dante-biblio-212x300.jpg\" class=\"attachment-medium size-medium wp-post-image\" alt=\"\" srcset=\"https:\/\/www.visitfermo.it\/wp-content\/uploads\/2021\/10\/Locandina-Dante-biblio-212x300.jpg 212w, https:\/\/www.visitfermo.it\/wp-content\/uploads\/2021\/10\/Locandina-Dante-biblio-724x1024.jpg 724w, https:\/\/www.visitfermo.it\/wp-content\/uploads\/2021\/10\/Locandina-Dante-biblio-768x1086.jpg 768w, https:\/\/www.visitfermo.it\/wp-content\/uploads\/2021\/10\/Locandina-Dante-biblio-1086x1536.jpg 1086w, https:\/\/www.visitfermo.it\/wp-content\/uploads\/2021\/10\/Locandina-Dante-biblio-1448x2048.jpg 1448w\" sizes=\"auto, (max-width: 212px) 100vw, 212px\" \/><\/a><\/div>\t  <\/div>\n\n\t\t<div class=\"entry-summary wpb_column vc_column_container vc_col-sm-12 vc_col-lg-9 vc_col-md-9\">\n\n\t\t\t<!-- Mostro data evento -->\n\t\t\t<div class=\"datalist_ev\">\n\t\t\t\t<span aria-hidden=\"true\" class=\"mkdf-icon-font-elegant icon_calendar mkdf-icon-element\" style=\"font-size:14px\"><\/span>\n\t\t\t\tDal 12 Novembre 2021 al 28 Febbraio 2022\t\t\t<\/div><!-- datalist_ev-->\n\n\t\t\t<!-- Event Title -->\n\t\t\t\t\t\t<h3 class=\"tribe-events-list-event-title\">\n\t\t\t\t<a class=\"tribe-event-url\" href=\"https:\/\/www.visitfermo.it\/it\/eventi\/eredita-dantesca-nella-biblioteca-civica-romolo-spezioli-di-fermo\/\" title=\"Eredit\u00e0 dantesca nella Biblioteca Civica &#8220;Romolo Spezioli&#8221; di Fermo\" rel=\"bookmark\">\n\t\t\t\t\tEredit\u00e0 dantesca nella Biblioteca Civica &#8220;Romolo Spezioli&#8221; di Fermo\t\t\t\t<\/a>\n\t\t\t<\/h3>\n\n\t\t\t<!-- mostro campo sottotitolo -->\n\t\t\t\n\n\n\n\t\t\t<h4>Edizioni a stampa dal XV al XIX secolo<\/h4>\n\t\t\t<p><\/p>\n\n\t\t\t<!-- mostro luogo campo luogo_poi acf Eventi -->\n\t\t\t\t\t\t\t\n\t\t\t\t<div class=\"info_list_ev\">\n\t\t\t\t\t<span aria-hidden=\"true\" class=\"mkdf-icon-font-elegant icon_pin mkdf-icon-element\" style=\"font-size:14px\"><\/span>\n\t\t\t\t\t\n\t\t\t\t\t\t\t\t\t\tSala del Mappamondo\n\t\t\t\t\t\t\t\t\t\t- Palazzo dei Priori\t\t\t\t\t\n\t\t\t\t<\/div>\n\t\t\t\t\n\n\t\t\t<div class=\"info_list_ev\">\n\t\t\t\t<span aria-hidden=\"true\" class=\"mkdf-icon-font-elegant icon_clock mkdf-icon-element\" style=\"font-size:14px\"><\/span>\n\t\t\t\t10:00\t\t\t<\/div>\n\n\t\t\t<div class=\"info_list_ev\">\n\t\t\t\t<span aria-hidden=\"true\" class=\"mkdf-icon-font-elegant icon_star mkdf-icon-element\" style=\"font-size:14px\"><\/span>\n\t\t\t\tMostre\t\t\t<\/div>\n\t\t\t\n\t\t\t\n\t\t<\/div><!-- .tribe-events-list-event-description -->\n\n\t\t<\/div><!-- .listeventi_shortcode -->\n\n\n      \n\t\t<div class=\"listeventi_shortcode_row vc_row\">\n\n\t\t<div class=\"wpb_column vc_column_container vc_col-sm-12 vc_col-lg-3 vc_col-md-3\">\n\t\t<!-- Event Image -->\n\t\t<div class=\"tribe-events-event-image\"><a href=\"https:\/\/www.visitfermo.it\/it\/eventi\/litalia-di-dante\/\" tabindex=\"-1\"><img loading=\"lazy\" decoding=\"async\" width=\"300\" height=\"289\" src=\"https:\/\/www.visitfermo.it\/wp-content\/uploads\/2021\/10\/dante-alighieri-1-1-300x289.jpg\" class=\"attachment-medium size-medium wp-post-image\" alt=\"\" srcset=\"https:\/\/www.visitfermo.it\/wp-content\/uploads\/2021\/10\/dante-alighieri-1-1-300x289.jpg 300w, https:\/\/www.visitfermo.it\/wp-content\/uploads\/2021\/10\/dante-alighieri-1-1.jpg 582w\" sizes=\"auto, (max-width: 300px) 100vw, 300px\" \/><\/a><\/div>\t  <\/div>\n\n\t\t<div class=\"entry-summary wpb_column vc_column_container vc_col-sm-12 vc_col-lg-9 vc_col-md-9\">\n\n\t\t\t<!-- Mostro data evento -->\n\t\t\t<div class=\"datalist_ev\">\n\t\t\t\t<span aria-hidden=\"true\" class=\"mkdf-icon-font-elegant icon_calendar mkdf-icon-element\" style=\"font-size:14px\"><\/span>\n\t\t\t\tDal 14 Novembre 2021 al 19 Dicembre 2021\t\t\t<\/div><!-- datalist_ev-->\n\n\t\t\t<!-- Event Title -->\n\t\t\t\t\t\t<h3 class=\"tribe-events-list-event-title\">\n\t\t\t\t<a class=\"tribe-event-url\" href=\"https:\/\/www.visitfermo.it\/it\/eventi\/litalia-di-dante\/\" title=\"L&#8217;Italia di Dante\" rel=\"bookmark\">\n\t\t\t\t\tL&#8217;Italia di Dante\t\t\t\t<\/a>\n\t\t\t<\/h3>\n\n\t\t\t<!-- mostro campo sottotitolo -->\n\t\t\t\n\n\n\n\t\t\t<h4>Viaggio nell'antica cartografia della penisola<\/h4>\n\t\t\t<p><p><em>Collezione<\/em> <strong>Gianni Brandozzi<\/strong><\/p>\n<\/p>\n\n\t\t\t<!-- mostro luogo campo luogo_poi acf Eventi -->\n\t\t\t\t\t\t\t\n\t\t\t\t<div class=\"info_list_ev\">\n\t\t\t\t\t<span aria-hidden=\"true\" class=\"mkdf-icon-font-elegant icon_pin mkdf-icon-element\" style=\"font-size:14px\"><\/span>\n\t\t\t\t\t\n\t\t\t\t\t\t\t\t\t\tChiesa di San Filippo Neri\n\t\t\t\t\t\n\t\t\t\t<\/div>\n\t\t\t\t\n\n\t\t\t<div class=\"info_list_ev\">\n\t\t\t\t<span aria-hidden=\"true\" class=\"mkdf-icon-font-elegant icon_clock mkdf-icon-element\" style=\"font-size:14px\"><\/span>\n\t\t\t\t16:00\t\t\t<\/div>\n\n\t\t\t<div class=\"info_list_ev\">\n\t\t\t\t<span aria-hidden=\"true\" class=\"mkdf-icon-font-elegant icon_star mkdf-icon-element\" style=\"font-size:14px\"><\/span>\n\t\t\t\tMostre\t\t\t<\/div>\n\t\t\t\n\t\t\t\n\t\t<\/div><!-- .tribe-events-list-event-description -->\n\n\t\t<\/div><!-- .listeventi_shortcode -->\n\n\n      \n\t\t<div class=\"listeventi_shortcode_row vc_row\">\n\n\t\t<div class=\"wpb_column vc_column_container vc_col-sm-12 vc_col-lg-3 vc_col-md-3\">\n\t\t<!-- Event Image -->\n\t\t<div class=\"tribe-events-event-image\"><a href=\"https:\/\/www.visitfermo.it\/it\/eventi\/descensus-ad-inferos-i-dannati-di-dante\/\" tabindex=\"-1\"><img loading=\"lazy\" decoding=\"async\" width=\"300\" height=\"212\" src=\"https:\/\/www.visitfermo.it\/wp-content\/uploads\/2021\/11\/Descensus-ad-Inferos-300x212.jpg\" class=\"attachment-medium size-medium wp-post-image\" alt=\"\" srcset=\"https:\/\/www.visitfermo.it\/wp-content\/uploads\/2021\/11\/Descensus-ad-Inferos-300x212.jpg 300w, https:\/\/www.visitfermo.it\/wp-content\/uploads\/2021\/11\/Descensus-ad-Inferos.jpg 650w\" sizes=\"auto, (max-width: 300px) 100vw, 300px\" \/><\/a><\/div>\t  <\/div>\n\n\t\t<div class=\"entry-summary wpb_column vc_column_container vc_col-sm-12 vc_col-lg-9 vc_col-md-9\">\n\n\t\t\t<!-- Mostro data evento -->\n\t\t\t<div class=\"datalist_ev\">\n\t\t\t\t<span aria-hidden=\"true\" class=\"mkdf-icon-font-elegant icon_calendar mkdf-icon-element\" style=\"font-size:14px\"><\/span>\n\t\t\t\tDal 20 Novembre 2021 al 08 Dicembre 2021\t\t\t<\/div><!-- datalist_ev-->\n\n\t\t\t<!-- Event Title -->\n\t\t\t\t\t\t<h3 class=\"tribe-events-list-event-title\">\n\t\t\t\t<a class=\"tribe-event-url\" href=\"https:\/\/www.visitfermo.it\/it\/eventi\/descensus-ad-inferos-i-dannati-di-dante\/\" title=\"Descensus ad inferos. I &#8220;dannati&#8221; di Dante\" rel=\"bookmark\">\n\t\t\t\t\tDescensus ad inferos. I &#8220;dannati&#8221; di Dante\t\t\t\t<\/a>\n\t\t\t<\/h3>\n\n\t\t\t<!-- mostro campo sottotitolo -->\n\t\t\t\n\n\n\n\t\t\t<h4>evento inserito nelle manifestazioni di Fermo per Dante<\/h4>\n\t\t\t<p><p><em>Disegni di<\/em> <strong>Paolo Pagliacci<\/strong><br \/>\n<em>Testi di<\/em> <strong>Giovanni Zamponi<\/strong><\/p>\n<\/p>\n\n\t\t\t<!-- mostro luogo campo luogo_poi acf Eventi -->\n\t\t\t\t\t\t\t\n\t\t\t\t<div class=\"info_list_ev\">\n\t\t\t\t\t<span aria-hidden=\"true\" class=\"mkdf-icon-font-elegant icon_pin mkdf-icon-element\" style=\"font-size:14px\"><\/span>\n\t\t\t\t\t\n\t\t\t\t\t\t\t\t\t\tPalazzo dei Priori\n\t\t\t\t\t\t\t\t\t\t- Sala incontri\t\t\t\t\t\n\t\t\t\t<\/div>\n\t\t\t\t\n\n\t\t\t<div class=\"info_list_ev\">\n\t\t\t\t<span aria-hidden=\"true\" class=\"mkdf-icon-font-elegant icon_clock mkdf-icon-element\" style=\"font-size:14px\"><\/span>\n\t\t\t\t16:00\t\t\t<\/div>\n\n\t\t\t<div class=\"info_list_ev\">\n\t\t\t\t<span aria-hidden=\"true\" class=\"mkdf-icon-font-elegant icon_star mkdf-icon-element\" style=\"font-size:14px\"><\/span>\n\t\t\t\tMostre\t\t\t<\/div>\n\t\t\t\n\t\t\t\n\t\t<\/div><!-- .tribe-events-list-event-description -->\n\n\t\t<\/div><!-- .listeventi_shortcode -->\n\n\n      \n\t\t<div class=\"listeventi_shortcode_row vc_row\">\n\n\t\t<div class=\"wpb_column vc_column_container vc_col-sm-12 vc_col-lg-3 vc_col-md-3\">\n\t\t<!-- Event Image -->\n\t\t<div class=\"tribe-events-event-image\"><a href=\"https:\/\/www.visitfermo.it\/it\/eventi\/puer-natus-est\/\" tabindex=\"-1\"><img loading=\"lazy\" decoding=\"async\" width=\"300\" height=\"200\" src=\"https:\/\/www.visitfermo.it\/wp-content\/uploads\/2021\/11\/nativita-presepe-300x200.jpg\" class=\"attachment-medium size-medium wp-post-image\" alt=\"\" srcset=\"https:\/\/www.visitfermo.it\/wp-content\/uploads\/2021\/11\/nativita-presepe-300x200.jpg 300w, https:\/\/www.visitfermo.it\/wp-content\/uploads\/2021\/11\/nativita-presepe-768x512.jpg 768w, https:\/\/www.visitfermo.it\/wp-content\/uploads\/2021\/11\/nativita-presepe.jpg 1024w\" sizes=\"auto, (max-width: 300px) 100vw, 300px\" \/><\/a><\/div>\t  <\/div>\n\n\t\t<div class=\"entry-summary wpb_column vc_column_container vc_col-sm-12 vc_col-lg-9 vc_col-md-9\">\n\n\t\t\t<!-- Mostro data evento -->\n\t\t\t<div class=\"datalist_ev\">\n\t\t\t\t<span aria-hidden=\"true\" class=\"mkdf-icon-font-elegant icon_calendar mkdf-icon-element\" style=\"font-size:14px\"><\/span>\n\t\t\t\tDal 08 Dicembre 2021 al 02 Febbraio 2022\t\t\t<\/div><!-- datalist_ev-->\n\n\t\t\t<!-- Event Title -->\n\t\t\t\t\t\t<h3 class=\"tribe-events-list-event-title\">\n\t\t\t\t<a class=\"tribe-event-url\" href=\"https:\/\/www.visitfermo.it\/it\/eventi\/puer-natus-est\/\" title=\"Puer Natus est\" rel=\"bookmark\">\n\t\t\t\t\tPuer Natus est\t\t\t\t<\/a>\n\t\t\t<\/h3>\n\n\t\t\t<!-- mostro campo sottotitolo -->\n\t\t\t\n\n\n\n\t\t\t<h4><\/h4>\n\t\t\t<p><p><strong>Mostra di presepi<\/strong><br \/>\n<em>a cura del presepista<\/em> <strong>Andrea Pistolesi <\/strong><em>Monte San Giusto<\/em><\/p>\n<\/p>\n\n\t\t\t<!-- mostro luogo campo luogo_poi acf Eventi -->\n\t\t\t\t\t\t\t\n\t\t\t\t<div class=\"info_list_ev\">\n\t\t\t\t\t<span aria-hidden=\"true\" class=\"mkdf-icon-font-elegant icon_pin mkdf-icon-element\" style=\"font-size:14px\"><\/span>\n\t\t\t\t\t\n\t\t\t\t\t\t\t\t\t\tCattedrale di Santa Maria Assunta\n\t\t\t\t\t\t\t\t\t\t- Cappella Immacolata\t\t\t\t\t\n\t\t\t\t<\/div>\n\t\t\t\t\n\n\t\t\t<div class=\"info_list_ev\">\n\t\t\t\t<span aria-hidden=\"true\" class=\"mkdf-icon-font-elegant icon_clock mkdf-icon-element\" style=\"font-size:14px\"><\/span>\n\t\t\t\t17:00\t\t\t<\/div>\n\n\t\t\t<div class=\"info_list_ev\">\n\t\t\t\t<span aria-hidden=\"true\" class=\"mkdf-icon-font-elegant icon_star mkdf-icon-element\" style=\"font-size:14px\"><\/span>\n\t\t\t\tMostre\t\t\t<\/div>\n\t\t\t\n\t\t\t\n\t\t<\/div><!-- .tribe-events-list-event-description -->\n\n\t\t<\/div><!-- .listeventi_shortcode -->\n\n\n      \n\t\t<div class=\"listeventi_shortcode_row vc_row\">\n\n\t\t<div class=\"wpb_column vc_column_container vc_col-sm-12 vc_col-lg-3 vc_col-md-3\">\n\t\t<!-- Event Image -->\n\t\t<div class=\"tribe-events-event-image\"><a href=\"https:\/\/www.visitfermo.it\/it\/eventi\/fermo-la-citta-del-presepe\/\" tabindex=\"-1\"><img loading=\"lazy\" decoding=\"async\" width=\"300\" height=\"169\" src=\"https:\/\/www.visitfermo.it\/wp-content\/uploads\/2021\/11\/mostra-di-presepi-300x169.jpg\" class=\"attachment-medium size-medium wp-post-image\" alt=\"\" srcset=\"https:\/\/www.visitfermo.it\/wp-content\/uploads\/2021\/11\/mostra-di-presepi-300x169.jpg 300w, https:\/\/www.visitfermo.it\/wp-content\/uploads\/2021\/11\/mostra-di-presepi-1024x576.jpg 1024w, https:\/\/www.visitfermo.it\/wp-content\/uploads\/2021\/11\/mostra-di-presepi-768x432.jpg 768w, https:\/\/www.visitfermo.it\/wp-content\/uploads\/2021\/11\/mostra-di-presepi.jpg 1320w\" sizes=\"auto, (max-width: 300px) 100vw, 300px\" \/><\/a><\/div>\t  <\/div>\n\n\t\t<div class=\"entry-summary wpb_column vc_column_container vc_col-sm-12 vc_col-lg-9 vc_col-md-9\">\n\n\t\t\t<!-- Mostro data evento -->\n\t\t\t<div class=\"datalist_ev\">\n\t\t\t\t<span aria-hidden=\"true\" class=\"mkdf-icon-font-elegant icon_calendar mkdf-icon-element\" style=\"font-size:14px\"><\/span>\n\t\t\t\tDal 08 Dicembre 2021 al 06 Gennaio 2022\t\t\t<\/div><!-- datalist_ev-->\n\n\t\t\t<!-- Event Title -->\n\t\t\t\t\t\t<h3 class=\"tribe-events-list-event-title\">\n\t\t\t\t<a class=\"tribe-event-url\" href=\"https:\/\/www.visitfermo.it\/it\/eventi\/fermo-la-citta-del-presepe\/\" title=\"Fermo la Citt\u00e0 del Presepe\" rel=\"bookmark\">\n\t\t\t\t\tFermo la Citt\u00e0 del Presepe\t\t\t\t<\/a>\n\t\t\t<\/h3>\n\n\t\t\t<!-- mostro campo sottotitolo -->\n\t\t\t\n\n\n\n\t\t\t<h4>Fermo Magica e lo spettacolo del Natale<\/h4>\n\t\t\t<p><p><strong>Mostra di presepi<\/strong><\/p>\n<\/p>\n\n\t\t\t<!-- mostro luogo campo luogo_poi acf Eventi -->\n\t\t\t\t\t\t\t\n\t\t\t\t<div class=\"info_list_ev\">\n\t\t\t\t\t<span aria-hidden=\"true\" class=\"mkdf-icon-font-elegant icon_pin mkdf-icon-element\" style=\"font-size:14px\"><\/span>\n\t\t\t\t\t\n\t\t\t\t\t\t\t\t\t\tPiccole Cisterne romane\n\t\t\t\t\t\n\t\t\t\t<\/div>\n\t\t\t\t\n\n\t\t\t<div class=\"info_list_ev\">\n\t\t\t\t<span aria-hidden=\"true\" class=\"mkdf-icon-font-elegant icon_clock mkdf-icon-element\" style=\"font-size:14px\"><\/span>\n\t\t\t\t16:00\t\t\t<\/div>\n\n\t\t\t<div class=\"info_list_ev\">\n\t\t\t\t<span aria-hidden=\"true\" class=\"mkdf-icon-font-elegant icon_star mkdf-icon-element\" style=\"font-size:14px\"><\/span>\n\t\t\t\tMostre\t\t\t<\/div>\n\t\t\t\n\t\t\t\n\t\t<\/div><!-- .tribe-events-list-event-description -->\n\n\t\t<\/div><!-- .listeventi_shortcode -->\n\n\n      \n\t\t<div class=\"listeventi_shortcode_row vc_row\">\n\n\t\t<div class=\"wpb_column vc_column_container vc_col-sm-12 vc_col-lg-3 vc_col-md-3\">\n\t\t<!-- Event Image -->\n\t\t<div class=\"tribe-events-event-image\"><a href=\"https:\/\/www.visitfermo.it\/it\/eventi\/fermo-visioni-extra-ordinarie\/\" tabindex=\"-1\"><img loading=\"lazy\" decoding=\"async\" width=\"295\" height=\"300\" src=\"https:\/\/www.visitfermo.it\/wp-content\/uploads\/2021\/11\/visioni-extraordinarie-295x300.jpg\" class=\"attachment-medium size-medium wp-post-image\" alt=\"\" srcset=\"https:\/\/www.visitfermo.it\/wp-content\/uploads\/2021\/11\/visioni-extraordinarie-295x300.jpg 295w, https:\/\/www.visitfermo.it\/wp-content\/uploads\/2021\/11\/visioni-extraordinarie.jpg 536w\" sizes=\"auto, (max-width: 295px) 100vw, 295px\" \/><\/a><\/div>\t  <\/div>\n\n\t\t<div class=\"entry-summary wpb_column vc_column_container vc_col-sm-12 vc_col-lg-9 vc_col-md-9\">\n\n\t\t\t<!-- Mostro data evento -->\n\t\t\t<div class=\"datalist_ev\">\n\t\t\t\t<span aria-hidden=\"true\" class=\"mkdf-icon-font-elegant icon_calendar mkdf-icon-element\" style=\"font-size:14px\"><\/span>\n\t\t\t\tDal 11 Dicembre 2021 al 16 Gennaio 2022\t\t\t<\/div><!-- datalist_ev-->\n\n\t\t\t<!-- Event Title -->\n\t\t\t\t\t\t<h3 class=\"tribe-events-list-event-title\">\n\t\t\t\t<a class=\"tribe-event-url\" href=\"https:\/\/www.visitfermo.it\/it\/eventi\/fermo-visioni-extra-ordinarie\/\" title=\"Fermo, Visioni Extra Ordinarie\" rel=\"bookmark\">\n\t\t\t\t\tFermo, Visioni Extra Ordinarie\t\t\t\t<\/a>\n\t\t\t<\/h3>\n\n\t\t\t<!-- mostro campo sottotitolo -->\n\t\t\t\n\n\n\n\t\t\t<h4><\/h4>\n\t\t\t<p><p><em>Mostra fotografica a cura di<\/em> <strong>Monja Ercoli<\/strong><br \/>\n<em>Presentazione del fotobook<\/em> <strong>Fermo. Visioni Extra Ordinarie<\/strong> (Casa Editrice Giaconi, 2021)<\/p>\n<\/p>\n\n\t\t\t<!-- mostro luogo campo luogo_poi acf Eventi -->\n\t\t\t\t\t\t\t\n\t\t\t\t<div class=\"info_list_ev\">\n\t\t\t\t\t<span aria-hidden=\"true\" class=\"mkdf-icon-font-elegant icon_pin mkdf-icon-element\" style=\"font-size:14px\"><\/span>\n\t\t\t\t\t\n\t\t\t\t\t\t\t\t\t\tTerminal Mario Dondero\n\t\t\t\t\t\n\t\t\t\t<\/div>\n\t\t\t\t\n\n\t\t\t<div class=\"info_list_ev\">\n\t\t\t\t<span aria-hidden=\"true\" class=\"mkdf-icon-font-elegant icon_clock mkdf-icon-element\" style=\"font-size:14px\"><\/span>\n\t\t\t\t15:00\t\t\t<\/div>\n\n\t\t\t<div class=\"info_list_ev\">\n\t\t\t\t<span aria-hidden=\"true\" class=\"mkdf-icon-font-elegant icon_star mkdf-icon-element\" style=\"font-size:14px\"><\/span>\n\t\t\t\tMostre\t\t\t<\/div>\n\t\t\t\n\t\t\t\n\t\t<\/div><!-- .tribe-events-list-event-description -->\n\n\t\t<\/div><!-- .listeventi_shortcode -->\n\n\n      \n\t\t<div class=\"listeventi_shortcode_row vc_row\">\n\n\t\t<div class=\"wpb_column vc_column_container vc_col-sm-12 vc_col-lg-3 vc_col-md-3\">\n\t\t<!-- Event Image -->\n\t\t<div class=\"tribe-events-event-image\"><a href=\"https:\/\/www.visitfermo.it\/it\/eventi\/eredita-dantesca-nella-biblioteca-civica-romolo-spezioli-di-fermo-copy\/\" tabindex=\"-1\"><img loading=\"lazy\" decoding=\"async\" width=\"300\" height=\"225\" src=\"https:\/\/www.visitfermo.it\/wp-content\/uploads\/2021\/11\/interlenghi-statue-300x225.jpg\" class=\"attachment-medium size-medium wp-post-image\" alt=\"\" srcset=\"https:\/\/www.visitfermo.it\/wp-content\/uploads\/2021\/11\/interlenghi-statue-300x225.jpg 300w, https:\/\/www.visitfermo.it\/wp-content\/uploads\/2021\/11\/interlenghi-statue-768x576.jpg 768w, https:\/\/www.visitfermo.it\/wp-content\/uploads\/2021\/11\/interlenghi-statue.jpg 800w\" sizes=\"auto, (max-width: 300px) 100vw, 300px\" \/><\/a><\/div>\t  <\/div>\n\n\t\t<div class=\"entry-summary wpb_column vc_column_container vc_col-sm-12 vc_col-lg-9 vc_col-md-9\">\n\n\t\t\t<!-- Mostro data evento -->\n\t\t\t<div class=\"datalist_ev\">\n\t\t\t\t<span aria-hidden=\"true\" class=\"mkdf-icon-font-elegant icon_calendar mkdf-icon-element\" style=\"font-size:14px\"><\/span>\n\t\t\t\tDal 17 Dicembre 2021 al 30 Gennaio 2022\t\t\t<\/div><!-- datalist_ev-->\n\n\t\t\t<!-- Event Title -->\n\t\t\t\t\t\t<h3 class=\"tribe-events-list-event-title\">\n\t\t\t\t<a class=\"tribe-event-url\" href=\"https:\/\/www.visitfermo.it\/it\/eventi\/eredita-dantesca-nella-biblioteca-civica-romolo-spezioli-di-fermo-copy\/\" title=\"Danilo Interlenghi. Mostra di disegni e caricature\" rel=\"bookmark\">\n\t\t\t\t\tDanilo Interlenghi. Mostra di disegni e caricature\t\t\t\t<\/a>\n\t\t\t<\/h3>\n\n\t\t\t<!-- mostro campo sottotitolo -->\n\t\t\t\n\n\n\n\t\t\t<h4><\/h4>\n\t\t\t<p><p>un viaggio alla scoperta del Principe della caricatura<\/p>\n<\/p>\n\n\t\t\t<!-- mostro luogo campo luogo_poi acf Eventi -->\n\t\t\t\t\t\t\t\n\t\t\t\t<div class=\"info_list_ev\">\n\t\t\t\t\t<span aria-hidden=\"true\" class=\"mkdf-icon-font-elegant icon_pin mkdf-icon-element\" style=\"font-size:14px\"><\/span>\n\t\t\t\t\t\n\t\t\t\t\t\t\t\t\t\tBiblioteca Civica Romolo Spezioli\n\t\t\t\t\t\t\t\t\t\t- Gabinetto delle Stampe e dei Disegni\t\t\t\t\t\n\t\t\t\t<\/div>\n\t\t\t\t\n\n\t\t\t<div class=\"info_list_ev\">\n\t\t\t\t<span aria-hidden=\"true\" class=\"mkdf-icon-font-elegant icon_clock mkdf-icon-element\" style=\"font-size:14px\"><\/span>\n\t\t\t\t09:00\t\t\t<\/div>\n\n\t\t\t<div class=\"info_list_ev\">\n\t\t\t\t<span aria-hidden=\"true\" class=\"mkdf-icon-font-elegant icon_star mkdf-icon-element\" style=\"font-size:14px\"><\/span>\n\t\t\t\tMostre\t\t\t<\/div>\n\t\t\t\n\t\t\t\n\t\t<\/div><!-- .tribe-events-list-event-description -->\n\n\t\t<\/div><!-- .listeventi_shortcode -->\n\n\n      \n\t\t<div class=\"listeventi_shortcode_row vc_row\">\n\n\t\t<div class=\"wpb_column vc_column_container vc_col-sm-12 vc_col-lg-3 vc_col-md-3\">\n\t\t<!-- Event Image -->\n\t\t<div class=\"tribe-events-event-image\"><a href=\"https:\/\/www.visitfermo.it\/it\/eventi\/fermo-visioni-extra-ordinarie-2\/\" tabindex=\"-1\"><img loading=\"lazy\" decoding=\"async\" width=\"295\" height=\"300\" src=\"https:\/\/www.visitfermo.it\/wp-content\/uploads\/2021\/11\/visioni-extraordinarie-295x300.jpg\" class=\"attachment-medium size-medium wp-post-image\" alt=\"\" srcset=\"https:\/\/www.visitfermo.it\/wp-content\/uploads\/2021\/11\/visioni-extraordinarie-295x300.jpg 295w, https:\/\/www.visitfermo.it\/wp-content\/uploads\/2021\/11\/visioni-extraordinarie.jpg 536w\" sizes=\"auto, (max-width: 295px) 100vw, 295px\" \/><\/a><\/div>\t  <\/div>\n\n\t\t<div class=\"entry-summary wpb_column vc_column_container vc_col-sm-12 vc_col-lg-9 vc_col-md-9\">\n\n\t\t\t<!-- Mostro data evento -->\n\t\t\t<div class=\"datalist_ev\">\n\t\t\t\t<span aria-hidden=\"true\" class=\"mkdf-icon-font-elegant icon_calendar mkdf-icon-element\" style=\"font-size:14px\"><\/span>\n\t\t\t\t29 Dicembre 2021\t\t\t<\/div><!-- datalist_ev-->\n\n\t\t\t<!-- Event Title -->\n\t\t\t\t\t\t<h3 class=\"tribe-events-list-event-title\">\n\t\t\t\t<a class=\"tribe-event-url\" href=\"https:\/\/www.visitfermo.it\/it\/eventi\/fermo-visioni-extra-ordinarie-2\/\" title=\"Fermo, Visioni Extra Ordinarie\" rel=\"bookmark\">\n\t\t\t\t\tFermo, Visioni Extra Ordinarie\t\t\t\t<\/a>\n\t\t\t<\/h3>\n\n\t\t\t<!-- mostro campo sottotitolo -->\n\t\t\t\n\n\n\n\t\t\t<h4>Degustazioni guidate di aziende del territorio fermano a cura dello Slow Food<\/h4>\n\t\t\t<p><p><em>Mostra fotografica a cura di<\/em> <strong>Monja Ercoli<\/strong><br \/>\n<em>Presentazione del fotobook<\/em> <strong>Fermo. Visioni Extra Ordinarie<\/strong> (Casa Editrice Giaconi, 2021)<\/p>\n<\/p>\n\n\t\t\t<!-- mostro luogo campo luogo_poi acf Eventi -->\n\t\t\t\t\t\t\t\n\t\t\t\t<div class=\"info_list_ev\">\n\t\t\t\t\t<span aria-hidden=\"true\" class=\"mkdf-icon-font-elegant icon_pin mkdf-icon-element\" style=\"font-size:14px\"><\/span>\n\t\t\t\t\t\n\t\t\t\t\t\t\t\t\t\tTerminal Mario Dondero\n\t\t\t\t\t\n\t\t\t\t<\/div>\n\t\t\t\t\n\n\t\t\t<div class=\"info_list_ev\">\n\t\t\t\t<span aria-hidden=\"true\" class=\"mkdf-icon-font-elegant icon_clock mkdf-icon-element\" style=\"font-size:14px\"><\/span>\n\t\t\t\t17:00\t\t\t<\/div>\n\n\t\t\t<div class=\"info_list_ev\">\n\t\t\t\t<span aria-hidden=\"true\" class=\"mkdf-icon-font-elegant icon_star mkdf-icon-element\" style=\"font-size:14px\"><\/span>\n\t\t\t\tMostre\t\t\t<\/div>\n\t\t\t\n\t\t\t\n\t\t<\/div><!-- .tribe-events-list-event-description -->\n\n\t\t<\/div><!-- .listeventi_shortcode -->\n\n\n      \n\t\t<div class=\"listeventi_shortcode_row vc_row\">\n\n\t\t<div class=\"wpb_column vc_column_container vc_col-sm-12 vc_col-lg-3 vc_col-md-3\">\n\t\t<!-- Event Image -->\n\t\t<div class=\"tribe-events-event-image\"><a href=\"https:\/\/www.visitfermo.it\/it\/eventi\/fermo-visioni-extra-ordinarie-3\/\" tabindex=\"-1\"><img loading=\"lazy\" decoding=\"async\" width=\"295\" height=\"300\" src=\"https:\/\/www.visitfermo.it\/wp-content\/uploads\/2021\/11\/visioni-extraordinarie-295x300.jpg\" class=\"attachment-medium size-medium wp-post-image\" alt=\"\" srcset=\"https:\/\/www.visitfermo.it\/wp-content\/uploads\/2021\/11\/visioni-extraordinarie-295x300.jpg 295w, https:\/\/www.visitfermo.it\/wp-content\/uploads\/2021\/11\/visioni-extraordinarie.jpg 536w\" sizes=\"auto, (max-width: 295px) 100vw, 295px\" \/><\/a><\/div>\t  <\/div>\n\n\t\t<div class=\"entry-summary wpb_column vc_column_container vc_col-sm-12 vc_col-lg-9 vc_col-md-9\">\n\n\t\t\t<!-- Mostro data evento -->\n\t\t\t<div class=\"datalist_ev\">\n\t\t\t\t<span aria-hidden=\"true\" class=\"mkdf-icon-font-elegant icon_calendar mkdf-icon-element\" style=\"font-size:14px\"><\/span>\n\t\t\t\t09 Gennaio 2022\t\t\t<\/div><!-- datalist_ev-->\n\n\t\t\t<!-- Event Title -->\n\t\t\t\t\t\t<h3 class=\"tribe-events-list-event-title\">\n\t\t\t\t<a class=\"tribe-event-url\" href=\"https:\/\/www.visitfermo.it\/it\/eventi\/fermo-visioni-extra-ordinarie-3\/\" title=\"Fermo, Visioni Extra Ordinarie\" rel=\"bookmark\">\n\t\t\t\t\tFermo, Visioni Extra Ordinarie\t\t\t\t<\/a>\n\t\t\t<\/h3>\n\n\t\t\t<!-- mostro campo sottotitolo -->\n\t\t\t\n\n\n\n\t\t\t<h4>Concerti d\u2019archi e fiati a cura degli studenti del Conservatorio G.B. Pergolesi di Fermo<\/h4>\n\t\t\t<p><p><em>Mostra fotografica a cura di<\/em> <strong>Monja Ercoli<\/strong><br \/>\n<em>Presentazione del fotobook<\/em> <strong>Fermo. Visioni Extra Ordinarie<\/strong> (Casa Editrice Giaconi, 2021)<\/p>\n<\/p>\n\n\t\t\t<!-- mostro luogo campo luogo_poi acf Eventi -->\n\t\t\t\t\t\t\t\n\t\t\t\t<div class=\"info_list_ev\">\n\t\t\t\t\t<span aria-hidden=\"true\" class=\"mkdf-icon-font-elegant icon_pin mkdf-icon-element\" style=\"font-size:14px\"><\/span>\n\t\t\t\t\t\n\t\t\t\t\t\t\t\t\t\tTerminal Mario Dondero\n\t\t\t\t\t\n\t\t\t\t<\/div>\n\t\t\t\t\n\n\t\t\t<div class=\"info_list_ev\">\n\t\t\t\t<span aria-hidden=\"true\" class=\"mkdf-icon-font-elegant icon_clock mkdf-icon-element\" style=\"font-size:14px\"><\/span>\n\t\t\t\t15:00\t\t\t<\/div>\n\n\t\t\t<div class=\"info_list_ev\">\n\t\t\t\t<span aria-hidden=\"true\" class=\"mkdf-icon-font-elegant icon_star mkdf-icon-element\" style=\"font-size:14px\"><\/span>\n\t\t\t\tMostre\t\t\t<\/div>\n\t\t\t\n\t\t\t\n\t\t<\/div><!-- .tribe-events-list-event-description -->\n\n\t\t<\/div><!-- .listeventi_shortcode -->\n\n\n      \n\t\t<div class=\"listeventi_shortcode_row vc_row\">\n\n\t\t<div class=\"wpb_column vc_column_container vc_col-sm-12 vc_col-lg-3 vc_col-md-3\">\n\t\t<!-- Event Image -->\n\t\t<div class=\"tribe-events-event-image\"><a href=\"https:\/\/www.visitfermo.it\/it\/eventi\/fermo-visioni-extra-ordinarie-4\/\" tabindex=\"-1\"><img loading=\"lazy\" decoding=\"async\" width=\"295\" height=\"300\" src=\"https:\/\/www.visitfermo.it\/wp-content\/uploads\/2021\/11\/visioni-extraordinarie-295x300.jpg\" class=\"attachment-medium size-medium wp-post-image\" alt=\"\" srcset=\"https:\/\/www.visitfermo.it\/wp-content\/uploads\/2021\/11\/visioni-extraordinarie-295x300.jpg 295w, https:\/\/www.visitfermo.it\/wp-content\/uploads\/2021\/11\/visioni-extraordinarie.jpg 536w\" sizes=\"auto, (max-width: 295px) 100vw, 295px\" \/><\/a><\/div>\t  <\/div>\n\n\t\t<div class=\"entry-summary wpb_column vc_column_container vc_col-sm-12 vc_col-lg-9 vc_col-md-9\">\n\n\t\t\t<!-- Mostro data evento -->\n\t\t\t<div class=\"datalist_ev\">\n\t\t\t\t<span aria-hidden=\"true\" class=\"mkdf-icon-font-elegant icon_calendar mkdf-icon-element\" style=\"font-size:14px\"><\/span>\n\t\t\t\tDal 15 Gennaio 2022 al 16 Gennaio 2022\t\t\t<\/div><!-- datalist_ev-->\n\n\t\t\t<!-- Event Title -->\n\t\t\t\t\t\t<h3 class=\"tribe-events-list-event-title\">\n\t\t\t\t<a class=\"tribe-event-url\" href=\"https:\/\/www.visitfermo.it\/it\/eventi\/fermo-visioni-extra-ordinarie-4\/\" title=\"Fermo, Visioni Extra Ordinarie\" rel=\"bookmark\">\n\t\t\t\t\tFermo, Visioni Extra Ordinarie\t\t\t\t<\/a>\n\t\t\t<\/h3>\n\n\t\t\t<!-- mostro campo sottotitolo -->\n\t\t\t\n\n\n\n\t\t\t<h4><\/h4>\n\t\t\t<p><p><strong>Finissage<\/strong> della mostra fotografica <strong>Fermo Visioni Extra Ordinarie<\/strong> in compagnia dell\u2019autrice Monia Marchionni<\/p>\n<\/p>\n\n\t\t\t<!-- mostro luogo campo luogo_poi acf Eventi -->\n\t\t\t\t\t\t\t\n\t\t\t\t<div class=\"info_list_ev\">\n\t\t\t\t\t<span aria-hidden=\"true\" class=\"mkdf-icon-font-elegant icon_pin mkdf-icon-element\" style=\"font-size:14px\"><\/span>\n\t\t\t\t\t\n\t\t\t\t\t\t\t\t\t\tTerminal Mario Dondero\n\t\t\t\t\t\n\t\t\t\t<\/div>\n\t\t\t\t\n\n\t\t\t<div class=\"info_list_ev\">\n\t\t\t\t<span aria-hidden=\"true\" class=\"mkdf-icon-font-elegant icon_clock mkdf-icon-element\" style=\"font-size:14px\"><\/span>\n\t\t\t\t17:00\t\t\t<\/div>\n\n\t\t\t<div class=\"info_list_ev\">\n\t\t\t\t<span aria-hidden=\"true\" class=\"mkdf-icon-font-elegant icon_star mkdf-icon-element\" style=\"font-size:14px\"><\/span>\n\t\t\t\tMostre\t\t\t<\/div>\n\t\t\t\n\t\t\t\n\t\t<\/div><!-- .tribe-events-list-event-description -->\n\n\t\t<\/div><!-- .listeventi_shortcode -->\n\n\n      <div class=\"myrow navigationpage align_center\"><div class='wp-pagenavi' role='navigation'>\n<span aria-current='page' class='current'>1<\/span><a class=\"page larger\" title=\"Page 2\" href=\"https:\/\/www.visitfermo.it\/it\/wp-json\/wp\/v2\/pages\/8819\/page\/2\">2<\/a><a class=\"page larger\" title=\"Page 3\" href=\"https:\/\/www.visitfermo.it\/it\/wp-json\/wp\/v2\/pages\/8819\/page\/3\">3<\/a><a class=\"page larger\" title=\"Page 4\" href=\"https:\/\/www.visitfermo.it\/it\/wp-json\/wp\/v2\/pages\/8819\/page\/4\">4<\/a><a class=\"page larger\" title=\"Page 5\" href=\"https:\/\/www.visitfermo.it\/it\/wp-json\/wp\/v2\/pages\/8819\/page\/5\">5<\/a><span class='extend'>...<\/span><a class=\"nextpostslink\" rel=\"next\" aria-label=\"Next Page\" href=\"https:\/\/www.visitfermo.it\/it\/wp-json\/wp\/v2\/pages\/8819\/page\/2\">&gt;<\/a><a class=\"last\" aria-label=\"Last Page\" href=\"https:\/\/www.visitfermo.it\/it\/wp-json\/wp\/v2\/pages\/8819\/page\/6\">Ultima \u00bb<\/a>\n<\/div><\/div>[\/vc_column][\/vc_row][vc_row row_content_width=&#8221;grid&#8221; content_text_aligment=&#8221;center&#8221; css=&#8221;.vc_custom_1635520438602{padding-bottom: 50px !important;}&#8221;][vc_column]<a itemprop=\"url\" href=\"https:\/\/www.visitfermo.it\/it\/mostre\" target=\"_self\" style=\"margin: 10px 20px\" class=\"mkdf-btn mkdf-btn-large mkdf-btn-outline\"  >\n    <span class=\"mkdf-btn-text\">Vai alle mostre in corso<\/span>\n    <\/a>[\/vc_column][\/vc_row]<\/p>\n<\/div>","protected":false},"excerpt":{"rendered":"<p>[vc_row row_content_width=&#8221;grid&#8221; css=&#8221;.vc_custom_1635005856345{padding-top: 100px !important;}&#8221;][vc_column][vc_column_text el_class=&#8221;testo-intro&#8221;]Sono tantissimi i luoghi in citt\u00e0 adibiti ad accogliere mostre di ogni tipo: Palazzo dei Priori \u00e8 il &#8220;salotto buono&#8221; dedicato principalmente all&#8217;arte classica, la Chiesa di San Filippo Neri \u00e8 di per s\u00e9 un gioiello di arte barocca impreziosito dagli eventi che ospita mentre il Terminal, abbellito dalle opere del fermano Sandro Trotti, \u00e8 l&#8217;ultima arrivata tra le strutture museali ed \u00e8 un perfetto polo di arte contemporanea per exhibit e convegni. E non finisce qui, perch\u00e9 la street art di FUM [&hellip;]<\/p>\n","protected":false},"author":2,"featured_media":0,"parent":0,"menu_order":0,"comment_status":"closed","ping_status":"closed","template":"full-width.php","meta":{"_acf_changed":false,"footnotes":""},"class_list":["post-8819","page","type-page","status-publish","hentry","cat_mostre"],"acf":[],"yoast_head":"<!-- This site is optimized with the Yoast SEO plugin v26.5 - https:\/\/yoast.com\/wordpress\/plugins\/seo\/ -->\n<title>Archivio mostre passate - Visit Fermo<\/title>\n<meta name=\"robots\" content=\"index, follow, max-snippet:-1, max-image-preview:large, max-video-preview:-1\" \/>\n<link rel=\"canonical\" href=\"https:\/\/www.visitfermo.it\/it\/archivio-mostre\" \/>\n<meta property=\"og:locale\" content=\"it_IT\" \/>\n<meta property=\"og:type\" content=\"article\" \/>\n<meta property=\"og:title\" content=\"Archivio mostre passate - Visit Fermo\" \/>\n<meta property=\"og:description\" content=\"[vc_row row_content_width=&#8221;grid&#8221; css=&#8221;.vc_custom_1635005856345{padding-top: 100px !important;}&#8221;][vc_column][vc_column_text el_class=&#8221;testo-intro&#8221;]Sono tantissimi i luoghi in citt\u00e0 adibiti ad accogliere mostre di ogni tipo: Palazzo dei Priori \u00e8 il &#8220;salotto buono&#8221; dedicato principalmente all&#8217;arte classica, la Chiesa di San Filippo Neri \u00e8 di per s\u00e9 un gioiello di arte barocca impreziosito dagli eventi che ospita mentre il Terminal, abbellito dalle opere del fermano Sandro Trotti, \u00e8 l&#8217;ultima arrivata tra le strutture museali ed \u00e8 un perfetto polo di arte contemporanea per exhibit e convegni. E non finisce qui, perch\u00e9 la street art di FUM [&hellip;]\" \/>\n<meta property=\"og:url\" content=\"https:\/\/www.visitfermo.it\/it\/archivio-mostre\" \/>\n<meta property=\"og:site_name\" content=\"Visit Fermo\" \/>\n<meta property=\"article:publisher\" content=\"https:\/\/www.facebook.com\/VstFermo\/\" \/>\n<meta property=\"article:modified_time\" content=\"2023-01-30T08:52:21+00:00\" \/>\n<meta name=\"twitter:card\" content=\"summary_large_image\" \/>\n<meta name=\"twitter:site\" content=\"@FermoTurismo\" \/>\n<meta name=\"twitter:label1\" content=\"Est. reading time\" \/>\n\t<meta name=\"twitter:data1\" content=\"1 minute\" \/>\n<script type=\"application\/ld+json\" class=\"yoast-schema-graph\">{\"@context\":\"https:\/\/schema.org\",\"@graph\":[{\"@type\":\"WebPage\",\"@id\":\"https:\/\/www.visitfermo.it\/it\/archivio-mostre\",\"url\":\"https:\/\/www.visitfermo.it\/it\/archivio-mostre\",\"name\":\"Archivio mostre passate - Visit Fermo\",\"isPartOf\":{\"@id\":\"https:\/\/www.visitfermo.it\/it\/#website\"},\"datePublished\":\"2021-11-03T11:19:19+00:00\",\"dateModified\":\"2023-01-30T08:52:21+00:00\",\"breadcrumb\":{\"@id\":\"https:\/\/www.visitfermo.it\/it\/archivio-mostre#breadcrumb\"},\"inLanguage\":\"it\",\"potentialAction\":[{\"@type\":\"ReadAction\",\"target\":[\"https:\/\/www.visitfermo.it\/it\/archivio-mostre\"]}]},{\"@type\":\"BreadcrumbList\",\"@id\":\"https:\/\/www.visitfermo.it\/it\/archivio-mostre#breadcrumb\",\"itemListElement\":[{\"@type\":\"ListItem\",\"position\":1,\"name\":\"Home\",\"item\":\"https:\/\/www.visitfermo.it\/it\"},{\"@type\":\"ListItem\",\"position\":2,\"name\":\"Archivio mostre passate\"}]},{\"@type\":\"WebSite\",\"@id\":\"https:\/\/www.visitfermo.it\/it\/#website\",\"url\":\"https:\/\/www.visitfermo.it\/it\/\",\"name\":\"Visit Fermo\",\"description\":\"Fermo a place for me\",\"publisher\":{\"@id\":\"https:\/\/www.visitfermo.it\/it\/#organization\"},\"potentialAction\":[{\"@type\":\"SearchAction\",\"target\":{\"@type\":\"EntryPoint\",\"urlTemplate\":\"https:\/\/www.visitfermo.it\/it\/?s={search_term_string}\"},\"query-input\":{\"@type\":\"PropertyValueSpecification\",\"valueRequired\":true,\"valueName\":\"search_term_string\"}}],\"inLanguage\":\"it\"},{\"@type\":\"Organization\",\"@id\":\"https:\/\/www.visitfermo.it\/it\/#organization\",\"name\":\"Visit Fermo\",\"url\":\"https:\/\/www.visitfermo.it\/it\/\",\"logo\":{\"@type\":\"ImageObject\",\"inLanguage\":\"it\",\"@id\":\"https:\/\/www.visitfermo.it\/it\/#\/schema\/logo\/image\/\",\"url\":\"https:\/\/www.visitfermo.it\/wp-content\/uploads\/2018\/02\/logo-fermo-a-place-for-me-giallo.png\",\"contentUrl\":\"https:\/\/www.visitfermo.it\/wp-content\/uploads\/2018\/02\/logo-fermo-a-place-for-me-giallo.png\",\"width\":453,\"height\":230,\"caption\":\"Visit Fermo\"},\"image\":{\"@id\":\"https:\/\/www.visitfermo.it\/it\/#\/schema\/logo\/image\/\"},\"sameAs\":[\"https:\/\/www.facebook.com\/VstFermo\/\",\"https:\/\/x.com\/FermoTurismo\",\"https:\/\/www.instagram.com\/visitfermo\/\",\"https:\/\/www.youtube.com\/c\/VisitFermo\"]}]}<\/script>\n<!-- \/ Yoast SEO plugin. -->","yoast_head_json":{"title":"Archivio mostre passate - Visit Fermo","robots":{"index":"index","follow":"follow","max-snippet":"max-snippet:-1","max-image-preview":"max-image-preview:large","max-video-preview":"max-video-preview:-1"},"canonical":"https:\/\/www.visitfermo.it\/it\/archivio-mostre","og_locale":"it_IT","og_type":"article","og_title":"Archivio mostre passate - Visit Fermo","og_description":"[vc_row row_content_width=&#8221;grid&#8221; css=&#8221;.vc_custom_1635005856345{padding-top: 100px !important;}&#8221;][vc_column][vc_column_text el_class=&#8221;testo-intro&#8221;]Sono tantissimi i luoghi in citt\u00e0 adibiti ad accogliere mostre di ogni tipo: Palazzo dei Priori \u00e8 il &#8220;salotto buono&#8221; dedicato principalmente all&#8217;arte classica, la Chiesa di San Filippo Neri \u00e8 di per s\u00e9 un gioiello di arte barocca impreziosito dagli eventi che ospita mentre il Terminal, abbellito dalle opere del fermano Sandro Trotti, \u00e8 l&#8217;ultima arrivata tra le strutture museali ed \u00e8 un perfetto polo di arte contemporanea per exhibit e convegni. E non finisce qui, perch\u00e9 la street art di FUM [&hellip;]","og_url":"https:\/\/www.visitfermo.it\/it\/archivio-mostre","og_site_name":"Visit Fermo","article_publisher":"https:\/\/www.facebook.com\/VstFermo\/","article_modified_time":"2023-01-30T08:52:21+00:00","twitter_card":"summary_large_image","twitter_site":"@FermoTurismo","twitter_misc":{"Est. reading time":"1 minute"},"schema":{"@context":"https:\/\/schema.org","@graph":[{"@type":"WebPage","@id":"https:\/\/www.visitfermo.it\/it\/archivio-mostre","url":"https:\/\/www.visitfermo.it\/it\/archivio-mostre","name":"Archivio mostre passate - Visit Fermo","isPartOf":{"@id":"https:\/\/www.visitfermo.it\/it\/#website"},"datePublished":"2021-11-03T11:19:19+00:00","dateModified":"2023-01-30T08:52:21+00:00","breadcrumb":{"@id":"https:\/\/www.visitfermo.it\/it\/archivio-mostre#breadcrumb"},"inLanguage":"it","potentialAction":[{"@type":"ReadAction","target":["https:\/\/www.visitfermo.it\/it\/archivio-mostre"]}]},{"@type":"BreadcrumbList","@id":"https:\/\/www.visitfermo.it\/it\/archivio-mostre#breadcrumb","itemListElement":[{"@type":"ListItem","position":1,"name":"Home","item":"https:\/\/www.visitfermo.it\/it"},{"@type":"ListItem","position":2,"name":"Archivio mostre passate"}]},{"@type":"WebSite","@id":"https:\/\/www.visitfermo.it\/it\/#website","url":"https:\/\/www.visitfermo.it\/it\/","name":"Visit Fermo","description":"Fermo a place for me","publisher":{"@id":"https:\/\/www.visitfermo.it\/it\/#organization"},"potentialAction":[{"@type":"SearchAction","target":{"@type":"EntryPoint","urlTemplate":"https:\/\/www.visitfermo.it\/it\/?s={search_term_string}"},"query-input":{"@type":"PropertyValueSpecification","valueRequired":true,"valueName":"search_term_string"}}],"inLanguage":"it"},{"@type":"Organization","@id":"https:\/\/www.visitfermo.it\/it\/#organization","name":"Visit Fermo","url":"https:\/\/www.visitfermo.it\/it\/","logo":{"@type":"ImageObject","inLanguage":"it","@id":"https:\/\/www.visitfermo.it\/it\/#\/schema\/logo\/image\/","url":"https:\/\/www.visitfermo.it\/wp-content\/uploads\/2018\/02\/logo-fermo-a-place-for-me-giallo.png","contentUrl":"https:\/\/www.visitfermo.it\/wp-content\/uploads\/2018\/02\/logo-fermo-a-place-for-me-giallo.png","width":453,"height":230,"caption":"Visit Fermo"},"image":{"@id":"https:\/\/www.visitfermo.it\/it\/#\/schema\/logo\/image\/"},"sameAs":["https:\/\/www.facebook.com\/VstFermo\/","https:\/\/x.com\/FermoTurismo","https:\/\/www.instagram.com\/visitfermo\/","https:\/\/www.youtube.com\/c\/VisitFermo"]}]}},"_links":{"self":[{"href":"https:\/\/www.visitfermo.it\/it\/wp-json\/wp\/v2\/pages\/8819","targetHints":{"allow":["GET"]}}],"collection":[{"href":"https:\/\/www.visitfermo.it\/it\/wp-json\/wp\/v2\/pages"}],"about":[{"href":"https:\/\/www.visitfermo.it\/it\/wp-json\/wp\/v2\/types\/page"}],"author":[{"embeddable":true,"href":"https:\/\/www.visitfermo.it\/it\/wp-json\/wp\/v2\/users\/2"}],"replies":[{"embeddable":true,"href":"https:\/\/www.visitfermo.it\/it\/wp-json\/wp\/v2\/comments?post=8819"}],"version-history":[{"count":3,"href":"https:\/\/www.visitfermo.it\/it\/wp-json\/wp\/v2\/pages\/8819\/revisions"}],"predecessor-version":[{"id":22325,"href":"https:\/\/www.visitfermo.it\/it\/wp-json\/wp\/v2\/pages\/8819\/revisions\/22325"}],"wp:attachment":[{"href":"https:\/\/www.visitfermo.it\/it\/wp-json\/wp\/v2\/media?parent=8819"}],"curies":[{"name":"wp","href":"https:\/\/api.w.org\/{rel}","templated":true}]}}