{"id":6664,"date":"2021-10-08T16:49:59","date_gmt":"2021-10-08T16:49:59","guid":{"rendered":"https:\/\/visitfermo.it\/eventi-da-non-perdere\/cavalcata-dell-assunta\/le-contrade-copy"},"modified":"2022-04-07T17:34:02","modified_gmt":"2022-04-07T16:34:02","slug":"la-storia-della-cavalcata-dell-assunta","status":"publish","type":"page","link":"https:\/\/www.visitfermo.it\/it\/eventi-da-non-perdere\/cavalcata-dell-assunta\/la-storia-della-cavalcata-dell-assunta","title":{"rendered":"La storia della Cavalcata dell&#8217;Assunta"},"content":{"rendered":"<div class=\"wpb-content-wrapper\"><p>[vc_row row_content_width=&#8221;grid&#8221; css=&#8221;.vc_custom_1633623597793{padding-top: 100px !important;}&#8221;][vc_column][vc_column_text el_class=&#8221;testo-intro&#8221;]<strong>La Cavalcata dell\u2019Assunta<\/strong>, fiore all\u2019occhiello della lunga e ricca storia di Fermo, <strong>nasce per celebrare l\u2019Assunzione della Vergine Maria, Santa Patrona della citt\u00e0<\/strong>.[\/vc_column_text][vc_empty_space height=&#8221;50px&#8221;][vc_column_text el_class=&#8221;testo&#8221;]Le radici di questo culto affondano nel cuore del tempo: infatti, la Vergine era celebrata tra le mura fermane gi\u00e0 dal V secolo, quando sorgeva sul colle del Girfalco la cattedrale di Santa Maria in Castello, costruita proprio in suo onore. Il Museo Diocesano di Fermo conserva anche un reliquario ad ostensorio del XVIII secolo, al cui interno \u00e8 contenuto un frammento del velo di Maria.<\/p>\n<p>Sono invece databili intorno all\u2019<strong>anno 1000 i documenti in cui per la prima volta si rintracciano attestazioni scritte delle celebrazioni dedicate alla Vergine<\/strong>, pur in assenza di descrizioni pi\u00f9 dettagliate che spiegassero lo svolgimento di eventuali feste e tradizioni solidificate. Si pu\u00f2 comunque affermare con certezza, grazie a verificate fonti storiche, che gi\u00e0 a quell\u2019epoca alcuni comuni e castelli dei dintorni avevano stabilito di celebrare un palio nella citt\u00e0 di Fermo con cadenza annuale.<\/p>\n<p>Sono tuttavia gli <strong>\u201cStatuti Fermanorum\u201d<\/strong>, risalenti al tardo Quattordicesimo secolo, a <strong>fornire per la prima volta una descrizione della Cavalcata<\/strong>. Gli Statuti infatti erano un insieme di regole e leggi atte a favorire il governo della citt\u00e0, regole e leggi che lasciavano ugualmente spazio anche alle celebrazioni religiose che univano i cittadini una volta l\u2019anno.<\/p>\n<p>Prezioso documento successivo \u00e8 poi la Pagina miniata da Giovanni di Ugolino da Milano e contenuta nel \u201c<strong>Messale de Firmonibus<\/strong>\u201d, uno splendido codice miniato oggi conservato al Museo Diocesano cittadino. Questo reperto storico \u00e8 prezioso e significativo perch\u00e9 ci permette ancora oggi di <strong>ammirare una illustrazione pregiata di quanto accadeva secoli fa nei giorni della Cavalcata<\/strong>, che non cessa ancora di essere un atteso appuntamento dell\u2019estate marchigiana.<\/p>\n<p><strong>Lo svolgimento del corteo nei tempi antichi \u00e8 testimoniato dai vari Ordini di sfilata<\/strong> risalenti ai secoli precedenti: il primo di questi risale addirittura al 1638.<\/p>\n<p><strong>La Cavalcata consisteva<\/strong> infatti <strong>in una sfilata a cavallo che<\/strong>, partendo dalla Chiesa di Santa Lucia, <strong>attraversava il Corso per raggiungere la Piazza Grande e terminare poi nel punto pi\u00f9 alto della citt\u00e0<\/strong>, da cui le zone intorno venivano dominate gi\u00e0 con lo sguardo: la collina del Girfalco.<\/p>\n<p><strong>Le maggiori personalit\u00e0 cittadine sfilavano<\/strong> quindi nella notte del 14 Agosto di ogni anno, <strong>mostrando a tutti i concittadini il loro sfarzo<\/strong>, la loro potenza e importanza all\u2019interno della societ\u00e0 fermana: il Podest\u00e0, il Capitano del Popolo, il Vessillifero di Giustizia e i Priori delle Contrade. Oltre a questi, seguivano nella sfilata i Delegati dei Castelli del Contado e i Rappresentanti delle Corporazioni.<\/p>\n<p><strong>Le contrade erano state istituite gi\u00e0 dalla met\u00e0 del Tredicesimo secolo<\/strong>, anche se allora <strong>erano solo sei: Pila, San Bartolomeo, Campolege, Fiorenza, San Martino e Castello<\/strong>; attualmente sono dieci, poich\u00e9 si sono aggiunte quelle dette \u201cforanee\u201d, cio\u00e8 fuori dalle mura del centro storico. Queste ultime sono: Torre di Palme, Molini Girola, Campiglione e Capodarco.<\/p>\n<p><strong>La vera e propria \u201cCorsa del Palio\u201d si svolgeva infine nella mattinata del 15 Agosto<\/strong>: i fantini dovevano coprire nel minor tempo possibile la strada da \u201cvia maris\u201d, nei pressi della Porta di San Francesco, fino alla Cattedrale. Nel pomeriggio ci si incontrava nuovamente per assistere agli antichi giochi della giostra dell\u2019anello e del gioco dei tori.[\/vc_column_text][\/vc_column][\/vc_row][vc_row row_content_width=&#8221;grid&#8221; content_text_aligment=&#8221;center&#8221; css=&#8221;.vc_custom_1633712064287{padding-top: 50px !important;padding-bottom: 100px !important;}&#8221;][vc_column]<a itemprop=\"url\" href=\"https:\/\/www.visitfermo.it\/it\/eventi-da-non-perdere\/cavalcata-dell-assunta\" target=\"_self\" style=\"margin: 10px 20px\" class=\"mkdf-btn mkdf-btn-medium mkdf-btn-simple\"  >\n    <span class=\"mkdf-btn-text\">indietro<\/span>\n    <\/a>[\/vc_column][\/vc_row]<\/p>\n<\/div>","protected":false},"excerpt":{"rendered":"<p>[vc_row row_content_width=&#8221;grid&#8221; css=&#8221;.vc_custom_1633623597793{padding-top: 100px !important;}&#8221;][vc_column][vc_column_text el_class=&#8221;testo-intro&#8221;]La Cavalcata dell\u2019Assunta, fiore all\u2019occhiello della lunga e ricca storia di Fermo, nasce per celebrare l\u2019Assunzione della Vergine Maria, Santa Patrona della citt\u00e0.[\/vc_column_text][vc_empty_space height=&#8221;50px&#8221;][vc_column_text el_class=&#8221;testo&#8221;]Le radici di questo culto affondano nel cuore del tempo: infatti, la Vergine era celebrata tra le mura fermane gi\u00e0 dal V secolo, quando sorgeva sul colle del Girfalco la cattedrale di Santa Maria in Castello, costruita proprio in suo onore. Il Museo Diocesano di Fermo conserva anche un reliquario ad ostensorio del XVIII secolo, al cui interno \u00e8 [&hellip;]<\/p>\n","protected":false},"author":2,"featured_media":0,"parent":6618,"menu_order":0,"comment_status":"closed","ping_status":"closed","template":"full-width.php","meta":{"_acf_changed":false,"footnotes":""},"class_list":["post-6664","page","type-page","status-publish","hentry"],"acf":[],"yoast_head":"<!-- This site is optimized with the Yoast SEO plugin v26.5 - https:\/\/yoast.com\/wordpress\/plugins\/seo\/ -->\n<title>La storia della Cavalcata dell&#039;Assunta - Visit Fermo<\/title>\n<meta name=\"robots\" content=\"index, follow, max-snippet:-1, max-image-preview:large, max-video-preview:-1\" \/>\n<link rel=\"canonical\" href=\"https:\/\/www.visitfermo.it\/it\/eventi-da-non-perdere\/cavalcata-dell-assunta\/la-storia-della-cavalcata-dell-assunta\" \/>\n<meta property=\"og:locale\" content=\"it_IT\" \/>\n<meta property=\"og:type\" content=\"article\" \/>\n<meta property=\"og:title\" content=\"La storia della Cavalcata dell&#039;Assunta - Visit Fermo\" \/>\n<meta property=\"og:description\" content=\"[vc_row row_content_width=&#8221;grid&#8221; css=&#8221;.vc_custom_1633623597793{padding-top: 100px !important;}&#8221;][vc_column][vc_column_text el_class=&#8221;testo-intro&#8221;]La Cavalcata dell\u2019Assunta, fiore all\u2019occhiello della lunga e ricca storia di Fermo, nasce per celebrare l\u2019Assunzione della Vergine Maria, Santa Patrona della citt\u00e0.[\/vc_column_text][vc_empty_space height=&#8221;50px&#8221;][vc_column_text el_class=&#8221;testo&#8221;]Le radici di questo culto affondano nel cuore del tempo: infatti, la Vergine era celebrata tra le mura fermane gi\u00e0 dal V secolo, quando sorgeva sul colle del Girfalco la cattedrale di Santa Maria in Castello, costruita proprio in suo onore. Il Museo Diocesano di Fermo conserva anche un reliquario ad ostensorio del XVIII secolo, al cui interno \u00e8 [&hellip;]\" \/>\n<meta property=\"og:url\" content=\"https:\/\/www.visitfermo.it\/it\/eventi-da-non-perdere\/cavalcata-dell-assunta\/la-storia-della-cavalcata-dell-assunta\" \/>\n<meta property=\"og:site_name\" content=\"Visit Fermo\" \/>\n<meta property=\"article:publisher\" content=\"https:\/\/www.facebook.com\/VstFermo\/\" \/>\n<meta property=\"article:modified_time\" content=\"2022-04-07T16:34:02+00:00\" \/>\n<meta name=\"twitter:card\" content=\"summary_large_image\" \/>\n<meta name=\"twitter:site\" content=\"@FermoTurismo\" \/>\n<meta name=\"twitter:label1\" content=\"Est. reading time\" \/>\n\t<meta name=\"twitter:data1\" content=\"3 minutes\" \/>\n<script type=\"application\/ld+json\" class=\"yoast-schema-graph\">{\"@context\":\"https:\/\/schema.org\",\"@graph\":[{\"@type\":\"WebPage\",\"@id\":\"https:\/\/www.visitfermo.it\/it\/eventi-da-non-perdere\/cavalcata-dell-assunta\/la-storia-della-cavalcata-dell-assunta\",\"url\":\"https:\/\/www.visitfermo.it\/it\/eventi-da-non-perdere\/cavalcata-dell-assunta\/la-storia-della-cavalcata-dell-assunta\",\"name\":\"La storia della Cavalcata dell'Assunta - Visit Fermo\",\"isPartOf\":{\"@id\":\"https:\/\/www.visitfermo.it\/it\/#website\"},\"datePublished\":\"2021-10-08T16:49:59+00:00\",\"dateModified\":\"2022-04-07T16:34:02+00:00\",\"breadcrumb\":{\"@id\":\"https:\/\/www.visitfermo.it\/it\/eventi-da-non-perdere\/cavalcata-dell-assunta\/la-storia-della-cavalcata-dell-assunta#breadcrumb\"},\"inLanguage\":\"it\",\"potentialAction\":[{\"@type\":\"ReadAction\",\"target\":[\"https:\/\/www.visitfermo.it\/it\/eventi-da-non-perdere\/cavalcata-dell-assunta\/la-storia-della-cavalcata-dell-assunta\"]}]},{\"@type\":\"BreadcrumbList\",\"@id\":\"https:\/\/www.visitfermo.it\/it\/eventi-da-non-perdere\/cavalcata-dell-assunta\/la-storia-della-cavalcata-dell-assunta#breadcrumb\",\"itemListElement\":[{\"@type\":\"ListItem\",\"position\":1,\"name\":\"Home\",\"item\":\"https:\/\/www.visitfermo.it\/it\"},{\"@type\":\"ListItem\",\"position\":2,\"name\":\"Eventi da non perdere\",\"item\":\"https:\/\/www.visitfermo.it\/it\/eventi-da-non-perdere\"},{\"@type\":\"ListItem\",\"position\":3,\"name\":\"Cavalcata dell&#8217;Assunta\",\"item\":\"https:\/\/www.visitfermo.it\/it\/eventi-da-non-perdere\/cavalcata-dell-assunta\"},{\"@type\":\"ListItem\",\"position\":4,\"name\":\"La storia della Cavalcata dell&#8217;Assunta\"}]},{\"@type\":\"WebSite\",\"@id\":\"https:\/\/www.visitfermo.it\/it\/#website\",\"url\":\"https:\/\/www.visitfermo.it\/it\/\",\"name\":\"Visit Fermo\",\"description\":\"Fermo a place for me\",\"publisher\":{\"@id\":\"https:\/\/www.visitfermo.it\/it\/#organization\"},\"potentialAction\":[{\"@type\":\"SearchAction\",\"target\":{\"@type\":\"EntryPoint\",\"urlTemplate\":\"https:\/\/www.visitfermo.it\/it\/?s={search_term_string}\"},\"query-input\":{\"@type\":\"PropertyValueSpecification\",\"valueRequired\":true,\"valueName\":\"search_term_string\"}}],\"inLanguage\":\"it\"},{\"@type\":\"Organization\",\"@id\":\"https:\/\/www.visitfermo.it\/it\/#organization\",\"name\":\"Visit Fermo\",\"url\":\"https:\/\/www.visitfermo.it\/it\/\",\"logo\":{\"@type\":\"ImageObject\",\"inLanguage\":\"it\",\"@id\":\"https:\/\/www.visitfermo.it\/it\/#\/schema\/logo\/image\/\",\"url\":\"https:\/\/www.visitfermo.it\/wp-content\/uploads\/2018\/02\/logo-fermo-a-place-for-me-giallo.png\",\"contentUrl\":\"https:\/\/www.visitfermo.it\/wp-content\/uploads\/2018\/02\/logo-fermo-a-place-for-me-giallo.png\",\"width\":453,\"height\":230,\"caption\":\"Visit Fermo\"},\"image\":{\"@id\":\"https:\/\/www.visitfermo.it\/it\/#\/schema\/logo\/image\/\"},\"sameAs\":[\"https:\/\/www.facebook.com\/VstFermo\/\",\"https:\/\/x.com\/FermoTurismo\",\"https:\/\/www.instagram.com\/visitfermo\/\",\"https:\/\/www.youtube.com\/c\/VisitFermo\"]}]}<\/script>\n<!-- \/ Yoast SEO plugin. -->","yoast_head_json":{"title":"La storia della Cavalcata dell'Assunta - Visit Fermo","robots":{"index":"index","follow":"follow","max-snippet":"max-snippet:-1","max-image-preview":"max-image-preview:large","max-video-preview":"max-video-preview:-1"},"canonical":"https:\/\/www.visitfermo.it\/it\/eventi-da-non-perdere\/cavalcata-dell-assunta\/la-storia-della-cavalcata-dell-assunta","og_locale":"it_IT","og_type":"article","og_title":"La storia della Cavalcata dell'Assunta - Visit Fermo","og_description":"[vc_row row_content_width=&#8221;grid&#8221; css=&#8221;.vc_custom_1633623597793{padding-top: 100px !important;}&#8221;][vc_column][vc_column_text el_class=&#8221;testo-intro&#8221;]La Cavalcata dell\u2019Assunta, fiore all\u2019occhiello della lunga e ricca storia di Fermo, nasce per celebrare l\u2019Assunzione della Vergine Maria, Santa Patrona della citt\u00e0.[\/vc_column_text][vc_empty_space height=&#8221;50px&#8221;][vc_column_text el_class=&#8221;testo&#8221;]Le radici di questo culto affondano nel cuore del tempo: infatti, la Vergine era celebrata tra le mura fermane gi\u00e0 dal V secolo, quando sorgeva sul colle del Girfalco la cattedrale di Santa Maria in Castello, costruita proprio in suo onore. Il Museo Diocesano di Fermo conserva anche un reliquario ad ostensorio del XVIII secolo, al cui interno \u00e8 [&hellip;]","og_url":"https:\/\/www.visitfermo.it\/it\/eventi-da-non-perdere\/cavalcata-dell-assunta\/la-storia-della-cavalcata-dell-assunta","og_site_name":"Visit Fermo","article_publisher":"https:\/\/www.facebook.com\/VstFermo\/","article_modified_time":"2022-04-07T16:34:02+00:00","twitter_card":"summary_large_image","twitter_site":"@FermoTurismo","twitter_misc":{"Est. reading time":"3 minutes"},"schema":{"@context":"https:\/\/schema.org","@graph":[{"@type":"WebPage","@id":"https:\/\/www.visitfermo.it\/it\/eventi-da-non-perdere\/cavalcata-dell-assunta\/la-storia-della-cavalcata-dell-assunta","url":"https:\/\/www.visitfermo.it\/it\/eventi-da-non-perdere\/cavalcata-dell-assunta\/la-storia-della-cavalcata-dell-assunta","name":"La storia della Cavalcata dell'Assunta - Visit Fermo","isPartOf":{"@id":"https:\/\/www.visitfermo.it\/it\/#website"},"datePublished":"2021-10-08T16:49:59+00:00","dateModified":"2022-04-07T16:34:02+00:00","breadcrumb":{"@id":"https:\/\/www.visitfermo.it\/it\/eventi-da-non-perdere\/cavalcata-dell-assunta\/la-storia-della-cavalcata-dell-assunta#breadcrumb"},"inLanguage":"it","potentialAction":[{"@type":"ReadAction","target":["https:\/\/www.visitfermo.it\/it\/eventi-da-non-perdere\/cavalcata-dell-assunta\/la-storia-della-cavalcata-dell-assunta"]}]},{"@type":"BreadcrumbList","@id":"https:\/\/www.visitfermo.it\/it\/eventi-da-non-perdere\/cavalcata-dell-assunta\/la-storia-della-cavalcata-dell-assunta#breadcrumb","itemListElement":[{"@type":"ListItem","position":1,"name":"Home","item":"https:\/\/www.visitfermo.it\/it"},{"@type":"ListItem","position":2,"name":"Eventi da non perdere","item":"https:\/\/www.visitfermo.it\/it\/eventi-da-non-perdere"},{"@type":"ListItem","position":3,"name":"Cavalcata dell&#8217;Assunta","item":"https:\/\/www.visitfermo.it\/it\/eventi-da-non-perdere\/cavalcata-dell-assunta"},{"@type":"ListItem","position":4,"name":"La storia della Cavalcata dell&#8217;Assunta"}]},{"@type":"WebSite","@id":"https:\/\/www.visitfermo.it\/it\/#website","url":"https:\/\/www.visitfermo.it\/it\/","name":"Visit Fermo","description":"Fermo a place for me","publisher":{"@id":"https:\/\/www.visitfermo.it\/it\/#organization"},"potentialAction":[{"@type":"SearchAction","target":{"@type":"EntryPoint","urlTemplate":"https:\/\/www.visitfermo.it\/it\/?s={search_term_string}"},"query-input":{"@type":"PropertyValueSpecification","valueRequired":true,"valueName":"search_term_string"}}],"inLanguage":"it"},{"@type":"Organization","@id":"https:\/\/www.visitfermo.it\/it\/#organization","name":"Visit Fermo","url":"https:\/\/www.visitfermo.it\/it\/","logo":{"@type":"ImageObject","inLanguage":"it","@id":"https:\/\/www.visitfermo.it\/it\/#\/schema\/logo\/image\/","url":"https:\/\/www.visitfermo.it\/wp-content\/uploads\/2018\/02\/logo-fermo-a-place-for-me-giallo.png","contentUrl":"https:\/\/www.visitfermo.it\/wp-content\/uploads\/2018\/02\/logo-fermo-a-place-for-me-giallo.png","width":453,"height":230,"caption":"Visit Fermo"},"image":{"@id":"https:\/\/www.visitfermo.it\/it\/#\/schema\/logo\/image\/"},"sameAs":["https:\/\/www.facebook.com\/VstFermo\/","https:\/\/x.com\/FermoTurismo","https:\/\/www.instagram.com\/visitfermo\/","https:\/\/www.youtube.com\/c\/VisitFermo"]}]}},"_links":{"self":[{"href":"https:\/\/www.visitfermo.it\/it\/wp-json\/wp\/v2\/pages\/6664","targetHints":{"allow":["GET"]}}],"collection":[{"href":"https:\/\/www.visitfermo.it\/it\/wp-json\/wp\/v2\/pages"}],"about":[{"href":"https:\/\/www.visitfermo.it\/it\/wp-json\/wp\/v2\/types\/page"}],"author":[{"embeddable":true,"href":"https:\/\/www.visitfermo.it\/it\/wp-json\/wp\/v2\/users\/2"}],"replies":[{"embeddable":true,"href":"https:\/\/www.visitfermo.it\/it\/wp-json\/wp\/v2\/comments?post=6664"}],"version-history":[{"count":10,"href":"https:\/\/www.visitfermo.it\/it\/wp-json\/wp\/v2\/pages\/6664\/revisions"}],"predecessor-version":[{"id":6667,"href":"https:\/\/www.visitfermo.it\/it\/wp-json\/wp\/v2\/pages\/6664\/revisions\/6667"}],"up":[{"embeddable":true,"href":"https:\/\/www.visitfermo.it\/it\/wp-json\/wp\/v2\/pages\/6618"}],"wp:attachment":[{"href":"https:\/\/www.visitfermo.it\/it\/wp-json\/wp\/v2\/media?parent=6664"}],"curies":[{"name":"wp","href":"https:\/\/api.w.org\/{rel}","templated":true}]}}