{"id":6634,"date":"2021-10-08T15:55:44","date_gmt":"2021-10-08T15:55:44","guid":{"rendered":"https:\/\/visitfermo.it\/eventi-da-non-perdere\/cavalcata-dell-assunta-copy"},"modified":"2022-04-07T17:48:57","modified_gmt":"2022-04-07T16:48:57","slug":"le-contrade","status":"publish","type":"page","link":"https:\/\/www.visitfermo.it\/it\/eventi-da-non-perdere\/cavalcata-dell-assunta\/le-contrade","title":{"rendered":"Le Contrade della Cavalcata dell&#8217;Assunta"},"content":{"rendered":"<div class=\"wpb-content-wrapper\"><p>[vc_row row_content_width=&#8221;grid&#8221; css=&#8221;.vc_custom_1633623597793{padding-top: 100px !important;}&#8221;][vc_column][vc_column_text el_class=&#8221;testo-intro&#8221;]Le contrade \u201cstoriche\u201d della citt\u00e0 sono sei: Castello, San Martino, Campolege, Fiorenza, San Bartolomeo, Pila, ad esse se ne sono aggiunte altre quattro, dette \u201cforanee\u201d, cio\u00e8 al di fuori delle mura del centro storico: Torre di Palme, Capodarco, Campiglione e Molini Girola.[\/vc_column_text][vc_empty_space height=&#8221;100px&#8221;][vc_row_inner equal_height=&#8221;yes&#8221;][vc_column_inner width=&#8221;1\/4&#8243; css=&#8221;.vc_custom_1633709985008{padding-bottom: 30px !important;}&#8221;]<div class=\"mkdf-single-image-holder   \">\n    <div class=\"mkdf-si-inner\" >\n                                    <img loading=\"lazy\" decoding=\"async\" width=\"615\" height=\"627\" src=\"https:\/\/www.visitfermo.it\/wp-content\/uploads\/2018\/02\/Cavalcata-dellAssunta-Stemma-contrada-Campiglione.png\" class=\"attachment-full size-full\" alt=\"\" srcset=\"https:\/\/www.visitfermo.it\/wp-content\/uploads\/2018\/02\/Cavalcata-dellAssunta-Stemma-contrada-Campiglione.png 615w, https:\/\/www.visitfermo.it\/wp-content\/uploads\/2018\/02\/Cavalcata-dellAssunta-Stemma-contrada-Campiglione-294x300.png 294w\" sizes=\"auto, (max-width: 615px) 100vw, 615px\" \/>                        <\/div>\n<\/div>[\/vc_column_inner][vc_column_inner width=&#8221;1\/4&#8243; css=&#8221;.vc_custom_1633710676669{padding-bottom: 100px !important;}&#8221;][vc_column_text el_class=&#8221;testo&#8221;]<\/p>\n<h3>Contrada Campiglione<\/h3>\n<p>\u00c8\u00a0una delle <strong>contrade \u201cforanee\u201d<\/strong>, dunque posizionate fuori dalle mura. Ciononostante, la sua esistenza \u00e8 attestata da numerosi documenti antichissimi, come un atto dell\u2019ottobre 996 a firma del vescovo fermano Uberto che chiama il quartiere <em>Campoliolus<\/em> o quello del 10 giugno 1214, in cui si nomina <em>Castrum Campolioli<\/em>. <strong>Rappresenta la corporazione dei lanai.<\/strong>[\/vc_column_text][\/vc_column_inner][vc_column_inner width=&#8221;1\/4&#8243; css=&#8221;.vc_custom_1633709989741{padding-bottom: 30px !important;}&#8221;]<div class=\"mkdf-single-image-holder   \">\n    <div class=\"mkdf-si-inner\" >\n                                    <img loading=\"lazy\" decoding=\"async\" width=\"605\" height=\"612\" src=\"https:\/\/www.visitfermo.it\/wp-content\/uploads\/2018\/02\/Cavalcata-dellAssunta-Stemma-contrada-Campolege.png\" class=\"attachment-full size-full\" alt=\"\" srcset=\"https:\/\/www.visitfermo.it\/wp-content\/uploads\/2018\/02\/Cavalcata-dellAssunta-Stemma-contrada-Campolege.png 605w, https:\/\/www.visitfermo.it\/wp-content\/uploads\/2018\/02\/Cavalcata-dellAssunta-Stemma-contrada-Campolege-297x300.png 297w\" sizes=\"auto, (max-width: 605px) 100vw, 605px\" \/>                        <\/div>\n<\/div>[\/vc_column_inner][vc_column_inner width=&#8221;1\/4&#8243; css=&#8221;.vc_custom_1633710682699{padding-bottom: 100px !important;}&#8221;][vc_column_text el_class=&#8221;testo&#8221;]<\/p>\n<h3>Contrada Campolege<\/h3>\n<p>\u00c8 la <strong>contrada Campolege<\/strong> reca nel suo <strong>stemma un gladio e una biscia viscontea<\/strong>. Questi elementi derivano dalle possibili ipotesi circa le origini del nome della Contrada: il gladio rende omaggio alle legioni romane di Ottaviano che costruirono il nucleo della citt\u00e0 Augustea, oggi detta Campoleggio. La seconda ipotesi, legata alla biscia viscontea, \u00e8 che il nome sia un omaggio a Giovanni Visconti d\u2019Oleggio, che govern\u00f2 la citt\u00e0 dal 1360 al 1366. <strong>Campolege rappresenta la corporazione dei vasai e fabbri.<\/strong>[\/vc_column_text][\/vc_column_inner][\/vc_row_inner][vc_row_inner equal_height=&#8221;yes&#8221;][vc_column_inner width=&#8221;1\/4&#8243; css=&#8221;.vc_custom_1633710000968{padding-bottom: 30px !important;}&#8221;]<div class=\"mkdf-single-image-holder   \">\n    <div class=\"mkdf-si-inner\" >\n                                    <img loading=\"lazy\" decoding=\"async\" width=\"585\" height=\"609\" src=\"https:\/\/www.visitfermo.it\/wp-content\/uploads\/2018\/02\/Cavalcata-dellAssunta-Stemma-contrada-Capodarco.png\" class=\"attachment-full size-full\" alt=\"\" srcset=\"https:\/\/www.visitfermo.it\/wp-content\/uploads\/2018\/02\/Cavalcata-dellAssunta-Stemma-contrada-Capodarco.png 585w, https:\/\/www.visitfermo.it\/wp-content\/uploads\/2018\/02\/Cavalcata-dellAssunta-Stemma-contrada-Capodarco-288x300.png 288w\" sizes=\"auto, (max-width: 585px) 100vw, 585px\" \/>                        <\/div>\n<\/div>[\/vc_column_inner][vc_column_inner width=&#8221;1\/4&#8243; css=&#8221;.vc_custom_1633710688376{padding-bottom: 100px !important;}&#8221;][vc_column_text el_class=&#8221;testo&#8221;]<\/p>\n<h3>Contrada Capodarco<\/h3>\n<p><strong>\u00c8 la pi\u00f9 estesa delle quattro contrade al di fuori delle mura.<\/strong> Probabilmente la zona era gi\u00e0 occupata all\u2019inizio del XII secolo da un castello, il cui consiglio generale collaborava con la vicinissima Fermo in occasioni particolari. Lo <strong>stemma di Capodarco<\/strong> rappresenta appunto <strong>un arco<\/strong>;<strong> la corporazione<\/strong> di professioni pi\u00f9 importante \u00e8 quella <strong>dei canestrai e crivellai<\/strong>, anche se lavoravano qui anche artigiani e agricoltori.[\/vc_column_text][\/vc_column_inner][vc_column_inner width=&#8221;1\/4&#8243; css=&#8221;.vc_custom_1633709995385{padding-bottom: 30px !important;}&#8221;]<div class=\"mkdf-single-image-holder   \">\n    <div class=\"mkdf-si-inner\" >\n                                    <img loading=\"lazy\" decoding=\"async\" width=\"616\" height=\"644\" src=\"https:\/\/www.visitfermo.it\/wp-content\/uploads\/2018\/02\/Cavalcata-dellAssunta-Stemma-contrada-Castello.png\" class=\"attachment-full size-full\" alt=\"\" srcset=\"https:\/\/www.visitfermo.it\/wp-content\/uploads\/2018\/02\/Cavalcata-dellAssunta-Stemma-contrada-Castello.png 616w, https:\/\/www.visitfermo.it\/wp-content\/uploads\/2018\/02\/Cavalcata-dellAssunta-Stemma-contrada-Castello-287x300.png 287w\" sizes=\"auto, (max-width: 616px) 100vw, 616px\" \/>                        <\/div>\n<\/div>[\/vc_column_inner][vc_column_inner width=&#8221;1\/4&#8243; css=&#8221;.vc_custom_1633710695024{padding-bottom: 100px !important;}&#8221;][vc_column_text el_class=&#8221;testo&#8221;]<\/p>\n<h3>Contrada Castello<\/h3>\n<p>\u00c8 <strong>una delle pi\u00f9 antiche della citt\u00e0 di Fermo<\/strong>, essendo stata istituita nel XIII secolo. L\u2019area su cui originariamente si estendeva \u00e8 quella corrispondente alla spianata del Girfalco. Il suo <strong>stemma, un leone rampante con ramo di cotogno<\/strong>, ricorda infatti quello della famiglia Sforza, che govern\u00f2 Fermo fino al 1446, legando la propria presenza al Castello del Girfalco. Questo venne distrutto nella sollevazione popolare che segu\u00ec la fine del loro dominio. La contrada rappresenta speziali, tabernai e orafi.[\/vc_column_text][\/vc_column_inner][\/vc_row_inner][vc_row_inner equal_height=&#8221;yes&#8221;][vc_column_inner width=&#8221;1\/4&#8243; css=&#8221;.vc_custom_1633710000968{padding-bottom: 30px !important;}&#8221;]<div class=\"mkdf-single-image-holder   \">\n    <div class=\"mkdf-si-inner\" >\n                                    <img loading=\"lazy\" decoding=\"async\" width=\"616\" height=\"617\" src=\"https:\/\/www.visitfermo.it\/wp-content\/uploads\/2018\/02\/Cavalcata-dellAssunta-Stemma-contrada-Fiorenza.png\" class=\"attachment-full size-full\" alt=\"\" srcset=\"https:\/\/www.visitfermo.it\/wp-content\/uploads\/2018\/02\/Cavalcata-dellAssunta-Stemma-contrada-Fiorenza.png 616w, https:\/\/www.visitfermo.it\/wp-content\/uploads\/2018\/02\/Cavalcata-dellAssunta-Stemma-contrada-Fiorenza-300x300.png 300w, https:\/\/www.visitfermo.it\/wp-content\/uploads\/2018\/02\/Cavalcata-dellAssunta-Stemma-contrada-Fiorenza-550x550.png 550w\" sizes=\"auto, (max-width: 616px) 100vw, 616px\" \/>                        <\/div>\n<\/div>[\/vc_column_inner][vc_column_inner width=&#8221;1\/4&#8243; css=&#8221;.vc_custom_1633710688376{padding-bottom: 100px !important;}&#8221;][vc_column_text el_class=&#8221;testo&#8221;]<\/p>\n<h3>Contrada Fiorenza<\/h3>\n<p>Nacque intorno all\u2019anno mille, circondata dalle mura repubblicane e augustee. <strong>All\u2019inizio ospitava soprattutto il ceto popolare<\/strong>, fino alla fine del Quattordicesimo secolo, quando vi si stanziarono importanti famiglie come quella degli Euffreducci. Oliverotto Euffreducci infatti, discendente della nobile famiglia, govern\u00f2 la citt\u00e0 per un periodo. Appartiene a questa famiglia l\u2019omonimo palazzo, che ospita il Liceo Classico \u201cAnnibal Caro\u201d, uno dei pi\u00f9 antichi in Italia. <strong>La contrada rappresenta la corporazione dei cappellai.<\/strong>[\/vc_column_text][\/vc_column_inner][vc_column_inner width=&#8221;1\/4&#8243; css=&#8221;.vc_custom_1633709995385{padding-bottom: 30px !important;}&#8221;]<div class=\"mkdf-single-image-holder   \">\n    <div class=\"mkdf-si-inner\" >\n                                    <img loading=\"lazy\" decoding=\"async\" width=\"612\" height=\"623\" src=\"https:\/\/www.visitfermo.it\/wp-content\/uploads\/2018\/02\/Cavalcata-dellAssunta-Stemma-contrada-Molini-Girola.png\" class=\"attachment-full size-full\" alt=\"\" srcset=\"https:\/\/www.visitfermo.it\/wp-content\/uploads\/2018\/02\/Cavalcata-dellAssunta-Stemma-contrada-Molini-Girola.png 612w, https:\/\/www.visitfermo.it\/wp-content\/uploads\/2018\/02\/Cavalcata-dellAssunta-Stemma-contrada-Molini-Girola-295x300.png 295w\" sizes=\"auto, (max-width: 612px) 100vw, 612px\" \/>                        <\/div>\n<\/div>[\/vc_column_inner][vc_column_inner width=&#8221;1\/4&#8243; css=&#8221;.vc_custom_1633710695024{padding-bottom: 100px !important;}&#8221;][vc_column_text el_class=&#8221;testo&#8221;]<\/p>\n<h3>Contrada Molini Girola<\/h3>\n<p>Area nota per la <strong>presenza<\/strong>, come \u00e8 intuibile dallo stemma, <strong>dei mulini, rappresenta infatti la corporazione dei mugnai<\/strong>. La grande opera di irrigazione della zona fu possibile grazie alla presenza del fiume Tenna, in riva al quale si insediarono anche i Piceni, primi abitanti dell\u2019area fermana. Altre attivit\u00e0 commerciali svolte dagli operosi abitanti di Molini Girola furono anche la tessitura, la filatura e la concia di pelli.[\/vc_column_text][\/vc_column_inner][\/vc_row_inner][vc_row_inner equal_height=&#8221;yes&#8221;][vc_column_inner width=&#8221;1\/4&#8243; css=&#8221;.vc_custom_1633710000968{padding-bottom: 30px !important;}&#8221;]<div class=\"mkdf-single-image-holder   \">\n    <div class=\"mkdf-si-inner\" >\n                                    <img loading=\"lazy\" decoding=\"async\" width=\"557\" height=\"573\" src=\"https:\/\/www.visitfermo.it\/wp-content\/uploads\/2018\/02\/Cavalcata-dellAssunta-Stemma-contrada-Pila.png\" class=\"attachment-full size-full\" alt=\"\" srcset=\"https:\/\/www.visitfermo.it\/wp-content\/uploads\/2018\/02\/Cavalcata-dellAssunta-Stemma-contrada-Pila.png 557w, https:\/\/www.visitfermo.it\/wp-content\/uploads\/2018\/02\/Cavalcata-dellAssunta-Stemma-contrada-Pila-292x300.png 292w\" sizes=\"auto, (max-width: 557px) 100vw, 557px\" \/>                        <\/div>\n<\/div>[\/vc_column_inner][vc_column_inner width=&#8221;1\/4&#8243; css=&#8221;.vc_custom_1633710688376{padding-bottom: 100px !important;}&#8221;][vc_column_text el_class=&#8221;testo&#8221;]<\/p>\n<h3>Contrada Pila<\/h3>\n<p><strong>\u00c8 una delle contrade pi\u00f9 antiche<\/strong>: \u00e8 sul suo territorio che risiedevano <strong>le pi\u00f9 importanti famiglie fermane<\/strong> ed \u00e8 per questo che Pila fu al centro di importanti vicende politiche del Quindicesimo secolo. Proveniva da questa contrada Tomaso Paccaroni, figura fondamentale nell\u2019epilogo delle tensioni tra gli Sforza e il Papato, che voleva riacquisire i territori marchigiani che i primi avevano sottratto. \u00c8 tradizionalmente <strong>la contrada dei sarti e dei fornaciari<\/strong>.[\/vc_column_text][\/vc_column_inner][vc_column_inner width=&#8221;1\/4&#8243; css=&#8221;.vc_custom_1633709995385{padding-bottom: 30px !important;}&#8221;]<div class=\"mkdf-single-image-holder   \">\n    <div class=\"mkdf-si-inner\" >\n                                    <img loading=\"lazy\" decoding=\"async\" width=\"641\" height=\"650\" src=\"https:\/\/www.visitfermo.it\/wp-content\/uploads\/2018\/02\/Cavalcata-dellAssunta-Stemma-contrada-San-Bartolomeo.png\" class=\"attachment-full size-full\" alt=\"\" srcset=\"https:\/\/www.visitfermo.it\/wp-content\/uploads\/2018\/02\/Cavalcata-dellAssunta-Stemma-contrada-San-Bartolomeo.png 641w, https:\/\/www.visitfermo.it\/wp-content\/uploads\/2018\/02\/Cavalcata-dellAssunta-Stemma-contrada-San-Bartolomeo-296x300.png 296w\" sizes=\"auto, (max-width: 641px) 100vw, 641px\" \/>                        <\/div>\n<\/div>[\/vc_column_inner][vc_column_inner width=&#8221;1\/4&#8243; css=&#8221;.vc_custom_1633710695024{padding-bottom: 100px !important;}&#8221;][vc_column_text el_class=&#8221;testo&#8221;]<\/p>\n<h3>Contrada San Bartolomeo<\/h3>\n<p><strong>Contrada prettamente commerciale che ospitava le corporazioni di tintori, mulattieri, sarti, ma anche di giudici e notai.<\/strong> Forte fu nel corso del Tredicesimo secolo la presenza di comunit\u00e0 straniere che si stabilirono nella zona come gli Albanesi, gli Ebrei, i Bergamaschi. Esisteva nel quartiere anche un nucleo di commercianti benestanti che gestivano le proprie attivit\u00e0 e risiedevano proprio sopra le loro botteghe: da qui il nome della \u201cvia delle Botteghe\u201d, che taglia in due la contrada.[\/vc_column_text][\/vc_column_inner][\/vc_row_inner][vc_row_inner equal_height=&#8221;yes&#8221;][vc_column_inner width=&#8221;1\/4&#8243; css=&#8221;.vc_custom_1633710000968{padding-bottom: 30px !important;}&#8221;]<div class=\"mkdf-single-image-holder   \">\n    <div class=\"mkdf-si-inner\" >\n                                    <img loading=\"lazy\" decoding=\"async\" width=\"620\" height=\"620\" src=\"https:\/\/www.visitfermo.it\/wp-content\/uploads\/2018\/02\/Cavalcata-dellAssunta-Stemma-contrada-San-Martino.jpg\" class=\"attachment-full size-full\" alt=\"\" srcset=\"https:\/\/www.visitfermo.it\/wp-content\/uploads\/2018\/02\/Cavalcata-dellAssunta-Stemma-contrada-San-Martino.jpg 620w, https:\/\/www.visitfermo.it\/wp-content\/uploads\/2018\/02\/Cavalcata-dellAssunta-Stemma-contrada-San-Martino-300x300.jpg 300w, https:\/\/www.visitfermo.it\/wp-content\/uploads\/2018\/02\/Cavalcata-dellAssunta-Stemma-contrada-San-Martino-550x550.jpg 550w\" sizes=\"auto, (max-width: 620px) 100vw, 620px\" \/>                        <\/div>\n<\/div>[\/vc_column_inner][vc_column_inner width=&#8221;1\/4&#8243; css=&#8221;.vc_custom_1633710688376{padding-bottom: 100px !important;}&#8221;][vc_column_text el_class=&#8221;testo&#8221;]<\/p>\n<h3>Contrada San Martino<\/h3>\n<p><strong>Deve il nome alla Chiesa della Parrocchia di San Martino<\/strong>, oggi purtroppo non pi\u00f9 esistente: venne infatti demolita per poter allargare Palazzo dei Priori. Questa contrada, detta dei vinai e dei mulattieri, rappresentava <strong>il centro politico e sociale della citt\u00e0<\/strong>. Nella sua area erano infatti compresi il Palazzo del Podest\u00e0 e l\u2019ex Palazzo del Capitano del Popolo. L\u2019area pi\u00f9 a sud ospitava invece le attivit\u00e0 commerciali principali.[\/vc_column_text][\/vc_column_inner][vc_column_inner width=&#8221;1\/4&#8243; css=&#8221;.vc_custom_1633709995385{padding-bottom: 30px !important;}&#8221;]<div class=\"mkdf-single-image-holder   \">\n    <div class=\"mkdf-si-inner\" >\n                                    <img loading=\"lazy\" decoding=\"async\" width=\"608\" height=\"614\" src=\"https:\/\/www.visitfermo.it\/wp-content\/uploads\/2018\/02\/Cavalcata-dellAssunta-Stemma-contrada-Torre-di-Palme.png\" class=\"attachment-full size-full\" alt=\"\" srcset=\"https:\/\/www.visitfermo.it\/wp-content\/uploads\/2018\/02\/Cavalcata-dellAssunta-Stemma-contrada-Torre-di-Palme.png 608w, https:\/\/www.visitfermo.it\/wp-content\/uploads\/2018\/02\/Cavalcata-dellAssunta-Stemma-contrada-Torre-di-Palme-297x300.png 297w\" sizes=\"auto, (max-width: 608px) 100vw, 608px\" \/>                        <\/div>\n<\/div>[\/vc_column_inner][vc_column_inner width=&#8221;1\/4&#8243; css=&#8221;.vc_custom_1633710695024{padding-bottom: 100px !important;}&#8221;][vc_column_text el_class=&#8221;testo&#8221;]<\/p>\n<h3>Contrada Torre Di Palme<\/h3>\n<p><strong>\u00c8 la pi\u00f9 lontana dal centro di Fermo<\/strong>, ma anche quella che vanta le pi\u00f9 antiche radici nel Medioevo. Ha origine come castello e fortificazione a difesa della storica citt\u00e0 picena di Palma; il nome con cui il castello era noto anticamente era infatti <em>Castrum Turris Palmarum<\/em>. Proprio per onorare le sue origini marittime, il corteo di Torre di Palme spinge una Barca fino alla Cattedrale di Fermo in occasione della sfilata storica.[\/vc_column_text][\/vc_column_inner][\/vc_row_inner][\/vc_column][\/vc_row][vc_row row_content_width=&#8221;grid&#8221; content_text_aligment=&#8221;center&#8221; css=&#8221;.vc_custom_1633711009131{padding-bottom: 100px !important;}&#8221;][vc_column]<a itemprop=\"url\" href=\"https:\/\/www.visitfermo.it\/it\/eventi-da-non-perdere\/cavalcata-dell-assunta\" target=\"_self\" style=\"margin: 10px 20px\" class=\"mkdf-btn mkdf-btn-medium mkdf-btn-simple\"  >\n    <span class=\"mkdf-btn-text\">indietro<\/span>\n    <\/a>[\/vc_column][\/vc_row]<\/p>\n<\/div>","protected":false},"excerpt":{"rendered":"<p>[vc_row row_content_width=&#8221;grid&#8221; css=&#8221;.vc_custom_1633623597793{padding-top: 100px !important;}&#8221;][vc_column][vc_column_text el_class=&#8221;testo-intro&#8221;]Le contrade \u201cstoriche\u201d della citt\u00e0 sono sei: Castello, San Martino, Campolege, Fiorenza, San Bartolomeo, Pila, ad esse se ne sono aggiunte altre quattro, dette \u201cforanee\u201d, cio\u00e8 al di fuori delle mura del centro storico: Torre di Palme, Capodarco, Campiglione e Molini Girola.[\/vc_column_text][vc_empty_space height=&#8221;100px&#8221;][vc_row_inner equal_height=&#8221;yes&#8221;][vc_column_inner width=&#8221;1\/4&#8243; css=&#8221;.vc_custom_1633709985008{padding-bottom: 30px !important;}&#8221;][\/vc_column_inner][vc_column_inner width=&#8221;1\/4&#8243; css=&#8221;.vc_custom_1633710676669{padding-bottom: 100px !important;}&#8221;][vc_column_text el_class=&#8221;testo&#8221;] Contrada Campiglione \u00c8\u00a0una delle contrade \u201cforanee\u201d, dunque posizionate fuori dalle mura. Ciononostante, la sua esistenza \u00e8 attestata da numerosi documenti antichissimi, come un atto dell\u2019ottobre 996 a firma del vescovo [&hellip;]<\/p>\n","protected":false},"author":2,"featured_media":0,"parent":6618,"menu_order":0,"comment_status":"closed","ping_status":"closed","template":"full-width.php","meta":{"_acf_changed":false,"footnotes":""},"class_list":["post-6634","page","type-page","status-publish","hentry"],"acf":[],"yoast_head":"<!-- This site is optimized with the Yoast SEO plugin v26.5 - https:\/\/yoast.com\/wordpress\/plugins\/seo\/ -->\n<title>Le Contrade della Cavalcata dell&#039;Assunta - Visit Fermo<\/title>\n<meta name=\"robots\" content=\"index, follow, max-snippet:-1, max-image-preview:large, max-video-preview:-1\" \/>\n<link rel=\"canonical\" href=\"https:\/\/www.visitfermo.it\/it\/eventi-da-non-perdere\/cavalcata-dell-assunta\/le-contrade\" \/>\n<meta property=\"og:locale\" content=\"it_IT\" \/>\n<meta property=\"og:type\" content=\"article\" \/>\n<meta property=\"og:title\" content=\"Le Contrade della Cavalcata dell&#039;Assunta - Visit Fermo\" \/>\n<meta property=\"og:description\" content=\"[vc_row row_content_width=&#8221;grid&#8221; css=&#8221;.vc_custom_1633623597793{padding-top: 100px !important;}&#8221;][vc_column][vc_column_text el_class=&#8221;testo-intro&#8221;]Le contrade \u201cstoriche\u201d della citt\u00e0 sono sei: Castello, San Martino, Campolege, Fiorenza, San Bartolomeo, Pila, ad esse se ne sono aggiunte altre quattro, dette \u201cforanee\u201d, cio\u00e8 al di fuori delle mura del centro storico: Torre di Palme, Capodarco, Campiglione e Molini Girola.[\/vc_column_text][vc_empty_space height=&#8221;100px&#8221;][vc_row_inner equal_height=&#8221;yes&#8221;][vc_column_inner width=&#8221;1\/4&#8243; css=&#8221;.vc_custom_1633709985008{padding-bottom: 30px !important;}&#8221;][\/vc_column_inner][vc_column_inner width=&#8221;1\/4&#8243; css=&#8221;.vc_custom_1633710676669{padding-bottom: 100px !important;}&#8221;][vc_column_text el_class=&#8221;testo&#8221;] Contrada Campiglione \u00c8\u00a0una delle contrade \u201cforanee\u201d, dunque posizionate fuori dalle mura. Ciononostante, la sua esistenza \u00e8 attestata da numerosi documenti antichissimi, come un atto dell\u2019ottobre 996 a firma del vescovo [&hellip;]\" \/>\n<meta property=\"og:url\" content=\"https:\/\/www.visitfermo.it\/it\/eventi-da-non-perdere\/cavalcata-dell-assunta\/le-contrade\" \/>\n<meta property=\"og:site_name\" content=\"Visit Fermo\" \/>\n<meta property=\"article:publisher\" content=\"https:\/\/www.facebook.com\/VstFermo\/\" \/>\n<meta property=\"article:modified_time\" content=\"2022-04-07T16:48:57+00:00\" \/>\n<meta name=\"twitter:card\" content=\"summary_large_image\" \/>\n<meta name=\"twitter:site\" content=\"@FermoTurismo\" \/>\n<meta name=\"twitter:label1\" content=\"Est. reading time\" \/>\n\t<meta name=\"twitter:data1\" content=\"7 minutes\" \/>\n<script type=\"application\/ld+json\" class=\"yoast-schema-graph\">{\"@context\":\"https:\/\/schema.org\",\"@graph\":[{\"@type\":\"WebPage\",\"@id\":\"https:\/\/www.visitfermo.it\/it\/eventi-da-non-perdere\/cavalcata-dell-assunta\/le-contrade\",\"url\":\"https:\/\/www.visitfermo.it\/it\/eventi-da-non-perdere\/cavalcata-dell-assunta\/le-contrade\",\"name\":\"Le Contrade della Cavalcata dell'Assunta - Visit Fermo\",\"isPartOf\":{\"@id\":\"https:\/\/www.visitfermo.it\/it\/#website\"},\"datePublished\":\"2021-10-08T15:55:44+00:00\",\"dateModified\":\"2022-04-07T16:48:57+00:00\",\"breadcrumb\":{\"@id\":\"https:\/\/www.visitfermo.it\/it\/eventi-da-non-perdere\/cavalcata-dell-assunta\/le-contrade#breadcrumb\"},\"inLanguage\":\"it\",\"potentialAction\":[{\"@type\":\"ReadAction\",\"target\":[\"https:\/\/www.visitfermo.it\/it\/eventi-da-non-perdere\/cavalcata-dell-assunta\/le-contrade\"]}]},{\"@type\":\"BreadcrumbList\",\"@id\":\"https:\/\/www.visitfermo.it\/it\/eventi-da-non-perdere\/cavalcata-dell-assunta\/le-contrade#breadcrumb\",\"itemListElement\":[{\"@type\":\"ListItem\",\"position\":1,\"name\":\"Home\",\"item\":\"https:\/\/www.visitfermo.it\/it\"},{\"@type\":\"ListItem\",\"position\":2,\"name\":\"Eventi da non perdere\",\"item\":\"https:\/\/www.visitfermo.it\/it\/eventi-da-non-perdere\"},{\"@type\":\"ListItem\",\"position\":3,\"name\":\"Cavalcata dell&#8217;Assunta\",\"item\":\"https:\/\/www.visitfermo.it\/it\/eventi-da-non-perdere\/cavalcata-dell-assunta\"},{\"@type\":\"ListItem\",\"position\":4,\"name\":\"Le Contrade della Cavalcata dell&#8217;Assunta\"}]},{\"@type\":\"WebSite\",\"@id\":\"https:\/\/www.visitfermo.it\/it\/#website\",\"url\":\"https:\/\/www.visitfermo.it\/it\/\",\"name\":\"Visit Fermo\",\"description\":\"Fermo a place for me\",\"publisher\":{\"@id\":\"https:\/\/www.visitfermo.it\/it\/#organization\"},\"potentialAction\":[{\"@type\":\"SearchAction\",\"target\":{\"@type\":\"EntryPoint\",\"urlTemplate\":\"https:\/\/www.visitfermo.it\/it\/?s={search_term_string}\"},\"query-input\":{\"@type\":\"PropertyValueSpecification\",\"valueRequired\":true,\"valueName\":\"search_term_string\"}}],\"inLanguage\":\"it\"},{\"@type\":\"Organization\",\"@id\":\"https:\/\/www.visitfermo.it\/it\/#organization\",\"name\":\"Visit Fermo\",\"url\":\"https:\/\/www.visitfermo.it\/it\/\",\"logo\":{\"@type\":\"ImageObject\",\"inLanguage\":\"it\",\"@id\":\"https:\/\/www.visitfermo.it\/it\/#\/schema\/logo\/image\/\",\"url\":\"https:\/\/www.visitfermo.it\/wp-content\/uploads\/2018\/02\/logo-fermo-a-place-for-me-giallo.png\",\"contentUrl\":\"https:\/\/www.visitfermo.it\/wp-content\/uploads\/2018\/02\/logo-fermo-a-place-for-me-giallo.png\",\"width\":453,\"height\":230,\"caption\":\"Visit Fermo\"},\"image\":{\"@id\":\"https:\/\/www.visitfermo.it\/it\/#\/schema\/logo\/image\/\"},\"sameAs\":[\"https:\/\/www.facebook.com\/VstFermo\/\",\"https:\/\/x.com\/FermoTurismo\",\"https:\/\/www.instagram.com\/visitfermo\/\",\"https:\/\/www.youtube.com\/c\/VisitFermo\"]}]}<\/script>\n<!-- \/ Yoast SEO plugin. -->","yoast_head_json":{"title":"Le Contrade della Cavalcata dell'Assunta - Visit Fermo","robots":{"index":"index","follow":"follow","max-snippet":"max-snippet:-1","max-image-preview":"max-image-preview:large","max-video-preview":"max-video-preview:-1"},"canonical":"https:\/\/www.visitfermo.it\/it\/eventi-da-non-perdere\/cavalcata-dell-assunta\/le-contrade","og_locale":"it_IT","og_type":"article","og_title":"Le Contrade della Cavalcata dell'Assunta - Visit Fermo","og_description":"[vc_row row_content_width=&#8221;grid&#8221; css=&#8221;.vc_custom_1633623597793{padding-top: 100px !important;}&#8221;][vc_column][vc_column_text el_class=&#8221;testo-intro&#8221;]Le contrade \u201cstoriche\u201d della citt\u00e0 sono sei: Castello, San Martino, Campolege, Fiorenza, San Bartolomeo, Pila, ad esse se ne sono aggiunte altre quattro, dette \u201cforanee\u201d, cio\u00e8 al di fuori delle mura del centro storico: Torre di Palme, Capodarco, Campiglione e Molini Girola.[\/vc_column_text][vc_empty_space height=&#8221;100px&#8221;][vc_row_inner equal_height=&#8221;yes&#8221;][vc_column_inner width=&#8221;1\/4&#8243; css=&#8221;.vc_custom_1633709985008{padding-bottom: 30px !important;}&#8221;][\/vc_column_inner][vc_column_inner width=&#8221;1\/4&#8243; css=&#8221;.vc_custom_1633710676669{padding-bottom: 100px !important;}&#8221;][vc_column_text el_class=&#8221;testo&#8221;] Contrada Campiglione \u00c8\u00a0una delle contrade \u201cforanee\u201d, dunque posizionate fuori dalle mura. Ciononostante, la sua esistenza \u00e8 attestata da numerosi documenti antichissimi, come un atto dell\u2019ottobre 996 a firma del vescovo [&hellip;]","og_url":"https:\/\/www.visitfermo.it\/it\/eventi-da-non-perdere\/cavalcata-dell-assunta\/le-contrade","og_site_name":"Visit Fermo","article_publisher":"https:\/\/www.facebook.com\/VstFermo\/","article_modified_time":"2022-04-07T16:48:57+00:00","twitter_card":"summary_large_image","twitter_site":"@FermoTurismo","twitter_misc":{"Est. reading time":"7 minutes"},"schema":{"@context":"https:\/\/schema.org","@graph":[{"@type":"WebPage","@id":"https:\/\/www.visitfermo.it\/it\/eventi-da-non-perdere\/cavalcata-dell-assunta\/le-contrade","url":"https:\/\/www.visitfermo.it\/it\/eventi-da-non-perdere\/cavalcata-dell-assunta\/le-contrade","name":"Le Contrade della Cavalcata dell'Assunta - Visit Fermo","isPartOf":{"@id":"https:\/\/www.visitfermo.it\/it\/#website"},"datePublished":"2021-10-08T15:55:44+00:00","dateModified":"2022-04-07T16:48:57+00:00","breadcrumb":{"@id":"https:\/\/www.visitfermo.it\/it\/eventi-da-non-perdere\/cavalcata-dell-assunta\/le-contrade#breadcrumb"},"inLanguage":"it","potentialAction":[{"@type":"ReadAction","target":["https:\/\/www.visitfermo.it\/it\/eventi-da-non-perdere\/cavalcata-dell-assunta\/le-contrade"]}]},{"@type":"BreadcrumbList","@id":"https:\/\/www.visitfermo.it\/it\/eventi-da-non-perdere\/cavalcata-dell-assunta\/le-contrade#breadcrumb","itemListElement":[{"@type":"ListItem","position":1,"name":"Home","item":"https:\/\/www.visitfermo.it\/it"},{"@type":"ListItem","position":2,"name":"Eventi da non perdere","item":"https:\/\/www.visitfermo.it\/it\/eventi-da-non-perdere"},{"@type":"ListItem","position":3,"name":"Cavalcata dell&#8217;Assunta","item":"https:\/\/www.visitfermo.it\/it\/eventi-da-non-perdere\/cavalcata-dell-assunta"},{"@type":"ListItem","position":4,"name":"Le Contrade della Cavalcata dell&#8217;Assunta"}]},{"@type":"WebSite","@id":"https:\/\/www.visitfermo.it\/it\/#website","url":"https:\/\/www.visitfermo.it\/it\/","name":"Visit Fermo","description":"Fermo a place for me","publisher":{"@id":"https:\/\/www.visitfermo.it\/it\/#organization"},"potentialAction":[{"@type":"SearchAction","target":{"@type":"EntryPoint","urlTemplate":"https:\/\/www.visitfermo.it\/it\/?s={search_term_string}"},"query-input":{"@type":"PropertyValueSpecification","valueRequired":true,"valueName":"search_term_string"}}],"inLanguage":"it"},{"@type":"Organization","@id":"https:\/\/www.visitfermo.it\/it\/#organization","name":"Visit Fermo","url":"https:\/\/www.visitfermo.it\/it\/","logo":{"@type":"ImageObject","inLanguage":"it","@id":"https:\/\/www.visitfermo.it\/it\/#\/schema\/logo\/image\/","url":"https:\/\/www.visitfermo.it\/wp-content\/uploads\/2018\/02\/logo-fermo-a-place-for-me-giallo.png","contentUrl":"https:\/\/www.visitfermo.it\/wp-content\/uploads\/2018\/02\/logo-fermo-a-place-for-me-giallo.png","width":453,"height":230,"caption":"Visit Fermo"},"image":{"@id":"https:\/\/www.visitfermo.it\/it\/#\/schema\/logo\/image\/"},"sameAs":["https:\/\/www.facebook.com\/VstFermo\/","https:\/\/x.com\/FermoTurismo","https:\/\/www.instagram.com\/visitfermo\/","https:\/\/www.youtube.com\/c\/VisitFermo"]}]}},"_links":{"self":[{"href":"https:\/\/www.visitfermo.it\/it\/wp-json\/wp\/v2\/pages\/6634","targetHints":{"allow":["GET"]}}],"collection":[{"href":"https:\/\/www.visitfermo.it\/it\/wp-json\/wp\/v2\/pages"}],"about":[{"href":"https:\/\/www.visitfermo.it\/it\/wp-json\/wp\/v2\/types\/page"}],"author":[{"embeddable":true,"href":"https:\/\/www.visitfermo.it\/it\/wp-json\/wp\/v2\/users\/2"}],"replies":[{"embeddable":true,"href":"https:\/\/www.visitfermo.it\/it\/wp-json\/wp\/v2\/comments?post=6634"}],"version-history":[{"count":22,"href":"https:\/\/www.visitfermo.it\/it\/wp-json\/wp\/v2\/pages\/6634\/revisions"}],"predecessor-version":[{"id":6636,"href":"https:\/\/www.visitfermo.it\/it\/wp-json\/wp\/v2\/pages\/6634\/revisions\/6636"}],"up":[{"embeddable":true,"href":"https:\/\/www.visitfermo.it\/it\/wp-json\/wp\/v2\/pages\/6618"}],"wp:attachment":[{"href":"https:\/\/www.visitfermo.it\/it\/wp-json\/wp\/v2\/media?parent=6634"}],"curies":[{"name":"wp","href":"https:\/\/api.w.org\/{rel}","templated":true}]}}