{"id":6393,"date":"2021-10-07T16:11:26","date_gmt":"2021-10-07T16:11:26","guid":{"rendered":"https:\/\/visitfermo.it\/eventi-da-non-perdere\/concorso-violinistico-internazionale-postacchini-copy"},"modified":"2025-12-03T18:18:43","modified_gmt":"2025-12-03T17:18:43","slug":"fermo-magica","status":"publish","type":"page","link":"https:\/\/www.visitfermo.it\/it\/eventi-da-non-perdere\/fermo-magica","title":{"rendered":"Fermo Magica &#8211; Il magico Natale di Fermo"},"content":{"rendered":"<div class=\"wpb-content-wrapper\"><p>[vc_row row_content_width=&#8221;grid&#8221; css=&#8221;.vc_custom_1633623597793{padding-top: 100px !important;}&#8221;][vc_column][vc_column_text el_class=&#8221;testo-intro&#8221;]Ogni anno in occasione delle <strong>festivit\u00e0 natalizie<\/strong>, <strong>il centro storico di Fermo <\/strong>si riempie di luci e colori, trasformando la citt\u00e0 in un <strong>luogo da fiaba per grandi e piccini<\/strong>.<\/p>\n<p><strong>Fermo Magica<\/strong> veste in ogni edizione la citt\u00e0 di una luce nuova, con <strong>allestimenti e attrazioni sul tema delle pi\u00f9 famose favole e racconti cinematografici di ispirazione letteraria<\/strong>.[\/vc_column_text][vc_empty_space height=&#8221;50px&#8221;][vc_column_text css=&#8221;.vc_custom_1635267414712{padding-top: 15px !important;}&#8221; el_class=&#8221;testo&#8221;]Ogni Natale \u00e8 un nuovo tuffo in un mondo incantato: da <em>Harry Potte<\/em>r di J.K.Rowling al romanzo di Dickens <em>Canto di Natale <\/em>fino a <em>La Fabbrica del cioccolat<\/em>o di R. Dahl incentrata su Willy Wonka che ha trasformato la citt\u00e0 in \u201cFermo Magica e la fabbrica di cioccolato\u201d.[\/vc_column_text][vc_empty_space height=&#8221;50px&#8221;]<a itemprop=\"url\" href=\"https:\/\/www.visitfermo.it\/it\/eventi-da-non-perdere\/fermo-magica\/fermo-magica-e-il-natale-della-roccia-incantata-2025\" target=\"_self\"  class=\"mkdf-btn mkdf-btn-medium mkdf-btn-solid\"  >\n    <span class=\"mkdf-btn-text\">Scopri Fermo Magica 2025<\/span>\n    <\/a>[vc_empty_space height=&#8221;50px&#8221;]<div class=\"mkdf-video-button-holder  mkdf-vb-has-img \">\n\t<div class=\"mkdf-video-button-image\">\n\t\t<img loading=\"lazy\" decoding=\"async\" width=\"1920\" height=\"1080\" src=\"https:\/\/www.visitfermo.it\/wp-content\/uploads\/2021\/10\/fermo-illumina-il-natale.jpg\" class=\"attachment-full size-full\" alt=\"\" srcset=\"https:\/\/www.visitfermo.it\/wp-content\/uploads\/2021\/10\/fermo-illumina-il-natale.jpg 1920w, https:\/\/www.visitfermo.it\/wp-content\/uploads\/2021\/10\/fermo-illumina-il-natale-300x169.jpg 300w, https:\/\/www.visitfermo.it\/wp-content\/uploads\/2021\/10\/fermo-illumina-il-natale-1024x576.jpg 1024w, https:\/\/www.visitfermo.it\/wp-content\/uploads\/2021\/10\/fermo-illumina-il-natale-768x432.jpg 768w, https:\/\/www.visitfermo.it\/wp-content\/uploads\/2021\/10\/fermo-illumina-il-natale-1536x864.jpg 1536w\" sizes=\"auto, (max-width: 1920px) 100vw, 1920px\" \/>\t<\/div>\n    <div class=\"mkdf-video-button-text-holder\">\n        <div class=\"mkdf-video-button-text-wrapper\">\n            <div class=\"mkdf-video-button-text-wrapper-inner\">\n                <div class=\"mkdf-vb-subtitle\"> video <\/div>\n                <h3 class=\"mkdf-vb-title\"> La magia riempie il Natale di Fermo <\/h3>\n                <p class=\"mkdf-vb-excerpt\">  <\/p>\n                                    <a class=\"mkdf-video-button-play\"  href=\"https:\/\/www.youtube.com\/watch?v=5AatqKYN8G4\" target=\"_self\" data-rel=\"prettyPhoto[video_button_pretty_photo_49]\">\n\t\t\t<span class=\"mkdf-video-button-play-inner\">\n\t\t\t\t<span class=\"arrow_triangle-right_alt\"><\/span>\n\t\t\t<\/span>\n                    <\/a>\n                            <\/div>\n        <\/div>\n    <\/div>\n<\/div>[vc_empty_space height=&#8221;30px&#8221;][vc_column_text css=&#8221;.vc_custom_1635267436809{padding-top: 15px !important;}&#8221; el_class=&#8221;testo&#8221;]<\/p>\n<h2>Natale a Fermo: le iniziative di Fermo Magica<\/h2>\n<p>[\/vc_column_text][vc_column_text css=&#8221;.vc_custom_1635267456378{padding-top: 15px !important;}&#8221; el_class=&#8221;testo&#8221;]Tante sono le <strong>attrazioni presenti a Fermo Magica<\/strong>: la <strong>Ruota panoramica<\/strong>, la <strong>Pista di ghiaccio<\/strong>, l\u2019<strong>Albero volante<\/strong>, il <strong>Giardino incantato<\/strong>, il <strong>Planetario<\/strong>, il <strong>Cinema 10D<\/strong>, il <strong>NatalExpress trenino natalizio<\/strong>, oltre alla tradizionali <strong>Mostra dei Presepi e Casa di Babbo Natale<\/strong>. E non vanno dimenticate neppure le casette in legno dei <strong>Mercatini di Natale<\/strong>.<\/p>\n<p>Per la <strong>serata di San Silvestro<\/strong> ogni anno si organizza un <strong>concerto di musica leggera<\/strong>, il periodo natalizio si conclude poi con il <strong>Congresso Internazionale delle Befane<\/strong> con <strong>le befane<\/strong> del CAI che <strong>si calano dal Palazzo Comunale<\/strong>, evento che attrae visitatori dall\u2019intera regione.<\/p>\n<p>La luce \u00e8 inoltre sempre protagonista con<strong> illuminazioni architetturali degli scorci e monumenti pi\u00f9 belli della citt\u00e0 <\/strong>che lasciano a bocca aperta.<\/p>\n<p>Tutti vengono trasportati in un mondo da fiaba, a misura di bambini e famiglie, con animazioni, giochi, laboratori creativi attivit\u00e0 ludico\/didattiche, spettacoli e concerti musicali e sinfonici a teatro e in biblioteca,\u00a0 laboratori di lettura per ragazzi, tombolate, attrazioni e animazioni per bambini che trascorrono giornate uniche in un sogno di natale, tutto per vivere una citt\u00e0 unica, incantata\u2026 MAGICA![\/vc_column_text][vc_empty_space height=&#8221;50px&#8221;]\n\n    <div class=\"mkdf-tour-item-single-holder fixmargintop\" style=\"margin-top: 0px;\">\n        <div class=\"mkdf-tour-masonry-gallery-holder\">\n            <div class=\"mkdf-tour-masonry-gallery clearfix mkdf-tours-gallery-images-fixed\">\n                <div class=\"mkdf-tour-grid-sizer\"><\/div>\n                <div class=\"mkdf-tour-grid-gutter\"><\/div>\n                \n                                         <div class=\"mkdf-tour-gallery-item mkdf-tgi-masonry-large-width-height\">\n                        <div class=\"mkdf-tour-gallery-item-inner\">\n                            <a href=\"https:\/\/www.visitfermo.it\/wp-content\/uploads\/2018\/02\/Fermo-Magica-veduta-aerea-2.jpg\"\n                               data-rel=\"prettyPhoto[gallery_pretty_photo]\" title=\"Fermo Magica &#8211; veduta aerea 2\">\n                                <img loading=\"lazy\" decoding=\"async\" width=\"1100\" height=\"1100\" src=\"https:\/\/www.visitfermo.it\/wp-content\/uploads\/2018\/02\/Fermo-Magica-veduta-aerea-2-1100x1100.jpg\" class=\"attachment-wanderers_mkdf_huge size-wanderers_mkdf_huge\" alt=\"\" srcset=\"https:\/\/www.visitfermo.it\/wp-content\/uploads\/2018\/02\/Fermo-Magica-veduta-aerea-2-1100x1100.jpg 1100w, https:\/\/www.visitfermo.it\/wp-content\/uploads\/2018\/02\/Fermo-Magica-veduta-aerea-2-550x550.jpg 550w\" sizes=\"auto, (max-width: 1100px) 100vw, 1100px\" \/>                            <\/a>\n                        <\/div>\n                    <\/div>\n                \n                                         <div class=\"mkdf-tour-gallery-item mkdf-tgi-masonry-default\">\n                        <div class=\"mkdf-tour-gallery-item-inner\">\n                            <a href=\"https:\/\/www.visitfermo.it\/wp-content\/uploads\/2018\/02\/Fermo-Magica-Piazzale-Azzolino.jpg\"\n                               data-rel=\"prettyPhoto[gallery_pretty_photo]\" title=\"Fermo Magica &#8211; Piazzale Azzolino\">\n                                <img loading=\"lazy\" decoding=\"async\" width=\"550\" height=\"550\" src=\"https:\/\/www.visitfermo.it\/wp-content\/uploads\/2018\/02\/Fermo-Magica-Piazzale-Azzolino-550x550.jpg\" class=\"attachment-wanderers_mkdf_square size-wanderers_mkdf_square\" alt=\"\" srcset=\"https:\/\/www.visitfermo.it\/wp-content\/uploads\/2018\/02\/Fermo-Magica-Piazzale-Azzolino-550x550.jpg 550w, https:\/\/www.visitfermo.it\/wp-content\/uploads\/2018\/02\/Fermo-Magica-Piazzale-Azzolino-1100x1100.jpg 1100w\" sizes=\"auto, (max-width: 550px) 100vw, 550px\" \/>                            <\/a>\n                        <\/div>\n                    <\/div>\n                \n                                         <div class=\"mkdf-tour-gallery-item mkdf-tgi-masonry-default\">\n                        <div class=\"mkdf-tour-gallery-item-inner\">\n                            <a href=\"https:\/\/www.visitfermo.it\/wp-content\/uploads\/2018\/02\/Fermo-Magica-Absidi-di-San-Francesco-e-del-Duomo.jpg\"\n                               data-rel=\"prettyPhoto[gallery_pretty_photo]\" title=\"Fermo Magica &#8211; Absidi di San Francesco e del Duomo\">\n                                <img loading=\"lazy\" decoding=\"async\" width=\"550\" height=\"550\" src=\"https:\/\/www.visitfermo.it\/wp-content\/uploads\/2018\/02\/Fermo-Magica-Absidi-di-San-Francesco-e-del-Duomo-550x550.jpg\" class=\"attachment-wanderers_mkdf_square size-wanderers_mkdf_square\" alt=\"\" srcset=\"https:\/\/www.visitfermo.it\/wp-content\/uploads\/2018\/02\/Fermo-Magica-Absidi-di-San-Francesco-e-del-Duomo-550x550.jpg 550w, https:\/\/www.visitfermo.it\/wp-content\/uploads\/2018\/02\/Fermo-Magica-Absidi-di-San-Francesco-e-del-Duomo-1100x1100.jpg 1100w\" sizes=\"auto, (max-width: 550px) 100vw, 550px\" \/>                            <\/a>\n                        <\/div>\n                    <\/div>\n                \n                                         <div class=\"mkdf-tour-gallery-item mkdf-tgi-masonry-default\">\n                        <div class=\"mkdf-tour-gallery-item-inner\">\n                            <a href=\"https:\/\/www.visitfermo.it\/wp-content\/uploads\/2018\/02\/Fermo-Magica-Albero-volante.jpg\"\n                               data-rel=\"prettyPhoto[gallery_pretty_photo]\" title=\"Fermo Magica &#8211; Albero volante\">\n                                <img loading=\"lazy\" decoding=\"async\" width=\"550\" height=\"550\" src=\"https:\/\/www.visitfermo.it\/wp-content\/uploads\/2018\/02\/Fermo-Magica-Albero-volante-550x550.jpg\" class=\"attachment-wanderers_mkdf_square size-wanderers_mkdf_square\" alt=\"\" srcset=\"https:\/\/www.visitfermo.it\/wp-content\/uploads\/2018\/02\/Fermo-Magica-Albero-volante-550x550.jpg 550w, https:\/\/www.visitfermo.it\/wp-content\/uploads\/2018\/02\/Fermo-Magica-Albero-volante-1100x1100.jpg 1100w\" sizes=\"auto, (max-width: 550px) 100vw, 550px\" \/>                            <\/a>\n                        <\/div>\n                    <\/div>\n                \n                                         <div class=\"mkdf-tour-gallery-item mkdf-tgi-masonry-large-height\">\n                        <div class=\"mkdf-tour-gallery-item-inner\">\n                            <a href=\"https:\/\/www.visitfermo.it\/wp-content\/uploads\/2018\/02\/Fermo-Magica-Piazza-del-Popolo.jpg\"\n                               data-rel=\"prettyPhoto[gallery_pretty_photo]\" title=\"Fermo Magica &#8211; Piazza del Popolo\">\n                                <img loading=\"lazy\" decoding=\"async\" width=\"550\" height=\"1100\" src=\"https:\/\/www.visitfermo.it\/wp-content\/uploads\/2018\/02\/Fermo-Magica-Piazza-del-Popolo-550x1100.jpg\" class=\"attachment-wanderers_mkdf_portrait size-wanderers_mkdf_portrait\" alt=\"\" \/>                            <\/a>\n                        <\/div>\n                    <\/div>\n                \n                                         <div class=\"mkdf-tour-gallery-item mkdf-tgi-masonry-default\">\n                        <div class=\"mkdf-tour-gallery-item-inner\">\n                            <a href=\"https:\/\/www.visitfermo.it\/wp-content\/uploads\/2018\/02\/Fermo-Magica-Pista-di-pattinaggio.jpg\"\n                               data-rel=\"prettyPhoto[gallery_pretty_photo]\" title=\"Fermo Magica &#8211; Pista di pattinaggio\">\n                                <img loading=\"lazy\" decoding=\"async\" width=\"550\" height=\"550\" src=\"https:\/\/www.visitfermo.it\/wp-content\/uploads\/2018\/02\/Fermo-Magica-Pista-di-pattinaggio-550x550.jpg\" class=\"attachment-wanderers_mkdf_square size-wanderers_mkdf_square\" alt=\"\" srcset=\"https:\/\/www.visitfermo.it\/wp-content\/uploads\/2018\/02\/Fermo-Magica-Pista-di-pattinaggio-550x550.jpg 550w, https:\/\/www.visitfermo.it\/wp-content\/uploads\/2018\/02\/Fermo-Magica-Pista-di-pattinaggio-1100x1100.jpg 1100w\" sizes=\"auto, (max-width: 550px) 100vw, 550px\" \/>                            <\/a>\n                        <\/div>\n                    <\/div>\n                \n                                         <div class=\"mkdf-tour-gallery-item mkdf-tgi-masonry-default\">\n                        <div class=\"mkdf-tour-gallery-item-inner\">\n                            <a href=\"https:\/\/www.visitfermo.it\/wp-content\/uploads\/2018\/02\/Fermo-Magica-Corso-Cefalonia.jpg\"\n                               data-rel=\"prettyPhoto[gallery_pretty_photo]\" title=\"Fermo Magica &#8211; Corso Cefalonia\">\n                                <img loading=\"lazy\" decoding=\"async\" width=\"550\" height=\"550\" src=\"https:\/\/www.visitfermo.it\/wp-content\/uploads\/2018\/02\/Fermo-Magica-Corso-Cefalonia-550x550.jpg\" class=\"attachment-wanderers_mkdf_square size-wanderers_mkdf_square\" alt=\"\" srcset=\"https:\/\/www.visitfermo.it\/wp-content\/uploads\/2018\/02\/Fermo-Magica-Corso-Cefalonia-550x550.jpg 550w, https:\/\/www.visitfermo.it\/wp-content\/uploads\/2018\/02\/Fermo-Magica-Corso-Cefalonia-1100x1100.jpg 1100w\" sizes=\"auto, (max-width: 550px) 100vw, 550px\" \/>                            <\/a>\n                        <\/div>\n                    <\/div>\n                \n                                         <div class=\"mkdf-tour-gallery-item mkdf-tgi-masonry-default\">\n                        <div class=\"mkdf-tour-gallery-item-inner\">\n                            <a href=\"https:\/\/www.visitfermo.it\/wp-content\/uploads\/2018\/02\/Fermo-Magica-Spettacolo-per-bambini.jpg\"\n                               data-rel=\"prettyPhoto[gallery_pretty_photo]\" title=\"Fermo Magica &#8211; Spettacolo per bambini\">\n                                <img loading=\"lazy\" decoding=\"async\" width=\"550\" height=\"550\" src=\"https:\/\/www.visitfermo.it\/wp-content\/uploads\/2018\/02\/Fermo-Magica-Spettacolo-per-bambini-550x550.jpg\" class=\"attachment-wanderers_mkdf_square size-wanderers_mkdf_square\" alt=\"\" srcset=\"https:\/\/www.visitfermo.it\/wp-content\/uploads\/2018\/02\/Fermo-Magica-Spettacolo-per-bambini-550x550.jpg 550w, https:\/\/www.visitfermo.it\/wp-content\/uploads\/2018\/02\/Fermo-Magica-Spettacolo-per-bambini-1100x1100.jpg 1100w\" sizes=\"auto, (max-width: 550px) 100vw, 550px\" \/>                            <\/a>\n                        <\/div>\n                    <\/div>\n                            <\/div>\n        <\/div>\n    <\/div>\n[\/vc_column][\/vc_row][vc_row row_content_width=&#8221;grid&#8221; content_text_aligment=&#8221;center&#8221; css=&#8221;.vc_custom_1633535171936{padding-top: 50px !important;padding-bottom: 100px !important;}&#8221;][vc_column]<a itemprop=\"url\" href=\"https:\/\/www.visitfermo.it\/eventi\" target=\"_self\" style=\"margin: 10px 20px\" class=\"mkdf-btn mkdf-btn-medium mkdf-btn-simple\"  >\n    <span class=\"mkdf-btn-text\">Gli eventi da non perdere<\/span>\n    <\/a><a itemprop=\"url\" href=\"https:\/\/www.visitfermo.it\/it\/eventi-da-non-perdere\/fermo-magica\/fermo-magica-e-il-natale-della-roccia-incantata-2025\" target=\"_self\" style=\"margin: 10px 20px\" class=\"mkdf-btn mkdf-btn-medium mkdf-btn-simple\"  >\n    <span class=\"mkdf-btn-text\">Scopri Fermo Magica 2025<\/span>\n    <\/a>[\/vc_column][\/vc_row]<\/p>\n<\/div>","protected":false},"excerpt":{"rendered":"<p>[vc_row row_content_width=&#8221;grid&#8221; css=&#8221;.vc_custom_1633623597793{padding-top: 100px !important;}&#8221;][vc_column][vc_column_text el_class=&#8221;testo-intro&#8221;]Ogni anno in occasione delle festivit\u00e0 natalizie, il centro storico di Fermo si riempie di luci e colori, trasformando la citt\u00e0 in un luogo da fiaba per grandi e piccini. Fermo Magica veste in ogni edizione la citt\u00e0 di una luce nuova, con allestimenti e attrazioni sul tema delle pi\u00f9 famose favole e racconti cinematografici di ispirazione letteraria.[\/vc_column_text][vc_empty_space height=&#8221;50px&#8221;][vc_column_text css=&#8221;.vc_custom_1635267414712{padding-top: 15px !important;}&#8221; el_class=&#8221;testo&#8221;]Ogni Natale \u00e8 un nuovo tuffo in un mondo incantato: da Harry Potter di J.K.Rowling al romanzo di Dickens Canto di [&hellip;]<\/p>\n","protected":false},"author":2,"featured_media":0,"parent":6228,"menu_order":0,"comment_status":"closed","ping_status":"closed","template":"full-width.php","meta":{"_acf_changed":false,"footnotes":""},"class_list":["post-6393","page","type-page","status-publish","hentry"],"acf":[],"yoast_head":"<!-- This site is optimized with the Yoast SEO plugin v26.5 - https:\/\/yoast.com\/wordpress\/plugins\/seo\/ -->\n<title>Fermo Magica - Il magico Natale di Fermo - Visit Fermo<\/title>\n<meta name=\"description\" content=\"Ogni anno, a Natale, il centro storico di Fermo si trasforma in un luogo da fiaba per grandi e piccini. Scopri tutte le iniziative di Fermo Magica.\" \/>\n<meta name=\"robots\" content=\"index, follow, max-snippet:-1, max-image-preview:large, max-video-preview:-1\" \/>\n<link rel=\"canonical\" href=\"https:\/\/www.visitfermo.it\/it\/eventi-da-non-perdere\/fermo-magica\" \/>\n<meta property=\"og:locale\" content=\"it_IT\" \/>\n<meta property=\"og:type\" content=\"article\" \/>\n<meta property=\"og:title\" content=\"Fermo Magica - Il magico Natale di Fermo - Visit Fermo\" \/>\n<meta property=\"og:description\" content=\"Ogni anno, a Natale, il centro storico di Fermo si trasforma in un luogo da fiaba per grandi e piccini. Scopri tutte le iniziative di Fermo Magica.\" \/>\n<meta property=\"og:url\" content=\"https:\/\/www.visitfermo.it\/it\/eventi-da-non-perdere\/fermo-magica\" \/>\n<meta property=\"og:site_name\" content=\"Visit Fermo\" \/>\n<meta property=\"article:publisher\" content=\"https:\/\/www.facebook.com\/VstFermo\/\" \/>\n<meta property=\"article:modified_time\" content=\"2025-12-03T17:18:43+00:00\" \/>\n<meta name=\"twitter:card\" content=\"summary_large_image\" \/>\n<meta name=\"twitter:site\" content=\"@FermoTurismo\" \/>\n<meta name=\"twitter:label1\" content=\"Est. reading time\" \/>\n\t<meta name=\"twitter:data1\" content=\"2 minutes\" \/>\n<script type=\"application\/ld+json\" class=\"yoast-schema-graph\">{\"@context\":\"https:\/\/schema.org\",\"@graph\":[{\"@type\":\"WebPage\",\"@id\":\"https:\/\/www.visitfermo.it\/it\/eventi-da-non-perdere\/fermo-magica\",\"url\":\"https:\/\/www.visitfermo.it\/it\/eventi-da-non-perdere\/fermo-magica\",\"name\":\"Fermo Magica - Il magico Natale di Fermo - Visit Fermo\",\"isPartOf\":{\"@id\":\"https:\/\/www.visitfermo.it\/it\/#website\"},\"datePublished\":\"2021-10-07T16:11:26+00:00\",\"dateModified\":\"2025-12-03T17:18:43+00:00\",\"description\":\"Ogni anno, a Natale, il centro storico di Fermo si trasforma in un luogo da fiaba per grandi e piccini. Scopri tutte le iniziative di Fermo Magica.\",\"breadcrumb\":{\"@id\":\"https:\/\/www.visitfermo.it\/it\/eventi-da-non-perdere\/fermo-magica#breadcrumb\"},\"inLanguage\":\"it\",\"potentialAction\":[{\"@type\":\"ReadAction\",\"target\":[\"https:\/\/www.visitfermo.it\/it\/eventi-da-non-perdere\/fermo-magica\"]}]},{\"@type\":\"BreadcrumbList\",\"@id\":\"https:\/\/www.visitfermo.it\/it\/eventi-da-non-perdere\/fermo-magica#breadcrumb\",\"itemListElement\":[{\"@type\":\"ListItem\",\"position\":1,\"name\":\"Home\",\"item\":\"https:\/\/www.visitfermo.it\/it\"},{\"@type\":\"ListItem\",\"position\":2,\"name\":\"Eventi da non perdere\",\"item\":\"https:\/\/www.visitfermo.it\/it\/eventi-da-non-perdere\"},{\"@type\":\"ListItem\",\"position\":3,\"name\":\"Fermo Magica &#8211; Il magico Natale di Fermo\"}]},{\"@type\":\"WebSite\",\"@id\":\"https:\/\/www.visitfermo.it\/it\/#website\",\"url\":\"https:\/\/www.visitfermo.it\/it\/\",\"name\":\"Visit Fermo\",\"description\":\"Fermo a place for me\",\"publisher\":{\"@id\":\"https:\/\/www.visitfermo.it\/it\/#organization\"},\"potentialAction\":[{\"@type\":\"SearchAction\",\"target\":{\"@type\":\"EntryPoint\",\"urlTemplate\":\"https:\/\/www.visitfermo.it\/it\/?s={search_term_string}\"},\"query-input\":{\"@type\":\"PropertyValueSpecification\",\"valueRequired\":true,\"valueName\":\"search_term_string\"}}],\"inLanguage\":\"it\"},{\"@type\":\"Organization\",\"@id\":\"https:\/\/www.visitfermo.it\/it\/#organization\",\"name\":\"Visit Fermo\",\"url\":\"https:\/\/www.visitfermo.it\/it\/\",\"logo\":{\"@type\":\"ImageObject\",\"inLanguage\":\"it\",\"@id\":\"https:\/\/www.visitfermo.it\/it\/#\/schema\/logo\/image\/\",\"url\":\"https:\/\/www.visitfermo.it\/wp-content\/uploads\/2018\/02\/logo-fermo-a-place-for-me-giallo.png\",\"contentUrl\":\"https:\/\/www.visitfermo.it\/wp-content\/uploads\/2018\/02\/logo-fermo-a-place-for-me-giallo.png\",\"width\":453,\"height\":230,\"caption\":\"Visit Fermo\"},\"image\":{\"@id\":\"https:\/\/www.visitfermo.it\/it\/#\/schema\/logo\/image\/\"},\"sameAs\":[\"https:\/\/www.facebook.com\/VstFermo\/\",\"https:\/\/x.com\/FermoTurismo\",\"https:\/\/www.instagram.com\/visitfermo\/\",\"https:\/\/www.youtube.com\/c\/VisitFermo\"]}]}<\/script>\n<!-- \/ Yoast SEO plugin. -->","yoast_head_json":{"title":"Fermo Magica - Il magico Natale di Fermo - Visit Fermo","description":"Ogni anno, a Natale, il centro storico di Fermo si trasforma in un luogo da fiaba per grandi e piccini. Scopri tutte le iniziative di Fermo Magica.","robots":{"index":"index","follow":"follow","max-snippet":"max-snippet:-1","max-image-preview":"max-image-preview:large","max-video-preview":"max-video-preview:-1"},"canonical":"https:\/\/www.visitfermo.it\/it\/eventi-da-non-perdere\/fermo-magica","og_locale":"it_IT","og_type":"article","og_title":"Fermo Magica - Il magico Natale di Fermo - Visit Fermo","og_description":"Ogni anno, a Natale, il centro storico di Fermo si trasforma in un luogo da fiaba per grandi e piccini. Scopri tutte le iniziative di Fermo Magica.","og_url":"https:\/\/www.visitfermo.it\/it\/eventi-da-non-perdere\/fermo-magica","og_site_name":"Visit Fermo","article_publisher":"https:\/\/www.facebook.com\/VstFermo\/","article_modified_time":"2025-12-03T17:18:43+00:00","twitter_card":"summary_large_image","twitter_site":"@FermoTurismo","twitter_misc":{"Est. reading time":"2 minutes"},"schema":{"@context":"https:\/\/schema.org","@graph":[{"@type":"WebPage","@id":"https:\/\/www.visitfermo.it\/it\/eventi-da-non-perdere\/fermo-magica","url":"https:\/\/www.visitfermo.it\/it\/eventi-da-non-perdere\/fermo-magica","name":"Fermo Magica - Il magico Natale di Fermo - Visit Fermo","isPartOf":{"@id":"https:\/\/www.visitfermo.it\/it\/#website"},"datePublished":"2021-10-07T16:11:26+00:00","dateModified":"2025-12-03T17:18:43+00:00","description":"Ogni anno, a Natale, il centro storico di Fermo si trasforma in un luogo da fiaba per grandi e piccini. Scopri tutte le iniziative di Fermo Magica.","breadcrumb":{"@id":"https:\/\/www.visitfermo.it\/it\/eventi-da-non-perdere\/fermo-magica#breadcrumb"},"inLanguage":"it","potentialAction":[{"@type":"ReadAction","target":["https:\/\/www.visitfermo.it\/it\/eventi-da-non-perdere\/fermo-magica"]}]},{"@type":"BreadcrumbList","@id":"https:\/\/www.visitfermo.it\/it\/eventi-da-non-perdere\/fermo-magica#breadcrumb","itemListElement":[{"@type":"ListItem","position":1,"name":"Home","item":"https:\/\/www.visitfermo.it\/it"},{"@type":"ListItem","position":2,"name":"Eventi da non perdere","item":"https:\/\/www.visitfermo.it\/it\/eventi-da-non-perdere"},{"@type":"ListItem","position":3,"name":"Fermo Magica &#8211; Il magico Natale di Fermo"}]},{"@type":"WebSite","@id":"https:\/\/www.visitfermo.it\/it\/#website","url":"https:\/\/www.visitfermo.it\/it\/","name":"Visit Fermo","description":"Fermo a place for me","publisher":{"@id":"https:\/\/www.visitfermo.it\/it\/#organization"},"potentialAction":[{"@type":"SearchAction","target":{"@type":"EntryPoint","urlTemplate":"https:\/\/www.visitfermo.it\/it\/?s={search_term_string}"},"query-input":{"@type":"PropertyValueSpecification","valueRequired":true,"valueName":"search_term_string"}}],"inLanguage":"it"},{"@type":"Organization","@id":"https:\/\/www.visitfermo.it\/it\/#organization","name":"Visit Fermo","url":"https:\/\/www.visitfermo.it\/it\/","logo":{"@type":"ImageObject","inLanguage":"it","@id":"https:\/\/www.visitfermo.it\/it\/#\/schema\/logo\/image\/","url":"https:\/\/www.visitfermo.it\/wp-content\/uploads\/2018\/02\/logo-fermo-a-place-for-me-giallo.png","contentUrl":"https:\/\/www.visitfermo.it\/wp-content\/uploads\/2018\/02\/logo-fermo-a-place-for-me-giallo.png","width":453,"height":230,"caption":"Visit Fermo"},"image":{"@id":"https:\/\/www.visitfermo.it\/it\/#\/schema\/logo\/image\/"},"sameAs":["https:\/\/www.facebook.com\/VstFermo\/","https:\/\/x.com\/FermoTurismo","https:\/\/www.instagram.com\/visitfermo\/","https:\/\/www.youtube.com\/c\/VisitFermo"]}]}},"_links":{"self":[{"href":"https:\/\/www.visitfermo.it\/it\/wp-json\/wp\/v2\/pages\/6393","targetHints":{"allow":["GET"]}}],"collection":[{"href":"https:\/\/www.visitfermo.it\/it\/wp-json\/wp\/v2\/pages"}],"about":[{"href":"https:\/\/www.visitfermo.it\/it\/wp-json\/wp\/v2\/types\/page"}],"author":[{"embeddable":true,"href":"https:\/\/www.visitfermo.it\/it\/wp-json\/wp\/v2\/users\/2"}],"replies":[{"embeddable":true,"href":"https:\/\/www.visitfermo.it\/it\/wp-json\/wp\/v2\/comments?post=6393"}],"version-history":[{"count":39,"href":"https:\/\/www.visitfermo.it\/it\/wp-json\/wp\/v2\/pages\/6393\/revisions"}],"predecessor-version":[{"id":38416,"href":"https:\/\/www.visitfermo.it\/it\/wp-json\/wp\/v2\/pages\/6393\/revisions\/38416"}],"up":[{"embeddable":true,"href":"https:\/\/www.visitfermo.it\/it\/wp-json\/wp\/v2\/pages\/6228"}],"wp:attachment":[{"href":"https:\/\/www.visitfermo.it\/it\/wp-json\/wp\/v2\/media?parent=6393"}],"curies":[{"name":"wp","href":"https:\/\/api.w.org\/{rel}","templated":true}]}}