{"id":6245,"date":"2021-10-06T16:49:18","date_gmt":"2021-10-06T16:49:18","guid":{"rendered":"https:\/\/visitfermo.it\/eventi-da-non-perdere\/concorso-violinistico-internazionale-postacchini-copy"},"modified":"2022-03-28T08:11:18","modified_gmt":"2022-03-28T07:11:18","slug":"mostra-mercato-dell-antiquariato-e-dell-artigianato","status":"publish","type":"page","link":"https:\/\/www.visitfermo.it\/it\/eventi-da-non-perdere\/mostra-mercato-dell-antiquariato-e-dell-artigianato","title":{"rendered":"Mostra Mercato dell&#8217;Antiquariato e dell&#8217;Artigianato"},"content":{"rendered":"<div class=\"wpb-content-wrapper\"><p>[vc_row row_content_width=&#8221;grid&#8221; css=&#8221;.vc_custom_1633535146192{padding-top: 100px !important;padding-bottom: 50px !important;}&#8221;][vc_column][vc_column_text el_class=&#8221;testo-intro&#8221;]Nel 1983 viene organizzata la prima edizione della \u201cMostra Mercato dell\u2019Antiquariato e dell&#8217;Artigianato\u201d di Fermo. La mostra \u00e8 divenuta nel tempo un\u00a0<strong>appuntamento<\/strong>\u00a0importante dell\u2019<strong>estate fermana<\/strong>.[\/vc_column_text][vc_empty_space height=&#8221;50px&#8221;]<div class=\"mkdf-single-image-holder   \">\n    <div class=\"mkdf-si-inner\" >\n                                    <img loading=\"lazy\" decoding=\"async\" width=\"650\" height=\"296\" src=\"https:\/\/www.visitfermo.it\/wp-content\/uploads\/2018\/02\/Mercatino-dellantiquariato-e-dellartigianato-logo.png\" class=\"attachment-full size-full\" alt=\"\" srcset=\"https:\/\/www.visitfermo.it\/wp-content\/uploads\/2018\/02\/Mercatino-dellantiquariato-e-dellartigianato-logo.png 650w, https:\/\/www.visitfermo.it\/wp-content\/uploads\/2018\/02\/Mercatino-dellantiquariato-e-dellartigianato-logo-300x137.png 300w\" sizes=\"auto, (max-width: 650px) 100vw, 650px\" \/>                        <\/div>\n<\/div>[vc_empty_space height=&#8221;25px&#8221;][vc_column_text css=&#8221;.vc_custom_1633539090961{padding-top: 15px !important;}&#8221; el_class=&#8221;testo&#8221;]Si svolge tutti i\u00a0<strong>gioved\u00ec<\/strong>\u00a0dei mesi di\u00a0<strong>luglio<\/strong>\u00a0ed\u00a0<strong>agosto<\/strong>\u00a0nel centro storico della citt\u00e0 e vede raccolti, sulle tante bancarelle, molti oggetti di vario genere: dai mobili d\u2019antiquariato alle porcellane, dai vestiti ai giocattoli antichi, dall\u2019argenteria alla bigiotteria, dai dischi alle monete, dai francobolli ai libri e a molto altro.<\/p>\n<p>La Mostra Mercato si svolge in Piazza del Popolo, lungo Viale Vittorio Veneto (meglio conosciuto come la Strada Nuova), Corso Cefalonia e Piazzale Azzolino.<\/p>\n<p>Gi\u00e0 verso mezzogiorno si incomincia ad assistere all\u2019arrivo dei bambini, che in Viale Vittorio Veneto hanno uno spazio a loro dedicato, e che, con il piglio di un adulto occupano un posto sotto la canicola per poter vendere tutto quello che c\u2019\u00e8 nelle loro soffitte: paccottiglia, vecchi giocattoli, libri, film o cartoni animati.<\/p>\n<p>Bisogna dire comunque che il\u00a0<strong>mercatino dei bambini<\/strong>\u00a0\u00e8 frequentatissimo anche dagli adulti, che spesso fanno grandi affari trovando proprio quello che cercavano per i loro figli, nipoti o per se stessi.<br \/>\nUna parte degli appassionati arriva presto, prima della folla, quando le strade sono ancora tranquille e gli espositori hanno pi\u00f9 disponibilit\u00e0, si pu\u00f2 pi\u00f9 facilmente guardare, chiedere, toccare e decidere se acquistare oppure no. Questo \u00e8 il momento pi\u00f9 magico del mercatino, da cogliere con amore prima che le strade si animino troppo e ci si perda tra la folla che passeggia curiosa, chiacchierona e a volte distratta. Tra le ventuno e le ventitre si raggiunge l\u2019apice dell\u2019animazione ed \u00e8 proprio difficile addirittura camminare e crearsi un\u00a0 varco tra la calca che spinge, chiacchiera e guarda.<\/p>\n<p>Insomma \u00e8\u00a0<strong>un mercatino da non perdere<\/strong>, per le mille occasioni che offre, per l\u2019atmosfera festosa e rilassata, per la possibilit\u00e0 di raggiungere il bel centro storico ancora pi\u00f9 facilmente da quando \u00e8 stato inaugurato un nuovo ascensore che collega i parcheggi di Via XX Settembre a Viale Vittorio Veneto.<br \/>\nNella sua lunga vita il mercatino ha raggiunto oltre 20.000 presenze.[\/vc_column_text][\/vc_column][\/vc_row][vc_row row_content_width=&#8221;grid&#8221; content_text_aligment=&#8221;center&#8221; css=&#8221;.vc_custom_1633535171936{padding-top: 50px !important;padding-bottom: 100px !important;}&#8221;][vc_column]<a itemprop=\"url\" href=\"https:\/\/www.facebook.com\/mercatinodelgiovedifermo\/\" target=\"_blank\" style=\"margin: 10px 20px\" class=\"mkdf-btn mkdf-btn-medium mkdf-btn-simple\"  >\n    <span class=\"mkdf-btn-text\">Scopri di pi\u00f9<\/span>\n    <\/a><a itemprop=\"url\" href=\"https:\/\/www.visitfermo.it\/eventi\" target=\"_self\" style=\"margin: 10px 20px\" class=\"mkdf-btn mkdf-btn-medium mkdf-btn-simple\"  >\n    <span class=\"mkdf-btn-text\">Gli eventi da non perdere<\/span>\n    <\/a>[\/vc_column][\/vc_row]<\/p>\n<\/div>","protected":false},"excerpt":{"rendered":"<p>[vc_row row_content_width=&#8221;grid&#8221; css=&#8221;.vc_custom_1633535146192{padding-top: 100px !important;padding-bottom: 50px !important;}&#8221;][vc_column][vc_column_text el_class=&#8221;testo-intro&#8221;]Nel 1983 viene organizzata la prima edizione della \u201cMostra Mercato dell\u2019Antiquariato e dell&#8217;Artigianato\u201d di Fermo. La mostra \u00e8 divenuta nel tempo un\u00a0appuntamento\u00a0importante dell\u2019estate fermana.[\/vc_column_text][vc_empty_space height=&#8221;50px&#8221;][vc_empty_space height=&#8221;25px&#8221;][vc_column_text css=&#8221;.vc_custom_1633539090961{padding-top: 15px !important;}&#8221; el_class=&#8221;testo&#8221;]Si svolge tutti i\u00a0gioved\u00ec\u00a0dei mesi di\u00a0luglio\u00a0ed\u00a0agosto\u00a0nel centro storico della citt\u00e0 e vede raccolti, sulle tante bancarelle, molti oggetti di vario genere: dai mobili d\u2019antiquariato alle porcellane, dai vestiti ai giocattoli antichi, dall\u2019argenteria alla bigiotteria, dai dischi alle monete, dai francobolli ai libri e a molto altro. La Mostra Mercato si svolge in [&hellip;]<\/p>\n","protected":false},"author":2,"featured_media":0,"parent":6228,"menu_order":0,"comment_status":"closed","ping_status":"closed","template":"full-width.php","meta":{"_acf_changed":false,"footnotes":""},"class_list":["post-6245","page","type-page","status-publish","hentry"],"acf":[],"yoast_head":"<!-- This site is optimized with the Yoast SEO plugin v26.5 - https:\/\/yoast.com\/wordpress\/plugins\/seo\/ -->\n<title>Mostra Mercato dell&#039;Antiquariato e dell&#039;Artigianato - Visit Fermo<\/title>\n<meta name=\"description\" content=\"Appuntamento importante dell\u2019estate fermana, si svolge tutti i gioved\u00ec dei mesi di luglio ed agosto nel centro storico della citt\u00e0.\" \/>\n<meta name=\"robots\" content=\"index, follow, max-snippet:-1, max-image-preview:large, max-video-preview:-1\" \/>\n<link rel=\"canonical\" href=\"https:\/\/www.visitfermo.it\/it\/eventi-da-non-perdere\/mostra-mercato-dell-antiquariato-e-dell-artigianato\" \/>\n<meta property=\"og:locale\" content=\"it_IT\" \/>\n<meta property=\"og:type\" content=\"article\" \/>\n<meta property=\"og:title\" content=\"Mostra Mercato dell&#039;Antiquariato e dell&#039;Artigianato - Visit Fermo\" \/>\n<meta property=\"og:description\" content=\"Appuntamento importante dell\u2019estate fermana, si svolge tutti i gioved\u00ec dei mesi di luglio ed agosto nel centro storico della citt\u00e0.\" \/>\n<meta property=\"og:url\" content=\"https:\/\/www.visitfermo.it\/it\/eventi-da-non-perdere\/mostra-mercato-dell-antiquariato-e-dell-artigianato\" \/>\n<meta property=\"og:site_name\" content=\"Visit Fermo\" \/>\n<meta property=\"article:publisher\" content=\"https:\/\/www.facebook.com\/VstFermo\/\" \/>\n<meta property=\"article:modified_time\" content=\"2022-03-28T07:11:18+00:00\" \/>\n<meta name=\"twitter:card\" content=\"summary_large_image\" \/>\n<meta name=\"twitter:site\" content=\"@FermoTurismo\" \/>\n<meta name=\"twitter:label1\" content=\"Est. reading time\" \/>\n\t<meta name=\"twitter:data1\" content=\"2 minutes\" \/>\n<script type=\"application\/ld+json\" class=\"yoast-schema-graph\">{\"@context\":\"https:\/\/schema.org\",\"@graph\":[{\"@type\":\"WebPage\",\"@id\":\"https:\/\/www.visitfermo.it\/it\/eventi-da-non-perdere\/mostra-mercato-dell-antiquariato-e-dell-artigianato\",\"url\":\"https:\/\/www.visitfermo.it\/it\/eventi-da-non-perdere\/mostra-mercato-dell-antiquariato-e-dell-artigianato\",\"name\":\"Mostra Mercato dell'Antiquariato e dell'Artigianato - Visit Fermo\",\"isPartOf\":{\"@id\":\"https:\/\/www.visitfermo.it\/it\/#website\"},\"datePublished\":\"2021-10-06T16:49:18+00:00\",\"dateModified\":\"2022-03-28T07:11:18+00:00\",\"description\":\"Appuntamento importante dell\u2019estate fermana, si svolge tutti i gioved\u00ec dei mesi di luglio ed agosto nel centro storico della citt\u00e0.\",\"breadcrumb\":{\"@id\":\"https:\/\/www.visitfermo.it\/it\/eventi-da-non-perdere\/mostra-mercato-dell-antiquariato-e-dell-artigianato#breadcrumb\"},\"inLanguage\":\"it\",\"potentialAction\":[{\"@type\":\"ReadAction\",\"target\":[\"https:\/\/www.visitfermo.it\/it\/eventi-da-non-perdere\/mostra-mercato-dell-antiquariato-e-dell-artigianato\"]}]},{\"@type\":\"BreadcrumbList\",\"@id\":\"https:\/\/www.visitfermo.it\/it\/eventi-da-non-perdere\/mostra-mercato-dell-antiquariato-e-dell-artigianato#breadcrumb\",\"itemListElement\":[{\"@type\":\"ListItem\",\"position\":1,\"name\":\"Home\",\"item\":\"https:\/\/www.visitfermo.it\/it\"},{\"@type\":\"ListItem\",\"position\":2,\"name\":\"Eventi da non perdere\",\"item\":\"https:\/\/www.visitfermo.it\/it\/eventi-da-non-perdere\"},{\"@type\":\"ListItem\",\"position\":3,\"name\":\"Mostra Mercato dell&#8217;Antiquariato e dell&#8217;Artigianato\"}]},{\"@type\":\"WebSite\",\"@id\":\"https:\/\/www.visitfermo.it\/it\/#website\",\"url\":\"https:\/\/www.visitfermo.it\/it\/\",\"name\":\"Visit Fermo\",\"description\":\"Fermo a place for me\",\"publisher\":{\"@id\":\"https:\/\/www.visitfermo.it\/it\/#organization\"},\"potentialAction\":[{\"@type\":\"SearchAction\",\"target\":{\"@type\":\"EntryPoint\",\"urlTemplate\":\"https:\/\/www.visitfermo.it\/it\/?s={search_term_string}\"},\"query-input\":{\"@type\":\"PropertyValueSpecification\",\"valueRequired\":true,\"valueName\":\"search_term_string\"}}],\"inLanguage\":\"it\"},{\"@type\":\"Organization\",\"@id\":\"https:\/\/www.visitfermo.it\/it\/#organization\",\"name\":\"Visit Fermo\",\"url\":\"https:\/\/www.visitfermo.it\/it\/\",\"logo\":{\"@type\":\"ImageObject\",\"inLanguage\":\"it\",\"@id\":\"https:\/\/www.visitfermo.it\/it\/#\/schema\/logo\/image\/\",\"url\":\"https:\/\/www.visitfermo.it\/wp-content\/uploads\/2018\/02\/logo-fermo-a-place-for-me-giallo.png\",\"contentUrl\":\"https:\/\/www.visitfermo.it\/wp-content\/uploads\/2018\/02\/logo-fermo-a-place-for-me-giallo.png\",\"width\":453,\"height\":230,\"caption\":\"Visit Fermo\"},\"image\":{\"@id\":\"https:\/\/www.visitfermo.it\/it\/#\/schema\/logo\/image\/\"},\"sameAs\":[\"https:\/\/www.facebook.com\/VstFermo\/\",\"https:\/\/x.com\/FermoTurismo\",\"https:\/\/www.instagram.com\/visitfermo\/\",\"https:\/\/www.youtube.com\/c\/VisitFermo\"]}]}<\/script>\n<!-- \/ Yoast SEO plugin. -->","yoast_head_json":{"title":"Mostra Mercato dell'Antiquariato e dell'Artigianato - Visit Fermo","description":"Appuntamento importante dell\u2019estate fermana, si svolge tutti i gioved\u00ec dei mesi di luglio ed agosto nel centro storico della citt\u00e0.","robots":{"index":"index","follow":"follow","max-snippet":"max-snippet:-1","max-image-preview":"max-image-preview:large","max-video-preview":"max-video-preview:-1"},"canonical":"https:\/\/www.visitfermo.it\/it\/eventi-da-non-perdere\/mostra-mercato-dell-antiquariato-e-dell-artigianato","og_locale":"it_IT","og_type":"article","og_title":"Mostra Mercato dell'Antiquariato e dell'Artigianato - Visit Fermo","og_description":"Appuntamento importante dell\u2019estate fermana, si svolge tutti i gioved\u00ec dei mesi di luglio ed agosto nel centro storico della citt\u00e0.","og_url":"https:\/\/www.visitfermo.it\/it\/eventi-da-non-perdere\/mostra-mercato-dell-antiquariato-e-dell-artigianato","og_site_name":"Visit Fermo","article_publisher":"https:\/\/www.facebook.com\/VstFermo\/","article_modified_time":"2022-03-28T07:11:18+00:00","twitter_card":"summary_large_image","twitter_site":"@FermoTurismo","twitter_misc":{"Est. reading time":"2 minutes"},"schema":{"@context":"https:\/\/schema.org","@graph":[{"@type":"WebPage","@id":"https:\/\/www.visitfermo.it\/it\/eventi-da-non-perdere\/mostra-mercato-dell-antiquariato-e-dell-artigianato","url":"https:\/\/www.visitfermo.it\/it\/eventi-da-non-perdere\/mostra-mercato-dell-antiquariato-e-dell-artigianato","name":"Mostra Mercato dell'Antiquariato e dell'Artigianato - Visit Fermo","isPartOf":{"@id":"https:\/\/www.visitfermo.it\/it\/#website"},"datePublished":"2021-10-06T16:49:18+00:00","dateModified":"2022-03-28T07:11:18+00:00","description":"Appuntamento importante dell\u2019estate fermana, si svolge tutti i gioved\u00ec dei mesi di luglio ed agosto nel centro storico della citt\u00e0.","breadcrumb":{"@id":"https:\/\/www.visitfermo.it\/it\/eventi-da-non-perdere\/mostra-mercato-dell-antiquariato-e-dell-artigianato#breadcrumb"},"inLanguage":"it","potentialAction":[{"@type":"ReadAction","target":["https:\/\/www.visitfermo.it\/it\/eventi-da-non-perdere\/mostra-mercato-dell-antiquariato-e-dell-artigianato"]}]},{"@type":"BreadcrumbList","@id":"https:\/\/www.visitfermo.it\/it\/eventi-da-non-perdere\/mostra-mercato-dell-antiquariato-e-dell-artigianato#breadcrumb","itemListElement":[{"@type":"ListItem","position":1,"name":"Home","item":"https:\/\/www.visitfermo.it\/it"},{"@type":"ListItem","position":2,"name":"Eventi da non perdere","item":"https:\/\/www.visitfermo.it\/it\/eventi-da-non-perdere"},{"@type":"ListItem","position":3,"name":"Mostra Mercato dell&#8217;Antiquariato e dell&#8217;Artigianato"}]},{"@type":"WebSite","@id":"https:\/\/www.visitfermo.it\/it\/#website","url":"https:\/\/www.visitfermo.it\/it\/","name":"Visit Fermo","description":"Fermo a place for me","publisher":{"@id":"https:\/\/www.visitfermo.it\/it\/#organization"},"potentialAction":[{"@type":"SearchAction","target":{"@type":"EntryPoint","urlTemplate":"https:\/\/www.visitfermo.it\/it\/?s={search_term_string}"},"query-input":{"@type":"PropertyValueSpecification","valueRequired":true,"valueName":"search_term_string"}}],"inLanguage":"it"},{"@type":"Organization","@id":"https:\/\/www.visitfermo.it\/it\/#organization","name":"Visit Fermo","url":"https:\/\/www.visitfermo.it\/it\/","logo":{"@type":"ImageObject","inLanguage":"it","@id":"https:\/\/www.visitfermo.it\/it\/#\/schema\/logo\/image\/","url":"https:\/\/www.visitfermo.it\/wp-content\/uploads\/2018\/02\/logo-fermo-a-place-for-me-giallo.png","contentUrl":"https:\/\/www.visitfermo.it\/wp-content\/uploads\/2018\/02\/logo-fermo-a-place-for-me-giallo.png","width":453,"height":230,"caption":"Visit Fermo"},"image":{"@id":"https:\/\/www.visitfermo.it\/it\/#\/schema\/logo\/image\/"},"sameAs":["https:\/\/www.facebook.com\/VstFermo\/","https:\/\/x.com\/FermoTurismo","https:\/\/www.instagram.com\/visitfermo\/","https:\/\/www.youtube.com\/c\/VisitFermo"]}]}},"_links":{"self":[{"href":"https:\/\/www.visitfermo.it\/it\/wp-json\/wp\/v2\/pages\/6245","targetHints":{"allow":["GET"]}}],"collection":[{"href":"https:\/\/www.visitfermo.it\/it\/wp-json\/wp\/v2\/pages"}],"about":[{"href":"https:\/\/www.visitfermo.it\/it\/wp-json\/wp\/v2\/types\/page"}],"author":[{"embeddable":true,"href":"https:\/\/www.visitfermo.it\/it\/wp-json\/wp\/v2\/users\/2"}],"replies":[{"embeddable":true,"href":"https:\/\/www.visitfermo.it\/it\/wp-json\/wp\/v2\/comments?post=6245"}],"version-history":[{"count":7,"href":"https:\/\/www.visitfermo.it\/it\/wp-json\/wp\/v2\/pages\/6245\/revisions"}],"predecessor-version":[{"id":6247,"href":"https:\/\/www.visitfermo.it\/it\/wp-json\/wp\/v2\/pages\/6245\/revisions\/6247"}],"up":[{"embeddable":true,"href":"https:\/\/www.visitfermo.it\/it\/wp-json\/wp\/v2\/pages\/6228"}],"wp:attachment":[{"href":"https:\/\/www.visitfermo.it\/it\/wp-json\/wp\/v2\/media?parent=6245"}],"curies":[{"name":"wp","href":"https:\/\/api.w.org\/{rel}","templated":true}]}}