{"id":31406,"date":"2024-11-08T11:05:31","date_gmt":"2024-11-08T10:05:31","guid":{"rendered":"https:\/\/www.visitfermo.it\/eventi\/danubio-concerto-per-il-nuovo-anno-copy"},"modified":"2024-11-08T11:06:28","modified_gmt":"2024-11-08T10:06:28","slug":"concerto-per-il-nuovo-anno-3","status":"publish","type":"tribe_events","link":"https:\/\/www.visitfermo.it\/en\/eventi\/concerto-per-il-nuovo-anno-3","title":{"rendered":"Concerto per il Nuovo Anno"},"content":{"rendered":"<p><strong>Johann Strauss (jr.)<\/strong><br \/>\n<em>Il Pipistrello<\/em>: Ouverture \u2013 Csardas<br \/>\n<em>Lo zingaro barone <\/em>(Der Zigeunerbaron): Ouverture \u2013 Aria di Saffi<\/p>\n<p><strong>Franz Liszt<\/strong><br \/>\nRapsodia ungherese n. 2 in do diesis min., S.244\/2 per orchestra<\/p>\n<p><strong>Emmerich K\u00e1lm\u00e1n<\/strong><br \/>\n<em>La principessa della Ciarda <\/em>(Die Cs\u00e1rd\u00e1sf\u00fcrstin): suite<\/p>\n<p><strong>Franz Leh\u00e1r<\/strong><br \/>\n<em>La vedova allegra<\/em> (Die lustige Witwe): suite \u2013 <em>Vilia, o vilia<\/em><\/p>\n<p><strong>Johann Strauss (jr.)<\/strong><br \/>\n<em>An der sch\u00f6nen blauen Donau (Sul bel Danubio blu)<\/em>, Op. 314<\/p>\n<p><strong>Johann Strauss (sr.)<\/strong><br \/>\n<em>Radetzky Marsch<\/em>, Op. 228<\/p>\n<p><em>Un affascinante viaggio musicale attraverso l\u2018Europa danubiana, fra celebri valzer, polche, arie d\u2019opera e d\u2019operetta frutto della creativit\u00e0 di grandi compositori come Strauss, Liszt, <\/em><em>K\u00e1lm\u00e1n e Leh\u00e1r, per rivivere le emozioni, gli entusiasmi, le passioni della sfavillante societ\u00e0 viennese di fine Ottocento. <\/em><\/p>\n","protected":false},"excerpt":{"rendered":"<p>Musiche di <strong>Strauss, Liszt, K\u00e1lm\u00e1n, Leh\u00e1r<\/strong><br \/>\nDirettore <strong><em>Giuseppe Montesano<\/em><\/strong><\/p>\n","protected":false},"author":11,"featured_media":26485,"template":"","meta":{"_acf_changed":false,"_tribe_events_status":"","_tribe_events_status_reason":"","_tribe_events_is_hybrid":"","_tribe_events_is_virtual":"","_tribe_events_virtual_video_source":"","_tribe_events_virtual_embed_video":"","_tribe_events_virtual_linked_button_text":"","_tribe_events_virtual_linked_button":"","_tribe_events_virtual_show_embed_at":"","_tribe_events_virtual_show_embed_to":[],"_tribe_events_virtual_show_on_event":"","_tribe_events_virtual_show_on_views":"","_tribe_events_virtual_url":"","footnotes":""},"tags":[],"tribe_events_cat":[81],"class_list":["post-31406","tribe_events","type-tribe_events","status-publish","has-post-thumbnail","hentry","rassegna_eventi-natale","rassegna_eventi-teatro-aquila","stagione_eventi-natale-2024","stagione_eventi-stagione-teatrale-2024-2025","tribe_events_cat-concertistica","cat_concertistica"],"acf":{"sottotitolo":"Valzer, polche, opera e operetta","info_evento":"Biglietteria del Teatro dell'Aquila 0734.284295 - biglietteriateatro@comune.fermo.it","info_costo":"","link_ticket":"","info_luogo":"","luogo_poi":{"ID":2396,"post_author":"2","post_date":"2021-05-25 14:39:37","post_date_gmt":"2021-05-25 14:39:37","post_content":"","post_title":"Teatro dell'Aquila","post_excerpt":"","post_status":"publish","comment_status":"closed","ping_status":"closed","post_password":"","post_name":"teatro-dellaquila","to_ping":"","pinged":"","post_modified":"2021-07-09 14:57:21","post_modified_gmt":"2021-07-09 14:57:21","post_content_filtered":"","post_parent":0,"guid":"https:\/\/visitfermo.it\/?post_type=luoghi&#038;p=2396","menu_order":0,"post_type":"luoghi","post_mime_type":"","comment_count":"0","filter":"raw"},"organizzatore_evento":{"nome_org":"Form-orchestra filarmonica marchigiana","telefono_org":"","email_org":"","sito_org":""}},"yoast_head":"<!-- This site is optimized with the Yoast SEO plugin v26.5 - https:\/\/yoast.com\/wordpress\/plugins\/seo\/ -->\n<title>Concerto per il Nuovo Anno - Visit Fermo<\/title>\n<meta name=\"robots\" content=\"index, follow, max-snippet:-1, max-image-preview:large, max-video-preview:-1\" \/>\n<link rel=\"canonical\" href=\"https:\/\/www.visitfermo.it\/en\/eventi\/concerto-per-il-nuovo-anno-3\" \/>\n<meta property=\"og:locale\" content=\"en_US\" \/>\n<meta property=\"og:type\" content=\"article\" \/>\n<meta property=\"og:title\" content=\"Concerto per il Nuovo Anno - Visit Fermo\" \/>\n<meta property=\"og:description\" content=\"Musiche di Strauss, Liszt, K\u00e1lm\u00e1n, Leh\u00e1r Direttore Giuseppe Montesano\" \/>\n<meta property=\"og:url\" content=\"https:\/\/www.visitfermo.it\/en\/eventi\/concerto-per-il-nuovo-anno-3\" \/>\n<meta property=\"og:site_name\" content=\"Visit Fermo\" \/>\n<meta property=\"article:publisher\" content=\"https:\/\/www.facebook.com\/VstFermo\/\" \/>\n<meta property=\"article:modified_time\" content=\"2024-11-08T10:06:28+00:00\" \/>\n<meta property=\"og:image\" content=\"https:\/\/www.visitfermo.it\/wp-content\/uploads\/2023\/10\/FORM-VIENNA-MUSIKVEREIN-photo-luigi-gasparroni.jpg\" \/>\n\t<meta property=\"og:image:width\" content=\"6720\" \/>\n\t<meta property=\"og:image:height\" content=\"4480\" \/>\n\t<meta property=\"og:image:type\" content=\"image\/jpeg\" \/>\n<meta name=\"twitter:card\" content=\"summary_large_image\" \/>\n<meta name=\"twitter:site\" content=\"@FermoTurismo\" \/>\n<meta name=\"twitter:label1\" content=\"Est. reading time\" \/>\n\t<meta name=\"twitter:data1\" content=\"1 minute\" \/>\n<script type=\"application\/ld+json\" class=\"yoast-schema-graph\">{\"@context\":\"https:\/\/schema.org\",\"@graph\":[{\"@type\":\"WebPage\",\"@id\":\"https:\/\/www.visitfermo.it\/en\/eventi\/concerto-per-il-nuovo-anno-3\",\"url\":\"https:\/\/www.visitfermo.it\/en\/eventi\/concerto-per-il-nuovo-anno-3\",\"name\":\"Concerto per il Nuovo Anno - Visit Fermo\",\"isPartOf\":{\"@id\":\"https:\/\/www.visitfermo.it\/en#website\"},\"primaryImageOfPage\":{\"@id\":\"https:\/\/www.visitfermo.it\/en\/eventi\/concerto-per-il-nuovo-anno-3#primaryimage\"},\"image\":{\"@id\":\"https:\/\/www.visitfermo.it\/en\/eventi\/concerto-per-il-nuovo-anno-3#primaryimage\"},\"thumbnailUrl\":\"https:\/\/www.visitfermo.it\/wp-content\/uploads\/2023\/10\/FORM-VIENNA-MUSIKVEREIN-photo-luigi-gasparroni.jpg\",\"datePublished\":\"2024-11-08T10:05:31+00:00\",\"dateModified\":\"2024-11-08T10:06:28+00:00\",\"breadcrumb\":{\"@id\":\"https:\/\/www.visitfermo.it\/en\/eventi\/concerto-per-il-nuovo-anno-3#breadcrumb\"},\"inLanguage\":\"en\",\"potentialAction\":[{\"@type\":\"ReadAction\",\"target\":[\"https:\/\/www.visitfermo.it\/en\/eventi\/concerto-per-il-nuovo-anno-3\"]}]},{\"@type\":\"ImageObject\",\"inLanguage\":\"en\",\"@id\":\"https:\/\/www.visitfermo.it\/en\/eventi\/concerto-per-il-nuovo-anno-3#primaryimage\",\"url\":\"https:\/\/www.visitfermo.it\/wp-content\/uploads\/2023\/10\/FORM-VIENNA-MUSIKVEREIN-photo-luigi-gasparroni.jpg\",\"contentUrl\":\"https:\/\/www.visitfermo.it\/wp-content\/uploads\/2023\/10\/FORM-VIENNA-MUSIKVEREIN-photo-luigi-gasparroni.jpg\",\"width\":6720,\"height\":4480},{\"@type\":\"BreadcrumbList\",\"@id\":\"https:\/\/www.visitfermo.it\/en\/eventi\/concerto-per-il-nuovo-anno-3#breadcrumb\",\"itemListElement\":[{\"@type\":\"ListItem\",\"position\":1,\"name\":\"Home\",\"item\":\"https:\/\/www.visitfermo.it\/en\"},{\"@type\":\"ListItem\",\"position\":2,\"name\":\"Events\",\"item\":\"https:\/\/www.visitfermo.it\/en\/eventi\/\"},{\"@type\":\"ListItem\",\"position\":3,\"name\":\"Concerto per il Nuovo Anno\"}]},{\"@type\":\"WebSite\",\"@id\":\"https:\/\/www.visitfermo.it\/en#website\",\"url\":\"https:\/\/www.visitfermo.it\/en\",\"name\":\"Visit Fermo\",\"description\":\"Fermo a place for me\",\"publisher\":{\"@id\":\"https:\/\/www.visitfermo.it\/en#organization\"},\"potentialAction\":[{\"@type\":\"SearchAction\",\"target\":{\"@type\":\"EntryPoint\",\"urlTemplate\":\"https:\/\/www.visitfermo.it\/en?s={search_term_string}\"},\"query-input\":{\"@type\":\"PropertyValueSpecification\",\"valueRequired\":true,\"valueName\":\"search_term_string\"}}],\"inLanguage\":\"en\"},{\"@type\":\"Organization\",\"@id\":\"https:\/\/www.visitfermo.it\/en#organization\",\"name\":\"Visit Fermo\",\"url\":\"https:\/\/www.visitfermo.it\/en\",\"logo\":{\"@type\":\"ImageObject\",\"inLanguage\":\"en\",\"@id\":\"https:\/\/www.visitfermo.it\/en#\/schema\/logo\/image\/\",\"url\":\"https:\/\/www.visitfermo.it\/wp-content\/uploads\/2018\/02\/logo-fermo-a-place-for-me-giallo.png\",\"contentUrl\":\"https:\/\/www.visitfermo.it\/wp-content\/uploads\/2018\/02\/logo-fermo-a-place-for-me-giallo.png\",\"width\":453,\"height\":230,\"caption\":\"Visit Fermo\"},\"image\":{\"@id\":\"https:\/\/www.visitfermo.it\/en#\/schema\/logo\/image\/\"},\"sameAs\":[\"https:\/\/www.facebook.com\/VstFermo\/\",\"https:\/\/x.com\/FermoTurismo\",\"https:\/\/www.instagram.com\/visitfermo\/\",\"https:\/\/www.youtube.com\/c\/VisitFermo\"]}]}<\/script>\n<!-- \/ Yoast SEO plugin. -->","yoast_head_json":{"title":"Concerto per il Nuovo Anno - Visit Fermo","robots":{"index":"index","follow":"follow","max-snippet":"max-snippet:-1","max-image-preview":"max-image-preview:large","max-video-preview":"max-video-preview:-1"},"canonical":"https:\/\/www.visitfermo.it\/en\/eventi\/concerto-per-il-nuovo-anno-3","og_locale":"en_US","og_type":"article","og_title":"Concerto per il Nuovo Anno - Visit Fermo","og_description":"Musiche di Strauss, Liszt, K\u00e1lm\u00e1n, Leh\u00e1r Direttore Giuseppe Montesano","og_url":"https:\/\/www.visitfermo.it\/en\/eventi\/concerto-per-il-nuovo-anno-3","og_site_name":"Visit Fermo","article_publisher":"https:\/\/www.facebook.com\/VstFermo\/","article_modified_time":"2024-11-08T10:06:28+00:00","og_image":[{"width":6720,"height":4480,"url":"https:\/\/www.visitfermo.it\/wp-content\/uploads\/2023\/10\/FORM-VIENNA-MUSIKVEREIN-photo-luigi-gasparroni.jpg","type":"image\/jpeg"}],"twitter_card":"summary_large_image","twitter_site":"@FermoTurismo","twitter_misc":{"Est. reading time":"1 minute"},"schema":{"@context":"https:\/\/schema.org","@graph":[{"@type":"WebPage","@id":"https:\/\/www.visitfermo.it\/en\/eventi\/concerto-per-il-nuovo-anno-3","url":"https:\/\/www.visitfermo.it\/en\/eventi\/concerto-per-il-nuovo-anno-3","name":"Concerto per il Nuovo Anno - Visit Fermo","isPartOf":{"@id":"https:\/\/www.visitfermo.it\/en#website"},"primaryImageOfPage":{"@id":"https:\/\/www.visitfermo.it\/en\/eventi\/concerto-per-il-nuovo-anno-3#primaryimage"},"image":{"@id":"https:\/\/www.visitfermo.it\/en\/eventi\/concerto-per-il-nuovo-anno-3#primaryimage"},"thumbnailUrl":"https:\/\/www.visitfermo.it\/wp-content\/uploads\/2023\/10\/FORM-VIENNA-MUSIKVEREIN-photo-luigi-gasparroni.jpg","datePublished":"2024-11-08T10:05:31+00:00","dateModified":"2024-11-08T10:06:28+00:00","breadcrumb":{"@id":"https:\/\/www.visitfermo.it\/en\/eventi\/concerto-per-il-nuovo-anno-3#breadcrumb"},"inLanguage":"en","potentialAction":[{"@type":"ReadAction","target":["https:\/\/www.visitfermo.it\/en\/eventi\/concerto-per-il-nuovo-anno-3"]}]},{"@type":"ImageObject","inLanguage":"en","@id":"https:\/\/www.visitfermo.it\/en\/eventi\/concerto-per-il-nuovo-anno-3#primaryimage","url":"https:\/\/www.visitfermo.it\/wp-content\/uploads\/2023\/10\/FORM-VIENNA-MUSIKVEREIN-photo-luigi-gasparroni.jpg","contentUrl":"https:\/\/www.visitfermo.it\/wp-content\/uploads\/2023\/10\/FORM-VIENNA-MUSIKVEREIN-photo-luigi-gasparroni.jpg","width":6720,"height":4480},{"@type":"BreadcrumbList","@id":"https:\/\/www.visitfermo.it\/en\/eventi\/concerto-per-il-nuovo-anno-3#breadcrumb","itemListElement":[{"@type":"ListItem","position":1,"name":"Home","item":"https:\/\/www.visitfermo.it\/en"},{"@type":"ListItem","position":2,"name":"Events","item":"https:\/\/www.visitfermo.it\/en\/eventi\/"},{"@type":"ListItem","position":3,"name":"Concerto per il Nuovo Anno"}]},{"@type":"WebSite","@id":"https:\/\/www.visitfermo.it\/en#website","url":"https:\/\/www.visitfermo.it\/en","name":"Visit Fermo","description":"Fermo a place for me","publisher":{"@id":"https:\/\/www.visitfermo.it\/en#organization"},"potentialAction":[{"@type":"SearchAction","target":{"@type":"EntryPoint","urlTemplate":"https:\/\/www.visitfermo.it\/en?s={search_term_string}"},"query-input":{"@type":"PropertyValueSpecification","valueRequired":true,"valueName":"search_term_string"}}],"inLanguage":"en"},{"@type":"Organization","@id":"https:\/\/www.visitfermo.it\/en#organization","name":"Visit Fermo","url":"https:\/\/www.visitfermo.it\/en","logo":{"@type":"ImageObject","inLanguage":"en","@id":"https:\/\/www.visitfermo.it\/en#\/schema\/logo\/image\/","url":"https:\/\/www.visitfermo.it\/wp-content\/uploads\/2018\/02\/logo-fermo-a-place-for-me-giallo.png","contentUrl":"https:\/\/www.visitfermo.it\/wp-content\/uploads\/2018\/02\/logo-fermo-a-place-for-me-giallo.png","width":453,"height":230,"caption":"Visit Fermo"},"image":{"@id":"https:\/\/www.visitfermo.it\/en#\/schema\/logo\/image\/"},"sameAs":["https:\/\/www.facebook.com\/VstFermo\/","https:\/\/x.com\/FermoTurismo","https:\/\/www.instagram.com\/visitfermo\/","https:\/\/www.youtube.com\/c\/VisitFermo"]}]}},"_links":{"self":[{"href":"https:\/\/www.visitfermo.it\/en\/wp-json\/wp\/v2\/tribe_events\/31406","targetHints":{"allow":["GET"]}}],"collection":[{"href":"https:\/\/www.visitfermo.it\/en\/wp-json\/wp\/v2\/tribe_events"}],"about":[{"href":"https:\/\/www.visitfermo.it\/en\/wp-json\/wp\/v2\/types\/tribe_events"}],"author":[{"embeddable":true,"href":"https:\/\/www.visitfermo.it\/en\/wp-json\/wp\/v2\/users\/11"}],"version-history":[{"count":2,"href":"https:\/\/www.visitfermo.it\/en\/wp-json\/wp\/v2\/tribe_events\/31406\/revisions"}],"predecessor-version":[{"id":31408,"href":"https:\/\/www.visitfermo.it\/en\/wp-json\/wp\/v2\/tribe_events\/31406\/revisions\/31408"}],"wp:featuredmedia":[{"embeddable":true,"href":"https:\/\/www.visitfermo.it\/en\/wp-json\/wp\/v2\/media\/26485"}],"wp:attachment":[{"href":"https:\/\/www.visitfermo.it\/en\/wp-json\/wp\/v2\/media?parent=31406"}],"wp:term":[{"taxonomy":"post_tag","embeddable":true,"href":"https:\/\/www.visitfermo.it\/en\/wp-json\/wp\/v2\/tags?post=31406"},{"taxonomy":"tribe_events_cat","embeddable":true,"href":"https:\/\/www.visitfermo.it\/en\/wp-json\/wp\/v2\/tribe_events_cat?post=31406"}],"curies":[{"name":"wp","href":"https:\/\/api.w.org\/{rel}","templated":true}]}}