{"id":30848,"date":"2024-09-19T12:03:23","date_gmt":"2024-09-19T11:03:23","guid":{"rendered":"https:\/\/www.visitfermo.it\/eventi\/grigory-sokolov-copy"},"modified":"2024-12-12T10:18:51","modified_gmt":"2024-12-12T09:18:51","slug":"sir-andras-schiff","status":"publish","type":"tribe_events","link":"https:\/\/www.visitfermo.it\/en\/eventi\/sir-andras-schiff","title":{"rendered":"Sir Andr\u00e1s Schiff"},"content":{"rendered":"<p>Il programma, a sorpresa, verr\u00e0 annunciato dal Maestro la sera stessa del concerto<\/p>\n<p>&nbsp;<\/p>\n<p><strong>Sir Andr\u00e1s Schiff<\/strong><br \/>\nNato a Budapest nel 1953, ha iniziato a prendere lezioni di pianoforte all\u2019et\u00e0 di cinque anni sotto la guida di Elisabeth Vad\u00e1sz. Successivamente ha continuato il suo percorso di studi presso l\u2019Accademia \u201cFerenc Liszt\u201d con i professori P\u00e1l Kadosa, Gy\u00f6rgy Kurt\u00e1g e Ferenc Rados, e a Londra con il maestro George Malcolm. Recital e l\u2019esecuzione di straordinari cicli, fra cui i capolavori per pianoforte di J.S. Bach, Haydn, Mozart, Beethoven, Schubert, Chopin, Schumann e Bart\u00f3k costituiscono una parte importante delle sue attivit\u00e0. Ha collaborato con orchestre internazionali e direttori d\u2019orchestra fra i pi\u00f9 prestigiosi, ma attualmente si esibisce di preferenza come direttore e solista. Nel 1999, Schiff ha creato una sua orchestra da camera, la Cappella Andrea Barca, composta da solisti internazionali, musicisti da camera e amici intimi. Oltre a lavorare annualmente con questa orchestra, co-opera anche ogni anno con la Philharmonia Orchestra di Londra e l\u2019Orchestra da camera di Europa. Andr\u00e1s Schiff ha prodotto una copiosa discografia che ha ricevuto diversi premi internazionali, tra cui due Grammy Awards. Ha ricevuto numerosi premi internazionali, pi\u00f9 di recente il Premio Schumann 2011 assegnatogli dalla citt\u00e0 di Zwickau. Nel 2007 ha ricevuto il prestigioso premio italiano, il \u201cPremio della critica musicale Franco Abbiati\u201d, conferitogli per il suo ciclo di sonate per pianoforte di Beethoven. Sempre nel 2007, ha ricevuto \u201cThe Royal Academy of Music Bach Prize\u201d, promosso dalla Fondazione Kohn; nel 2008, ha ricevuto la \u201cWigmore Hall Medal\u201d in apprezzamento di 30 anni di esibizioni alla Wigmore Hall. Nel 2009 gli \u00e8 stato conferito il \u201cKlavier-Festival Ruhr Premio\u201d per gli straordinari successi pianistici e per onorare il lavoro di tutta una vita come pianista.<\/p>\n<p>&nbsp;<\/p>\n<p>Foto di Nadja Sj\u00f6str\u00f6m<\/p>\n","protected":false},"excerpt":{"rendered":"<p>Pianoforte<\/p>\n","protected":false},"author":11,"featured_media":30850,"template":"","meta":{"_acf_changed":false,"_tribe_events_status":"","_tribe_events_status_reason":"","_tribe_events_is_hybrid":"","_tribe_events_is_virtual":"","_tribe_events_virtual_video_source":"","_tribe_events_virtual_embed_video":"","_tribe_events_virtual_linked_button_text":"","_tribe_events_virtual_linked_button":"","_tribe_events_virtual_show_embed_at":"","_tribe_events_virtual_show_embed_to":[],"_tribe_events_virtual_show_on_event":"","_tribe_events_virtual_show_on_views":"","_tribe_events_virtual_url":"","footnotes":""},"tags":[],"tribe_events_cat":[81,82],"class_list":["post-30848","tribe_events","type-tribe_events","status-publish","has-post-thumbnail","hentry","rassegna_eventi-natale","rassegna_eventi-teatro-aquila","stagione_eventi-natale-2024","stagione_eventi-stagione-teatrale-2024-2025","tribe_events_cat-concertistica","tribe_events_cat-musica-spettacoli","cat_concertistica","cat_musica-spettacoli"],"acf":{"sottotitolo":"","info_evento":"335.471693 - biglietteria del teatro 0734.284295 - biglietteriateatro@comune.fermo.it - ilcircolodiave@gmail.com","info_costo":"Settore A \u20ac 40 - Settore B \u20ac 35 (ridotto \u20ac 30) - Settore C \u20ac 30 (ridotto \u20ac 25) \/ Abbonamento 2 concerti (Schiff + Vengerov e Osetinskaya) Settore A \u20ac 68, Settore B \u20ac 60 (ridotto \u20ac 50), Settore C \u20ac 50 (ridotto \u20ac 42)","link_ticket":"https:\/\/www.vivaticket.com\/it\/ticket\/sir-andras-schiff-recital\/241019","info_luogo":"","luogo_poi":{"ID":2396,"post_author":"2","post_date":"2021-05-25 14:39:37","post_date_gmt":"2021-05-25 14:39:37","post_content":"","post_title":"Teatro dell'Aquila","post_excerpt":"","post_status":"publish","comment_status":"closed","ping_status":"closed","post_password":"","post_name":"teatro-dellaquila","to_ping":"","pinged":"","post_modified":"2021-07-09 14:57:21","post_modified_gmt":"2021-07-09 14:57:21","post_content_filtered":"","post_parent":0,"guid":"https:\/\/visitfermo.it\/?post_type=luoghi&#038;p=2396","menu_order":0,"post_type":"luoghi","post_mime_type":"","comment_count":"0","filter":"raw"},"organizzatore_evento":{"nome_org":"Associazione Il Circolo di Ave","telefono_org":"","email_org":"","sito_org":""}},"yoast_head":"<!-- This site is optimized with the Yoast SEO plugin v26.5 - https:\/\/yoast.com\/wordpress\/plugins\/seo\/ -->\n<title>Sir Andr\u00e1s Schiff - Visit Fermo<\/title>\n<meta name=\"robots\" content=\"index, follow, max-snippet:-1, max-image-preview:large, max-video-preview:-1\" \/>\n<link rel=\"canonical\" href=\"https:\/\/www.visitfermo.it\/en\/eventi\/sir-andras-schiff\" \/>\n<meta property=\"og:locale\" content=\"en_US\" \/>\n<meta property=\"og:type\" content=\"article\" \/>\n<meta property=\"og:title\" content=\"Sir Andr\u00e1s Schiff - Visit Fermo\" \/>\n<meta property=\"og:description\" content=\"Pianoforte\" \/>\n<meta property=\"og:url\" content=\"https:\/\/www.visitfermo.it\/en\/eventi\/sir-andras-schiff\" \/>\n<meta property=\"og:site_name\" content=\"Visit Fermo\" \/>\n<meta property=\"article:publisher\" content=\"https:\/\/www.facebook.com\/VstFermo\/\" \/>\n<meta property=\"article:modified_time\" content=\"2024-12-12T09:18:51+00:00\" \/>\n<meta property=\"og:image\" content=\"https:\/\/www.visitfermo.it\/wp-content\/uploads\/2024\/09\/andrasschiff_ns-4089_3500px_srgb-by-nadja-sjostrom.jpeg\" \/>\n\t<meta property=\"og:image:width\" content=\"2333\" \/>\n\t<meta property=\"og:image:height\" content=\"3500\" \/>\n\t<meta property=\"og:image:type\" content=\"image\/jpeg\" \/>\n<meta name=\"twitter:card\" content=\"summary_large_image\" \/>\n<meta name=\"twitter:site\" content=\"@FermoTurismo\" \/>\n<meta name=\"twitter:label1\" content=\"Est. reading time\" \/>\n\t<meta name=\"twitter:data1\" content=\"2 minutes\" \/>\n<script type=\"application\/ld+json\" class=\"yoast-schema-graph\">{\"@context\":\"https:\/\/schema.org\",\"@graph\":[{\"@type\":\"WebPage\",\"@id\":\"https:\/\/www.visitfermo.it\/en\/eventi\/sir-andras-schiff\",\"url\":\"https:\/\/www.visitfermo.it\/en\/eventi\/sir-andras-schiff\",\"name\":\"Sir Andr\u00e1s Schiff - Visit Fermo\",\"isPartOf\":{\"@id\":\"https:\/\/www.visitfermo.it\/en#website\"},\"primaryImageOfPage\":{\"@id\":\"https:\/\/www.visitfermo.it\/en\/eventi\/sir-andras-schiff#primaryimage\"},\"image\":{\"@id\":\"https:\/\/www.visitfermo.it\/en\/eventi\/sir-andras-schiff#primaryimage\"},\"thumbnailUrl\":\"https:\/\/www.visitfermo.it\/wp-content\/uploads\/2024\/09\/andrasschiff_ns-4089_3500px_srgb-by-nadja-sjostrom.jpeg\",\"datePublished\":\"2024-09-19T11:03:23+00:00\",\"dateModified\":\"2024-12-12T09:18:51+00:00\",\"breadcrumb\":{\"@id\":\"https:\/\/www.visitfermo.it\/en\/eventi\/sir-andras-schiff#breadcrumb\"},\"inLanguage\":\"en\",\"potentialAction\":[{\"@type\":\"ReadAction\",\"target\":[\"https:\/\/www.visitfermo.it\/en\/eventi\/sir-andras-schiff\"]}]},{\"@type\":\"ImageObject\",\"inLanguage\":\"en\",\"@id\":\"https:\/\/www.visitfermo.it\/en\/eventi\/sir-andras-schiff#primaryimage\",\"url\":\"https:\/\/www.visitfermo.it\/wp-content\/uploads\/2024\/09\/andrasschiff_ns-4089_3500px_srgb-by-nadja-sjostrom.jpeg\",\"contentUrl\":\"https:\/\/www.visitfermo.it\/wp-content\/uploads\/2024\/09\/andrasschiff_ns-4089_3500px_srgb-by-nadja-sjostrom.jpeg\",\"width\":2333,\"height\":3500},{\"@type\":\"BreadcrumbList\",\"@id\":\"https:\/\/www.visitfermo.it\/en\/eventi\/sir-andras-schiff#breadcrumb\",\"itemListElement\":[{\"@type\":\"ListItem\",\"position\":1,\"name\":\"Home\",\"item\":\"https:\/\/www.visitfermo.it\/en\"},{\"@type\":\"ListItem\",\"position\":2,\"name\":\"Events\",\"item\":\"https:\/\/www.visitfermo.it\/en\/eventi\/\"},{\"@type\":\"ListItem\",\"position\":3,\"name\":\"Sir Andr\u00e1s Schiff\"}]},{\"@type\":\"WebSite\",\"@id\":\"https:\/\/www.visitfermo.it\/en#website\",\"url\":\"https:\/\/www.visitfermo.it\/en\",\"name\":\"Visit Fermo\",\"description\":\"Fermo a place for me\",\"publisher\":{\"@id\":\"https:\/\/www.visitfermo.it\/en#organization\"},\"potentialAction\":[{\"@type\":\"SearchAction\",\"target\":{\"@type\":\"EntryPoint\",\"urlTemplate\":\"https:\/\/www.visitfermo.it\/en?s={search_term_string}\"},\"query-input\":{\"@type\":\"PropertyValueSpecification\",\"valueRequired\":true,\"valueName\":\"search_term_string\"}}],\"inLanguage\":\"en\"},{\"@type\":\"Organization\",\"@id\":\"https:\/\/www.visitfermo.it\/en#organization\",\"name\":\"Visit Fermo\",\"url\":\"https:\/\/www.visitfermo.it\/en\",\"logo\":{\"@type\":\"ImageObject\",\"inLanguage\":\"en\",\"@id\":\"https:\/\/www.visitfermo.it\/en#\/schema\/logo\/image\/\",\"url\":\"https:\/\/www.visitfermo.it\/wp-content\/uploads\/2018\/02\/logo-fermo-a-place-for-me-giallo.png\",\"contentUrl\":\"https:\/\/www.visitfermo.it\/wp-content\/uploads\/2018\/02\/logo-fermo-a-place-for-me-giallo.png\",\"width\":453,\"height\":230,\"caption\":\"Visit Fermo\"},\"image\":{\"@id\":\"https:\/\/www.visitfermo.it\/en#\/schema\/logo\/image\/\"},\"sameAs\":[\"https:\/\/www.facebook.com\/VstFermo\/\",\"https:\/\/x.com\/FermoTurismo\",\"https:\/\/www.instagram.com\/visitfermo\/\",\"https:\/\/www.youtube.com\/c\/VisitFermo\"]}]}<\/script>\n<!-- \/ Yoast SEO plugin. -->","yoast_head_json":{"title":"Sir Andr\u00e1s Schiff - Visit Fermo","robots":{"index":"index","follow":"follow","max-snippet":"max-snippet:-1","max-image-preview":"max-image-preview:large","max-video-preview":"max-video-preview:-1"},"canonical":"https:\/\/www.visitfermo.it\/en\/eventi\/sir-andras-schiff","og_locale":"en_US","og_type":"article","og_title":"Sir Andr\u00e1s Schiff - Visit Fermo","og_description":"Pianoforte","og_url":"https:\/\/www.visitfermo.it\/en\/eventi\/sir-andras-schiff","og_site_name":"Visit Fermo","article_publisher":"https:\/\/www.facebook.com\/VstFermo\/","article_modified_time":"2024-12-12T09:18:51+00:00","og_image":[{"width":2333,"height":3500,"url":"https:\/\/www.visitfermo.it\/wp-content\/uploads\/2024\/09\/andrasschiff_ns-4089_3500px_srgb-by-nadja-sjostrom.jpeg","type":"image\/jpeg"}],"twitter_card":"summary_large_image","twitter_site":"@FermoTurismo","twitter_misc":{"Est. reading time":"2 minutes"},"schema":{"@context":"https:\/\/schema.org","@graph":[{"@type":"WebPage","@id":"https:\/\/www.visitfermo.it\/en\/eventi\/sir-andras-schiff","url":"https:\/\/www.visitfermo.it\/en\/eventi\/sir-andras-schiff","name":"Sir Andr\u00e1s Schiff - Visit Fermo","isPartOf":{"@id":"https:\/\/www.visitfermo.it\/en#website"},"primaryImageOfPage":{"@id":"https:\/\/www.visitfermo.it\/en\/eventi\/sir-andras-schiff#primaryimage"},"image":{"@id":"https:\/\/www.visitfermo.it\/en\/eventi\/sir-andras-schiff#primaryimage"},"thumbnailUrl":"https:\/\/www.visitfermo.it\/wp-content\/uploads\/2024\/09\/andrasschiff_ns-4089_3500px_srgb-by-nadja-sjostrom.jpeg","datePublished":"2024-09-19T11:03:23+00:00","dateModified":"2024-12-12T09:18:51+00:00","breadcrumb":{"@id":"https:\/\/www.visitfermo.it\/en\/eventi\/sir-andras-schiff#breadcrumb"},"inLanguage":"en","potentialAction":[{"@type":"ReadAction","target":["https:\/\/www.visitfermo.it\/en\/eventi\/sir-andras-schiff"]}]},{"@type":"ImageObject","inLanguage":"en","@id":"https:\/\/www.visitfermo.it\/en\/eventi\/sir-andras-schiff#primaryimage","url":"https:\/\/www.visitfermo.it\/wp-content\/uploads\/2024\/09\/andrasschiff_ns-4089_3500px_srgb-by-nadja-sjostrom.jpeg","contentUrl":"https:\/\/www.visitfermo.it\/wp-content\/uploads\/2024\/09\/andrasschiff_ns-4089_3500px_srgb-by-nadja-sjostrom.jpeg","width":2333,"height":3500},{"@type":"BreadcrumbList","@id":"https:\/\/www.visitfermo.it\/en\/eventi\/sir-andras-schiff#breadcrumb","itemListElement":[{"@type":"ListItem","position":1,"name":"Home","item":"https:\/\/www.visitfermo.it\/en"},{"@type":"ListItem","position":2,"name":"Events","item":"https:\/\/www.visitfermo.it\/en\/eventi\/"},{"@type":"ListItem","position":3,"name":"Sir Andr\u00e1s Schiff"}]},{"@type":"WebSite","@id":"https:\/\/www.visitfermo.it\/en#website","url":"https:\/\/www.visitfermo.it\/en","name":"Visit Fermo","description":"Fermo a place for me","publisher":{"@id":"https:\/\/www.visitfermo.it\/en#organization"},"potentialAction":[{"@type":"SearchAction","target":{"@type":"EntryPoint","urlTemplate":"https:\/\/www.visitfermo.it\/en?s={search_term_string}"},"query-input":{"@type":"PropertyValueSpecification","valueRequired":true,"valueName":"search_term_string"}}],"inLanguage":"en"},{"@type":"Organization","@id":"https:\/\/www.visitfermo.it\/en#organization","name":"Visit Fermo","url":"https:\/\/www.visitfermo.it\/en","logo":{"@type":"ImageObject","inLanguage":"en","@id":"https:\/\/www.visitfermo.it\/en#\/schema\/logo\/image\/","url":"https:\/\/www.visitfermo.it\/wp-content\/uploads\/2018\/02\/logo-fermo-a-place-for-me-giallo.png","contentUrl":"https:\/\/www.visitfermo.it\/wp-content\/uploads\/2018\/02\/logo-fermo-a-place-for-me-giallo.png","width":453,"height":230,"caption":"Visit Fermo"},"image":{"@id":"https:\/\/www.visitfermo.it\/en#\/schema\/logo\/image\/"},"sameAs":["https:\/\/www.facebook.com\/VstFermo\/","https:\/\/x.com\/FermoTurismo","https:\/\/www.instagram.com\/visitfermo\/","https:\/\/www.youtube.com\/c\/VisitFermo"]}]}},"_links":{"self":[{"href":"https:\/\/www.visitfermo.it\/en\/wp-json\/wp\/v2\/tribe_events\/30848","targetHints":{"allow":["GET"]}}],"collection":[{"href":"https:\/\/www.visitfermo.it\/en\/wp-json\/wp\/v2\/tribe_events"}],"about":[{"href":"https:\/\/www.visitfermo.it\/en\/wp-json\/wp\/v2\/types\/tribe_events"}],"author":[{"embeddable":true,"href":"https:\/\/www.visitfermo.it\/en\/wp-json\/wp\/v2\/users\/11"}],"version-history":[{"count":10,"href":"https:\/\/www.visitfermo.it\/en\/wp-json\/wp\/v2\/tribe_events\/30848\/revisions"}],"predecessor-version":[{"id":31111,"href":"https:\/\/www.visitfermo.it\/en\/wp-json\/wp\/v2\/tribe_events\/30848\/revisions\/31111"}],"wp:featuredmedia":[{"embeddable":true,"href":"https:\/\/www.visitfermo.it\/en\/wp-json\/wp\/v2\/media\/30850"}],"wp:attachment":[{"href":"https:\/\/www.visitfermo.it\/en\/wp-json\/wp\/v2\/media?parent=30848"}],"wp:term":[{"taxonomy":"post_tag","embeddable":true,"href":"https:\/\/www.visitfermo.it\/en\/wp-json\/wp\/v2\/tags?post=30848"},{"taxonomy":"tribe_events_cat","embeddable":true,"href":"https:\/\/www.visitfermo.it\/en\/wp-json\/wp\/v2\/tribe_events_cat?post=30848"}],"curies":[{"name":"wp","href":"https:\/\/api.w.org\/{rel}","templated":true}]}}