{"id":26341,"date":"2023-10-12T13:02:47","date_gmt":"2023-10-12T12:02:47","guid":{"rendered":"https:\/\/www.visitfermo.it\/?post_type=tribe_events&#038;p=26341"},"modified":"2023-10-24T12:37:58","modified_gmt":"2023-10-24T11:37:58","slug":"la-favola-delle-nuvole-e-del-profumo","status":"publish","type":"tribe_events","link":"https:\/\/www.visitfermo.it\/en\/eventi\/la-favola-delle-nuvole-e-del-profumo\/2024-03-12","title":{"rendered":"La favola delle nuvole e del profumo"},"content":{"rendered":"<p>Lo spettacolo racconta del pi\u00f9 grande \u201ctrasloco\u201d che mai la storia abbia ricordato, quello dell\u2019intero genere umano, che un giorno fu costretto a fare \u201carmi e bagagli\u201d per sopravvivere.<br \/>\n\u00c8 la storia di una fitta coltre di nebbia scesa sulla terra, diversa da tutte le altre, maleodorante e vischiosa, una nebbia che non se n&#8217;\u00e8 pi\u00f9 andata.<br \/>\n\u00c8 la storia di come l\u2019umanit\u00e0 sfrattata sia riuscita a trovare nuova vita nel cielo, di miliardi di piattaforme sorrette da palloni salite sopra la nebbia, lass\u00f9, dove l\u2019aria era ancora respirabile e il sole risplendeva.<br \/>\n\u00c8 la storia di un mondo parallelo interamente sorretto da palloni, dell\u2019incredibile vita appesa, delle sue regole, delle nuove abitudini quotidiane.<br \/>\n\u00c8 anche la storia dell\u2019amicizia tra un uomo e una cicogna, della loro fortissima voglia di riscatto per rimediare agli errori commessi.<br \/>\n\u00c8 la storia infine di un incredibile viaggio alle origini della vita, fino al nido del genere umano, un magico luogo da dove partono tutti i piccoli che poi andranno a nascere nelle loro famiglie.<br \/>\n\u00c8 il racconto dello stralunato tentativo di dar corso a un&#8217;umanit\u00e0 davvero diversa, che si batta per avere una terra sotto i piedi, un prato dove correre, un cielo dove sognare e che consideri la salvaguardia del pianeta un bene assoluto e primario.<br \/>\n<strong>La Favola delle Nuvole e del Profumo <\/strong>\u00e8 un tentativo di teatro per tutti, certamente per i ragazzi ma altrettanto certamente per i loro nonni, insegnanti e genitori, un lavoro dove l\u2019arte dell\u2019attore si intreccia con quella dei pupazzi, dove si parla di argomenti di grandissima attualit\u00e0 con un linguaggio adatto alle nuove generazioni, pervaso da ottimismo e voglia di impegnarsi, pi\u00f9 che da uno sterile piangersi addosso e che, come tradizione della compagnia, \u00e8 raccontato all&#8217;insegna del divertimento e della partecipazione.<br \/>\n\u201cLa Favola delle Nuvole e del Profumo\u201d \u00e8, prima di ogni altra cosa, una festa del Teatro e della sua capacit\u00e0 di portarci ovunque, di farci volare, sognare ed emozionare, \u00e8 altres\u00ec una maniera diversa di parlare del purtroppo sempre pi\u00f9 attuale problema della nostra sopravvivenza su questo pianeta. Non la solita frittata del mostro della spazzatura e similari ma uno sguardo ampio che ci conduce alle origini del problema, aiutandoci ad affrontarlo, con speranza e voglia di riscatto. Nulla \u00e8 pi\u00f9 lontano da questo spettacolo dei sermoni ecologici, delle prediche e delle promesse, qui il fattaccio \u00e8 gi\u00e0 avvenuto e l&#8217;umanit\u00e0 ora vive sospesa sopra le nuvole perch\u00e8 sotto non \u00e8 pi\u00f9 possibile stare.<br \/>\nUn uomo e una cicogna decidono di partire alla ricerca del punto zero, di quel luogo da cui provengono tutti i nascituri, nel tentativo di dare una soluzione definitiva al problema. Siamo con loro in questo importante viaggio, fianco e fianco, tutti insieme sulla zattera volante, perch\u00e8 con quel posto, presto o tardi, dovremmo farci i conti, \u00e8 solo questione di tempo, tanto vale arrivarci preparati.<\/p>\n","protected":false},"excerpt":{"rendered":"<p>liberamente tratto dal romanzo \u201c<em>Tra le Nuvole<\/em>\u201d di <strong>Marco Renzi<\/strong><br \/>\n<em>con<\/em> <strong>Enrico Verdicchio<\/strong> e <strong>Roberto Rossetti<\/strong><br \/>\n<em>musiche originali<\/em> <strong>Marco Pierini<\/strong><br \/>\n<em>pupazzi<\/em> <strong>Lucrezia Tritone<\/strong><br \/>\n<em>scene<\/em> <strong>Giacomo Pompei<\/strong><em> su disegno di<\/em> <strong>Paolo De Santi<\/strong><br \/>\n<em>regia<\/em> <strong>Giacomo Zito<\/strong><br \/>\nSpettacolo per il primo e secondo ciclo della Scuola Primaria 6-10 anni<\/p>\n","protected":false},"author":11,"featured_media":26342,"template":"","meta":{"_acf_changed":false,"_tribe_events_status":"","_tribe_events_status_reason":"","_tribe_events_is_hybrid":"","_tribe_events_is_virtual":"","_tribe_events_virtual_video_source":"","_tribe_events_virtual_embed_video":"","_tribe_events_virtual_linked_button_text":"","_tribe_events_virtual_linked_button":"","_tribe_events_virtual_show_embed_at":"","_tribe_events_virtual_show_embed_to":[],"_tribe_events_virtual_show_on_event":"","_tribe_events_virtual_show_on_views":"","_tribe_events_virtual_url":"","footnotes":""},"tags":[],"tribe_events_cat":[83],"class_list":["post-26341","tribe_events","type-tribe_events","status-publish","has-post-thumbnail","hentry","rassegna_eventi-autunno","rassegna_eventi-teatro-aquila","stagione_eventi-autunno-2023","stagione_eventi-stagione-teatrale-2023-2024","tribe_events_cat-bambini","cat_bambini","tribe-recurring-event","tribe-recurring-event-parent"],"acf":{"sottotitolo":"teatro d'attore, pupazzi animati, canto dal vivo, interazione con il pubblico","info_evento":"0734 440348","info_costo":"","link_ticket":"","info_luogo":"","luogo_poi":{"ID":2396,"post_author":"2","post_date":"2021-05-25 14:39:37","post_date_gmt":"2021-05-25 14:39:37","post_content":"","post_title":"Teatro dell'Aquila","post_excerpt":"","post_status":"publish","comment_status":"closed","ping_status":"closed","post_password":"","post_name":"teatro-dellaquila","to_ping":"","pinged":"","post_modified":"2021-07-09 14:57:21","post_modified_gmt":"2021-07-09 14:57:21","post_content_filtered":"","post_parent":0,"guid":"https:\/\/visitfermo.it\/?post_type=luoghi&#038;p=2396","menu_order":0,"post_type":"luoghi","post_mime_type":"","comment_count":"0","filter":"raw"},"organizzatore_evento":{"nome_org":"Tir - Teatrinrete - Proscenio teatro ragazzi","telefono_org":"","email_org":"","sito_org":""}},"yoast_head":"<!-- This site is optimized with the Yoast SEO plugin v26.5 - https:\/\/yoast.com\/wordpress\/plugins\/seo\/ -->\n<title>La favola delle nuvole e del profumo - Visit Fermo<\/title>\n<meta name=\"robots\" content=\"index, follow, max-snippet:-1, max-image-preview:large, max-video-preview:-1\" \/>\n<link rel=\"canonical\" href=\"https:\/\/www.visitfermo.it\/en\/eventi\/la-favola-delle-nuvole-e-del-profumo\/2024-03-12\" \/>\n<meta property=\"og:locale\" content=\"en_US\" \/>\n<meta property=\"og:type\" content=\"article\" \/>\n<meta property=\"og:title\" content=\"La favola delle nuvole e del profumo - Visit Fermo\" \/>\n<meta property=\"og:description\" content=\"liberamente tratto dal romanzo \u201cTra le Nuvole\u201d di Marco Renzi con Enrico Verdicchio e Roberto Rossetti musiche originali Marco Pierini pupazzi Lucrezia Tritone scene Giacomo Pompei su disegno di Paolo De Santi regia Giacomo Zito Spettacolo per il primo e secondo ciclo della Scuola Primaria 6-10 anni\" \/>\n<meta property=\"og:url\" content=\"https:\/\/www.visitfermo.it\/en\/eventi\/la-favola-delle-nuvole-e-del-profumo\/2024-03-12\" \/>\n<meta property=\"og:site_name\" content=\"Visit Fermo\" \/>\n<meta property=\"article:publisher\" content=\"https:\/\/www.facebook.com\/VstFermo\/\" \/>\n<meta property=\"article:modified_time\" content=\"2023-10-24T11:37:58+00:00\" \/>\n<meta property=\"og:image\" content=\"https:\/\/www.visitfermo.it\/wp-content\/uploads\/2023\/10\/La-favola-delle-nuvole-e-del-profumo_page-0001-1.jpg\" \/>\n\t<meta property=\"og:image:width\" content=\"1240\" \/>\n\t<meta property=\"og:image:height\" content=\"1755\" \/>\n\t<meta property=\"og:image:type\" content=\"image\/jpeg\" \/>\n<meta name=\"twitter:card\" content=\"summary_large_image\" \/>\n<meta name=\"twitter:site\" content=\"@FermoTurismo\" \/>\n<meta name=\"twitter:label1\" content=\"Est. reading time\" \/>\n\t<meta name=\"twitter:data1\" content=\"3 minutes\" \/>\n<script type=\"application\/ld+json\" class=\"yoast-schema-graph\">{\"@context\":\"https:\/\/schema.org\",\"@graph\":[{\"@type\":\"WebPage\",\"@id\":\"https:\/\/www.visitfermo.it\/en\/eventi\/la-favola-delle-nuvole-e-del-profumo\/2024-03-12\",\"url\":\"https:\/\/www.visitfermo.it\/en\/eventi\/la-favola-delle-nuvole-e-del-profumo\/2024-03-12\",\"name\":\"La favola delle nuvole e del profumo - Visit Fermo\",\"isPartOf\":{\"@id\":\"https:\/\/www.visitfermo.it\/en#website\"},\"primaryImageOfPage\":{\"@id\":\"https:\/\/www.visitfermo.it\/en\/eventi\/la-favola-delle-nuvole-e-del-profumo\/2024-03-12#primaryimage\"},\"image\":{\"@id\":\"https:\/\/www.visitfermo.it\/en\/eventi\/la-favola-delle-nuvole-e-del-profumo\/2024-03-12#primaryimage\"},\"thumbnailUrl\":\"https:\/\/www.visitfermo.it\/wp-content\/uploads\/2023\/10\/La-favola-delle-nuvole-e-del-profumo_page-0001-1.jpg\",\"datePublished\":\"2023-10-12T12:02:47+00:00\",\"dateModified\":\"2023-10-24T11:37:58+00:00\",\"breadcrumb\":{\"@id\":\"https:\/\/www.visitfermo.it\/en\/eventi\/la-favola-delle-nuvole-e-del-profumo\/2024-03-12#breadcrumb\"},\"inLanguage\":\"en\",\"potentialAction\":[{\"@type\":\"ReadAction\",\"target\":[\"https:\/\/www.visitfermo.it\/en\/eventi\/la-favola-delle-nuvole-e-del-profumo\/2024-03-12\"]}]},{\"@type\":\"ImageObject\",\"inLanguage\":\"en\",\"@id\":\"https:\/\/www.visitfermo.it\/en\/eventi\/la-favola-delle-nuvole-e-del-profumo\/2024-03-12#primaryimage\",\"url\":\"https:\/\/www.visitfermo.it\/wp-content\/uploads\/2023\/10\/La-favola-delle-nuvole-e-del-profumo_page-0001-1.jpg\",\"contentUrl\":\"https:\/\/www.visitfermo.it\/wp-content\/uploads\/2023\/10\/La-favola-delle-nuvole-e-del-profumo_page-0001-1.jpg\",\"width\":1240,\"height\":1755},{\"@type\":\"BreadcrumbList\",\"@id\":\"https:\/\/www.visitfermo.it\/en\/eventi\/la-favola-delle-nuvole-e-del-profumo\/2024-03-12#breadcrumb\",\"itemListElement\":[{\"@type\":\"ListItem\",\"position\":1,\"name\":\"Home\",\"item\":\"https:\/\/www.visitfermo.it\/en\"},{\"@type\":\"ListItem\",\"position\":2,\"name\":\"Events\",\"item\":\"https:\/\/www.visitfermo.it\/en\/eventi\/\"},{\"@type\":\"ListItem\",\"position\":3,\"name\":\"La favola delle nuvole e del profumo\"}]},{\"@type\":\"WebSite\",\"@id\":\"https:\/\/www.visitfermo.it\/en#website\",\"url\":\"https:\/\/www.visitfermo.it\/en\",\"name\":\"Visit Fermo\",\"description\":\"Fermo a place for me\",\"publisher\":{\"@id\":\"https:\/\/www.visitfermo.it\/en#organization\"},\"potentialAction\":[{\"@type\":\"SearchAction\",\"target\":{\"@type\":\"EntryPoint\",\"urlTemplate\":\"https:\/\/www.visitfermo.it\/en?s={search_term_string}\"},\"query-input\":{\"@type\":\"PropertyValueSpecification\",\"valueRequired\":true,\"valueName\":\"search_term_string\"}}],\"inLanguage\":\"en\"},{\"@type\":\"Organization\",\"@id\":\"https:\/\/www.visitfermo.it\/en#organization\",\"name\":\"Visit Fermo\",\"url\":\"https:\/\/www.visitfermo.it\/en\",\"logo\":{\"@type\":\"ImageObject\",\"inLanguage\":\"en\",\"@id\":\"https:\/\/www.visitfermo.it\/en#\/schema\/logo\/image\/\",\"url\":\"https:\/\/www.visitfermo.it\/wp-content\/uploads\/2018\/02\/logo-fermo-a-place-for-me-giallo.png\",\"contentUrl\":\"https:\/\/www.visitfermo.it\/wp-content\/uploads\/2018\/02\/logo-fermo-a-place-for-me-giallo.png\",\"width\":453,\"height\":230,\"caption\":\"Visit Fermo\"},\"image\":{\"@id\":\"https:\/\/www.visitfermo.it\/en#\/schema\/logo\/image\/\"},\"sameAs\":[\"https:\/\/www.facebook.com\/VstFermo\/\",\"https:\/\/x.com\/FermoTurismo\",\"https:\/\/www.instagram.com\/visitfermo\/\",\"https:\/\/www.youtube.com\/c\/VisitFermo\"]}]}<\/script>\n<!-- \/ Yoast SEO plugin. -->","yoast_head_json":{"title":"La favola delle nuvole e del profumo - Visit Fermo","robots":{"index":"index","follow":"follow","max-snippet":"max-snippet:-1","max-image-preview":"max-image-preview:large","max-video-preview":"max-video-preview:-1"},"canonical":"https:\/\/www.visitfermo.it\/en\/eventi\/la-favola-delle-nuvole-e-del-profumo\/2024-03-12","og_locale":"en_US","og_type":"article","og_title":"La favola delle nuvole e del profumo - Visit Fermo","og_description":"liberamente tratto dal romanzo \u201cTra le Nuvole\u201d di Marco Renzi con Enrico Verdicchio e Roberto Rossetti musiche originali Marco Pierini pupazzi Lucrezia Tritone scene Giacomo Pompei su disegno di Paolo De Santi regia Giacomo Zito Spettacolo per il primo e secondo ciclo della Scuola Primaria 6-10 anni","og_url":"https:\/\/www.visitfermo.it\/en\/eventi\/la-favola-delle-nuvole-e-del-profumo\/2024-03-12","og_site_name":"Visit Fermo","article_publisher":"https:\/\/www.facebook.com\/VstFermo\/","article_modified_time":"2023-10-24T11:37:58+00:00","og_image":[{"width":1240,"height":1755,"url":"https:\/\/www.visitfermo.it\/wp-content\/uploads\/2023\/10\/La-favola-delle-nuvole-e-del-profumo_page-0001-1.jpg","type":"image\/jpeg"}],"twitter_card":"summary_large_image","twitter_site":"@FermoTurismo","twitter_misc":{"Est. reading time":"3 minutes"},"schema":{"@context":"https:\/\/schema.org","@graph":[{"@type":"WebPage","@id":"https:\/\/www.visitfermo.it\/en\/eventi\/la-favola-delle-nuvole-e-del-profumo\/2024-03-12","url":"https:\/\/www.visitfermo.it\/en\/eventi\/la-favola-delle-nuvole-e-del-profumo\/2024-03-12","name":"La favola delle nuvole e del profumo - Visit Fermo","isPartOf":{"@id":"https:\/\/www.visitfermo.it\/en#website"},"primaryImageOfPage":{"@id":"https:\/\/www.visitfermo.it\/en\/eventi\/la-favola-delle-nuvole-e-del-profumo\/2024-03-12#primaryimage"},"image":{"@id":"https:\/\/www.visitfermo.it\/en\/eventi\/la-favola-delle-nuvole-e-del-profumo\/2024-03-12#primaryimage"},"thumbnailUrl":"https:\/\/www.visitfermo.it\/wp-content\/uploads\/2023\/10\/La-favola-delle-nuvole-e-del-profumo_page-0001-1.jpg","datePublished":"2023-10-12T12:02:47+00:00","dateModified":"2023-10-24T11:37:58+00:00","breadcrumb":{"@id":"https:\/\/www.visitfermo.it\/en\/eventi\/la-favola-delle-nuvole-e-del-profumo\/2024-03-12#breadcrumb"},"inLanguage":"en","potentialAction":[{"@type":"ReadAction","target":["https:\/\/www.visitfermo.it\/en\/eventi\/la-favola-delle-nuvole-e-del-profumo\/2024-03-12"]}]},{"@type":"ImageObject","inLanguage":"en","@id":"https:\/\/www.visitfermo.it\/en\/eventi\/la-favola-delle-nuvole-e-del-profumo\/2024-03-12#primaryimage","url":"https:\/\/www.visitfermo.it\/wp-content\/uploads\/2023\/10\/La-favola-delle-nuvole-e-del-profumo_page-0001-1.jpg","contentUrl":"https:\/\/www.visitfermo.it\/wp-content\/uploads\/2023\/10\/La-favola-delle-nuvole-e-del-profumo_page-0001-1.jpg","width":1240,"height":1755},{"@type":"BreadcrumbList","@id":"https:\/\/www.visitfermo.it\/en\/eventi\/la-favola-delle-nuvole-e-del-profumo\/2024-03-12#breadcrumb","itemListElement":[{"@type":"ListItem","position":1,"name":"Home","item":"https:\/\/www.visitfermo.it\/en"},{"@type":"ListItem","position":2,"name":"Events","item":"https:\/\/www.visitfermo.it\/en\/eventi\/"},{"@type":"ListItem","position":3,"name":"La favola delle nuvole e del profumo"}]},{"@type":"WebSite","@id":"https:\/\/www.visitfermo.it\/en#website","url":"https:\/\/www.visitfermo.it\/en","name":"Visit Fermo","description":"Fermo a place for me","publisher":{"@id":"https:\/\/www.visitfermo.it\/en#organization"},"potentialAction":[{"@type":"SearchAction","target":{"@type":"EntryPoint","urlTemplate":"https:\/\/www.visitfermo.it\/en?s={search_term_string}"},"query-input":{"@type":"PropertyValueSpecification","valueRequired":true,"valueName":"search_term_string"}}],"inLanguage":"en"},{"@type":"Organization","@id":"https:\/\/www.visitfermo.it\/en#organization","name":"Visit Fermo","url":"https:\/\/www.visitfermo.it\/en","logo":{"@type":"ImageObject","inLanguage":"en","@id":"https:\/\/www.visitfermo.it\/en#\/schema\/logo\/image\/","url":"https:\/\/www.visitfermo.it\/wp-content\/uploads\/2018\/02\/logo-fermo-a-place-for-me-giallo.png","contentUrl":"https:\/\/www.visitfermo.it\/wp-content\/uploads\/2018\/02\/logo-fermo-a-place-for-me-giallo.png","width":453,"height":230,"caption":"Visit Fermo"},"image":{"@id":"https:\/\/www.visitfermo.it\/en#\/schema\/logo\/image\/"},"sameAs":["https:\/\/www.facebook.com\/VstFermo\/","https:\/\/x.com\/FermoTurismo","https:\/\/www.instagram.com\/visitfermo\/","https:\/\/www.youtube.com\/c\/VisitFermo"]}]}},"_links":{"self":[{"href":"https:\/\/www.visitfermo.it\/en\/wp-json\/wp\/v2\/tribe_events\/26341","targetHints":{"allow":["GET"]}}],"collection":[{"href":"https:\/\/www.visitfermo.it\/en\/wp-json\/wp\/v2\/tribe_events"}],"about":[{"href":"https:\/\/www.visitfermo.it\/en\/wp-json\/wp\/v2\/types\/tribe_events"}],"author":[{"embeddable":true,"href":"https:\/\/www.visitfermo.it\/en\/wp-json\/wp\/v2\/users\/11"}],"version-history":[{"count":10,"href":"https:\/\/www.visitfermo.it\/en\/wp-json\/wp\/v2\/tribe_events\/26341\/revisions"}],"predecessor-version":[{"id":26346,"href":"https:\/\/www.visitfermo.it\/en\/wp-json\/wp\/v2\/tribe_events\/26341\/revisions\/26346"}],"wp:featuredmedia":[{"embeddable":true,"href":"https:\/\/www.visitfermo.it\/en\/wp-json\/wp\/v2\/media\/26342"}],"wp:attachment":[{"href":"https:\/\/www.visitfermo.it\/en\/wp-json\/wp\/v2\/media?parent=26341"}],"wp:term":[{"taxonomy":"post_tag","embeddable":true,"href":"https:\/\/www.visitfermo.it\/en\/wp-json\/wp\/v2\/tags?post=26341"},{"taxonomy":"tribe_events_cat","embeddable":true,"href":"https:\/\/www.visitfermo.it\/en\/wp-json\/wp\/v2\/tribe_events_cat?post=26341"}],"curies":[{"name":"wp","href":"https:\/\/api.w.org\/{rel}","templated":true}]}}