{"id":26323,"date":"2023-10-12T11:06:57","date_gmt":"2023-10-12T10:06:57","guid":{"rendered":"https:\/\/www.visitfermo.it\/?post_type=tribe_events&#038;p=26323"},"modified":"2023-12-14T12:06:38","modified_gmt":"2023-12-14T11:06:38","slug":"patricia-kopatchinskaya-violino-e-polina-leschenko-pianoforte","status":"publish","type":"tribe_events","link":"https:\/\/www.visitfermo.it\/en\/eventi\/patricia-kopatchinskaya-violino-e-polina-leschenko-pianoforte","title":{"rendered":"Patricia Kopatchinskaja e Polina Leschenko SPETTACOLO ANNULLATO"},"content":{"rendered":"<p>Scopo fondamentale di Kopatchinskaja \u00e8 quello di entrare nel cuore della musica e farne partecipi gli ascoltatori.<br \/>\nStraordinaria combinazione di profondit\u00e0, brillantezza e umorismo, Kopatchinskaja dona al suo far musica un inimitabile senso teatrale.<br \/>\nChe suoni Caikovskij, Ligeti o Schoenberg o presenti un proprio progetto musicale decostruendo Beethoven, il risultato raggiunge sempre il cuore della musica.<br \/>\n\u00c8 stata l&#8217;artista di punta della stagione del Barbican Centre di Londra e Artista Associata del celebre SWR Experimentalstudio di Stoccarda.<br \/>\nLa stagione 2021\/22 \u00e8 stata ricca di importanti impegni: la tourn\u00e9e con la Budapest Festival Orchestra e con il Giardino Armonico, i concerti ai Proms, le residenze con i Berliner Philharmoniker, l&#8217;Orchestre Philharmonique di Radio France, l&#8217;Elbphilharmonie di Amburgo, orchestre alle quali ha portato il suo immenso potenziale creativo, l\u2019estrema versatilit\u00e0, un diverso e innovativo repertorio.<br \/>\nAssoluta priorit\u00e0 di Kopatchiskaja \u00e8 la musica del XX e XXI secolo; inventa e dirige concerti con programmi innovativi nelle sale da concerto delle due sponde dell&#8217;Atlantico, \u00e8 ospite delle pi\u00f9 importanti orchestre e dei pi\u00f9 famosi Festival del mondo.<br \/>\nHa inciso pi\u00f9 di 3O CD, fra cui \u201cDeath and the Maiden&#8221; vincitore di un Grammy Award. Ha ricevuto il Swiss\u00a0Grand Award for Music dell\u2019Ufficio Federale Svizzero della Cultura.<\/p>\n","protected":false},"excerpt":{"rendered":"<p><strong>George Enescu<\/strong>, Impressions d&#8217;enfance per violino e pianoforte in re maggiore, op.28<br \/>\n<strong>Claude Debussy<\/strong>, Sonata per violino e pianoforte in sol minore<br \/>\n<strong>Patricia Kopatchinskaja<\/strong>, Nuova composizione (titolo in definizione)<br \/>\n<strong>Gabriel Faur\u00e9<\/strong>, Sonata per violino e pianoforte n. 1 in la maggiore, op.13<\/p>\n","protected":false},"author":11,"featured_media":26324,"template":"","meta":{"_acf_changed":false,"_tribe_events_status":"","_tribe_events_status_reason":"","_tribe_events_is_hybrid":"","_tribe_events_is_virtual":"","_tribe_events_virtual_video_source":"","_tribe_events_virtual_embed_video":"","_tribe_events_virtual_linked_button_text":"","_tribe_events_virtual_linked_button":"","_tribe_events_virtual_show_embed_at":"","_tribe_events_virtual_show_embed_to":[],"_tribe_events_virtual_show_on_event":"","_tribe_events_virtual_show_on_views":"","_tribe_events_virtual_url":"","footnotes":""},"tags":[],"tribe_events_cat":[82],"class_list":["post-26323","tribe_events","type-tribe_events","status-publish","has-post-thumbnail","hentry","rassegna_eventi-natale","rassegna_eventi-teatro-aquila","stagione_eventi-natale-2023","stagione_eventi-stagione-teatrale-2023-2024","tribe_events_cat-musica-spettacoli","cat_musica-spettacoli"],"acf":{"sottotitolo":"Violino e Pianoforte","info_evento":"Biglietteria del Teatro dell'Aquila 0734.284295 - biglietteriateatro@comune.fermo.it","info_costo":"Settore A \u20ac 30 - Settore B \u20ac 25 (ridotto \u20ac 20) - Settore C \u20ac 20 (ridotto \u20ac 15) riduzione valida per allievi dei Conservatori, under 25, over 65, abbonati stagioni prosa e opera Teatro dell\u2019Aquila","link_ticket":"https:\/\/www.vivaticket.com\/it\/ticket\/patricia-kopatchinskaja\/216607 ","info_luogo":"","luogo_poi":{"ID":2396,"post_author":"2","post_date":"2021-05-25 14:39:37","post_date_gmt":"2021-05-25 14:39:37","post_content":"","post_title":"Teatro dell'Aquila","post_excerpt":"","post_status":"publish","comment_status":"closed","ping_status":"closed","post_password":"","post_name":"teatro-dellaquila","to_ping":"","pinged":"","post_modified":"2021-07-09 14:57:21","post_modified_gmt":"2021-07-09 14:57:21","post_content_filtered":"","post_parent":0,"guid":"https:\/\/visitfermo.it\/?post_type=luoghi&#038;p=2396","menu_order":0,"post_type":"luoghi","post_mime_type":"","comment_count":"0","filter":"raw"},"organizzatore_evento":{"nome_org":"Associazione Il Circolo di Ave","telefono_org":"","email_org":"","sito_org":""}},"yoast_head":"<!-- This site is optimized with the Yoast SEO plugin v26.5 - https:\/\/yoast.com\/wordpress\/plugins\/seo\/ -->\n<title>Patricia Kopatchinskaja e Polina Leschenko SPETTACOLO ANNULLATO - Visit Fermo<\/title>\n<meta name=\"robots\" content=\"index, follow, max-snippet:-1, max-image-preview:large, max-video-preview:-1\" \/>\n<link rel=\"canonical\" href=\"https:\/\/www.visitfermo.it\/en\/eventi\/patricia-kopatchinskaya-violino-e-polina-leschenko-pianoforte\" \/>\n<meta property=\"og:locale\" content=\"en_US\" \/>\n<meta property=\"og:type\" content=\"article\" \/>\n<meta property=\"og:title\" content=\"Patricia Kopatchinskaja e Polina Leschenko SPETTACOLO ANNULLATO - Visit Fermo\" \/>\n<meta property=\"og:description\" content=\"George Enescu, Impressions d&#039;enfance per violino e pianoforte in re maggiore, op.28 Claude Debussy, Sonata per violino e pianoforte in sol minore Patricia Kopatchinskaja, Nuova composizione (titolo in definizione) Gabriel Faur\u00e9, Sonata per violino e pianoforte n. 1 in la maggiore, op.13\" \/>\n<meta property=\"og:url\" content=\"https:\/\/www.visitfermo.it\/en\/eventi\/patricia-kopatchinskaya-violino-e-polina-leschenko-pianoforte\" \/>\n<meta property=\"og:site_name\" content=\"Visit Fermo\" \/>\n<meta property=\"article:publisher\" content=\"https:\/\/www.facebook.com\/VstFermo\/\" \/>\n<meta property=\"article:modified_time\" content=\"2023-12-14T11:06:38+00:00\" \/>\n<meta property=\"og:image\" content=\"https:\/\/www.visitfermo.it\/wp-content\/uploads\/2023\/10\/concerto-il-circolo-di-ave1.jpeg\" \/>\n\t<meta property=\"og:image:width\" content=\"1284\" \/>\n\t<meta property=\"og:image:height\" content=\"1929\" \/>\n\t<meta property=\"og:image:type\" content=\"image\/jpeg\" \/>\n<meta name=\"twitter:card\" content=\"summary_large_image\" \/>\n<meta name=\"twitter:site\" content=\"@FermoTurismo\" \/>\n<meta name=\"twitter:label1\" content=\"Est. reading time\" \/>\n\t<meta name=\"twitter:data1\" content=\"2 minutes\" \/>\n<script type=\"application\/ld+json\" class=\"yoast-schema-graph\">{\"@context\":\"https:\/\/schema.org\",\"@graph\":[{\"@type\":\"WebPage\",\"@id\":\"https:\/\/www.visitfermo.it\/en\/eventi\/patricia-kopatchinskaya-violino-e-polina-leschenko-pianoforte\",\"url\":\"https:\/\/www.visitfermo.it\/en\/eventi\/patricia-kopatchinskaya-violino-e-polina-leschenko-pianoforte\",\"name\":\"Patricia Kopatchinskaja e Polina Leschenko SPETTACOLO ANNULLATO - Visit Fermo\",\"isPartOf\":{\"@id\":\"https:\/\/www.visitfermo.it\/en#website\"},\"primaryImageOfPage\":{\"@id\":\"https:\/\/www.visitfermo.it\/en\/eventi\/patricia-kopatchinskaya-violino-e-polina-leschenko-pianoforte#primaryimage\"},\"image\":{\"@id\":\"https:\/\/www.visitfermo.it\/en\/eventi\/patricia-kopatchinskaya-violino-e-polina-leschenko-pianoforte#primaryimage\"},\"thumbnailUrl\":\"https:\/\/www.visitfermo.it\/wp-content\/uploads\/2023\/10\/concerto-il-circolo-di-ave1.jpeg\",\"datePublished\":\"2023-10-12T10:06:57+00:00\",\"dateModified\":\"2023-12-14T11:06:38+00:00\",\"breadcrumb\":{\"@id\":\"https:\/\/www.visitfermo.it\/en\/eventi\/patricia-kopatchinskaya-violino-e-polina-leschenko-pianoforte#breadcrumb\"},\"inLanguage\":\"en\",\"potentialAction\":[{\"@type\":\"ReadAction\",\"target\":[\"https:\/\/www.visitfermo.it\/en\/eventi\/patricia-kopatchinskaya-violino-e-polina-leschenko-pianoforte\"]}]},{\"@type\":\"ImageObject\",\"inLanguage\":\"en\",\"@id\":\"https:\/\/www.visitfermo.it\/en\/eventi\/patricia-kopatchinskaya-violino-e-polina-leschenko-pianoforte#primaryimage\",\"url\":\"https:\/\/www.visitfermo.it\/wp-content\/uploads\/2023\/10\/concerto-il-circolo-di-ave1.jpeg\",\"contentUrl\":\"https:\/\/www.visitfermo.it\/wp-content\/uploads\/2023\/10\/concerto-il-circolo-di-ave1.jpeg\",\"width\":1284,\"height\":1929},{\"@type\":\"BreadcrumbList\",\"@id\":\"https:\/\/www.visitfermo.it\/en\/eventi\/patricia-kopatchinskaya-violino-e-polina-leschenko-pianoforte#breadcrumb\",\"itemListElement\":[{\"@type\":\"ListItem\",\"position\":1,\"name\":\"Home\",\"item\":\"https:\/\/www.visitfermo.it\/en\"},{\"@type\":\"ListItem\",\"position\":2,\"name\":\"Events\",\"item\":\"https:\/\/www.visitfermo.it\/en\/eventi\/\"},{\"@type\":\"ListItem\",\"position\":3,\"name\":\"Patricia Kopatchinskaja e Polina Leschenko SPETTACOLO ANNULLATO\"}]},{\"@type\":\"WebSite\",\"@id\":\"https:\/\/www.visitfermo.it\/en#website\",\"url\":\"https:\/\/www.visitfermo.it\/en\",\"name\":\"Visit Fermo\",\"description\":\"Fermo a place for me\",\"publisher\":{\"@id\":\"https:\/\/www.visitfermo.it\/en#organization\"},\"potentialAction\":[{\"@type\":\"SearchAction\",\"target\":{\"@type\":\"EntryPoint\",\"urlTemplate\":\"https:\/\/www.visitfermo.it\/en?s={search_term_string}\"},\"query-input\":{\"@type\":\"PropertyValueSpecification\",\"valueRequired\":true,\"valueName\":\"search_term_string\"}}],\"inLanguage\":\"en\"},{\"@type\":\"Organization\",\"@id\":\"https:\/\/www.visitfermo.it\/en#organization\",\"name\":\"Visit Fermo\",\"url\":\"https:\/\/www.visitfermo.it\/en\",\"logo\":{\"@type\":\"ImageObject\",\"inLanguage\":\"en\",\"@id\":\"https:\/\/www.visitfermo.it\/en#\/schema\/logo\/image\/\",\"url\":\"https:\/\/www.visitfermo.it\/wp-content\/uploads\/2018\/02\/logo-fermo-a-place-for-me-giallo.png\",\"contentUrl\":\"https:\/\/www.visitfermo.it\/wp-content\/uploads\/2018\/02\/logo-fermo-a-place-for-me-giallo.png\",\"width\":453,\"height\":230,\"caption\":\"Visit Fermo\"},\"image\":{\"@id\":\"https:\/\/www.visitfermo.it\/en#\/schema\/logo\/image\/\"},\"sameAs\":[\"https:\/\/www.facebook.com\/VstFermo\/\",\"https:\/\/x.com\/FermoTurismo\",\"https:\/\/www.instagram.com\/visitfermo\/\",\"https:\/\/www.youtube.com\/c\/VisitFermo\"]}]}<\/script>\n<!-- \/ Yoast SEO plugin. -->","yoast_head_json":{"title":"Patricia Kopatchinskaja e Polina Leschenko SPETTACOLO ANNULLATO - Visit Fermo","robots":{"index":"index","follow":"follow","max-snippet":"max-snippet:-1","max-image-preview":"max-image-preview:large","max-video-preview":"max-video-preview:-1"},"canonical":"https:\/\/www.visitfermo.it\/en\/eventi\/patricia-kopatchinskaya-violino-e-polina-leschenko-pianoforte","og_locale":"en_US","og_type":"article","og_title":"Patricia Kopatchinskaja e Polina Leschenko SPETTACOLO ANNULLATO - Visit Fermo","og_description":"George Enescu, Impressions d'enfance per violino e pianoforte in re maggiore, op.28 Claude Debussy, Sonata per violino e pianoforte in sol minore Patricia Kopatchinskaja, Nuova composizione (titolo in definizione) Gabriel Faur\u00e9, Sonata per violino e pianoforte n. 1 in la maggiore, op.13","og_url":"https:\/\/www.visitfermo.it\/en\/eventi\/patricia-kopatchinskaya-violino-e-polina-leschenko-pianoforte","og_site_name":"Visit Fermo","article_publisher":"https:\/\/www.facebook.com\/VstFermo\/","article_modified_time":"2023-12-14T11:06:38+00:00","og_image":[{"width":1284,"height":1929,"url":"https:\/\/www.visitfermo.it\/wp-content\/uploads\/2023\/10\/concerto-il-circolo-di-ave1.jpeg","type":"image\/jpeg"}],"twitter_card":"summary_large_image","twitter_site":"@FermoTurismo","twitter_misc":{"Est. reading time":"2 minutes"},"schema":{"@context":"https:\/\/schema.org","@graph":[{"@type":"WebPage","@id":"https:\/\/www.visitfermo.it\/en\/eventi\/patricia-kopatchinskaya-violino-e-polina-leschenko-pianoforte","url":"https:\/\/www.visitfermo.it\/en\/eventi\/patricia-kopatchinskaya-violino-e-polina-leschenko-pianoforte","name":"Patricia Kopatchinskaja e Polina Leschenko SPETTACOLO ANNULLATO - Visit Fermo","isPartOf":{"@id":"https:\/\/www.visitfermo.it\/en#website"},"primaryImageOfPage":{"@id":"https:\/\/www.visitfermo.it\/en\/eventi\/patricia-kopatchinskaya-violino-e-polina-leschenko-pianoforte#primaryimage"},"image":{"@id":"https:\/\/www.visitfermo.it\/en\/eventi\/patricia-kopatchinskaya-violino-e-polina-leschenko-pianoforte#primaryimage"},"thumbnailUrl":"https:\/\/www.visitfermo.it\/wp-content\/uploads\/2023\/10\/concerto-il-circolo-di-ave1.jpeg","datePublished":"2023-10-12T10:06:57+00:00","dateModified":"2023-12-14T11:06:38+00:00","breadcrumb":{"@id":"https:\/\/www.visitfermo.it\/en\/eventi\/patricia-kopatchinskaya-violino-e-polina-leschenko-pianoforte#breadcrumb"},"inLanguage":"en","potentialAction":[{"@type":"ReadAction","target":["https:\/\/www.visitfermo.it\/en\/eventi\/patricia-kopatchinskaya-violino-e-polina-leschenko-pianoforte"]}]},{"@type":"ImageObject","inLanguage":"en","@id":"https:\/\/www.visitfermo.it\/en\/eventi\/patricia-kopatchinskaya-violino-e-polina-leschenko-pianoforte#primaryimage","url":"https:\/\/www.visitfermo.it\/wp-content\/uploads\/2023\/10\/concerto-il-circolo-di-ave1.jpeg","contentUrl":"https:\/\/www.visitfermo.it\/wp-content\/uploads\/2023\/10\/concerto-il-circolo-di-ave1.jpeg","width":1284,"height":1929},{"@type":"BreadcrumbList","@id":"https:\/\/www.visitfermo.it\/en\/eventi\/patricia-kopatchinskaya-violino-e-polina-leschenko-pianoforte#breadcrumb","itemListElement":[{"@type":"ListItem","position":1,"name":"Home","item":"https:\/\/www.visitfermo.it\/en"},{"@type":"ListItem","position":2,"name":"Events","item":"https:\/\/www.visitfermo.it\/en\/eventi\/"},{"@type":"ListItem","position":3,"name":"Patricia Kopatchinskaja e Polina Leschenko SPETTACOLO ANNULLATO"}]},{"@type":"WebSite","@id":"https:\/\/www.visitfermo.it\/en#website","url":"https:\/\/www.visitfermo.it\/en","name":"Visit Fermo","description":"Fermo a place for me","publisher":{"@id":"https:\/\/www.visitfermo.it\/en#organization"},"potentialAction":[{"@type":"SearchAction","target":{"@type":"EntryPoint","urlTemplate":"https:\/\/www.visitfermo.it\/en?s={search_term_string}"},"query-input":{"@type":"PropertyValueSpecification","valueRequired":true,"valueName":"search_term_string"}}],"inLanguage":"en"},{"@type":"Organization","@id":"https:\/\/www.visitfermo.it\/en#organization","name":"Visit Fermo","url":"https:\/\/www.visitfermo.it\/en","logo":{"@type":"ImageObject","inLanguage":"en","@id":"https:\/\/www.visitfermo.it\/en#\/schema\/logo\/image\/","url":"https:\/\/www.visitfermo.it\/wp-content\/uploads\/2018\/02\/logo-fermo-a-place-for-me-giallo.png","contentUrl":"https:\/\/www.visitfermo.it\/wp-content\/uploads\/2018\/02\/logo-fermo-a-place-for-me-giallo.png","width":453,"height":230,"caption":"Visit Fermo"},"image":{"@id":"https:\/\/www.visitfermo.it\/en#\/schema\/logo\/image\/"},"sameAs":["https:\/\/www.facebook.com\/VstFermo\/","https:\/\/x.com\/FermoTurismo","https:\/\/www.instagram.com\/visitfermo\/","https:\/\/www.youtube.com\/c\/VisitFermo"]}]}},"_links":{"self":[{"href":"https:\/\/www.visitfermo.it\/en\/wp-json\/wp\/v2\/tribe_events\/26323","targetHints":{"allow":["GET"]}}],"collection":[{"href":"https:\/\/www.visitfermo.it\/en\/wp-json\/wp\/v2\/tribe_events"}],"about":[{"href":"https:\/\/www.visitfermo.it\/en\/wp-json\/wp\/v2\/types\/tribe_events"}],"author":[{"embeddable":true,"href":"https:\/\/www.visitfermo.it\/en\/wp-json\/wp\/v2\/users\/11"}],"version-history":[{"count":9,"href":"https:\/\/www.visitfermo.it\/en\/wp-json\/wp\/v2\/tribe_events\/26323\/revisions"}],"predecessor-version":[{"id":26328,"href":"https:\/\/www.visitfermo.it\/en\/wp-json\/wp\/v2\/tribe_events\/26323\/revisions\/26328"}],"wp:featuredmedia":[{"embeddable":true,"href":"https:\/\/www.visitfermo.it\/en\/wp-json\/wp\/v2\/media\/26324"}],"wp:attachment":[{"href":"https:\/\/www.visitfermo.it\/en\/wp-json\/wp\/v2\/media?parent=26323"}],"wp:term":[{"taxonomy":"post_tag","embeddable":true,"href":"https:\/\/www.visitfermo.it\/en\/wp-json\/wp\/v2\/tags?post=26323"},{"taxonomy":"tribe_events_cat","embeddable":true,"href":"https:\/\/www.visitfermo.it\/en\/wp-json\/wp\/v2\/tribe_events_cat?post=26323"}],"curies":[{"name":"wp","href":"https:\/\/api.w.org\/{rel}","templated":true}]}}