{"id":21160,"date":"2022-12-04T16:52:57","date_gmt":"2022-12-04T15:52:57","guid":{"rendered":"https:\/\/www.visitfermo.it\/?post_type=tribe_events&#038;p=21160"},"modified":"2022-12-04T17:11:44","modified_gmt":"2022-12-04T16:11:44","slug":"andrea-bacci","status":"publish","type":"tribe_events","link":"https:\/\/www.visitfermo.it\/en\/eventi\/andrea-bacci","title":{"rendered":"Andrea Bacci"},"content":{"rendered":"<p>Si terr\u00e0 luned\u00ec 5 dicembre 2022 l&#8217;inaugurazione della mostra dei libri di Andrea Bacci conservati nella Biblioteca Civica di Fermo.<\/p>\n<p><strong>Andrea Bacci<\/strong> (1524-1600), medico, naturalista, botanico, storico e ingegnere di Sant\u2019Elpidio a Mare, costruisce la sua carriera a Roma, nella seconda met\u00e0 del Cinquecento, frequentando corti cardinalizie e insegnando botanica all\u2019universit\u00e0, fino a diventare archiatra pontificio con Sisto V (1585-90), suo conterraneo e gi\u00e0 vescovo di Fermo dal 1571 al 1577.<\/p>\n<p>A lui si devono circa venti opere di idrologia, enologia, farmacologia, mineralogia, zoologia e storia, tra le quali spiccano due enciclopedie, l\u2019una sulle acque e l\u2019altra sui vini, intitolate rispettivamente <em>De thermis<\/em> e <em>De naturali vinorum historia<\/em>. Entrambe in sette libri, trattano la rispettiva materia in tutte le forme e in tutto il mondo, nell\u2019uso dietetico e medico, nel Cinquecento e nell\u2019antichit\u00e0, rappresentando un riferimento fondamentale per la conoscenza dei territori nel passato, delle loro caratteristiche idrogeologiche e fragilit\u00e0, tra cui le inondazioni fluviali per le quali suggerisce sistemi di controllo, delle loro pratiche di coltivazione e di trasformazione dei prodotti. Lo sguardo di Bacci \u00e8 universale, ma un\u2019attenzione particolare \u00e8 riservata alla sua terra, il Piceno, con la quale conserva un legame che non si attenua nel tempo.<\/p>\n<p>Quando \u00e8 gi\u00e0 cittadino romano, Bacci scrive nel 1576 la storia della citt\u00e0 d\u2019origine, Sant\u2019Elpidio a Mare, che identifica con l\u2019antica Cluana, pubblicata postuma nel 1692. Qui parla delle vicende del passato, ma anche del presente: il territorio, le attivit\u00e0 e gli abitanti, compresa la sua famiglia che nobilita, ma che \u00e8 di recente immigrazione.<\/p>\n<p>Il nonno paterno Andrea era arrivato nelle Marche dalla Lombardia, tra le maestranze che lavoravano per l\u2019architetto fiorentino Baccio Pontelli (ca. 1450-1494), famoso per la rocca di Senigallia e impegnato nella costruzione o consolidamento delle fortificazioni di Osimo, Offida, Recanati o Loreto.<\/p>\n<p>In onore al grande maestro fiorentino, il padre Antonio aveva assunto il nome di Baccio o Bacci e si era trasferito a Sant\u2019Elpidio a Mare, dove lavora nell\u2019edilizia e possiede una fornace che gli fornisce il materiale, con un ettaro di terreno. Qui sposa una giovane, nipote di un greco bizantino che vi si era rifugiato da qualche tempo, in fuga da Costantinopoli dopo la conquista da parte dei Turchi.<\/p>\n<p>PROGRAMMA<br \/>\nInterventi di: Rosa Marisa Borraccini, Universit\u00e0 degli Studi di Macerata<br \/>\nStefania Fortuna, Universit\u00e0 Politecnica delle Marche<\/p>\n","protected":false},"excerpt":{"rendered":"<p>Mostra aperta dal lunedi al venerdi 8.30-13.45 e 15.15-18.45. Sabato ore 8.30-13.45<\/p>\n","protected":false},"author":3,"featured_media":21161,"template":"","meta":{"_acf_changed":false,"_tribe_events_status":"","_tribe_events_status_reason":"","_tribe_events_is_hybrid":"","_tribe_events_is_virtual":"","_tribe_events_virtual_video_source":"","_tribe_events_virtual_embed_video":"","_tribe_events_virtual_linked_button_text":"","_tribe_events_virtual_linked_button":"","_tribe_events_virtual_show_embed_at":"","_tribe_events_virtual_show_embed_to":[],"_tribe_events_virtual_show_on_event":"","_tribe_events_virtual_show_on_views":"","_tribe_events_virtual_url":"","footnotes":""},"tags":[],"tribe_events_cat":[105],"class_list":["post-21160","tribe_events","type-tribe_events","status-publish","has-post-thumbnail","hentry","rassegna_eventi-mostra","rassegna_eventi-natale","stagione_eventi-natale-2022","tribe_events_cat-mostre","cat_mostre"],"acf":{"sottotitolo":"Naturalista e archiatra di Sisto V","info_evento":"0734.284310 - biblioteca.centrale@comune.fermo.it  . mostra aperta dal lunedi al venerdi 8.30-13.45 e 15.15-18.45. Sabato ore 8.30-13.45","info_costo":"","link_ticket":"","info_luogo":"Sala lettura","luogo_poi":{"ID":2394,"post_author":"2","post_date":"2021-05-25 14:35:35","post_date_gmt":"2021-05-25 14:35:35","post_content":"","post_title":"Biblioteca Civica Romolo Spezioli","post_excerpt":"","post_status":"publish","comment_status":"closed","ping_status":"closed","post_password":"","post_name":"palazzo-degli-studi","to_ping":"","pinged":"","post_modified":"2021-07-23 16:33:53","post_modified_gmt":"2021-07-23 16:33:53","post_content_filtered":"","post_parent":0,"guid":"https:\/\/visitfermo.it\/?post_type=luoghi&#038;p=2394","menu_order":0,"post_type":"luoghi","post_mime_type":"","comment_count":"0","filter":"raw"},"organizzatore_evento":{"nome_org":"Biblioteca Civica \"Romolo SPezioli\"","telefono_org":"","email_org":"","sito_org":""}},"yoast_head":"<!-- This site is optimized with the Yoast SEO plugin v26.5 - https:\/\/yoast.com\/wordpress\/plugins\/seo\/ -->\n<title>Andrea Bacci - Visit Fermo<\/title>\n<meta name=\"robots\" content=\"index, follow, max-snippet:-1, max-image-preview:large, max-video-preview:-1\" \/>\n<link rel=\"canonical\" href=\"https:\/\/www.visitfermo.it\/en\/eventi\/andrea-bacci\" \/>\n<meta property=\"og:locale\" content=\"en_US\" \/>\n<meta property=\"og:type\" content=\"article\" \/>\n<meta property=\"og:title\" content=\"Andrea Bacci - Visit Fermo\" \/>\n<meta property=\"og:description\" content=\"Mostra aperta dal lunedi al venerdi 8.30-13.45 e 15.15-18.45. Sabato ore 8.30-13.45\" \/>\n<meta property=\"og:url\" content=\"https:\/\/www.visitfermo.it\/en\/eventi\/andrea-bacci\" \/>\n<meta property=\"og:site_name\" content=\"Visit Fermo\" \/>\n<meta property=\"article:publisher\" content=\"https:\/\/www.facebook.com\/VstFermo\/\" \/>\n<meta property=\"article:modified_time\" content=\"2022-12-04T16:11:44+00:00\" \/>\n<meta property=\"og:image\" content=\"https:\/\/www.visitfermo.it\/wp-content\/uploads\/2022\/12\/mostra_Fermo_Andrea_Bacci_pages-to-jpg-0001.jpg\" \/>\n\t<meta property=\"og:image:width\" content=\"591\" \/>\n\t<meta property=\"og:image:height\" content=\"1182\" \/>\n\t<meta property=\"og:image:type\" content=\"image\/jpeg\" \/>\n<meta name=\"twitter:card\" content=\"summary_large_image\" \/>\n<meta name=\"twitter:site\" content=\"@FermoTurismo\" \/>\n<meta name=\"twitter:label1\" content=\"Est. reading time\" \/>\n\t<meta name=\"twitter:data1\" content=\"3 minutes\" \/>\n<script type=\"application\/ld+json\" class=\"yoast-schema-graph\">{\"@context\":\"https:\/\/schema.org\",\"@graph\":[{\"@type\":\"WebPage\",\"@id\":\"https:\/\/www.visitfermo.it\/en\/eventi\/andrea-bacci\",\"url\":\"https:\/\/www.visitfermo.it\/en\/eventi\/andrea-bacci\",\"name\":\"Andrea Bacci - Visit Fermo\",\"isPartOf\":{\"@id\":\"https:\/\/www.visitfermo.it\/en#website\"},\"primaryImageOfPage\":{\"@id\":\"https:\/\/www.visitfermo.it\/en\/eventi\/andrea-bacci#primaryimage\"},\"image\":{\"@id\":\"https:\/\/www.visitfermo.it\/en\/eventi\/andrea-bacci#primaryimage\"},\"thumbnailUrl\":\"https:\/\/www.visitfermo.it\/wp-content\/uploads\/2022\/12\/mostra_Fermo_Andrea_Bacci_pages-to-jpg-0001.jpg\",\"datePublished\":\"2022-12-04T15:52:57+00:00\",\"dateModified\":\"2022-12-04T16:11:44+00:00\",\"breadcrumb\":{\"@id\":\"https:\/\/www.visitfermo.it\/en\/eventi\/andrea-bacci#breadcrumb\"},\"inLanguage\":\"en\",\"potentialAction\":[{\"@type\":\"ReadAction\",\"target\":[\"https:\/\/www.visitfermo.it\/en\/eventi\/andrea-bacci\"]}]},{\"@type\":\"ImageObject\",\"inLanguage\":\"en\",\"@id\":\"https:\/\/www.visitfermo.it\/en\/eventi\/andrea-bacci#primaryimage\",\"url\":\"https:\/\/www.visitfermo.it\/wp-content\/uploads\/2022\/12\/mostra_Fermo_Andrea_Bacci_pages-to-jpg-0001.jpg\",\"contentUrl\":\"https:\/\/www.visitfermo.it\/wp-content\/uploads\/2022\/12\/mostra_Fermo_Andrea_Bacci_pages-to-jpg-0001.jpg\",\"width\":591,\"height\":1182},{\"@type\":\"BreadcrumbList\",\"@id\":\"https:\/\/www.visitfermo.it\/en\/eventi\/andrea-bacci#breadcrumb\",\"itemListElement\":[{\"@type\":\"ListItem\",\"position\":1,\"name\":\"Home\",\"item\":\"https:\/\/www.visitfermo.it\/en\"},{\"@type\":\"ListItem\",\"position\":2,\"name\":\"Events\",\"item\":\"https:\/\/www.visitfermo.it\/en\/eventi\/\"},{\"@type\":\"ListItem\",\"position\":3,\"name\":\"Andrea Bacci\"}]},{\"@type\":\"WebSite\",\"@id\":\"https:\/\/www.visitfermo.it\/en#website\",\"url\":\"https:\/\/www.visitfermo.it\/en\",\"name\":\"Visit Fermo\",\"description\":\"Fermo a place for me\",\"publisher\":{\"@id\":\"https:\/\/www.visitfermo.it\/en#organization\"},\"potentialAction\":[{\"@type\":\"SearchAction\",\"target\":{\"@type\":\"EntryPoint\",\"urlTemplate\":\"https:\/\/www.visitfermo.it\/en?s={search_term_string}\"},\"query-input\":{\"@type\":\"PropertyValueSpecification\",\"valueRequired\":true,\"valueName\":\"search_term_string\"}}],\"inLanguage\":\"en\"},{\"@type\":\"Organization\",\"@id\":\"https:\/\/www.visitfermo.it\/en#organization\",\"name\":\"Visit Fermo\",\"url\":\"https:\/\/www.visitfermo.it\/en\",\"logo\":{\"@type\":\"ImageObject\",\"inLanguage\":\"en\",\"@id\":\"https:\/\/www.visitfermo.it\/en#\/schema\/logo\/image\/\",\"url\":\"https:\/\/www.visitfermo.it\/wp-content\/uploads\/2018\/02\/logo-fermo-a-place-for-me-giallo.png\",\"contentUrl\":\"https:\/\/www.visitfermo.it\/wp-content\/uploads\/2018\/02\/logo-fermo-a-place-for-me-giallo.png\",\"width\":453,\"height\":230,\"caption\":\"Visit Fermo\"},\"image\":{\"@id\":\"https:\/\/www.visitfermo.it\/en#\/schema\/logo\/image\/\"},\"sameAs\":[\"https:\/\/www.facebook.com\/VstFermo\/\",\"https:\/\/x.com\/FermoTurismo\",\"https:\/\/www.instagram.com\/visitfermo\/\",\"https:\/\/www.youtube.com\/c\/VisitFermo\"]}]}<\/script>\n<!-- \/ Yoast SEO plugin. -->","yoast_head_json":{"title":"Andrea Bacci - Visit Fermo","robots":{"index":"index","follow":"follow","max-snippet":"max-snippet:-1","max-image-preview":"max-image-preview:large","max-video-preview":"max-video-preview:-1"},"canonical":"https:\/\/www.visitfermo.it\/en\/eventi\/andrea-bacci","og_locale":"en_US","og_type":"article","og_title":"Andrea Bacci - Visit Fermo","og_description":"Mostra aperta dal lunedi al venerdi 8.30-13.45 e 15.15-18.45. Sabato ore 8.30-13.45","og_url":"https:\/\/www.visitfermo.it\/en\/eventi\/andrea-bacci","og_site_name":"Visit Fermo","article_publisher":"https:\/\/www.facebook.com\/VstFermo\/","article_modified_time":"2022-12-04T16:11:44+00:00","og_image":[{"width":591,"height":1182,"url":"https:\/\/www.visitfermo.it\/wp-content\/uploads\/2022\/12\/mostra_Fermo_Andrea_Bacci_pages-to-jpg-0001.jpg","type":"image\/jpeg"}],"twitter_card":"summary_large_image","twitter_site":"@FermoTurismo","twitter_misc":{"Est. reading time":"3 minutes"},"schema":{"@context":"https:\/\/schema.org","@graph":[{"@type":"WebPage","@id":"https:\/\/www.visitfermo.it\/en\/eventi\/andrea-bacci","url":"https:\/\/www.visitfermo.it\/en\/eventi\/andrea-bacci","name":"Andrea Bacci - Visit Fermo","isPartOf":{"@id":"https:\/\/www.visitfermo.it\/en#website"},"primaryImageOfPage":{"@id":"https:\/\/www.visitfermo.it\/en\/eventi\/andrea-bacci#primaryimage"},"image":{"@id":"https:\/\/www.visitfermo.it\/en\/eventi\/andrea-bacci#primaryimage"},"thumbnailUrl":"https:\/\/www.visitfermo.it\/wp-content\/uploads\/2022\/12\/mostra_Fermo_Andrea_Bacci_pages-to-jpg-0001.jpg","datePublished":"2022-12-04T15:52:57+00:00","dateModified":"2022-12-04T16:11:44+00:00","breadcrumb":{"@id":"https:\/\/www.visitfermo.it\/en\/eventi\/andrea-bacci#breadcrumb"},"inLanguage":"en","potentialAction":[{"@type":"ReadAction","target":["https:\/\/www.visitfermo.it\/en\/eventi\/andrea-bacci"]}]},{"@type":"ImageObject","inLanguage":"en","@id":"https:\/\/www.visitfermo.it\/en\/eventi\/andrea-bacci#primaryimage","url":"https:\/\/www.visitfermo.it\/wp-content\/uploads\/2022\/12\/mostra_Fermo_Andrea_Bacci_pages-to-jpg-0001.jpg","contentUrl":"https:\/\/www.visitfermo.it\/wp-content\/uploads\/2022\/12\/mostra_Fermo_Andrea_Bacci_pages-to-jpg-0001.jpg","width":591,"height":1182},{"@type":"BreadcrumbList","@id":"https:\/\/www.visitfermo.it\/en\/eventi\/andrea-bacci#breadcrumb","itemListElement":[{"@type":"ListItem","position":1,"name":"Home","item":"https:\/\/www.visitfermo.it\/en"},{"@type":"ListItem","position":2,"name":"Events","item":"https:\/\/www.visitfermo.it\/en\/eventi\/"},{"@type":"ListItem","position":3,"name":"Andrea Bacci"}]},{"@type":"WebSite","@id":"https:\/\/www.visitfermo.it\/en#website","url":"https:\/\/www.visitfermo.it\/en","name":"Visit Fermo","description":"Fermo a place for me","publisher":{"@id":"https:\/\/www.visitfermo.it\/en#organization"},"potentialAction":[{"@type":"SearchAction","target":{"@type":"EntryPoint","urlTemplate":"https:\/\/www.visitfermo.it\/en?s={search_term_string}"},"query-input":{"@type":"PropertyValueSpecification","valueRequired":true,"valueName":"search_term_string"}}],"inLanguage":"en"},{"@type":"Organization","@id":"https:\/\/www.visitfermo.it\/en#organization","name":"Visit Fermo","url":"https:\/\/www.visitfermo.it\/en","logo":{"@type":"ImageObject","inLanguage":"en","@id":"https:\/\/www.visitfermo.it\/en#\/schema\/logo\/image\/","url":"https:\/\/www.visitfermo.it\/wp-content\/uploads\/2018\/02\/logo-fermo-a-place-for-me-giallo.png","contentUrl":"https:\/\/www.visitfermo.it\/wp-content\/uploads\/2018\/02\/logo-fermo-a-place-for-me-giallo.png","width":453,"height":230,"caption":"Visit Fermo"},"image":{"@id":"https:\/\/www.visitfermo.it\/en#\/schema\/logo\/image\/"},"sameAs":["https:\/\/www.facebook.com\/VstFermo\/","https:\/\/x.com\/FermoTurismo","https:\/\/www.instagram.com\/visitfermo\/","https:\/\/www.youtube.com\/c\/VisitFermo"]}]}},"_links":{"self":[{"href":"https:\/\/www.visitfermo.it\/en\/wp-json\/wp\/v2\/tribe_events\/21160","targetHints":{"allow":["GET"]}}],"collection":[{"href":"https:\/\/www.visitfermo.it\/en\/wp-json\/wp\/v2\/tribe_events"}],"about":[{"href":"https:\/\/www.visitfermo.it\/en\/wp-json\/wp\/v2\/types\/tribe_events"}],"author":[{"embeddable":true,"href":"https:\/\/www.visitfermo.it\/en\/wp-json\/wp\/v2\/users\/3"}],"version-history":[{"count":4,"href":"https:\/\/www.visitfermo.it\/en\/wp-json\/wp\/v2\/tribe_events\/21160\/revisions"}],"predecessor-version":[{"id":21165,"href":"https:\/\/www.visitfermo.it\/en\/wp-json\/wp\/v2\/tribe_events\/21160\/revisions\/21165"}],"wp:featuredmedia":[{"embeddable":true,"href":"https:\/\/www.visitfermo.it\/en\/wp-json\/wp\/v2\/media\/21161"}],"wp:attachment":[{"href":"https:\/\/www.visitfermo.it\/en\/wp-json\/wp\/v2\/media?parent=21160"}],"wp:term":[{"taxonomy":"post_tag","embeddable":true,"href":"https:\/\/www.visitfermo.it\/en\/wp-json\/wp\/v2\/tags?post=21160"},{"taxonomy":"tribe_events_cat","embeddable":true,"href":"https:\/\/www.visitfermo.it\/en\/wp-json\/wp\/v2\/tribe_events_cat?post=21160"}],"curies":[{"name":"wp","href":"https:\/\/api.w.org\/{rel}","templated":true}]}}